{"id":31,"date":"2022-03-09T13:01:25","date_gmt":"2022-03-09T12:01:25","guid":{"rendered":"http:\/\/vallsmadella.boadella.com\/?page_id=31"},"modified":"2023-12-23T18:47:13","modified_gmt":"2023-12-23T17:47:13","slug":"blog","status":"publish","type":"page","link":"https:\/\/vallsmadella.com\/es\/blog\/","title":{"rendered":"Blog"},"content":{"rendered":"<div data-elementor-type=\"wp-page\" data-elementor-id=\"31\" class=\"elementor elementor-31\" data-elementor-post-type=\"page\">\n\t\t\t\t\t\t<section class=\"elementor-section elementor-top-section elementor-element elementor-element-3b7e9dd elementor-section-boxed elementor-section-height-default elementor-section-height-default\" data-id=\"3b7e9dd\" data-element_type=\"section\">\n\t\t\t\t\t\t<div class=\"elementor-container elementor-column-gap-default\">\n\t\t\t\t\t<div class=\"elementor-column elementor-col-100 elementor-top-column elementor-element elementor-element-a188541\" data-id=\"a188541\" data-element_type=\"column\">\n\t\t\t<div class=\"elementor-widget-wrap elementor-element-populated\">\n\t\t\t\t\t\t<div class=\"elementor-element elementor-element-114a371 animated-slow elementor-invisible elementor-widget elementor-widget-heading\" data-id=\"114a371\" data-element_type=\"widget\" data-settings=\"{&quot;_animation&quot;:&quot;fadeInUp&quot;,&quot;_animation_delay&quot;:300}\" data-widget_type=\"heading.default\">\n\t\t\t\t<div class=\"elementor-widget-container\">\n\t\t\t\t\t<h1 class=\"elementor-heading-title elementor-size-default\">Las \u00faltimas novedades del sector<\/h1>\t\t\t\t<\/div>\n\t\t\t\t<\/div>\n\t\t\t\t<div class=\"elementor-element elementor-element-fc8e89b animated-slow elementor-invisible elementor-widget elementor-widget-text-editor\" data-id=\"fc8e89b\" data-element_type=\"widget\" data-settings=\"{&quot;_animation&quot;:&quot;fadeInUp&quot;,&quot;_animation_delay&quot;:600}\" data-widget_type=\"text-editor.default\">\n\t\t\t\t<div class=\"elementor-widget-container\">\n\t\t\t\t\t\t\t\t\t<p><span style=\"font-weight: 400;\">Navega por el blog de Boadella Vallsmadella y descubre las \u00faltimas novedades y tendencias del sector de la maquinaria agr\u00edcola y veh\u00edculos industriales. <\/span><\/p>\t\t\t\t\t\t\t\t<\/div>\n\t\t\t\t<\/div>\n\t\t\t\t<div class=\"elementor-element elementor-element-a4c9b1a elementor-grid-3 elementor-grid-tablet-2 elementor-grid-mobile-1 elementor-posts--thumbnail-top elementor-card-shadow-yes elementor-posts__hover-gradient elementor-widget elementor-widget-posts\" data-id=\"a4c9b1a\" data-element_type=\"widget\" data-settings=\"{&quot;cards_columns&quot;:&quot;3&quot;,&quot;cards_columns_tablet&quot;:&quot;2&quot;,&quot;cards_columns_mobile&quot;:&quot;1&quot;,&quot;cards_row_gap&quot;:{&quot;unit&quot;:&quot;px&quot;,&quot;size&quot;:35,&quot;sizes&quot;:[]},&quot;cards_row_gap_widescreen&quot;:{&quot;unit&quot;:&quot;px&quot;,&quot;size&quot;:&quot;&quot;,&quot;sizes&quot;:[]},&quot;cards_row_gap_laptop&quot;:{&quot;unit&quot;:&quot;px&quot;,&quot;size&quot;:&quot;&quot;,&quot;sizes&quot;:[]},&quot;cards_row_gap_tablet_extra&quot;:{&quot;unit&quot;:&quot;px&quot;,&quot;size&quot;:&quot;&quot;,&quot;sizes&quot;:[]},&quot;cards_row_gap_tablet&quot;:{&quot;unit&quot;:&quot;px&quot;,&quot;size&quot;:&quot;&quot;,&quot;sizes&quot;:[]},&quot;cards_row_gap_mobile_extra&quot;:{&quot;unit&quot;:&quot;px&quot;,&quot;size&quot;:&quot;&quot;,&quot;sizes&quot;:[]},&quot;cards_row_gap_mobile&quot;:{&quot;unit&quot;:&quot;px&quot;,&quot;size&quot;:&quot;&quot;,&quot;sizes&quot;:[]}}\" data-widget_type=\"posts.cards\">\n\t\t\t\t<div class=\"elementor-widget-container\">\n\t\t\t\t\t\t\t<div class=\"elementor-posts-container elementor-posts elementor-posts--skin-cards elementor-grid\" role=\"list\">\n\t\t\t\t<article class=\"elementor-post elementor-grid-item post-2648 post type-post status-publish format-standard has-post-thumbnail hentry category-vallsmadella category-maquinaria-agricola category-maquinaria-construccio category-maquinaria-industrial\" role=\"listitem\">\n\t\t\t<div class=\"elementor-post__card\">\n\t\t\t\t<a class=\"elementor-post__thumbnail__link\" href=\"https:\/\/vallsmadella.com\/es\/reparar-o-substituir-maquinaria\/\" tabindex=\"-1\"><div class=\"elementor-post__thumbnail\"><img fetchpriority=\"high\" decoding=\"async\" width=\"800\" height=\"450\" src=\"https:\/\/vallsmadella.com\/wp-content\/uploads\/2026\/04\/maquinaria-industrial-comprar-1024x576.jpeg\" class=\"attachment-large size-large wp-image-2654\" alt=\"\" srcset=\"https:\/\/vallsmadella.com\/wp-content\/uploads\/2026\/04\/maquinaria-industrial-comprar-1024x576.jpeg 1024w, https:\/\/vallsmadella.com\/wp-content\/uploads\/2026\/04\/maquinaria-industrial-comprar-300x169.jpeg 300w, https:\/\/vallsmadella.com\/wp-content\/uploads\/2026\/04\/maquinaria-industrial-comprar-768x432.jpeg 768w, https:\/\/vallsmadella.com\/wp-content\/uploads\/2026\/04\/maquinaria-industrial-comprar-18x10.jpeg 18w, https:\/\/vallsmadella.com\/wp-content\/uploads\/2026\/04\/maquinaria-industrial-comprar.jpeg 1366w\" sizes=\"(max-width: 800px) 100vw, 800px\" \/><\/div><\/a>\n\t\t\t\t<div class=\"elementor-post__text\">\n\t\t\t\t<h2 class=\"elementor-post__title\">\n\t\t\t<a href=\"https:\/\/vallsmadella.com\/es\/reparar-o-substituir-maquinaria\/\">\n\t\t\t\t\u00bfCu\u00e1ndo sale m\u00e1s a cuenta reparar una m\u00e1quina y cu\u00e1ndo conviene renovarla?\t\t\t<\/a>\n\t\t<\/h2>\n\t\t\t\t<div class=\"elementor-post__excerpt\">\n\t\t\t<p>Si treballes amb maquin\u00e0ria agr\u00edcola, industrial o de construcci\u00f3, saps que una avaria no \u00e9s nom\u00e9s un problema t\u00e8cnic. \u00c9s temps perdut, pressi\u00f3 operativa i decisions que no sempre s\u00f3n f\u00e0cils. En aquest punt apareix el dubte: reparar o substituir<\/p>\n\t\t<\/div>\n\t\t\n\t\t<a class=\"elementor-post__read-more\" href=\"https:\/\/vallsmadella.com\/es\/reparar-o-substituir-maquinaria\/\" aria-label=\"M\u00e1s informaci\u00f3n sobre Quan surt m\u00e9s a compte reparar una m\u00e0quina i quan conv\u00e9 renovar-la?\" tabindex=\"-1\">\n\t\t\tLeer m\u00e1s \u00bb\t\t<\/a>\n\n\t\t\t\t<\/div>\n\t\t\t\t<div class=\"elementor-post__meta-data\">\n\t\t\t\t\t<span class=\"elementor-post-date\">\n\t\t\t20\/04\/2026\t\t<\/span>\n\t\t\t\t<\/div>\n\t\t\t\t\t<\/div>\n\t\t<\/article>\n\t\t\t\t<article class=\"elementor-post elementor-grid-item post-2645 post type-post status-publish format-standard has-post-thumbnail hentry category-vallsmadella category-maquinaria-agricola\" role=\"listitem\">\n\t\t\t<div class=\"elementor-post__card\">\n\t\t\t\t<a class=\"elementor-post__thumbnail__link\" href=\"https:\/\/vallsmadella.com\/es\/com-escollir-manipulador-telescopic-agricola-industrial\/\" tabindex=\"-1\"><div class=\"elementor-post__thumbnail\"><img decoding=\"async\" width=\"800\" height=\"510\" src=\"https:\/\/vallsmadella.com\/wp-content\/uploads\/2026\/04\/reparar-substituir-maquinaria-industrial-1024x653.webp\" class=\"attachment-large size-large wp-image-2653\" alt=\"\" srcset=\"https:\/\/vallsmadella.com\/wp-content\/uploads\/2026\/04\/reparar-substituir-maquinaria-industrial-1024x653.webp 1024w, https:\/\/vallsmadella.com\/wp-content\/uploads\/2026\/04\/reparar-substituir-maquinaria-industrial-300x191.webp 300w, https:\/\/vallsmadella.com\/wp-content\/uploads\/2026\/04\/reparar-substituir-maquinaria-industrial-768x490.webp 768w, https:\/\/vallsmadella.com\/wp-content\/uploads\/2026\/04\/reparar-substituir-maquinaria-industrial-1536x980.webp 1536w, https:\/\/vallsmadella.com\/wp-content\/uploads\/2026\/04\/reparar-substituir-maquinaria-industrial-18x12.webp 18w, https:\/\/vallsmadella.com\/wp-content\/uploads\/2026\/04\/reparar-substituir-maquinaria-industrial.webp 1600w\" sizes=\"(max-width: 800px) 100vw, 800px\" \/><\/div><\/a>\n\t\t\t\t<div class=\"elementor-post__text\">\n\t\t\t\t<h2 class=\"elementor-post__title\">\n\t\t\t<a href=\"https:\/\/vallsmadella.com\/es\/com-escollir-manipulador-telescopic-agricola-industrial\/\">\n\t\t\t\tC\u00f3mo elegir el manipulador telesc\u00f3pico ideal para uso agr\u00edcola o industrial\t\t\t<\/a>\n\t\t<\/h2>\n\t\t\t\t<div class=\"elementor-post__excerpt\">\n\t\t\t<p>Si est\u00e0s pensant a comprar un manipulador telesc\u00f2pic, segurament ja tens clar que el necessites. El dubte \u00e9s un altre, quin model escollir. Perqu\u00e8 dues m\u00e0quines poden semblar semblants en un cat\u00e0leg, per\u00f2 despr\u00e9s funcionar de manera molt diferent en<\/p>\n\t\t<\/div>\n\t\t\n\t\t<a class=\"elementor-post__read-more\" href=\"https:\/\/vallsmadella.com\/es\/com-escollir-manipulador-telescopic-agricola-industrial\/\" aria-label=\"M\u00e1s informaci\u00f3n sobre Com escollir el manipulador telesc\u00f2pic ideal per a \u00fas agr\u00edcola o industrial\" tabindex=\"-1\">\n\t\t\tLeer m\u00e1s \u00bb\t\t<\/a>\n\n\t\t\t\t<\/div>\n\t\t\t\t<div class=\"elementor-post__meta-data\">\n\t\t\t\t\t<span class=\"elementor-post-date\">\n\t\t\t14\/04\/2026\t\t<\/span>\n\t\t\t\t<\/div>\n\t\t\t\t\t<\/div>\n\t\t<\/article>\n\t\t\t\t<article class=\"elementor-post elementor-grid-item post-2649 post type-post status-publish format-standard has-post-thumbnail hentry category-vallsmadella category-develon category-maquinaria-industrial\" role=\"listitem\">\n\t\t\t<div class=\"elementor-post__card\">\n\t\t\t\t<a class=\"elementor-post__thumbnail__link\" href=\"https:\/\/vallsmadella.com\/es\/factors-a-tenir-en-compte-maquinaria-industrial\/\" tabindex=\"-1\"><div class=\"elementor-post__thumbnail\"><img decoding=\"async\" width=\"800\" height=\"540\" src=\"https:\/\/vallsmadella.com\/wp-content\/uploads\/2026\/04\/factors-decisio-compra-maquinaria-industrial-1024x691.jpeg\" class=\"attachment-large size-large wp-image-2652\" alt=\"\" srcset=\"https:\/\/vallsmadella.com\/wp-content\/uploads\/2026\/04\/factors-decisio-compra-maquinaria-industrial-1024x691.jpeg 1024w, https:\/\/vallsmadella.com\/wp-content\/uploads\/2026\/04\/factors-decisio-compra-maquinaria-industrial-300x203.jpeg 300w, https:\/\/vallsmadella.com\/wp-content\/uploads\/2026\/04\/factors-decisio-compra-maquinaria-industrial-768x518.jpeg 768w, https:\/\/vallsmadella.com\/wp-content\/uploads\/2026\/04\/factors-decisio-compra-maquinaria-industrial-1536x1037.jpeg 1536w, https:\/\/vallsmadella.com\/wp-content\/uploads\/2026\/04\/factors-decisio-compra-maquinaria-industrial-18x12.jpeg 18w, https:\/\/vallsmadella.com\/wp-content\/uploads\/2026\/04\/factors-decisio-compra-maquinaria-industrial.jpeg 2000w\" sizes=\"(max-width: 800px) 100vw, 800px\" \/><\/div><\/a>\n\t\t\t\t<div class=\"elementor-post__text\">\n\t\t\t\t<h2 class=\"elementor-post__title\">\n\t\t\t<a href=\"https:\/\/vallsmadella.com\/es\/factors-a-tenir-en-compte-maquinaria-industrial\/\">\n\t\t\t\t\u00bfQu\u00e9 factores deben tenerse en cuenta a la hora de comprar maquinaria industrial?\t\t\t<\/a>\n\t\t<\/h2>\n\t\t\t\t<div class=\"elementor-post__excerpt\">\n\t\t\t<p>Si est\u00e0s mirant maquin\u00e0ria industrial per al teu negoci, probablement ja t\u2019ha passat. Com m\u00e9s mires, m\u00e9s dubtes tens. Models, fitxes t\u00e8cniques, recomanacions\u2026 tot sembla important, per\u00f2 res acaba de donar-te una resposta clara. I al final, la sensaci\u00f3 \u00e9s<\/p>\n\t\t<\/div>\n\t\t\n\t\t<a class=\"elementor-post__read-more\" href=\"https:\/\/vallsmadella.com\/es\/factors-a-tenir-en-compte-maquinaria-industrial\/\" aria-label=\"M\u00e1s informaci\u00f3n sobre \u00bfQu\u00e9 factores deben tenerse en cuenta a la hora de comprar maquinaria industrial?\" tabindex=\"-1\">\n\t\t\tLeer m\u00e1s \u00bb\t\t<\/a>\n\n\t\t\t\t<\/div>\n\t\t\t\t<div class=\"elementor-post__meta-data\">\n\t\t\t\t\t<span class=\"elementor-post-date\">\n\t\t\t05\/04\/2026\t\t<\/span>\n\t\t\t\t<\/div>\n\t\t\t\t\t<\/div>\n\t\t<\/article>\n\t\t\t\t<article class=\"elementor-post elementor-grid-item post-2641 post type-post status-publish format-standard has-post-thumbnail hentry category-vallsmadella\" role=\"listitem\">\n\t\t\t<div class=\"elementor-post__card\">\n\t\t\t\t<a class=\"elementor-post__thumbnail__link\" href=\"https:\/\/vallsmadella.com\/es\/adaptar-vehicle-industrial-negoci\/\" tabindex=\"-1\"><div class=\"elementor-post__thumbnail\"><img loading=\"lazy\" decoding=\"async\" width=\"800\" height=\"447\" src=\"https:\/\/vallsmadella.com\/wp-content\/uploads\/2026\/03\/adaptar-vehicle-negoci-1024x572.jpg\" class=\"attachment-large size-large wp-image-2642\" alt=\"\" srcset=\"https:\/\/vallsmadella.com\/wp-content\/uploads\/2026\/03\/adaptar-vehicle-negoci-1024x572.jpg 1024w, https:\/\/vallsmadella.com\/wp-content\/uploads\/2026\/03\/adaptar-vehicle-negoci-300x167.jpg 300w, https:\/\/vallsmadella.com\/wp-content\/uploads\/2026\/03\/adaptar-vehicle-negoci-768x429.jpg 768w, https:\/\/vallsmadella.com\/wp-content\/uploads\/2026\/03\/adaptar-vehicle-negoci-18x10.jpg 18w, https:\/\/vallsmadella.com\/wp-content\/uploads\/2026\/03\/adaptar-vehicle-negoci.jpg 1376w\" sizes=\"(max-width: 800px) 100vw, 800px\" \/><\/div><\/a>\n\t\t\t\t<div class=\"elementor-post__text\">\n\t\t\t\t<h2 class=\"elementor-post__title\">\n\t\t\t<a href=\"https:\/\/vallsmadella.com\/es\/adaptar-vehicle-industrial-negoci\/\">\n\t\t\t\tC\u00f3mo adaptar un veh\u00edculo industrial a las necesidades reales de tu negocio\t\t\t<\/a>\n\t\t<\/h2>\n\t\t\t\t<div class=\"elementor-post__excerpt\">\n\t\t\t<p>Cuando un profesional se plantea comprar un veh\u00edculo industrial, suele pensar primero en la potencia, consumo o precio. Pero la decisi\u00f3n m\u00e1s importante suele ser otra, c\u00f3mo se adaptar\u00e1 este veh\u00edculo al trabajo real que vas a hacer<\/p>\n\t\t<\/div>\n\t\t\n\t\t<a class=\"elementor-post__read-more\" href=\"https:\/\/vallsmadella.com\/es\/adaptar-vehicle-industrial-negoci\/\" aria-label=\"M\u00e1s informaci\u00f3n sobre Com adaptar un vehicle industrial a les necessitats reals del teu negoci\" tabindex=\"-1\">\n\t\t\tLeer m\u00e1s \u00bb\t\t<\/a>\n\n\t\t\t\t<\/div>\n\t\t\t\t<div class=\"elementor-post__meta-data\">\n\t\t\t\t\t<span class=\"elementor-post-date\">\n\t\t\t20\/03\/2026\t\t<\/span>\n\t\t\t\t<\/div>\n\t\t\t\t\t<\/div>\n\t\t<\/article>\n\t\t\t\t<article class=\"elementor-post elementor-grid-item post-2638 post type-post status-publish format-standard has-post-thumbnail hentry category-vallsmadella category-manitou category-maquinaria-agricola category-maquinaria-construccio category-maquinaria-industrial\" role=\"listitem\">\n\t\t\t<div class=\"elementor-post__card\">\n\t\t\t\t<a class=\"elementor-post__thumbnail__link\" href=\"https:\/\/vallsmadella.com\/es\/triar-manipulador-telescopic-sector\/\" tabindex=\"-1\"><div class=\"elementor-post__thumbnail\"><img loading=\"lazy\" decoding=\"async\" width=\"800\" height=\"565\" src=\"https:\/\/vallsmadella.com\/wp-content\/uploads\/2026\/03\/maquinaria-telescopic-vallsmadella-1-1024x723.jpg\" class=\"attachment-large size-large wp-image-2639\" alt=\"\" srcset=\"https:\/\/vallsmadella.com\/wp-content\/uploads\/2026\/03\/maquinaria-telescopic-vallsmadella-1-1024x723.jpg 1024w, https:\/\/vallsmadella.com\/wp-content\/uploads\/2026\/03\/maquinaria-telescopic-vallsmadella-1-300x212.jpg 300w, https:\/\/vallsmadella.com\/wp-content\/uploads\/2026\/03\/maquinaria-telescopic-vallsmadella-1-768x542.jpg 768w, https:\/\/vallsmadella.com\/wp-content\/uploads\/2026\/03\/maquinaria-telescopic-vallsmadella-1-18x12.jpg 18w, https:\/\/vallsmadella.com\/wp-content\/uploads\/2026\/03\/maquinaria-telescopic-vallsmadella-1.jpg 1224w\" sizes=\"(max-width: 800px) 100vw, 800px\" \/><\/div><\/a>\n\t\t\t\t<div class=\"elementor-post__text\">\n\t\t\t\t<h2 class=\"elementor-post__title\">\n\t\t\t<a href=\"https:\/\/vallsmadella.com\/es\/triar-manipulador-telescopic-sector\/\">\n\t\t\t\tGu\u00eda pr\u00e1ctica: c\u00f3mo elegir el manipulador telesc\u00f3pico ideal seg\u00fan tu sector\t\t\t<\/a>\n\t\t<\/h2>\n\t\t\t\t<div class=\"elementor-post__excerpt\">\n\t\t\t<p>Si valora comprar un manipulador telesc\u00f3pico, es f\u00e1cil empezar mirando modelos, fichas t\u00e9cnicas o comparando precios. Pero en realidad la pregunta importante suele ser otra: \u00bfqu\u00e9 m\u00e1quina necesitas realmente para el trabajo que realizas todos los d\u00edas? Porque no<\/p>\n\t\t<\/div>\n\t\t\n\t\t<a class=\"elementor-post__read-more\" href=\"https:\/\/vallsmadella.com\/es\/triar-manipulador-telescopic-sector\/\" aria-label=\"M\u00e1s informaci\u00f3n sobre Guia pr\u00e0ctica: com triar el manipulador telesc\u00f2pic ideal segons el teu sector\" tabindex=\"-1\">\n\t\t\tLeer m\u00e1s \u00bb\t\t<\/a>\n\n\t\t\t\t<\/div>\n\t\t\t\t<div class=\"elementor-post__meta-data\">\n\t\t\t\t\t<span class=\"elementor-post-date\">\n\t\t\t13\/03\/2026\t\t<\/span>\n\t\t\t\t<\/div>\n\t\t\t\t\t<\/div>\n\t\t<\/article>\n\t\t\t\t<article class=\"elementor-post elementor-grid-item post-2635 post type-post status-publish format-standard has-post-thumbnail hentry category-maquinaria-agricola category-maquinaria-construccio category-maquinaria-industrial category-vallsmadella\" role=\"listitem\">\n\t\t\t<div class=\"elementor-post__card\">\n\t\t\t\t<a class=\"elementor-post__thumbnail__link\" href=\"https:\/\/vallsmadella.com\/es\/cost-parada-maquinaria-servei-postvenda\/\" tabindex=\"-1\"><div class=\"elementor-post__thumbnail\"><img loading=\"lazy\" decoding=\"async\" width=\"800\" height=\"534\" src=\"https:\/\/vallsmadella.com\/wp-content\/uploads\/2026\/03\/Boadella-vallsmadella-Manteniment-maquinaria-postvenda-1024x683.jpeg\" class=\"attachment-large size-large wp-image-2636\" alt=\"\" srcset=\"https:\/\/vallsmadella.com\/wp-content\/uploads\/2026\/03\/Boadella-vallsmadella-Manteniment-maquinaria-postvenda-1024x683.jpeg 1024w, https:\/\/vallsmadella.com\/wp-content\/uploads\/2026\/03\/Boadella-vallsmadella-Manteniment-maquinaria-postvenda-300x200.jpeg 300w, https:\/\/vallsmadella.com\/wp-content\/uploads\/2026\/03\/Boadella-vallsmadella-Manteniment-maquinaria-postvenda-768x512.jpeg 768w, https:\/\/vallsmadella.com\/wp-content\/uploads\/2026\/03\/Boadella-vallsmadella-Manteniment-maquinaria-postvenda-1536x1024.jpeg 1536w, https:\/\/vallsmadella.com\/wp-content\/uploads\/2026\/03\/Boadella-vallsmadella-Manteniment-maquinaria-postvenda-18x12.jpeg 18w, https:\/\/vallsmadella.com\/wp-content\/uploads\/2026\/03\/Boadella-vallsmadella-Manteniment-maquinaria-postvenda.jpeg 1920w\" sizes=\"(max-width: 800px) 100vw, 800px\" \/><\/div><\/a>\n\t\t\t\t<div class=\"elementor-post__text\">\n\t\t\t\t<h2 class=\"elementor-post__title\">\n\t\t\t<a href=\"https:\/\/vallsmadella.com\/es\/cost-parada-maquinaria-servei-postvenda\/\">\n\t\t\t\t\u00bfCu\u00e1nto cuesta realmente detener una m\u00e1quina? El valor del servicio postventa\t\t\t<\/a>\n\t\t<\/h2>\n\t\t\t\t<div class=\"elementor-post__excerpt\">\n\t\t\t<p>Si trabajas con maquinaria industrial, agr\u00edcola o de construcci\u00f3n, sabes que una m\u00e1quina parada nunca es un simple percance t\u00e9cnico. Es tiempo perdido, planificaci\u00f3n que se rompe y, muchas veces, dinero que escapa sin que apenas te des cuenta.<\/p>\n\t\t<\/div>\n\t\t\n\t\t<a class=\"elementor-post__read-more\" href=\"https:\/\/vallsmadella.com\/es\/cost-parada-maquinaria-servei-postvenda\/\" aria-label=\"M\u00e1s informaci\u00f3n sobre Quant costa realment aturar una m\u00e0quina? El valor del servei postvenda\" tabindex=\"-1\">\n\t\t\tLeer m\u00e1s \u00bb\t\t<\/a>\n\n\t\t\t\t<\/div>\n\t\t\t\t<div class=\"elementor-post__meta-data\">\n\t\t\t\t\t<span class=\"elementor-post-date\">\n\t\t\t05\/03\/2026\t\t<\/span>\n\t\t\t\t<\/div>\n\t\t\t\t\t<\/div>\n\t\t<\/article>\n\t\t\t\t<article class=\"elementor-post elementor-grid-item post-2619 post type-post status-publish format-standard has-post-thumbnail hentry category-dagartech\" role=\"listitem\">\n\t\t\t<div class=\"elementor-post__card\">\n\t\t\t\t<a class=\"elementor-post__thumbnail__link\" href=\"https:\/\/vallsmadella.com\/es\/que-tenir-en-compte-abans-de-comprar-un-generador\/\" tabindex=\"-1\"><div class=\"elementor-post__thumbnail\"><img loading=\"lazy\" decoding=\"async\" width=\"612\" height=\"386\" src=\"https:\/\/vallsmadella.com\/wp-content\/uploads\/2026\/02\/que-tenir-en-compte-comprar-un-generador.webp\" class=\"attachment-large size-large wp-image-2627\" alt=\"\" srcset=\"https:\/\/vallsmadella.com\/wp-content\/uploads\/2026\/02\/que-tenir-en-compte-comprar-un-generador.webp 612w, https:\/\/vallsmadella.com\/wp-content\/uploads\/2026\/02\/que-tenir-en-compte-comprar-un-generador-300x189.webp 300w, https:\/\/vallsmadella.com\/wp-content\/uploads\/2026\/02\/que-tenir-en-compte-comprar-un-generador-18x12.webp 18w\" sizes=\"(max-width: 612px) 100vw, 612px\" \/><\/div><\/a>\n\t\t\t\t<div class=\"elementor-post__text\">\n\t\t\t\t<h2 class=\"elementor-post__title\">\n\t\t\t<a href=\"https:\/\/vallsmadella.com\/es\/que-tenir-en-compte-abans-de-comprar-un-generador\/\">\n\t\t\t\t\u00bfQu\u00e9 se debe tener en cuenta antes de comprar un generador?\t\t\t<\/a>\n\t\t<\/h2>\n\t\t\t\t<div class=\"elementor-post__excerpt\">\n\t\t\t<p>Hay compras que se realizan por previsi\u00f3n. Y otros que se hacen cuando ya es tarde. Con los generadores ocurre algo parecido. Muchas empresas no piensan en ella hasta que hay un corte de suministro, una obra sin<\/p>\n\t\t<\/div>\n\t\t\n\t\t<a class=\"elementor-post__read-more\" href=\"https:\/\/vallsmadella.com\/es\/que-tenir-en-compte-abans-de-comprar-un-generador\/\" aria-label=\"M\u00e1s informaci\u00f3n sobre \u00bfQu\u00e9 se debe tener en cuenta antes de comprar un generador?\" tabindex=\"-1\">\n\t\t\tLeer m\u00e1s \u00bb\t\t<\/a>\n\n\t\t\t\t<\/div>\n\t\t\t\t<div class=\"elementor-post__meta-data\">\n\t\t\t\t\t<span class=\"elementor-post-date\">\n\t\t\t25\/02\/2026\t\t<\/span>\n\t\t\t\t<\/div>\n\t\t\t\t\t<\/div>\n\t\t<\/article>\n\t\t\t\t<article class=\"elementor-post elementor-grid-item post-2617 post type-post status-publish format-standard has-post-thumbnail hentry category-vallsmadella\" role=\"listitem\">\n\t\t\t<div class=\"elementor-post__card\">\n\t\t\t\t<a class=\"elementor-post__thumbnail__link\" href=\"https:\/\/vallsmadella.com\/es\/servei-tecnic-decisio-compra-maquinaria\/\" tabindex=\"-1\"><div class=\"elementor-post__thumbnail\"><img loading=\"lazy\" decoding=\"async\" width=\"612\" height=\"386\" src=\"https:\/\/vallsmadella.com\/wp-content\/uploads\/2026\/02\/com-influeix-servei-tecnic-decisio-compra-maquinaria.webp\" class=\"attachment-large size-large wp-image-2626\" alt=\"\" srcset=\"https:\/\/vallsmadella.com\/wp-content\/uploads\/2026\/02\/com-influeix-servei-tecnic-decisio-compra-maquinaria.webp 612w, https:\/\/vallsmadella.com\/wp-content\/uploads\/2026\/02\/com-influeix-servei-tecnic-decisio-compra-maquinaria-300x189.webp 300w, https:\/\/vallsmadella.com\/wp-content\/uploads\/2026\/02\/com-influeix-servei-tecnic-decisio-compra-maquinaria-18x12.webp 18w\" sizes=\"(max-width: 612px) 100vw, 612px\" \/><\/div><\/a>\n\t\t\t\t<div class=\"elementor-post__text\">\n\t\t\t\t<h2 class=\"elementor-post__title\">\n\t\t\t<a href=\"https:\/\/vallsmadella.com\/es\/servei-tecnic-decisio-compra-maquinaria\/\">\n\t\t\t\tC\u00f3mo influye el servicio t\u00e9cnico en la decisi\u00f3n de compra\t\t\t<\/a>\n\t\t<\/h2>\n\t\t\t\t<div class=\"elementor-post__excerpt\">\n\t\t\t<p>Hay decisiones que parecen centrarse en la m\u00e1quina\u2026 pero en realidad no lo est\u00e1n. Cuando alguien compara dos equipos similares, suele hablar de potencia, consumo, capacidad de carga o precio. Pero en Boadella Vallsmadella sabemos que la pregunta importante<\/p>\n\t\t<\/div>\n\t\t\n\t\t<a class=\"elementor-post__read-more\" href=\"https:\/\/vallsmadella.com\/es\/servei-tecnic-decisio-compra-maquinaria\/\" aria-label=\"M\u00e1s informaci\u00f3n sobre C\u00f3mo influye el servicio t\u00e9cnico en la decisi\u00f3n de compra\" tabindex=\"-1\">\n\t\t\tLeer m\u00e1s \u00bb\t\t<\/a>\n\n\t\t\t\t<\/div>\n\t\t\t\t<div class=\"elementor-post__meta-data\">\n\t\t\t\t\t<span class=\"elementor-post-date\">\n\t\t\t25\/02\/2026\t\t<\/span>\n\t\t\t\t<\/div>\n\t\t\t\t\t<\/div>\n\t\t<\/article>\n\t\t\t\t<article class=\"elementor-post elementor-grid-item post-2615 post type-post status-publish format-standard has-post-thumbnail hentry category-vallsmadella\" role=\"listitem\">\n\t\t\t<div class=\"elementor-post__card\">\n\t\t\t\t<a class=\"elementor-post__thumbnail__link\" href=\"https:\/\/vallsmadella.com\/es\/manipulador-telescopic-tractor-pala-rendibilitat\/\" tabindex=\"-1\"><div class=\"elementor-post__thumbnail\"><img loading=\"lazy\" decoding=\"async\" width=\"612\" height=\"386\" src=\"https:\/\/vallsmadella.com\/wp-content\/uploads\/2026\/02\/tractor-telescopic-o-tractor-pala.webp\" class=\"attachment-large size-large wp-image-2625\" alt=\"\" srcset=\"https:\/\/vallsmadella.com\/wp-content\/uploads\/2026\/02\/tractor-telescopic-o-tractor-pala.webp 612w, https:\/\/vallsmadella.com\/wp-content\/uploads\/2026\/02\/tractor-telescopic-o-tractor-pala-300x189.webp 300w, https:\/\/vallsmadella.com\/wp-content\/uploads\/2026\/02\/tractor-telescopic-o-tractor-pala-18x12.webp 18w\" sizes=\"(max-width: 612px) 100vw, 612px\" \/><\/div><\/a>\n\t\t\t\t<div class=\"elementor-post__text\">\n\t\t\t\t<h2 class=\"elementor-post__title\">\n\t\t\t<a href=\"https:\/\/vallsmadella.com\/es\/manipulador-telescopic-tractor-pala-rendibilitat\/\">\n\t\t\t\tManipulador telesc\u00f3pico o tractor con pala: \u00bfqu\u00e9 es m\u00e1s rentable?\t\t\t<\/a>\n\t\t<\/h2>\n\t\t\t\t<div class=\"elementor-post__excerpt\">\n\t\t\t<p>Adem\u00e1s de una explotaci\u00f3n de la zona nos hemos encontrado con la misma escena: el tractor con pala sigue funcionando, sigue arrancando cada ma\u00f1ana, pero se empieza a notar que va justo. Justo de altura. Justo de alcance. Justo de estabilidad cuando la<\/p>\n\t\t<\/div>\n\t\t\n\t\t<a class=\"elementor-post__read-more\" href=\"https:\/\/vallsmadella.com\/es\/manipulador-telescopic-tractor-pala-rendibilitat\/\" aria-label=\"M\u00e1s informaci\u00f3n sobre Manipulador telesc\u00f3pico o tractor con pala: \u00bfqu\u00e9 es m\u00e1s rentable?\" tabindex=\"-1\">\n\t\t\tLeer m\u00e1s \u00bb\t\t<\/a>\n\n\t\t\t\t<\/div>\n\t\t\t\t<div class=\"elementor-post__meta-data\">\n\t\t\t\t\t<span class=\"elementor-post-date\">\n\t\t\t25\/02\/2026\t\t<\/span>\n\t\t\t\t<\/div>\n\t\t\t\t\t<\/div>\n\t\t<\/article>\n\t\t\t\t<article class=\"elementor-post elementor-grid-item post-2618 post type-post status-publish format-standard has-post-thumbnail hentry category-vallsmadella\" role=\"listitem\">\n\t\t\t<div class=\"elementor-post__card\">\n\t\t\t\t<a class=\"elementor-post__thumbnail__link\" href=\"https:\/\/vallsmadella.com\/es\/guia-identificar-avaries-hidrauliques-abans-de-que-sigui-tard\/\" tabindex=\"-1\"><div class=\"elementor-post__thumbnail\"><img loading=\"lazy\" decoding=\"async\" width=\"612\" height=\"386\" src=\"https:\/\/vallsmadella.com\/wp-content\/uploads\/2026\/02\/guia-identificar-avaries-hidrauliques.webp\" class=\"attachment-large size-large wp-image-2623\" alt=\"\" srcset=\"https:\/\/vallsmadella.com\/wp-content\/uploads\/2026\/02\/guia-identificar-avaries-hidrauliques.webp 612w, https:\/\/vallsmadella.com\/wp-content\/uploads\/2026\/02\/guia-identificar-avaries-hidrauliques-300x189.webp 300w, https:\/\/vallsmadella.com\/wp-content\/uploads\/2026\/02\/guia-identificar-avaries-hidrauliques-18x12.webp 18w\" sizes=\"(max-width: 612px) 100vw, 612px\" \/><\/div><\/a>\n\t\t\t\t<div class=\"elementor-post__text\">\n\t\t\t\t<h2 class=\"elementor-post__title\">\n\t\t\t<a href=\"https:\/\/vallsmadella.com\/es\/guia-identificar-avaries-hidrauliques-abans-de-que-sigui-tard\/\">\n\t\t\t\tGu\u00eda r\u00e1pida para identificar aver\u00edas hidr\u00e1ulicas antes de que sea tarde\t\t\t<\/a>\n\t\t<\/h2>\n\t\t\t\t<div class=\"elementor-post__excerpt\">\n\t\t\t<p>Las aver\u00edas hidr\u00e1ulicas casi nunca comienzan de repente. Empiezan con algo peque\u00f1o. Una p\u00e9rdida leve. Un movimiento m\u00e1s lento de lo habitual. Un ruido que antes no estaba. El problema es que, en el d\u00eda en<\/p>\n\t\t<\/div>\n\t\t\n\t\t<a class=\"elementor-post__read-more\" href=\"https:\/\/vallsmadella.com\/es\/guia-identificar-avaries-hidrauliques-abans-de-que-sigui-tard\/\" aria-label=\"M\u00e1s informaci\u00f3n sobre Gu\u00eda r\u00e1pida para identificar aver\u00edas hidr\u00e1ulicas antes de que sea tarde\" tabindex=\"-1\">\n\t\t\tLeer m\u00e1s \u00bb\t\t<\/a>\n\n\t\t\t\t<\/div>\n\t\t\t\t<div class=\"elementor-post__meta-data\">\n\t\t\t\t\t<span class=\"elementor-post-date\">\n\t\t\t25\/02\/2026\t\t<\/span>\n\t\t\t\t<\/div>\n\t\t\t\t\t<\/div>\n\t\t<\/article>\n\t\t\t\t<article class=\"elementor-post elementor-grid-item post-2599 post type-post status-publish format-standard has-post-thumbnail hentry category-noblelift tag-carretilles-diesel tag-carretilles-electriques tag-maquinaria-industrial tag-noblelift tag-rendiment tag-vallsmadella\" role=\"listitem\">\n\t\t\t<div class=\"elementor-post__card\">\n\t\t\t\t<a class=\"elementor-post__thumbnail__link\" href=\"https:\/\/vallsmadella.com\/es\/noblelift-electric-vs-diesel\/\" tabindex=\"-1\"><div class=\"elementor-post__thumbnail\"><img loading=\"lazy\" decoding=\"async\" width=\"612\" height=\"386\" src=\"https:\/\/vallsmadella.com\/wp-content\/uploads\/2025\/09\/noblelift.jpg\" class=\"attachment-large size-large wp-image-2601\" alt=\"\" srcset=\"https:\/\/vallsmadella.com\/wp-content\/uploads\/2025\/09\/noblelift.jpg 612w, https:\/\/vallsmadella.com\/wp-content\/uploads\/2025\/09\/noblelift-300x189.jpg 300w, https:\/\/vallsmadella.com\/wp-content\/uploads\/2025\/09\/noblelift-18x12.jpg 18w\" sizes=\"(max-width: 612px) 100vw, 612px\" \/><\/div><\/a>\n\t\t\t\t<div class=\"elementor-post__text\">\n\t\t\t\t<h2 class=\"elementor-post__title\">\n\t\t\t<a href=\"https:\/\/vallsmadella.com\/es\/noblelift-electric-vs-diesel\/\">\n\t\t\t\tRendimiento vs. precio: Noblelift el\u00e9ctrico vs. diesel, \u00bfqu\u00e9 es mejor para ti?\t\t\t<\/a>\n\t\t<\/h2>\n\t\t\t\t<div class=\"elementor-post__excerpt\">\n\t\t\t<p>Analizamos Noblelift el\u00e9ctrico vs. diesel para ayudarte a elegir entre potencia y autonom\u00eda o eficiencia y mantenimiento reducido.<\/p>\n\t\t<\/div>\n\t\t\n\t\t<a class=\"elementor-post__read-more\" href=\"https:\/\/vallsmadella.com\/es\/noblelift-electric-vs-diesel\/\" aria-label=\"M\u00e1s informaci\u00f3n sobre Rendimiento vs. precio: Noblelift el\u00e9ctrico vs. diesel, \u00bfqu\u00e9 es mejor para ti?\" tabindex=\"-1\">\n\t\t\tLeer m\u00e1s \u00bb\t\t<\/a>\n\n\t\t\t\t<\/div>\n\t\t\t\t<div class=\"elementor-post__meta-data\">\n\t\t\t\t\t<span class=\"elementor-post-date\">\n\t\t\t30\/09\/2025\t\t<\/span>\n\t\t\t\t<\/div>\n\t\t\t\t\t<\/div>\n\t\t<\/article>\n\t\t\t\t<article class=\"elementor-post elementor-grid-item post-2595 post type-post status-publish format-standard has-post-thumbnail hentry category-vallsmadella tag-develon tag-distribuidors tag-innovacio tag-maquinaria-de-construccio tag-maquinaria-pesada tag-servei-postvenda tag-vallsmadella\" role=\"listitem\">\n\t\t\t<div class=\"elementor-post__card\">\n\t\t\t\t<a class=\"elementor-post__thumbnail__link\" href=\"https:\/\/vallsmadella.com\/es\/guanya-terreny-maquinaria-develon-europa\/\" tabindex=\"-1\"><div class=\"elementor-post__thumbnail\"><img loading=\"lazy\" decoding=\"async\" width=\"612\" height=\"386\" src=\"https:\/\/vallsmadella.com\/wp-content\/uploads\/2025\/09\/devlon_vallsmadella.jpg\" class=\"attachment-large size-large wp-image-2598\" alt=\"\" srcset=\"https:\/\/vallsmadella.com\/wp-content\/uploads\/2025\/09\/devlon_vallsmadella.jpg 612w, https:\/\/vallsmadella.com\/wp-content\/uploads\/2025\/09\/devlon_vallsmadella-300x189.jpg 300w, https:\/\/vallsmadella.com\/wp-content\/uploads\/2025\/09\/devlon_vallsmadella-18x12.jpg 18w\" sizes=\"(max-width: 612px) 100vw, 612px\" \/><\/div><\/a>\n\t\t\t\t<div class=\"elementor-post__text\">\n\t\t\t\t<h2 class=\"elementor-post__title\">\n\t\t\t<a href=\"https:\/\/vallsmadella.com\/es\/guanya-terreny-maquinaria-develon-europa\/\">\n\t\t\t\t\u00bfPor qu\u00e9 Develon gana terreno en el sector de la maquinaria pesada en Europa?\t\t\t<\/a>\n\t\t<\/h2>\n\t\t\t\t<div class=\"elementor-post__excerpt\">\n\t\t\t<p>Analizamos las claves que hacen que maquinaria Develon Europa se est\u00e9 imponiendo en el mercado europeo y el papel fundamental de distribuidores especializados como Vallsmadella.<\/p>\n\t\t<\/div>\n\t\t\n\t\t<a class=\"elementor-post__read-more\" href=\"https:\/\/vallsmadella.com\/es\/guanya-terreny-maquinaria-develon-europa\/\" aria-label=\"M\u00e1s informaci\u00f3n sobre \u00bfPor qu\u00e9 Develon gana terreno en el sector de la maquinaria pesada en Europa?\" tabindex=\"-1\">\n\t\t\tLeer m\u00e1s \u00bb\t\t<\/a>\n\n\t\t\t\t<\/div>\n\t\t\t\t<div class=\"elementor-post__meta-data\">\n\t\t\t\t\t<span class=\"elementor-post-date\">\n\t\t\t22\/09\/2025\t\t<\/span>\n\t\t\t\t<\/div>\n\t\t\t\t\t<\/div>\n\t\t<\/article>\n\t\t\t\t<article class=\"elementor-post elementor-grid-item post-2586 post type-post status-publish format-standard has-post-thumbnail hentry category-vallsmadella category-dagartech tag-beneficis-economics tag-energia-agricola tag-explotacions-agricoles tag-generadors-dagartech tag-maquinaria-agricola\" role=\"listitem\">\n\t\t\t<div class=\"elementor-post__card\">\n\t\t\t\t<a class=\"elementor-post__thumbnail__link\" href=\"https:\/\/vallsmadella.com\/es\/generadors-dagartech-explotacions-agrioles\/\" tabindex=\"-1\"><div class=\"elementor-post__thumbnail\"><img loading=\"lazy\" decoding=\"async\" width=\"800\" height=\"505\" src=\"https:\/\/vallsmadella.com\/wp-content\/uploads\/2025\/09\/Dagartech_Gama-Portatil-Profesional-MF_1-1024x646.jpg\" class=\"attachment-large size-large wp-image-2594\" alt=\"\" srcset=\"https:\/\/vallsmadella.com\/wp-content\/uploads\/2025\/09\/Dagartech_Gama-Portatil-Profesional-MF_1-1024x646.jpg 1024w, https:\/\/vallsmadella.com\/wp-content\/uploads\/2025\/09\/Dagartech_Gama-Portatil-Profesional-MF_1-300x189.jpg 300w, https:\/\/vallsmadella.com\/wp-content\/uploads\/2025\/09\/Dagartech_Gama-Portatil-Profesional-MF_1-768x485.jpg 768w, https:\/\/vallsmadella.com\/wp-content\/uploads\/2025\/09\/Dagartech_Gama-Portatil-Profesional-MF_1-18x12.jpg 18w, https:\/\/vallsmadella.com\/wp-content\/uploads\/2025\/09\/Dagartech_Gama-Portatil-Profesional-MF_1.jpg 1500w\" sizes=\"(max-width: 800px) 100vw, 800px\" \/><\/div><\/a>\n\t\t\t\t<div class=\"elementor-post__text\">\n\t\t\t\t<h2 class=\"elementor-post__title\">\n\t\t\t<a href=\"https:\/\/vallsmadella.com\/es\/generadors-dagartech-explotacions-agrioles\/\">\n\t\t\t\tGeneradores Dagartech en explotaciones agr\u00edcolas: casos reales y beneficios econ\u00f3micos\t\t\t<\/a>\n\t\t<\/h2>\n\t\t\t\t<div class=\"elementor-post__excerpt\">\n\t\t\t<p>Los generadores Dagartech ofrecen una soluci\u00f3n fiable y econ\u00f3mica para las explotaciones agr\u00edcolas, mejorando su eficiencia y evitando p\u00e9rdidas.<\/p>\n\t\t<\/div>\n\t\t\n\t\t<a class=\"elementor-post__read-more\" href=\"https:\/\/vallsmadella.com\/es\/generadors-dagartech-explotacions-agrioles\/\" aria-label=\"M\u00e1s informaci\u00f3n sobre Generadores Dagartech en explotaciones agr\u00edcolas: casos reales y beneficios econ\u00f3micos\" tabindex=\"-1\">\n\t\t\tLeer m\u00e1s \u00bb\t\t<\/a>\n\n\t\t\t\t<\/div>\n\t\t\t\t<div class=\"elementor-post__meta-data\">\n\t\t\t\t\t<span class=\"elementor-post-date\">\n\t\t\t15\/09\/2025\t\t<\/span>\n\t\t\t\t<\/div>\n\t\t\t\t\t<\/div>\n\t\t<\/article>\n\t\t\t\t<article class=\"elementor-post elementor-grid-item post-2574 post type-post status-publish format-standard has-post-thumbnail hentry category-maquinaria-agricola category-maquinaria-construccio category-maquinaria-industrial tag-eficiencia tag-manteniment tag-maquinaria tag-seguretat tag-vallsmadella\" role=\"listitem\">\n\t\t\t<div class=\"elementor-post__card\">\n\t\t\t\t<a class=\"elementor-post__thumbnail__link\" href=\"https:\/\/vallsmadella.com\/es\/com-saber-si-una-maquina-massa-gran\/\" tabindex=\"-1\"><div class=\"elementor-post__thumbnail\"><img loading=\"lazy\" decoding=\"async\" width=\"800\" height=\"534\" src=\"https:\/\/vallsmadella.com\/wp-content\/uploads\/2025\/09\/maquina-massa-gran-1024x683.png\" class=\"attachment-large size-large wp-image-2581\" alt=\"\" srcset=\"https:\/\/vallsmadella.com\/wp-content\/uploads\/2025\/09\/maquina-massa-gran-1024x683.png 1024w, https:\/\/vallsmadella.com\/wp-content\/uploads\/2025\/09\/maquina-massa-gran-300x200.png 300w, https:\/\/vallsmadella.com\/wp-content\/uploads\/2025\/09\/maquina-massa-gran-768x512.png 768w, https:\/\/vallsmadella.com\/wp-content\/uploads\/2025\/09\/maquina-massa-gran-18x12.png 18w, https:\/\/vallsmadella.com\/wp-content\/uploads\/2025\/09\/maquina-massa-gran.png 1536w\" sizes=\"(max-width: 800px) 100vw, 800px\" \/><\/div><\/a>\n\t\t\t\t<div class=\"elementor-post__text\">\n\t\t\t\t<h2 class=\"elementor-post__title\">\n\t\t\t<a href=\"https:\/\/vallsmadella.com\/es\/com-saber-si-una-maquina-massa-gran\/\">\n\t\t\t\t\u00bfC\u00f3mo saber si una m\u00e1quina es demasiado grande por lo que necesitas?\t\t\t<\/a>\n\t\t<\/h2>\n\t\t\t\t<div class=\"elementor-post__excerpt\">\n\t\t\t<p>Analizamos las se\u00f1ales que indican que una m\u00e1quina es demasiado grande para tu proyecto y c\u00f3mo hacer la elecci\u00f3n adecuada teniendo en cuenta tama\u00f1o, costes y marcas como Manitou y Ammann.<\/p>\n\t\t<\/div>\n\t\t\n\t\t<a class=\"elementor-post__read-more\" href=\"https:\/\/vallsmadella.com\/es\/com-saber-si-una-maquina-massa-gran\/\" aria-label=\"M\u00e1s informaci\u00f3n sobre \u00bfC\u00f3mo saber si una m\u00e1quina es demasiado grande por lo que necesitas?\" tabindex=\"-1\">\n\t\t\tLeer m\u00e1s \u00bb\t\t<\/a>\n\n\t\t\t\t<\/div>\n\t\t\t\t<div class=\"elementor-post__meta-data\">\n\t\t\t\t\t<span class=\"elementor-post-date\">\n\t\t\t08\/09\/2025\t\t<\/span>\n\t\t\t\t<\/div>\n\t\t\t\t\t<\/div>\n\t\t<\/article>\n\t\t\t\t<article class=\"elementor-post elementor-grid-item post-2566 post type-post status-publish format-standard has-post-thumbnail hentry category-manitou category-maquinaria-agricola tag-accessoris-manitou tag-complements-telescopics tag-maquinaria-agricola tag-maquinaria-de-construccio tag-seguretat-agricola tag-telescopic-manitou tag-vallsmadella\" role=\"listitem\">\n\t\t\t<div class=\"elementor-post__card\">\n\t\t\t\t<a class=\"elementor-post__thumbnail__link\" href=\"https:\/\/vallsmadella.com\/es\/accessoris-imprescindibles-telescopic-manitou\/\" tabindex=\"-1\"><div class=\"elementor-post__thumbnail\"><img loading=\"lazy\" decoding=\"async\" width=\"800\" height=\"533\" src=\"https:\/\/vallsmadella.com\/wp-content\/uploads\/2025\/09\/telescopic-manitou-1024x682.jpg\" class=\"attachment-large size-large wp-image-2571\" alt=\"\" srcset=\"https:\/\/vallsmadella.com\/wp-content\/uploads\/2025\/09\/telescopic-manitou-1024x682.jpg 1024w, https:\/\/vallsmadella.com\/wp-content\/uploads\/2025\/09\/telescopic-manitou-300x200.jpg 300w, https:\/\/vallsmadella.com\/wp-content\/uploads\/2025\/09\/telescopic-manitou-768x512.jpg 768w, https:\/\/vallsmadella.com\/wp-content\/uploads\/2025\/09\/telescopic-manitou-1536x1024.jpg 1536w, https:\/\/vallsmadella.com\/wp-content\/uploads\/2025\/09\/telescopic-manitou-18x12.jpg 18w, https:\/\/vallsmadella.com\/wp-content\/uploads\/2025\/09\/telescopic-manitou.jpg 2000w\" sizes=\"(max-width: 800px) 100vw, 800px\" \/><\/div><\/a>\n\t\t\t\t<div class=\"elementor-post__text\">\n\t\t\t\t<h2 class=\"elementor-post__title\">\n\t\t\t<a href=\"https:\/\/vallsmadella.com\/es\/accessoris-imprescindibles-telescopic-manitou\/\">\n\t\t\t\tLos accesorios imprescindibles para el campo de un telesc\u00f3pico Manitou\t\t\t<\/a>\n\t\t<\/h2>\n\t\t\t\t<div class=\"elementor-post__excerpt\">\n\t\t\t<p>Los mejores accesorios para un telesc\u00f3pico Manitou en el campo: seguridad, eficiencia y rendimiento con complementos homologados y asesoramiento experto.<\/p>\n\t\t<\/div>\n\t\t\n\t\t<a class=\"elementor-post__read-more\" href=\"https:\/\/vallsmadella.com\/es\/accessoris-imprescindibles-telescopic-manitou\/\" aria-label=\"M\u00e1s informaci\u00f3n sobre Los accesorios imprescindibles para el campo de un telesc\u00f3pico Manitou\" tabindex=\"-1\">\n\t\t\tLeer m\u00e1s \u00bb\t\t<\/a>\n\n\t\t\t\t<\/div>\n\t\t\t\t<div class=\"elementor-post__meta-data\">\n\t\t\t\t\t<span class=\"elementor-post-date\">\n\t\t\t04\/09\/2025\t\t<\/span>\n\t\t\t\t<\/div>\n\t\t\t\t\t<\/div>\n\t\t<\/article>\n\t\t\t\t<article class=\"elementor-post elementor-grid-item post-2558 post type-post status-publish format-standard has-post-thumbnail hentry category-maquinaria-agricola tag-comprar-maquinaria-agricola tag-explotacio-agricola tag-llogar-maquinaria-agricola tag-maquinaria-agricola tag-vallsmadella\" role=\"listitem\">\n\t\t\t<div class=\"elementor-post__card\">\n\t\t\t\t<a class=\"elementor-post__thumbnail__link\" href=\"https:\/\/vallsmadella.com\/es\/comprar-maquinaria-agricola-vallsmadella\/\" tabindex=\"-1\"><div class=\"elementor-post__thumbnail\"><img loading=\"lazy\" decoding=\"async\" width=\"545\" height=\"367\" src=\"https:\/\/vallsmadella.com\/wp-content\/uploads\/2022\/03\/manitou-img-01.jpg\" class=\"attachment-large size-large wp-image-222\" alt=\"\" srcset=\"https:\/\/vallsmadella.com\/wp-content\/uploads\/2022\/03\/manitou-img-01.jpg 545w, https:\/\/vallsmadella.com\/wp-content\/uploads\/2022\/03\/manitou-img-01-300x202.jpg 300w\" sizes=\"(max-width: 545px) 100vw, 545px\" \/><\/div><\/a>\n\t\t\t\t<div class=\"elementor-post__text\">\n\t\t\t\t<h2 class=\"elementor-post__title\">\n\t\t\t<a href=\"https:\/\/vallsmadella.com\/es\/comprar-maquinaria-agricola-vallsmadella\/\">\n\t\t\t\tAlquilar o comprar maquinaria agr\u00edcola: \u00bfcu\u00e1l es la mejor opci\u00f3n para tu explotaci\u00f3n?\t\t\t<\/a>\n\t\t<\/h2>\n\t\t\t\t<div class=\"elementor-post__excerpt\">\n\t\t\t<p>Analizamos si conviene m\u00e1s alquilar o comprar maquinaria agr\u00edcola, con pros, contras y recomendaciones para que elijas la opci\u00f3n adecuada para tu explotaci\u00f3n.<\/p>\n\t\t<\/div>\n\t\t\n\t\t<a class=\"elementor-post__read-more\" href=\"https:\/\/vallsmadella.com\/es\/comprar-maquinaria-agricola-vallsmadella\/\" aria-label=\"M\u00e1s informaci\u00f3n sobre Alquilar o comprar maquinaria agr\u00edcola: \u00bfcu\u00e1l es la mejor opci\u00f3n para tu explotaci\u00f3n?\" tabindex=\"-1\">\n\t\t\tLeer m\u00e1s \u00bb\t\t<\/a>\n\n\t\t\t\t<\/div>\n\t\t\t\t<div class=\"elementor-post__meta-data\">\n\t\t\t\t\t<span class=\"elementor-post-date\">\n\t\t\t25\/08\/2025\t\t<\/span>\n\t\t\t\t<\/div>\n\t\t\t\t\t<\/div>\n\t\t<\/article>\n\t\t\t\t<article class=\"elementor-post elementor-grid-item post-2550 post type-post status-publish format-standard has-post-thumbnail hentry category-hammer-europe tag-demolicio tag-eines-hammer-europe tag-maquinaria-de-construccio tag-pedreres tag-reciclatge tag-servei-tecnic tag-vallsmadella\" role=\"listitem\">\n\t\t\t<div class=\"elementor-post__card\">\n\t\t\t\t<a class=\"elementor-post__thumbnail__link\" href=\"https:\/\/vallsmadella.com\/es\/eines-hammer-europe-vallsmadella\/\" tabindex=\"-1\"><div class=\"elementor-post__thumbnail\"><img loading=\"lazy\" decoding=\"async\" width=\"800\" height=\"800\" src=\"https:\/\/vallsmadella.com\/wp-content\/uploads\/2023\/03\/311694292_810012783758542_894983303134958749_n-1024x1024.jpg\" class=\"attachment-large size-large wp-image-677\" alt=\"\" srcset=\"https:\/\/vallsmadella.com\/wp-content\/uploads\/2023\/03\/311694292_810012783758542_894983303134958749_n-1024x1024.jpg 1024w, https:\/\/vallsmadella.com\/wp-content\/uploads\/2023\/03\/311694292_810012783758542_894983303134958749_n-300x300.jpg 300w, https:\/\/vallsmadella.com\/wp-content\/uploads\/2023\/03\/311694292_810012783758542_894983303134958749_n-150x150.jpg 150w, https:\/\/vallsmadella.com\/wp-content\/uploads\/2023\/03\/311694292_810012783758542_894983303134958749_n-768x768.jpg 768w, https:\/\/vallsmadella.com\/wp-content\/uploads\/2023\/03\/311694292_810012783758542_894983303134958749_n.jpg 1080w\" sizes=\"(max-width: 800px) 100vw, 800px\" \/><\/div><\/a>\n\t\t\t\t<div class=\"elementor-post__text\">\n\t\t\t\t<h2 class=\"elementor-post__title\">\n\t\t\t<a href=\"https:\/\/vallsmadella.com\/es\/eines-hammer-europe-vallsmadella\/\">\n\t\t\t\tNuestra l\u00ednea de productos y herramientas Hammer Europe\t\t\t<\/a>\n\t\t<\/h2>\n\t\t\t\t<div class=\"elementor-post__excerpt\">\n\t\t\t<p>En Vallsmadella distribuimos las herramientas Hammer Europe: martillos, demoledores, cizallas y grapas, con servicio t\u00e9cnico y mantenimiento para todo tipo de proyectos.<\/p>\n\t\t<\/div>\n\t\t\n\t\t<a class=\"elementor-post__read-more\" href=\"https:\/\/vallsmadella.com\/es\/eines-hammer-europe-vallsmadella\/\" aria-label=\"M\u00e1s informaci\u00f3n sobre Nuestra l\u00ednea de productos y herramientas Hammer Europe\" tabindex=\"-1\">\n\t\t\tLeer m\u00e1s \u00bb\t\t<\/a>\n\n\t\t\t\t<\/div>\n\t\t\t\t<div class=\"elementor-post__meta-data\">\n\t\t\t\t\t<span class=\"elementor-post-date\">\n\t\t\t19\/08\/2025\t\t<\/span>\n\t\t\t\t<\/div>\n\t\t\t\t\t<\/div>\n\t\t<\/article>\n\t\t\t\t<article class=\"elementor-post elementor-grid-item post-2540 post type-post status-publish format-standard has-post-thumbnail hentry category-maquinaria-industrial tag-errors-maquinaria-nova tag-manteniment-maquinaria tag-proveidor-maquinaria tag-vallsmadella\" role=\"listitem\">\n\t\t\t<div class=\"elementor-post__card\">\n\t\t\t\t<a class=\"elementor-post__thumbnail__link\" href=\"https:\/\/vallsmadella.com\/es\/errors-amb-maquinaria-nova\/\" tabindex=\"-1\"><div class=\"elementor-post__thumbnail\"><img loading=\"lazy\" decoding=\"async\" width=\"800\" height=\"534\" src=\"https:\/\/vallsmadella.com\/wp-content\/uploads\/2025\/08\/maquinaria-nova-1024x683.png\" class=\"attachment-large size-large wp-image-2549\" alt=\"\" srcset=\"https:\/\/vallsmadella.com\/wp-content\/uploads\/2025\/08\/maquinaria-nova-1024x683.png 1024w, https:\/\/vallsmadella.com\/wp-content\/uploads\/2025\/08\/maquinaria-nova-300x200.png 300w, https:\/\/vallsmadella.com\/wp-content\/uploads\/2025\/08\/maquinaria-nova-768x512.png 768w, https:\/\/vallsmadella.com\/wp-content\/uploads\/2025\/08\/maquinaria-nova-18x12.png 18w, https:\/\/vallsmadella.com\/wp-content\/uploads\/2025\/08\/maquinaria-nova.png 1536w\" sizes=\"(max-width: 800px) 100vw, 800px\" \/><\/div><\/a>\n\t\t\t\t<div class=\"elementor-post__text\">\n\t\t\t\t<h2 class=\"elementor-post__title\">\n\t\t\t<a href=\"https:\/\/vallsmadella.com\/es\/errors-amb-maquinaria-nova\/\">\n\t\t\t\tNuestros t\u00e9cnicos opinan: \u00bfqu\u00e9 errores con maquinaria nueva se cometen con m\u00e1s frecuencia?\t\t\t<\/a>\n\t\t<\/h2>\n\t\t\t\t<div class=\"elementor-post__excerpt\">\n\t\t\t<p>Conocer los errores con maquinaria nueva m\u00e1s frecuentes ayuda a alargar su vida \u00fatil y optimizar su rendimiento; aprende c\u00f3mo evitarlos.<\/p>\n\t\t<\/div>\n\t\t\n\t\t<a class=\"elementor-post__read-more\" href=\"https:\/\/vallsmadella.com\/es\/errors-amb-maquinaria-nova\/\" aria-label=\"M\u00e1s informaci\u00f3n sobre Nuestros t\u00e9cnicos opinan: \u00bfqu\u00e9 errores con maquinaria nueva se cometen m\u00e1s a menudo?\" tabindex=\"-1\">\n\t\t\tLeer m\u00e1s \u00bb\t\t<\/a>\n\n\t\t\t\t<\/div>\n\t\t\t\t<div class=\"elementor-post__meta-data\">\n\t\t\t\t\t<span class=\"elementor-post-date\">\n\t\t\t11\/08\/2025\t\t<\/span>\n\t\t\t\t<\/div>\n\t\t\t\t\t<\/div>\n\t\t<\/article>\n\t\t\t\t<article class=\"elementor-post elementor-grid-item post-2522 post type-post status-publish format-standard has-post-thumbnail hentry category-dagartech tag-dagartech tag-generador-insonoritzat tag-generadors-complit-dagartech tag-generadors-demergencia tag-grups-electrogens tag-maquinaria-industrial tag-vallsmadella\" role=\"listitem\">\n\t\t\t<div class=\"elementor-post__card\">\n\t\t\t\t<a class=\"elementor-post__thumbnail__link\" href=\"https:\/\/vallsmadella.com\/es\/nous-generadors-complit-dagartech\/\" tabindex=\"-1\"><div class=\"elementor-post__thumbnail\"><img loading=\"lazy\" decoding=\"async\" width=\"800\" height=\"505\" src=\"https:\/\/vallsmadella.com\/wp-content\/uploads\/2025\/08\/dagartech-complit-1024x646.jpg\" class=\"attachment-large size-large wp-image-2533\" alt=\"generadors complit dagartech\" srcset=\"https:\/\/vallsmadella.com\/wp-content\/uploads\/2025\/08\/dagartech-complit-1024x646.jpg 1024w, https:\/\/vallsmadella.com\/wp-content\/uploads\/2025\/08\/dagartech-complit-300x189.jpg 300w, https:\/\/vallsmadella.com\/wp-content\/uploads\/2025\/08\/dagartech-complit-768x485.jpg 768w, https:\/\/vallsmadella.com\/wp-content\/uploads\/2025\/08\/dagartech-complit-1536x970.jpg 1536w, https:\/\/vallsmadella.com\/wp-content\/uploads\/2025\/08\/dagartech-complit-18x12.jpg 18w, https:\/\/vallsmadella.com\/wp-content\/uploads\/2025\/08\/dagartech-complit.jpg 1687w\" sizes=\"(max-width: 800px) 100vw, 800px\" \/><\/div><\/a>\n\t\t\t\t<div class=\"elementor-post__text\">\n\t\t\t\t<h2 class=\"elementor-post__title\">\n\t\t\t<a href=\"https:\/\/vallsmadella.com\/es\/nous-generadors-complit-dagartech\/\">\n\t\t\t\tNuevos generadores Complit Dagartech: gama Complit\t\t\t<\/a>\n\t\t<\/h2>\n\t\t\t\t<div class=\"elementor-post__excerpt\">\n\t\t\t<p>Con automatizaci\u00f3n, silencio y solidez, los generadores Complit Dagartech son la soluci\u00f3n perfecta para instalaciones que necesitan continuidad sin interrupciones.<\/p>\n\t\t<\/div>\n\t\t\n\t\t<a class=\"elementor-post__read-more\" href=\"https:\/\/vallsmadella.com\/es\/nous-generadors-complit-dagartech\/\" aria-label=\"M\u00e1s informaci\u00f3n sobre Nuevos generadores Complit Dagartech: gamma Complit\" tabindex=\"-1\">\n\t\t\tLeer m\u00e1s \u00bb\t\t<\/a>\n\n\t\t\t\t<\/div>\n\t\t\t\t<div class=\"elementor-post__meta-data\">\n\t\t\t\t\t<span class=\"elementor-post-date\">\n\t\t\t05\/08\/2025\t\t<\/span>\n\t\t\t\t<\/div>\n\t\t\t\t\t<\/div>\n\t\t<\/article>\n\t\t\t\t<article class=\"elementor-post elementor-grid-item post-2514 post type-post status-publish format-standard has-post-thumbnail hentry category-gehl tag-carregadores-articulades tag-gehl tag-maquinaria-industrial tag-minicarregadores\" role=\"listitem\">\n\t\t\t<div class=\"elementor-post__card\">\n\t\t\t\t<a class=\"elementor-post__thumbnail__link\" href=\"https:\/\/vallsmadella.com\/es\/carregadores-articulades-gehl\/\" tabindex=\"-1\"><div class=\"elementor-post__thumbnail\"><img loading=\"lazy\" decoding=\"async\" width=\"768\" height=\"543\" src=\"https:\/\/vallsmadella.com\/wp-content\/uploads\/2025\/08\/compactadora-articulada.png\" class=\"attachment-large size-large wp-image-2515\" alt=\"carregadores articulades\" srcset=\"https:\/\/vallsmadella.com\/wp-content\/uploads\/2025\/08\/compactadora-articulada.png 768w, https:\/\/vallsmadella.com\/wp-content\/uploads\/2025\/08\/compactadora-articulada-300x212.png 300w, https:\/\/vallsmadella.com\/wp-content\/uploads\/2025\/08\/compactadora-articulada-18x12.png 18w\" sizes=\"(max-width: 768px) 100vw, 768px\" \/><\/div><\/a>\n\t\t\t\t<div class=\"elementor-post__text\">\n\t\t\t\t<h2 class=\"elementor-post__title\">\n\t\t\t<a href=\"https:\/\/vallsmadella.com\/es\/carregadores-articulades-gehl\/\">\n\t\t\t\tVentajas de las minicargadoras y cargadoras articuladas GEHL\t\t\t<\/a>\n\t\t<\/h2>\n\t\t\t\t<div class=\"elementor-post__excerpt\">\n\t\t\t<p>Exploramos las principales ventajas de las cargadoras articuladas y minicargadoras GEHL en aplicaciones de movimiento de tierras, mantenimiento y obra p\u00fablica.<\/p>\n\t\t<\/div>\n\t\t\n\t\t<a class=\"elementor-post__read-more\" href=\"https:\/\/vallsmadella.com\/es\/carregadores-articulades-gehl\/\" aria-label=\"M\u00e1s informaci\u00f3n sobre Ventajas de las minicargadoras y cargadoras articuladas GEHL\" tabindex=\"-1\">\n\t\t\tLeer m\u00e1s \u00bb\t\t<\/a>\n\n\t\t\t\t<\/div>\n\t\t\t\t<div class=\"elementor-post__meta-data\">\n\t\t\t\t\t<span class=\"elementor-post-date\">\n\t\t\t31\/07\/2025\t\t<\/span>\n\t\t\t\t<\/div>\n\t\t\t\t\t<\/div>\n\t\t<\/article>\n\t\t\t\t<article class=\"elementor-post elementor-grid-item post-2506 post type-post status-publish format-standard has-post-thumbnail hentry category-ammann tag-ammann tag-asfaltatge tag-compactadores tag-obra-publica tag-pavimentacio-dasfalt tag-vallsmadella\" role=\"listitem\">\n\t\t\t<div class=\"elementor-post__card\">\n\t\t\t\t<a class=\"elementor-post__thumbnail__link\" href=\"https:\/\/vallsmadella.com\/es\/pavimentacio-dasfalt-compactadores-ammann\/\" tabindex=\"-1\"><div class=\"elementor-post__thumbnail\"><img loading=\"lazy\" decoding=\"async\" width=\"800\" height=\"537\" src=\"https:\/\/vallsmadella.com\/wp-content\/uploads\/2025\/07\/Captura-de-pantalla-2025-08-01-a-las-14.33.30-2.png\" class=\"attachment-large size-large wp-image-2512\" alt=\"\" srcset=\"https:\/\/vallsmadella.com\/wp-content\/uploads\/2025\/07\/Captura-de-pantalla-2025-08-01-a-las-14.33.30-2.png 960w, https:\/\/vallsmadella.com\/wp-content\/uploads\/2025\/07\/Captura-de-pantalla-2025-08-01-a-las-14.33.30-2-300x201.png 300w, https:\/\/vallsmadella.com\/wp-content\/uploads\/2025\/07\/Captura-de-pantalla-2025-08-01-a-las-14.33.30-2-768x515.png 768w, https:\/\/vallsmadella.com\/wp-content\/uploads\/2025\/07\/Captura-de-pantalla-2025-08-01-a-las-14.33.30-2-18x12.png 18w\" sizes=\"(max-width: 800px) 100vw, 800px\" \/><\/div><\/a>\n\t\t\t\t<div class=\"elementor-post__text\">\n\t\t\t\t<h2 class=\"elementor-post__title\">\n\t\t\t<a href=\"https:\/\/vallsmadella.com\/es\/pavimentacio-dasfalt-compactadores-ammann\/\">\n\t\t\t\tPavimentaci\u00f3n de asfalto con compactadoras Ammann\t\t\t<\/a>\n\t\t<\/h2>\n\t\t\t\t<div class=\"elementor-post__excerpt\">\n\t\t\t<p>Descubre c\u00f3mo las compactadoras Ammann mejoran la eficiencia, la calidad y la durabilidad en cualquier proyecto de pavimentaci\u00f3n de asfalto, tanto urbano como industrial.<\/p>\n\t\t<\/div>\n\t\t\n\t\t<a class=\"elementor-post__read-more\" href=\"https:\/\/vallsmadella.com\/es\/pavimentacio-dasfalt-compactadores-ammann\/\" aria-label=\"M\u00e1s informaci\u00f3n sobre Pavimentaci\u00f3n de asfalto con compactadoras Ammann\" tabindex=\"-1\">\n\t\t\tLeer m\u00e1s \u00bb\t\t<\/a>\n\n\t\t\t\t<\/div>\n\t\t\t\t<div class=\"elementor-post__meta-data\">\n\t\t\t\t\t<span class=\"elementor-post-date\">\n\t\t\t24\/07\/2025\t\t<\/span>\n\t\t\t\t<\/div>\n\t\t\t\t\t<\/div>\n\t\t<\/article>\n\t\t\t\t<article class=\"elementor-post elementor-grid-item post-2494 post type-post status-publish format-standard has-post-thumbnail hentry category-noblelift tag-bateries-de-gel tag-bateries-de-liti tag-magatzems tag-noblelift tag-transpalets\" role=\"listitem\">\n\t\t\t<div class=\"elementor-post__card\">\n\t\t\t\t<a class=\"elementor-post__thumbnail__link\" href=\"https:\/\/vallsmadella.com\/es\/bateries-per-a-transpalets-electrics\/\" tabindex=\"-1\"><div class=\"elementor-post__thumbnail\"><img loading=\"lazy\" decoding=\"async\" width=\"800\" height=\"800\" src=\"https:\/\/vallsmadella.com\/wp-content\/uploads\/2025\/07\/bateria-per-a-transpalets.webp\" class=\"attachment-large size-large wp-image-2504\" alt=\"\" srcset=\"https:\/\/vallsmadella.com\/wp-content\/uploads\/2025\/07\/bateria-per-a-transpalets.webp 983w, https:\/\/vallsmadella.com\/wp-content\/uploads\/2025\/07\/bateria-per-a-transpalets-300x300.webp 300w, https:\/\/vallsmadella.com\/wp-content\/uploads\/2025\/07\/bateria-per-a-transpalets-150x150.webp 150w, https:\/\/vallsmadella.com\/wp-content\/uploads\/2025\/07\/bateria-per-a-transpalets-768x768.webp 768w, https:\/\/vallsmadella.com\/wp-content\/uploads\/2025\/07\/bateria-per-a-transpalets-12x12.webp 12w\" sizes=\"(max-width: 800px) 100vw, 800px\" \/><\/div><\/a>\n\t\t\t\t<div class=\"elementor-post__text\">\n\t\t\t\t<h2 class=\"elementor-post__title\">\n\t\t\t<a href=\"https:\/\/vallsmadella.com\/es\/bateries-per-a-transpalets-electrics\/\">\n\t\t\t\tComparativa de bater\u00edas para transpal\u00e9s Noblelift (gel, \u00e1cido y litio)\t\t\t<\/a>\n\t\t<\/h2>\n\t\t\t\t<div class=\"elementor-post__excerpt\">\n\t\t\t<p>Analizamos las diferencias entre bater\u00edas para transpal\u00e9s de gel, \u00e1cido y litio, con ventajas e inconvenientes de cada opci\u00f3n seg\u00fan el uso que quieras hacer.<\/p>\n\t\t<\/div>\n\t\t\n\t\t<a class=\"elementor-post__read-more\" href=\"https:\/\/vallsmadella.com\/es\/bateries-per-a-transpalets-electrics\/\" aria-label=\"M\u00e1s informaci\u00f3n sobre Comparativa de bater\u00edas para transpal\u00e9s Noblelift (hielo, \u00e1cido y litio)\" tabindex=\"-1\">\n\t\t\tLeer m\u00e1s \u00bb\t\t<\/a>\n\n\t\t\t\t<\/div>\n\t\t\t\t<div class=\"elementor-post__meta-data\">\n\t\t\t\t\t<span class=\"elementor-post-date\">\n\t\t\t18\/07\/2025\t\t<\/span>\n\t\t\t\t<\/div>\n\t\t\t\t\t<\/div>\n\t\t<\/article>\n\t\t\t\t<article class=\"elementor-post elementor-grid-item post-2487 post type-post status-publish format-standard has-post-thumbnail hentry category-dagartech tag-dagartech tag-energia tag-generador tag-grup-electrogen tag-maquinaria-industrial\" role=\"listitem\">\n\t\t\t<div class=\"elementor-post__card\">\n\t\t\t\t<a class=\"elementor-post__thumbnail__link\" href=\"https:\/\/vallsmadella.com\/es\/grup-electrogen-comprar-dagartech\/\" tabindex=\"-1\"><div class=\"elementor-post__thumbnail\"><img loading=\"lazy\" decoding=\"async\" width=\"800\" height=\"505\" src=\"https:\/\/vallsmadella.com\/wp-content\/uploads\/2025\/07\/grup-electrogen-portatil-1024x646.jpg\" class=\"attachment-large size-large wp-image-2492\" alt=\"\" srcset=\"https:\/\/vallsmadella.com\/wp-content\/uploads\/2025\/07\/grup-electrogen-portatil-1024x646.jpg 1024w, https:\/\/vallsmadella.com\/wp-content\/uploads\/2025\/07\/grup-electrogen-portatil-300x189.jpg 300w, https:\/\/vallsmadella.com\/wp-content\/uploads\/2025\/07\/grup-electrogen-portatil-768x485.jpg 768w, https:\/\/vallsmadella.com\/wp-content\/uploads\/2025\/07\/grup-electrogen-portatil-18x12.jpg 18w, https:\/\/vallsmadella.com\/wp-content\/uploads\/2025\/07\/grup-electrogen-portatil.jpg 1500w\" sizes=\"(max-width: 800px) 100vw, 800px\" \/><\/div><\/a>\n\t\t\t\t<div class=\"elementor-post__text\">\n\t\t\t\t<h2 class=\"elementor-post__title\">\n\t\t\t<a href=\"https:\/\/vallsmadella.com\/es\/grup-electrogen-comprar-dagartech\/\">\n\t\t\t\t\u00bfQu\u00e9 se debe tener en cuenta antes de comprar un grupo electr\u00f3geno?\t\t\t<\/a>\n\t\t<\/h2>\n\t\t\t\t<div class=\"elementor-post__excerpt\">\n\t\t\t<p>Te explicamos qu\u00e9 debes valorar antes de comprar un grupo electr\u00f3geno, desde el tipo de instalaci\u00f3n hasta la potencia y mantenimiento necesario.<\/p>\n\t\t<\/div>\n\t\t\n\t\t<a class=\"elementor-post__read-more\" href=\"https:\/\/vallsmadella.com\/es\/grup-electrogen-comprar-dagartech\/\" aria-label=\"M\u00e1s informaci\u00f3n sobre \u00bfQu\u00e9 se debe tener en cuenta antes de comprar un grupo electr\u00f3geno?\" tabindex=\"-1\">\n\t\t\tLeer m\u00e1s \u00bb\t\t<\/a>\n\n\t\t\t\t<\/div>\n\t\t\t\t<div class=\"elementor-post__meta-data\">\n\t\t\t\t\t<span class=\"elementor-post-date\">\n\t\t\t11\/07\/2025\t\t<\/span>\n\t\t\t\t<\/div>\n\t\t\t\t\t<\/div>\n\t\t<\/article>\n\t\t\t\t<article class=\"elementor-post elementor-grid-item post-2479 post type-post status-publish format-standard has-post-thumbnail hentry category-noblelift tag-carreto-elevador tag-logistica tag-maquinaria-industrial tag-noblelift tag-transport-de-carregues\" role=\"listitem\">\n\t\t\t<div class=\"elementor-post__card\">\n\t\t\t\t<a class=\"elementor-post__thumbnail__link\" href=\"https:\/\/vallsmadella.com\/es\/carreto-elevador-noblelift-escollir\/\" tabindex=\"-1\"><div class=\"elementor-post__thumbnail\"><img loading=\"lazy\" decoding=\"async\" width=\"768\" height=\"706\" src=\"https:\/\/vallsmadella.com\/wp-content\/uploads\/2025\/07\/carreto-elevador-noblelift.webp\" class=\"attachment-large size-large wp-image-2484\" alt=\"\" srcset=\"https:\/\/vallsmadella.com\/wp-content\/uploads\/2025\/07\/carreto-elevador-noblelift.webp 768w, https:\/\/vallsmadella.com\/wp-content\/uploads\/2025\/07\/carreto-elevador-noblelift-300x276.webp 300w, https:\/\/vallsmadella.com\/wp-content\/uploads\/2025\/07\/carreto-elevador-noblelift-13x12.webp 13w\" sizes=\"(max-width: 768px) 100vw, 768px\" \/><\/div><\/a>\n\t\t\t\t<div class=\"elementor-post__text\">\n\t\t\t\t<h2 class=\"elementor-post__title\">\n\t\t\t<a href=\"https:\/\/vallsmadella.com\/es\/carreto-elevador-noblelift-escollir\/\">\n\t\t\t\tC\u00f3mo elegir la carretilla elevadora adecuada: factores clave antes de comprar\t\t\t<\/a>\n\t\t<\/h2>\n\t\t\t\t<div class=\"elementor-post__excerpt\">\n\t\t\t<p>Descubre c\u00f3mo elegir la carretilla elevadora ideal para tu negocio industrial, teniendo en cuenta el entorno, el tipo de carga y la frecuencia de uso. Noblelift ofrece soluciones eficientes y adaptables.<\/p>\n\t\t<\/div>\n\t\t\n\t\t<a class=\"elementor-post__read-more\" href=\"https:\/\/vallsmadella.com\/es\/carreto-elevador-noblelift-escollir\/\" aria-label=\"M\u00e1s informaci\u00f3n sobre C\u00f3mo elegir la carretilla elevadora adecuada: factores clave antes de comprar\" tabindex=\"-1\">\n\t\t\tLeer m\u00e1s \u00bb\t\t<\/a>\n\n\t\t\t\t<\/div>\n\t\t\t\t<div class=\"elementor-post__meta-data\">\n\t\t\t\t\t<span class=\"elementor-post-date\">\n\t\t\t04\/07\/2025\t\t<\/span>\n\t\t\t\t<\/div>\n\t\t\t\t\t<\/div>\n\t\t<\/article>\n\t\t\t\t<article class=\"elementor-post elementor-grid-item post-2468 post type-post status-publish format-standard has-post-thumbnail hentry category-manitou tag-construccio-verda tag-emissions-zero tag-manipulador-electric-manitou tag-manitou tag-maquinaria-sostenible tag-mt625e\" role=\"listitem\">\n\t\t\t<div class=\"elementor-post__card\">\n\t\t\t\t<a class=\"elementor-post__thumbnail__link\" href=\"https:\/\/vallsmadella.com\/es\/manipulador-electric-manitou\/\" tabindex=\"-1\"><div class=\"elementor-post__thumbnail\"><img loading=\"lazy\" decoding=\"async\" width=\"800\" height=\"566\" src=\"https:\/\/vallsmadella.com\/wp-content\/uploads\/2025\/06\/manipulador-electric-manitou.png\" class=\"attachment-large size-large wp-image-2473\" alt=\"manipulador ele\u0300ctric manitou\" srcset=\"https:\/\/vallsmadella.com\/wp-content\/uploads\/2025\/06\/manipulador-electric-manitou.png 1024w, https:\/\/vallsmadella.com\/wp-content\/uploads\/2025\/06\/manipulador-electric-manitou-300x212.png 300w, https:\/\/vallsmadella.com\/wp-content\/uploads\/2025\/06\/manipulador-electric-manitou-768x543.png 768w, https:\/\/vallsmadella.com\/wp-content\/uploads\/2025\/06\/manipulador-electric-manitou-18x12.png 18w\" sizes=\"(max-width: 800px) 100vw, 800px\" \/><\/div><\/a>\n\t\t\t\t<div class=\"elementor-post__text\">\n\t\t\t\t<h2 class=\"elementor-post__title\">\n\t\t\t<a href=\"https:\/\/vallsmadella.com\/es\/manipulador-electric-manitou\/\">\n\t\t\t\tManipulador el\u00e9ctrico Manitou: eficiencia y cero emisiones\t\t\t<\/a>\n\t\t<\/h2>\n\t\t\t\t<div class=\"elementor-post__excerpt\">\n\t\t\t<p>El manipulador el\u00e9ctrico Manitou MT625E combina potencia, autonom\u00eda y cero emisiones. Una soluci\u00f3n sostenible para trabajos urbanos, interiores y entornos sensibles.<\/p>\n\t\t<\/div>\n\t\t\n\t\t<a class=\"elementor-post__read-more\" href=\"https:\/\/vallsmadella.com\/es\/manipulador-electric-manitou\/\" aria-label=\"M\u00e1s informaci\u00f3n sobre Manipulador el\u00e9ctrico Manitou: eficiencia y cero emisiones\" tabindex=\"-1\">\n\t\t\tLeer m\u00e1s \u00bb\t\t<\/a>\n\n\t\t\t\t<\/div>\n\t\t\t\t<div class=\"elementor-post__meta-data\">\n\t\t\t\t\t<span class=\"elementor-post-date\">\n\t\t\t30\/06\/2025\t\t<\/span>\n\t\t\t\t<\/div>\n\t\t\t\t\t<\/div>\n\t\t<\/article>\n\t\t\t\t<article class=\"elementor-post elementor-grid-item post-2459 post type-post status-publish format-standard has-post-thumbnail hentry category-maquinaria-agricola tag-agricultura-sostenible tag-develon tag-gehl tag-maquinaria-compacta-agricola tag-recanvis tag-vallsmadella\" role=\"listitem\">\n\t\t\t<div class=\"elementor-post__card\">\n\t\t\t\t<a class=\"elementor-post__thumbnail__link\" href=\"https:\/\/vallsmadella.com\/es\/maquinaria-compacta-agricola\/\" tabindex=\"-1\"><div class=\"elementor-post__thumbnail\"><img loading=\"lazy\" decoding=\"async\" width=\"800\" height=\"540\" src=\"https:\/\/vallsmadella.com\/wp-content\/uploads\/2025\/06\/maquinaria-compacta-agricola-1024x691.jpg\" class=\"attachment-large size-large wp-image-2465\" alt=\"maquina\u0300ria compacta agri\u0301cola\" srcset=\"https:\/\/vallsmadella.com\/wp-content\/uploads\/2025\/06\/maquinaria-compacta-agricola-1024x691.jpg 1024w, https:\/\/vallsmadella.com\/wp-content\/uploads\/2025\/06\/maquinaria-compacta-agricola-300x203.jpg 300w, https:\/\/vallsmadella.com\/wp-content\/uploads\/2025\/06\/maquinaria-compacta-agricola-768x518.jpg 768w, https:\/\/vallsmadella.com\/wp-content\/uploads\/2025\/06\/maquinaria-compacta-agricola-1536x1037.jpg 1536w, https:\/\/vallsmadella.com\/wp-content\/uploads\/2025\/06\/maquinaria-compacta-agricola-18x12.jpg 18w, https:\/\/vallsmadella.com\/wp-content\/uploads\/2025\/06\/maquinaria-compacta-agricola.jpg 2000w\" sizes=\"(max-width: 800px) 100vw, 800px\" \/><\/div><\/a>\n\t\t\t\t<div class=\"elementor-post__text\">\n\t\t\t\t<h2 class=\"elementor-post__title\">\n\t\t\t<a href=\"https:\/\/vallsmadella.com\/es\/maquinaria-compacta-agricola\/\">\n\t\t\t\t\u00bfCu\u00e1ndo conviene apostar por maquinaria compacta agr\u00edcola?\t\t\t<\/a>\n\t\t<\/h2>\n\t\t\t\t<div class=\"elementor-post__excerpt\">\n\t\t\t<p>\u00bfQuieres maximizar eficiencia en espacios reducidos? La maquinaria compacta agr\u00edcola te ofrece manejo sencillo, polivalencia y bajo coste operativo. Descubre las claves con Vallsmadella.<\/p>\n\t\t<\/div>\n\t\t\n\t\t<a class=\"elementor-post__read-more\" href=\"https:\/\/vallsmadella.com\/es\/maquinaria-compacta-agricola\/\" aria-label=\"M\u00e1s informaci\u00f3n sobre \u00bfCu\u00e1ndo conviene apostar por maquinaria compacta agr\u00edcola?\" tabindex=\"-1\">\n\t\t\tLeer m\u00e1s \u00bb\t\t<\/a>\n\n\t\t\t\t<\/div>\n\t\t\t\t<div class=\"elementor-post__meta-data\">\n\t\t\t\t\t<span class=\"elementor-post-date\">\n\t\t\t25\/06\/2025\t\t<\/span>\n\t\t\t\t<\/div>\n\t\t\t\t\t<\/div>\n\t\t<\/article>\n\t\t\t\t<article class=\"elementor-post elementor-grid-item post-2451 post type-post status-publish format-standard has-post-thumbnail hentry category-develon category-maquinaria-construccio tag-d-ecopower tag-develon tag-eficiencia-energetica tag-excavadores tag-maquinaria-de-construccio tag-potencia-hidraulica tag-serie-7 tag-sistemes-intelligents\" role=\"listitem\">\n\t\t\t<div class=\"elementor-post__card\">\n\t\t\t\t<a class=\"elementor-post__thumbnail__link\" href=\"https:\/\/vallsmadella.com\/es\/serie-7-develon-potencia-eficiencia-hidraulica\/\" tabindex=\"-1\"><div class=\"elementor-post__thumbnail\"><img loading=\"lazy\" decoding=\"async\" width=\"800\" height=\"540\" src=\"https:\/\/vallsmadella.com\/wp-content\/uploads\/2025\/06\/20231218-DL380-7-studio-1024x691.jpg\" class=\"attachment-large size-large wp-image-2456\" alt=\"\" srcset=\"https:\/\/vallsmadella.com\/wp-content\/uploads\/2025\/06\/20231218-DL380-7-studio-1024x691.jpg 1024w, https:\/\/vallsmadella.com\/wp-content\/uploads\/2025\/06\/20231218-DL380-7-studio-300x203.jpg 300w, https:\/\/vallsmadella.com\/wp-content\/uploads\/2025\/06\/20231218-DL380-7-studio-768x518.jpg 768w, https:\/\/vallsmadella.com\/wp-content\/uploads\/2025\/06\/20231218-DL380-7-studio-1536x1037.jpg 1536w, https:\/\/vallsmadella.com\/wp-content\/uploads\/2025\/06\/20231218-DL380-7-studio-18x12.jpg 18w, https:\/\/vallsmadella.com\/wp-content\/uploads\/2025\/06\/20231218-DL380-7-studio.jpg 2000w\" sizes=\"(max-width: 800px) 100vw, 800px\" \/><\/div><\/a>\n\t\t\t\t<div class=\"elementor-post__text\">\n\t\t\t\t<h2 class=\"elementor-post__title\">\n\t\t\t<a href=\"https:\/\/vallsmadella.com\/es\/serie-7-develon-potencia-eficiencia-hidraulica\/\">\n\t\t\t\tSerie 7 Develon: potencia y eficiencia hidr\u00e1ulica\t\t\t<\/a>\n\t\t<\/h2>\n\t\t\t\t<div class=\"elementor-post__excerpt\">\n\t\t\t<p>Los equipos de la Serie 7 Develon combinan potencia hidr\u00e1ulica, ahorro de combustible y confort operativo para maximizar la eficiencia.<\/p>\n\t\t<\/div>\n\t\t\n\t\t<a class=\"elementor-post__read-more\" href=\"https:\/\/vallsmadella.com\/es\/serie-7-develon-potencia-eficiencia-hidraulica\/\" aria-label=\"M\u00e1s informaci\u00f3n sobre Serie 7 Develon: potencia y eficiencia hidr\u00e1ulica\" tabindex=\"-1\">\n\t\t\tLeer m\u00e1s \u00bb\t\t<\/a>\n\n\t\t\t\t<\/div>\n\t\t\t\t<div class=\"elementor-post__meta-data\">\n\t\t\t\t\t<span class=\"elementor-post-date\">\n\t\t\t20\/06\/2025\t\t<\/span>\n\t\t\t\t<\/div>\n\t\t\t\t\t<\/div>\n\t\t<\/article>\n\t\t\t\t<article class=\"elementor-post elementor-grid-item post-2443 post type-post status-publish format-standard has-post-thumbnail hentry category-noblelift tag-bateries-de-liti tag-eficiencia-energetica tag-logistica tag-magatzems tag-manipulacio-de-carregues tag-noblelift tag-transpalets\" role=\"listitem\">\n\t\t\t<div class=\"elementor-post__card\">\n\t\t\t\t<a class=\"elementor-post__thumbnail__link\" href=\"https:\/\/vallsmadella.com\/es\/transpalets-electrics-noblelift-bateria-liti\/\" tabindex=\"-1\"><div class=\"elementor-post__thumbnail\"><img loading=\"lazy\" decoding=\"async\" width=\"800\" height=\"533\" src=\"https:\/\/vallsmadella.com\/wp-content\/uploads\/2025\/06\/PTE15N-litio-1-1024x682-1.png\" class=\"attachment-large size-large wp-image-2448\" alt=\"\" srcset=\"https:\/\/vallsmadella.com\/wp-content\/uploads\/2025\/06\/PTE15N-litio-1-1024x682-1.png 1024w, https:\/\/vallsmadella.com\/wp-content\/uploads\/2025\/06\/PTE15N-litio-1-1024x682-1-300x200.png 300w, https:\/\/vallsmadella.com\/wp-content\/uploads\/2025\/06\/PTE15N-litio-1-1024x682-1-768x512.png 768w, https:\/\/vallsmadella.com\/wp-content\/uploads\/2025\/06\/PTE15N-litio-1-1024x682-1-18x12.png 18w\" sizes=\"(max-width: 800px) 100vw, 800px\" \/><\/div><\/a>\n\t\t\t\t<div class=\"elementor-post__text\">\n\t\t\t\t<h2 class=\"elementor-post__title\">\n\t\t\t<a href=\"https:\/\/vallsmadella.com\/es\/transpalets-electrics-noblelift-bateria-liti\/\">\n\t\t\t\tVentajas de los transpal\u00e9s el\u00e9ctricos Noblelift con bater\u00edas de litio\t\t\t<\/a>\n\t\t<\/h2>\n\t\t\t\t<div class=\"elementor-post__excerpt\">\n\t\t\t<p>Descubre las ventajas de los transpal\u00e9s el\u00e9ctricos Noblelift con bater\u00edas de litio y c\u00f3mo pueden optimizar tu d\u00eda a d\u00eda en el entorno industrial o log\u00edstico.<\/p>\n\t\t<\/div>\n\t\t\n\t\t<a class=\"elementor-post__read-more\" href=\"https:\/\/vallsmadella.com\/es\/transpalets-electrics-noblelift-bateria-liti\/\" aria-label=\"M\u00e1s informaci\u00f3n sobre Ventajas de los transpal\u00e9s el\u00e9ctricos Noblelift con bater\u00edas de litio\" tabindex=\"-1\">\n\t\t\tLeer m\u00e1s \u00bb\t\t<\/a>\n\n\t\t\t\t<\/div>\n\t\t\t\t<div class=\"elementor-post__meta-data\">\n\t\t\t\t\t<span class=\"elementor-post-date\">\n\t\t\t12\/06\/2025\t\t<\/span>\n\t\t\t\t<\/div>\n\t\t\t\t\t<\/div>\n\t\t<\/article>\n\t\t\t\t<article class=\"elementor-post elementor-grid-item post-2432 post type-post status-publish format-standard has-post-thumbnail hentry category-dagartech tag-climatologia tag-dagartech tag-energia tag-grups-electrogens tag-manteniment-industrial tag-rendiment-maquinaria tag-rendiment-termic tag-temperatura-ambiental\" role=\"listitem\">\n\t\t\t<div class=\"elementor-post__card\">\n\t\t\t\t<a class=\"elementor-post__thumbnail__link\" href=\"https:\/\/vallsmadella.com\/es\/temperatura-ambiental-grups-electrogens\/\" tabindex=\"-1\"><div class=\"elementor-post__thumbnail\"><img loading=\"lazy\" decoding=\"async\" width=\"800\" height=\"803\" src=\"https:\/\/vallsmadella.com\/wp-content\/uploads\/2024\/12\/Diseno-sin-titulo.png\" class=\"attachment-large size-large wp-image-2177\" alt=\"grups electr\u00f2gens\" srcset=\"https:\/\/vallsmadella.com\/wp-content\/uploads\/2024\/12\/Diseno-sin-titulo.png 821w, https:\/\/vallsmadella.com\/wp-content\/uploads\/2024\/12\/Diseno-sin-titulo-300x300.png 300w, https:\/\/vallsmadella.com\/wp-content\/uploads\/2024\/12\/Diseno-sin-titulo-150x150.png 150w, https:\/\/vallsmadella.com\/wp-content\/uploads\/2024\/12\/Diseno-sin-titulo-768x771.png 768w, https:\/\/vallsmadella.com\/wp-content\/uploads\/2024\/12\/Diseno-sin-titulo-12x12.png 12w\" sizes=\"(max-width: 800px) 100vw, 800px\" \/><\/div><\/a>\n\t\t\t\t<div class=\"elementor-post__text\">\n\t\t\t\t<h2 class=\"elementor-post__title\">\n\t\t\t<a href=\"https:\/\/vallsmadella.com\/es\/temperatura-ambiental-grups-electrogens\/\">\n\t\t\t\t\u00bfC\u00f3mo afecta la temperatura ambiental al rendimiento de los grupos electr\u00f3genos?\t\t\t<\/a>\n\t\t<\/h2>\n\t\t\t\t<div class=\"elementor-post__excerpt\">\n\t\t\t<p>La temperatura ambiental puede condicionar el rendimiento de los grupos electr\u00f3genos. Te detallamos c\u00f3mo y qu\u00e9 puedes hacer para proteger tu instalaci\u00f3n.<\/p>\n\t\t<\/div>\n\t\t\n\t\t<a class=\"elementor-post__read-more\" href=\"https:\/\/vallsmadella.com\/es\/temperatura-ambiental-grups-electrogens\/\" aria-label=\"M\u00e1s informaci\u00f3n sobre \u00bfC\u00f3mo afecta la temperatura ambiental al rendimiento de los grupos electr\u00f3genos?\" tabindex=\"-1\">\n\t\t\tLeer m\u00e1s \u00bb\t\t<\/a>\n\n\t\t\t\t<\/div>\n\t\t\t\t<div class=\"elementor-post__meta-data\">\n\t\t\t\t\t<span class=\"elementor-post-date\">\n\t\t\t06\/06\/2025\t\t<\/span>\n\t\t\t\t<\/div>\n\t\t\t\t\t<\/div>\n\t\t<\/article>\n\t\t\t\t<article class=\"elementor-post elementor-grid-item post-2421 post type-post status-publish format-standard has-post-thumbnail hentry category-manitou category-maquinaria-agricola category-maquinaria-construccio tag-manipuladors-telescopics tag-manteniment-maquinaria tag-pneumatics-manitou tag-renovar-pneumatics-manipulador-telescopic tag-seguretat-agricola tag-seguretat-industrial tag-vallsmadella\" role=\"listitem\">\n\t\t\t<div class=\"elementor-post__card\">\n\t\t\t\t<a class=\"elementor-post__thumbnail__link\" href=\"https:\/\/vallsmadella.com\/es\/moment-renovar-pneumatics-manipulador-telescopic\/\" tabindex=\"-1\"><div class=\"elementor-post__thumbnail\"><img loading=\"lazy\" decoding=\"async\" width=\"300\" height=\"300\" src=\"https:\/\/vallsmadella.com\/wp-content\/uploads\/2025\/05\/pneumatic-manipulador-telescopic.png\" class=\"attachment-large size-large wp-image-2426\" alt=\"\" srcset=\"https:\/\/vallsmadella.com\/wp-content\/uploads\/2025\/05\/pneumatic-manipulador-telescopic.png 300w, https:\/\/vallsmadella.com\/wp-content\/uploads\/2025\/05\/pneumatic-manipulador-telescopic-150x150.png 150w, https:\/\/vallsmadella.com\/wp-content\/uploads\/2025\/05\/pneumatic-manipulador-telescopic-12x12.png 12w\" sizes=\"(max-width: 300px) 100vw, 300px\" \/><\/div><\/a>\n\t\t\t\t<div class=\"elementor-post__text\">\n\t\t\t\t<h2 class=\"elementor-post__title\">\n\t\t\t<a href=\"https:\/\/vallsmadella.com\/es\/moment-renovar-pneumatics-manipulador-telescopic\/\">\n\t\t\t\t\u00bfCu\u00e1ndo es el momento \u00f3ptimo para renovar los neum\u00e1ticos del manipulador telesc\u00f3pico?\t\t\t<\/a>\n\t\t<\/h2>\n\t\t\t\t<div class=\"elementor-post__excerpt\">\n\t\t\t<p>\u00bfSabes cu\u00e1ndo renovar los neum\u00e1ticos de un manipulador telesc\u00f3pico? Te damos las claves para reconocer las se\u00f1ales de aviso y actuar a tiempo.<\/p>\n\t\t<\/div>\n\t\t\n\t\t<a class=\"elementor-post__read-more\" href=\"https:\/\/vallsmadella.com\/es\/moment-renovar-pneumatics-manipulador-telescopic\/\" aria-label=\"M\u00e1s informaci\u00f3n sobre \u00bfCu\u00e1ndo es el momento \u00f3ptimo para renovar los neum\u00e1ticos del manipulador telesc\u00f3pico?\" tabindex=\"-1\">\n\t\t\tLeer m\u00e1s \u00bb\t\t<\/a>\n\n\t\t\t\t<\/div>\n\t\t\t\t<div class=\"elementor-post__meta-data\">\n\t\t\t\t\t<span class=\"elementor-post-date\">\n\t\t\t29\/05\/2025\t\t<\/span>\n\t\t\t\t<\/div>\n\t\t\t\t\t<\/div>\n\t\t<\/article>\n\t\t\t\t<article class=\"elementor-post elementor-grid-item post-2414 post type-post status-publish format-standard has-post-thumbnail hentry category-dagartech category-solucio-energetica tag-consells-practics tag-generador-dagartech tag-generadors-industrials tag-manteniment-generador tag-maquinaria-vallsmadella tag-us-agricola tag-us-industrial\" role=\"listitem\">\n\t\t\t<div class=\"elementor-post__card\">\n\t\t\t\t<a class=\"elementor-post__thumbnail__link\" href=\"https:\/\/vallsmadella.com\/es\/com-allargar-vida-util-generador-dagartech\/\" tabindex=\"-1\"><div class=\"elementor-post__thumbnail\"><img loading=\"lazy\" decoding=\"async\" width=\"800\" height=\"800\" src=\"https:\/\/vallsmadella.com\/wp-content\/uploads\/2025\/05\/freepik__expand__21204-1024x1024.png\" class=\"attachment-large size-large wp-image-2419\" alt=\"\" srcset=\"https:\/\/vallsmadella.com\/wp-content\/uploads\/2025\/05\/freepik__expand__21204-1024x1024.png 1024w, https:\/\/vallsmadella.com\/wp-content\/uploads\/2025\/05\/freepik__expand__21204-300x300.png 300w, https:\/\/vallsmadella.com\/wp-content\/uploads\/2025\/05\/freepik__expand__21204-150x150.png 150w, https:\/\/vallsmadella.com\/wp-content\/uploads\/2025\/05\/freepik__expand__21204-768x768.png 768w, https:\/\/vallsmadella.com\/wp-content\/uploads\/2025\/05\/freepik__expand__21204-12x12.png 12w, https:\/\/vallsmadella.com\/wp-content\/uploads\/2025\/05\/freepik__expand__21204.png 1312w\" sizes=\"(max-width: 800px) 100vw, 800px\" \/><\/div><\/a>\n\t\t\t\t<div class=\"elementor-post__text\">\n\t\t\t\t<h2 class=\"elementor-post__title\">\n\t\t\t<a href=\"https:\/\/vallsmadella.com\/es\/com-allargar-vida-util-generador-dagartech\/\">\n\t\t\t\t\u00bfC\u00f3mo alargar la vida \u00fatil de un generador Dagartech? Consejos pr\u00e1cticos para uso agr\u00edcola e industrial\t\t\t<\/a>\n\t\t<\/h2>\n\t\t\t\t<div class=\"elementor-post__excerpt\">\n\t\t\t<p>Aprende a alargar la vida \u00fatil del generador Dagartech con trucos sencillos y efectivos, especialmente pensados para sectores agr\u00edcolas e industriales.<\/p>\n\t\t<\/div>\n\t\t\n\t\t<a class=\"elementor-post__read-more\" href=\"https:\/\/vallsmadella.com\/es\/com-allargar-vida-util-generador-dagartech\/\" aria-label=\"M\u00e1s informaci\u00f3n sobre \u00bfC\u00f3mo alargar la vida \u00fatil de un generador Dagartech? Consejos pr\u00e1cticos para uso agr\u00edcola e industrial\" tabindex=\"-1\">\n\t\t\tLeer m\u00e1s \u00bb\t\t<\/a>\n\n\t\t\t\t<\/div>\n\t\t\t\t<div class=\"elementor-post__meta-data\">\n\t\t\t\t\t<span class=\"elementor-post-date\">\n\t\t\t23\/05\/2025\t\t<\/span>\n\t\t\t\t<\/div>\n\t\t\t\t\t<\/div>\n\t\t<\/article>\n\t\t\t\t<article class=\"elementor-post elementor-grid-item post-2398 post type-post status-publish format-standard has-post-thumbnail hentry category-maquinaria-agricola tag-accessoris-agricoles tag-maquinaria-agricola tag-optimitzacio-agricola tag-rendiment-agricola tag-vallsmadella\" role=\"listitem\">\n\t\t\t<div class=\"elementor-post__card\">\n\t\t\t\t<a class=\"elementor-post__thumbnail__link\" href=\"https:\/\/vallsmadella.com\/es\/optimitza-us-accessoris-agricoles\/\" tabindex=\"-1\"><div class=\"elementor-post__thumbnail\"><img loading=\"lazy\" decoding=\"async\" width=\"800\" height=\"566\" src=\"https:\/\/vallsmadella.com\/wp-content\/uploads\/2025\/05\/619000-studio_clamp_bales_classic_clbr_2x3_manitou_001.png\" class=\"attachment-large size-large wp-image-2403\" alt=\"\" srcset=\"https:\/\/vallsmadella.com\/wp-content\/uploads\/2025\/05\/619000-studio_clamp_bales_classic_clbr_2x3_manitou_001.png 1024w, https:\/\/vallsmadella.com\/wp-content\/uploads\/2025\/05\/619000-studio_clamp_bales_classic_clbr_2x3_manitou_001-300x212.png 300w, https:\/\/vallsmadella.com\/wp-content\/uploads\/2025\/05\/619000-studio_clamp_bales_classic_clbr_2x3_manitou_001-768x543.png 768w, https:\/\/vallsmadella.com\/wp-content\/uploads\/2025\/05\/619000-studio_clamp_bales_classic_clbr_2x3_manitou_001-18x12.png 18w\" sizes=\"(max-width: 800px) 100vw, 800px\" \/><\/div><\/a>\n\t\t\t\t<div class=\"elementor-post__text\">\n\t\t\t\t<h2 class=\"elementor-post__title\">\n\t\t\t<a href=\"https:\/\/vallsmadella.com\/es\/optimitza-us-accessoris-agricoles\/\">\n\t\t\t\tOptimiza el uso de accesorios agr\u00edcolas para aumentar el rendimiento de tu maquinaria\t\t\t<\/a>\n\t\t<\/h2>\n\t\t\t\t<div class=\"elementor-post__excerpt\">\n\t\t\t<p>Mejora la eficiencia de tu maquinaria agr\u00edcola, optimizando el uso de accesorios agr\u00edcolas. Vallsmadella te ofrece soluciones para potenciar tu rendimiento en el campo.<\/p>\n\t\t<\/div>\n\t\t\n\t\t<a class=\"elementor-post__read-more\" href=\"https:\/\/vallsmadella.com\/es\/optimitza-us-accessoris-agricoles\/\" aria-label=\"M\u00e1s informaci\u00f3n sobre Optimiza el uso de accesorios agr\u00edcolas para aumentar el rendimiento de tu maquinaria\" tabindex=\"-1\">\n\t\t\tLeer m\u00e1s \u00bb\t\t<\/a>\n\n\t\t\t\t<\/div>\n\t\t\t\t<div class=\"elementor-post__meta-data\">\n\t\t\t\t\t<span class=\"elementor-post-date\">\n\t\t\t17\/05\/2025\t\t<\/span>\n\t\t\t\t<\/div>\n\t\t\t\t\t<\/div>\n\t\t<\/article>\n\t\t\t\t<article class=\"elementor-post elementor-grid-item post-2388 post type-post status-publish format-standard has-post-thumbnail hentry category-vallsmadella tag-agricultura-eficient tag-cooperatives-agricoles tag-dagartech tag-develon tag-manitou tag-maquinaria-sostenible tag-vallsmadella\" role=\"listitem\">\n\t\t\t<div class=\"elementor-post__card\">\n\t\t\t\t<a class=\"elementor-post__thumbnail__link\" href=\"https:\/\/vallsmadella.com\/es\/projectes-exit-maquinaria-sostenible\/\" tabindex=\"-1\"><div class=\"elementor-post__thumbnail\"><img loading=\"lazy\" decoding=\"async\" width=\"800\" height=\"600\" src=\"https:\/\/vallsmadella.com\/wp-content\/uploads\/2025\/05\/freepik__the-style-is-candid-image-photography-with-natural__78269-1024x768.png\" class=\"attachment-large size-large wp-image-2395\" alt=\"\" srcset=\"https:\/\/vallsmadella.com\/wp-content\/uploads\/2025\/05\/freepik__the-style-is-candid-image-photography-with-natural__78269-1024x768.png 1024w, https:\/\/vallsmadella.com\/wp-content\/uploads\/2025\/05\/freepik__the-style-is-candid-image-photography-with-natural__78269-300x225.png 300w, https:\/\/vallsmadella.com\/wp-content\/uploads\/2025\/05\/freepik__the-style-is-candid-image-photography-with-natural__78269-768x576.png 768w, https:\/\/vallsmadella.com\/wp-content\/uploads\/2025\/05\/freepik__the-style-is-candid-image-photography-with-natural__78269-16x12.png 16w, https:\/\/vallsmadella.com\/wp-content\/uploads\/2025\/05\/freepik__the-style-is-candid-image-photography-with-natural__78269.png 1152w\" sizes=\"(max-width: 800px) 100vw, 800px\" \/><\/div><\/a>\n\t\t\t\t<div class=\"elementor-post__text\">\n\t\t\t\t<h2 class=\"elementor-post__title\">\n\t\t\t<a href=\"https:\/\/vallsmadella.com\/es\/projectes-exit-maquinaria-sostenible\/\">\n\t\t\t\tProyectos de \u00e9xito: implementaci\u00f3n de maquinaria sostenible en cooperativas agr\u00edcolas\t\t\t<\/a>\n\t\t<\/h2>\n\t\t\t\t<div class=\"elementor-post__excerpt\">\n\t\t\t<p>Las cooperativas agr\u00edcolas apuestan por la maquinaria sostenible para ganar eficiencia, reducir emisiones y garantizar el futuro del sector.<\/p>\n\t\t<\/div>\n\t\t\n\t\t<a class=\"elementor-post__read-more\" href=\"https:\/\/vallsmadella.com\/es\/projectes-exit-maquinaria-sostenible\/\" aria-label=\"M\u00e1s informaci\u00f3n sobre Proyectos de \u00e9xito: implementaci\u00f3n de maquinaria sostenible en cooperativas agr\u00edcolas\" tabindex=\"-1\">\n\t\t\tLeer m\u00e1s \u00bb\t\t<\/a>\n\n\t\t\t\t<\/div>\n\t\t\t\t<div class=\"elementor-post__meta-data\">\n\t\t\t\t\t<span class=\"elementor-post-date\">\n\t\t\t12\/05\/2025\t\t<\/span>\n\t\t\t\t<\/div>\n\t\t\t\t\t<\/div>\n\t\t<\/article>\n\t\t\t\t<article class=\"elementor-post elementor-grid-item post-2380 post type-post status-publish format-standard has-post-thumbnail hentry category-maquinaria-agricola category-maquinaria-construccio category-maquinaria-industrial tag-fuites-hidrauliques tag-manteniment-hidraulic tag-manteniment-preventiu tag-maquinaria-pesant tag-rendiment-maquinaria tag-seguretat-maquinaria tag-vallsmadella\" role=\"listitem\">\n\t\t\t<div class=\"elementor-post__card\">\n\t\t\t\t<a class=\"elementor-post__thumbnail__link\" href=\"https:\/\/vallsmadella.com\/es\/fuites-hidrauliques-maquinaria\/\" tabindex=\"-1\"><div class=\"elementor-post__thumbnail\"><img loading=\"lazy\" decoding=\"async\" width=\"800\" height=\"800\" src=\"https:\/\/vallsmadella.com\/wp-content\/uploads\/2025\/05\/freepik__the-style-is-candid-image-photography-with-natural__98905.png\" class=\"attachment-large size-large wp-image-2385\" alt=\"\" srcset=\"https:\/\/vallsmadella.com\/wp-content\/uploads\/2025\/05\/freepik__the-style-is-candid-image-photography-with-natural__98905.png 1024w, https:\/\/vallsmadella.com\/wp-content\/uploads\/2025\/05\/freepik__the-style-is-candid-image-photography-with-natural__98905-300x300.png 300w, https:\/\/vallsmadella.com\/wp-content\/uploads\/2025\/05\/freepik__the-style-is-candid-image-photography-with-natural__98905-150x150.png 150w, https:\/\/vallsmadella.com\/wp-content\/uploads\/2025\/05\/freepik__the-style-is-candid-image-photography-with-natural__98905-768x768.png 768w, https:\/\/vallsmadella.com\/wp-content\/uploads\/2025\/05\/freepik__the-style-is-candid-image-photography-with-natural__98905-12x12.png 12w\" sizes=\"(max-width: 800px) 100vw, 800px\" \/><\/div><\/a>\n\t\t\t\t<div class=\"elementor-post__text\">\n\t\t\t\t<h2 class=\"elementor-post__title\">\n\t\t\t<a href=\"https:\/\/vallsmadella.com\/es\/fuites-hidrauliques-maquinaria\/\">\n\t\t\t\tC\u00f3mo detectar y prevenir fugas hidr\u00e1ulicas en maquinaria pesada\t\t\t<\/a>\n\t\t<\/h2>\n\t\t\t\t<div class=\"elementor-post__excerpt\">\n\t\t\t<p>Las fugas hidr\u00e1ulicas pueden provocar aver\u00edas costosas y p\u00e9rdidas de rendimiento. Aprende a detectarlas a tiempo y prevenirlas con estos consejos de Vallsmadella.<\/p>\n\t\t<\/div>\n\t\t\n\t\t<a class=\"elementor-post__read-more\" href=\"https:\/\/vallsmadella.com\/es\/fuites-hidrauliques-maquinaria\/\" aria-label=\"M\u00e1s informaci\u00f3n sobre C\u00f3mo detectar y prevenir fugas hidr\u00e1ulicas en maquinaria pesada\" tabindex=\"-1\">\n\t\t\tLeer m\u00e1s \u00bb\t\t<\/a>\n\n\t\t\t\t<\/div>\n\t\t\t\t<div class=\"elementor-post__meta-data\">\n\t\t\t\t\t<span class=\"elementor-post-date\">\n\t\t\t05\/05\/2025\t\t<\/span>\n\t\t\t\t<\/div>\n\t\t\t\t\t<\/div>\n\t\t<\/article>\n\t\t\t\t<article class=\"elementor-post elementor-grid-item post-2363 post type-post status-publish format-standard has-post-thumbnail hentry category-vallsmadella category-develon category-manitou category-maquinaria-agricola tag-comparativa-maquinaria-agricola tag-develon tag-manitou tag-maquinaria-agricola tag-rendiment-agricola tag-triar-maquinaria-agricola tag-vallsmadella\" role=\"listitem\">\n\t\t\t<div class=\"elementor-post__card\">\n\t\t\t\t<a class=\"elementor-post__thumbnail__link\" href=\"https:\/\/vallsmadella.com\/es\/comparativa-maquinaria-agricola-manitou-develon\/\" tabindex=\"-1\"><div class=\"elementor-post__thumbnail\"><img loading=\"lazy\" decoding=\"async\" width=\"800\" height=\"800\" src=\"https:\/\/vallsmadella.com\/wp-content\/uploads\/2025\/04\/maquinaria-agricola-manitou-1-1024x1024.png\" class=\"attachment-large size-large wp-image-2371\" alt=\"\" srcset=\"https:\/\/vallsmadella.com\/wp-content\/uploads\/2025\/04\/maquinaria-agricola-manitou-1-1024x1024.png 1024w, https:\/\/vallsmadella.com\/wp-content\/uploads\/2025\/04\/maquinaria-agricola-manitou-1-300x300.png 300w, https:\/\/vallsmadella.com\/wp-content\/uploads\/2025\/04\/maquinaria-agricola-manitou-1-150x150.png 150w, https:\/\/vallsmadella.com\/wp-content\/uploads\/2025\/04\/maquinaria-agricola-manitou-1-768x768.png 768w, https:\/\/vallsmadella.com\/wp-content\/uploads\/2025\/04\/maquinaria-agricola-manitou-1-12x12.png 12w, https:\/\/vallsmadella.com\/wp-content\/uploads\/2025\/04\/maquinaria-agricola-manitou-1.png 1472w\" sizes=\"(max-width: 800px) 100vw, 800px\" \/><\/div><\/a>\n\t\t\t\t<div class=\"elementor-post__text\">\n\t\t\t\t<h2 class=\"elementor-post__title\">\n\t\t\t<a href=\"https:\/\/vallsmadella.com\/es\/comparativa-maquinaria-agricola-manitou-develon\/\">\n\t\t\t\tComparativa de maquinaria agr\u00edcola Manitou y Develon: \u00bfcu\u00e1l es la mejor opci\u00f3n para tu campo?\t\t\t<\/a>\n\t\t<\/h2>\n\t\t\t\t<div class=\"elementor-post__excerpt\">\n\t\t\t<p>\u00bfQuieres saber qu\u00e9 equipo se adapta mejor a tu campo? Te presentamos una comparativa completa entre la maquinaria agr\u00edcola Manitou y Develon para ayudarte a elegir con criterio.<\/p>\n\t\t<\/div>\n\t\t\n\t\t<a class=\"elementor-post__read-more\" href=\"https:\/\/vallsmadella.com\/es\/comparativa-maquinaria-agricola-manitou-develon\/\" aria-label=\"M\u00e1s informaci\u00f3n sobre Comparativa de maquinaria agr\u00edcola Manitou y Develon: \u00bfcu\u00e1l es la mejor opci\u00f3n para tu campo?\" tabindex=\"-1\">\n\t\t\tLeer m\u00e1s \u00bb\t\t<\/a>\n\n\t\t\t\t<\/div>\n\t\t\t\t<div class=\"elementor-post__meta-data\">\n\t\t\t\t\t<span class=\"elementor-post-date\">\n\t\t\t30\/04\/2025\t\t<\/span>\n\t\t\t\t<\/div>\n\t\t\t\t\t<\/div>\n\t\t<\/article>\n\t\t\t\t<article class=\"elementor-post elementor-grid-item post-2356 post type-post status-publish format-standard has-post-thumbnail hentry category-vallsmadella category-maquinaria-agricola tag-consells-per-agricultors tag-manteniment-maquinaria tag-preparar-maquinaria-temporada-alta tag-revisio-agricola tag-temporada-de-collita tag-vallsmadella\" role=\"listitem\">\n\t\t\t<div class=\"elementor-post__card\">\n\t\t\t\t<a class=\"elementor-post__thumbnail__link\" href=\"https:\/\/vallsmadella.com\/es\/preparar-maquinaria-temporada-alta\/\" tabindex=\"-1\"><div class=\"elementor-post__thumbnail\"><img loading=\"lazy\" decoding=\"async\" width=\"800\" height=\"535\" src=\"https:\/\/vallsmadella.com\/wp-content\/uploads\/2025\/04\/freepik__the-style-is-candid-image-photography-with-natural__94413-1024x685.jpeg\" class=\"attachment-large size-large wp-image-2361\" alt=\"\" srcset=\"https:\/\/vallsmadella.com\/wp-content\/uploads\/2025\/04\/freepik__the-style-is-candid-image-photography-with-natural__94413-1024x685.jpeg 1024w, https:\/\/vallsmadella.com\/wp-content\/uploads\/2025\/04\/freepik__the-style-is-candid-image-photography-with-natural__94413-300x201.jpeg 300w, https:\/\/vallsmadella.com\/wp-content\/uploads\/2025\/04\/freepik__the-style-is-candid-image-photography-with-natural__94413-768x513.jpeg 768w, https:\/\/vallsmadella.com\/wp-content\/uploads\/2025\/04\/freepik__the-style-is-candid-image-photography-with-natural__94413-18x12.jpeg 18w, https:\/\/vallsmadella.com\/wp-content\/uploads\/2025\/04\/freepik__the-style-is-candid-image-photography-with-natural__94413.jpeg 1472w\" sizes=\"(max-width: 800px) 100vw, 800px\" \/><\/div><\/a>\n\t\t\t\t<div class=\"elementor-post__text\">\n\t\t\t\t<h2 class=\"elementor-post__title\">\n\t\t\t<a href=\"https:\/\/vallsmadella.com\/es\/preparar-maquinaria-temporada-alta\/\">\n\t\t\t\tPreparar tu maquinaria para temporada alta\t\t\t<\/a>\n\t\t<\/h2>\n\t\t\t\t<div class=\"elementor-post__excerpt\">\n\t\t\t<p>Prepara tu maquinaria para temporada alta con garant\u00edas. En Vallsmadella te explicamos paso a paso c\u00f3mo evitar imprevistos y mejorar el rendimiento de tus equipos.<\/p>\n\t\t<\/div>\n\t\t\n\t\t<a class=\"elementor-post__read-more\" href=\"https:\/\/vallsmadella.com\/es\/preparar-maquinaria-temporada-alta\/\" aria-label=\"M\u00e1s informaci\u00f3n sobre Preparar tu maquinaria para la temporada alta\" tabindex=\"-1\">\n\t\t\tLeer m\u00e1s \u00bb\t\t<\/a>\n\n\t\t\t\t<\/div>\n\t\t\t\t<div class=\"elementor-post__meta-data\">\n\t\t\t\t\t<span class=\"elementor-post-date\">\n\t\t\t23\/04\/2025\t\t<\/span>\n\t\t\t\t<\/div>\n\t\t\t\t\t<\/div>\n\t\t<\/article>\n\t\t\t\t<article class=\"elementor-post elementor-grid-item post-2344 post type-post status-publish format-standard has-post-thumbnail hentry category-vallsmadella category-dagartech category-solucio-energetica tag-calcul-potencia-electrica tag-eficiencia-energetica tag-generadors-dagartech tag-generadors-industrials tag-potencia-generador tag-vallsmadella\" role=\"listitem\">\n\t\t\t<div class=\"elementor-post__card\">\n\t\t\t\t<a class=\"elementor-post__thumbnail__link\" href=\"https:\/\/vallsmadella.com\/es\/com-calcular-potencia-del-generador\/\" tabindex=\"-1\"><div class=\"elementor-post__thumbnail\"><img loading=\"lazy\" decoding=\"async\" width=\"579\" height=\"1024\" src=\"https:\/\/vallsmadella.com\/wp-content\/uploads\/2025\/04\/freepik__a-30-year-old-middle-eastern-man-with-a-beard-and-__94412-579x1024.jpeg\" class=\"attachment-large size-large wp-image-2349\" alt=\"\" srcset=\"https:\/\/vallsmadella.com\/wp-content\/uploads\/2025\/04\/freepik__a-30-year-old-middle-eastern-man-with-a-beard-and-__94412-579x1024.jpeg 579w, https:\/\/vallsmadella.com\/wp-content\/uploads\/2025\/04\/freepik__a-30-year-old-middle-eastern-man-with-a-beard-and-__94412-170x300.jpeg 170w, https:\/\/vallsmadella.com\/wp-content\/uploads\/2025\/04\/freepik__a-30-year-old-middle-eastern-man-with-a-beard-and-__94412-768x1359.jpeg 768w, https:\/\/vallsmadella.com\/wp-content\/uploads\/2025\/04\/freepik__a-30-year-old-middle-eastern-man-with-a-beard-and-__94412-7x12.jpeg 7w, https:\/\/vallsmadella.com\/wp-content\/uploads\/2025\/04\/freepik__a-30-year-old-middle-eastern-man-with-a-beard-and-__94412.jpeg 832w\" sizes=\"(max-width: 579px) 100vw, 579px\" \/><\/div><\/a>\n\t\t\t\t<div class=\"elementor-post__text\">\n\t\t\t\t<h2 class=\"elementor-post__title\">\n\t\t\t<a href=\"https:\/\/vallsmadella.com\/es\/com-calcular-potencia-del-generador\/\">\n\t\t\t\tC\u00f3mo calcular la potencia del generador adecuada seg\u00fan el tipo de proyecto\t\t\t<\/a>\n\t\t<\/h2>\n\t\t\t\t<div class=\"elementor-post__excerpt\">\n\t\t\t<p>\u00bfQuieres elegir el generador adecuado para tu proyecto? Aprende a calcular la potencia ideal en funci\u00f3n del tipo de carga y evita problemas de suministro con Vallsmadella.<\/p>\n\t\t<\/div>\n\t\t\n\t\t<a class=\"elementor-post__read-more\" href=\"https:\/\/vallsmadella.com\/es\/com-calcular-potencia-del-generador\/\" aria-label=\"M\u00e1s informaci\u00f3n sobre C\u00f3mo calcular la potencia del generador adecuada seg\u00fan el tipo de proyecto\" tabindex=\"-1\">\n\t\t\tLeer m\u00e1s \u00bb\t\t<\/a>\n\n\t\t\t\t<\/div>\n\t\t\t\t<div class=\"elementor-post__meta-data\">\n\t\t\t\t\t<span class=\"elementor-post-date\">\n\t\t\t16\/04\/2025\t\t<\/span>\n\t\t\t\t<\/div>\n\t\t\t\t\t<\/div>\n\t\t<\/article>\n\t\t\t\t<article class=\"elementor-post elementor-grid-item post-2335 post type-post status-publish format-standard has-post-thumbnail hentry category-vallsmadella category-maquinaria-agricola tag-consells-per-agricultors tag-errors-habituals tag-manteniment-agricola tag-maquinaria-agricola tag-rendiment-maquinaria tag-seguretat-agricola tag-vallsmadella\" role=\"listitem\">\n\t\t\t<div class=\"elementor-post__card\">\n\t\t\t\t<a class=\"elementor-post__thumbnail__link\" href=\"https:\/\/vallsmadella.com\/es\/errors-frequents-maquinaria-agricola\/\" tabindex=\"-1\"><div class=\"elementor-post__thumbnail\"><img loading=\"lazy\" decoding=\"async\" width=\"800\" height=\"800\" src=\"https:\/\/vallsmadella.com\/wp-content\/uploads\/2025\/04\/freepik__the-style-is-candid-image-photography-with-natural__85516-1024x1024.png\" class=\"attachment-large size-large wp-image-2341\" alt=\"maquin\u00e0ria agr\u00edcola\" srcset=\"https:\/\/vallsmadella.com\/wp-content\/uploads\/2025\/04\/freepik__the-style-is-candid-image-photography-with-natural__85516-1024x1024.png 1024w, https:\/\/vallsmadella.com\/wp-content\/uploads\/2025\/04\/freepik__the-style-is-candid-image-photography-with-natural__85516-300x300.png 300w, https:\/\/vallsmadella.com\/wp-content\/uploads\/2025\/04\/freepik__the-style-is-candid-image-photography-with-natural__85516-150x150.png 150w, https:\/\/vallsmadella.com\/wp-content\/uploads\/2025\/04\/freepik__the-style-is-candid-image-photography-with-natural__85516-768x768.png 768w, https:\/\/vallsmadella.com\/wp-content\/uploads\/2025\/04\/freepik__the-style-is-candid-image-photography-with-natural__85516-12x12.png 12w, https:\/\/vallsmadella.com\/wp-content\/uploads\/2025\/04\/freepik__the-style-is-candid-image-photography-with-natural__85516.png 1408w\" sizes=\"(max-width: 800px) 100vw, 800px\" \/><\/div><\/a>\n\t\t\t\t<div class=\"elementor-post__text\">\n\t\t\t\t<h2 class=\"elementor-post__title\">\n\t\t\t<a href=\"https:\/\/vallsmadella.com\/es\/errors-frequents-maquinaria-agricola\/\">\n\t\t\t\tErrores frecuentes en el uso de maquinaria agr\u00edcola que pueden salir caros\t\t\t<\/a>\n\t\t<\/h2>\n\t\t\t\t<div class=\"elementor-post__excerpt\">\n\t\t\t<p>Revisamos los errores m\u00e1s habituales en el uso de maquinaria agr\u00edcola que pueden provocar aver\u00edas, costes innecesarios y riesgos. Aprende c\u00f3mo evitarlos y sacarle el m\u00e1ximo rendimiento.<\/p>\n\t\t<\/div>\n\t\t\n\t\t<a class=\"elementor-post__read-more\" href=\"https:\/\/vallsmadella.com\/es\/errors-frequents-maquinaria-agricola\/\" aria-label=\"M\u00e1s informaci\u00f3n sobre Errores frecuentes en el uso de maquinaria agr\u00edcola que pueden salir caros\" tabindex=\"-1\">\n\t\t\tLeer m\u00e1s \u00bb\t\t<\/a>\n\n\t\t\t\t<\/div>\n\t\t\t\t<div class=\"elementor-post__meta-data\">\n\t\t\t\t\t<span class=\"elementor-post-date\">\n\t\t\t10\/04\/2025\t\t<\/span>\n\t\t\t\t<\/div>\n\t\t\t\t\t<\/div>\n\t\t<\/article>\n\t\t\t\t<article class=\"elementor-post elementor-grid-item post-2323 post type-post status-publish format-standard has-post-thumbnail hentry category-vallsmadella category-noblelift tag-boadella-vallsmadella tag-eficiencia-logistica tag-logistica-de-magatzem tag-maquinaria-logistica tag-noblelift tag-optimitzacio-de-magatzems tag-transport-intern tag-vallsmadella\" role=\"listitem\">\n\t\t\t<div class=\"elementor-post__card\">\n\t\t\t\t<a class=\"elementor-post__thumbnail__link\" href=\"https:\/\/vallsmadella.com\/es\/logistica-de-magatzem-vallsmadella\/\" tabindex=\"-1\"><div class=\"elementor-post__thumbnail\"><img loading=\"lazy\" decoding=\"async\" width=\"800\" height=\"800\" src=\"https:\/\/vallsmadella.com\/wp-content\/uploads\/2024\/05\/432758410_18008370911349091_5201783589924778731_n-1024x1024.jpg\" class=\"attachment-large size-large wp-image-1761\" alt=\"\" srcset=\"https:\/\/vallsmadella.com\/wp-content\/uploads\/2024\/05\/432758410_18008370911349091_5201783589924778731_n-1024x1024.jpg 1024w, https:\/\/vallsmadella.com\/wp-content\/uploads\/2024\/05\/432758410_18008370911349091_5201783589924778731_n-300x300.jpg 300w, https:\/\/vallsmadella.com\/wp-content\/uploads\/2024\/05\/432758410_18008370911349091_5201783589924778731_n-150x150.jpg 150w, https:\/\/vallsmadella.com\/wp-content\/uploads\/2024\/05\/432758410_18008370911349091_5201783589924778731_n-768x768.jpg 768w, https:\/\/vallsmadella.com\/wp-content\/uploads\/2024\/05\/432758410_18008370911349091_5201783589924778731_n-12x12.jpg 12w, https:\/\/vallsmadella.com\/wp-content\/uploads\/2024\/05\/432758410_18008370911349091_5201783589924778731_n.jpg 1080w\" sizes=\"(max-width: 800px) 100vw, 800px\" \/><\/div><\/a>\n\t\t\t\t<div class=\"elementor-post__text\">\n\t\t\t\t<h2 class=\"elementor-post__title\">\n\t\t\t<a href=\"https:\/\/vallsmadella.com\/es\/logistica-de-magatzem-vallsmadella\/\">\n\t\t\t\tOptimiza la log\u00edstica de almac\u00e9n y mejora el transporte interno de tu negocio\t\t\t<\/a>\n\t\t<\/h2>\n\t\t\t\t<div class=\"elementor-post__excerpt\">\n\t\t\t<p>Mejora la log\u00edstica de almac\u00e9n con soluciones eficientes como Noblelift. Reduce tiempo, errores y costes con una organizaci\u00f3n interna que marca la diferencia.<\/p>\n\t\t<\/div>\n\t\t\n\t\t<a class=\"elementor-post__read-more\" href=\"https:\/\/vallsmadella.com\/es\/logistica-de-magatzem-vallsmadella\/\" aria-label=\"M\u00e1s informaci\u00f3n sobre Optimiza la log\u00edstica de almac\u00e9n y mejora el transporte interno de tu negocio\" tabindex=\"-1\">\n\t\t\tLeer m\u00e1s \u00bb\t\t<\/a>\n\n\t\t\t\t<\/div>\n\t\t\t\t<div class=\"elementor-post__meta-data\">\n\t\t\t\t\t<span class=\"elementor-post-date\">\n\t\t\t04\/04\/2025\t\t<\/span>\n\t\t\t\t<\/div>\n\t\t\t\t\t<\/div>\n\t\t<\/article>\n\t\t\t\t<article class=\"elementor-post elementor-grid-item post-2317 post type-post status-publish format-standard has-post-thumbnail hentry category-vallsmadella category-maquinaria-agricola tag-boadella-vallsmadella tag-flota-agricola tag-renovar-flota\" role=\"listitem\">\n\t\t\t<div class=\"elementor-post__card\">\n\t\t\t\t<a class=\"elementor-post__thumbnail__link\" href=\"https:\/\/vallsmadella.com\/es\/renovar-flota-agricola-consells-compra\/\" tabindex=\"-1\"><div class=\"elementor-post__thumbnail\"><img loading=\"lazy\" decoding=\"async\" width=\"800\" height=\"540\" src=\"https:\/\/vallsmadella.com\/wp-content\/uploads\/2024\/10\/Develon-agricola-1024x691.png\" class=\"attachment-large size-large wp-image-2086\" alt=\"maquin\u00e0ria agr\u00edcola a Girona\" srcset=\"https:\/\/vallsmadella.com\/wp-content\/uploads\/2024\/10\/Develon-agricola-1024x691.png 1024w, https:\/\/vallsmadella.com\/wp-content\/uploads\/2024\/10\/Develon-agricola-300x203.png 300w, https:\/\/vallsmadella.com\/wp-content\/uploads\/2024\/10\/Develon-agricola-768x518.png 768w, https:\/\/vallsmadella.com\/wp-content\/uploads\/2024\/10\/Develon-agricola-1536x1037.png 1536w, https:\/\/vallsmadella.com\/wp-content\/uploads\/2024\/10\/Develon-agricola-18x12.png 18w, https:\/\/vallsmadella.com\/wp-content\/uploads\/2024\/10\/Develon-agricola.png 2000w\" sizes=\"(max-width: 800px) 100vw, 800px\" \/><\/div><\/a>\n\t\t\t\t<div class=\"elementor-post__text\">\n\t\t\t\t<h2 class=\"elementor-post__title\">\n\t\t\t<a href=\"https:\/\/vallsmadella.com\/es\/renovar-flota-agricola-consells-compra\/\">\n\t\t\t\t\u00bfEst\u00e1s pensando en renovar tu flota agr\u00edcola? Esto es lo que debes saber antes de comprar\t\t\t<\/a>\n\t\t<\/h2>\n\t\t\t\t<div class=\"elementor-post__excerpt\">\n\t\t\t<p>Si est\u00e1s pensando en renovar tu flota agr\u00edcola, te compartimos todo lo que hay que tener en cuenta para realizar una compra inteligente y rentable. En Vallsmadella te ayudamos a decidir con criterio.<\/p>\n\t\t<\/div>\n\t\t\n\t\t<a class=\"elementor-post__read-more\" href=\"https:\/\/vallsmadella.com\/es\/renovar-flota-agricola-consells-compra\/\" aria-label=\"M\u00e1s informaci\u00f3n sobre \u00bfEst\u00e1s pensando en renovar tu flota agr\u00edcola? Esto es lo que debes saber antes de comprar\" tabindex=\"-1\">\n\t\t\tLeer m\u00e1s \u00bb\t\t<\/a>\n\n\t\t\t\t<\/div>\n\t\t\t\t<div class=\"elementor-post__meta-data\">\n\t\t\t\t\t<span class=\"elementor-post-date\">\n\t\t\t31\/03\/2025\t\t<\/span>\n\t\t\t\t<\/div>\n\t\t\t\t\t<\/div>\n\t\t<\/article>\n\t\t\t\t<article class=\"elementor-post elementor-grid-item post-2309 post type-post status-publish format-standard has-post-thumbnail hentry category-vallsmadella category-dagartech category-solucio-energetica tag-boadella-vallsmadella tag-energia tag-generadors-dagartech\" role=\"listitem\">\n\t\t\t<div class=\"elementor-post__card\">\n\t\t\t\t<a class=\"elementor-post__thumbnail__link\" href=\"https:\/\/vallsmadella.com\/es\/generadors-dagartech-energia-agricola-industrial\/\" tabindex=\"-1\"><div class=\"elementor-post__thumbnail\"><img loading=\"lazy\" decoding=\"async\" width=\"800\" height=\"800\" src=\"https:\/\/vallsmadella.com\/wp-content\/uploads\/2023\/11\/302049878_600233095039402_3933255726709199812_n.jpg\" class=\"attachment-large size-large wp-image-1425\" alt=\"\" srcset=\"https:\/\/vallsmadella.com\/wp-content\/uploads\/2023\/11\/302049878_600233095039402_3933255726709199812_n.jpg 950w, https:\/\/vallsmadella.com\/wp-content\/uploads\/2023\/11\/302049878_600233095039402_3933255726709199812_n-300x300.jpg 300w, https:\/\/vallsmadella.com\/wp-content\/uploads\/2023\/11\/302049878_600233095039402_3933255726709199812_n-150x150.jpg 150w, https:\/\/vallsmadella.com\/wp-content\/uploads\/2023\/11\/302049878_600233095039402_3933255726709199812_n-768x768.jpg 768w, https:\/\/vallsmadella.com\/wp-content\/uploads\/2023\/11\/302049878_600233095039402_3933255726709199812_n-12x12.jpg 12w\" sizes=\"(max-width: 800px) 100vw, 800px\" \/><\/div><\/a>\n\t\t\t\t<div class=\"elementor-post__text\">\n\t\t\t\t<h2 class=\"elementor-post__title\">\n\t\t\t<a href=\"https:\/\/vallsmadella.com\/es\/generadors-dagartech-energia-agricola-industrial\/\">\n\t\t\t\tGeneradores Dagartech: no te quedes sin energ\u00eda en proyectos agr\u00edcolas e industriales\t\t\t<\/a>\n\t\t<\/h2>\n\t\t\t\t<div class=\"elementor-post__excerpt\">\n\t\t\t<p>\u00bfNecesitas energ\u00eda fiable en el campo o en la obra? Los generadores Dagartech son la soluci\u00f3n ideal para proyectos agr\u00edcolas e industriales. En Vallsmadella te ayudamos a elegir el modelo perfecto para garantizar su autonom\u00eda y eficiencia.<\/p>\n\t\t<\/div>\n\t\t\n\t\t<a class=\"elementor-post__read-more\" href=\"https:\/\/vallsmadella.com\/es\/generadors-dagartech-energia-agricola-industrial\/\" aria-label=\"M\u00e1s informaci\u00f3n sobre Generadores Dagartech: no te quedes sin energ\u00eda en proyectos agr\u00edcolas e industriales\" tabindex=\"-1\">\n\t\t\tLeer m\u00e1s \u00bb\t\t<\/a>\n\n\t\t\t\t<\/div>\n\t\t\t\t<div class=\"elementor-post__meta-data\">\n\t\t\t\t\t<span class=\"elementor-post-date\">\n\t\t\t24\/03\/2025\t\t<\/span>\n\t\t\t\t<\/div>\n\t\t\t\t\t<\/div>\n\t\t<\/article>\n\t\t\t\t<article class=\"elementor-post elementor-grid-item post-2298 post type-post status-publish format-standard has-post-thumbnail hentry category-vallsmadella category-maquinaria-industrial category-noblelift tag-boadella-vallsmadella tag-isuzu-girona tag-noblelift-magatzems\" role=\"listitem\">\n\t\t\t<div class=\"elementor-post__card\">\n\t\t\t\t<a class=\"elementor-post__thumbnail__link\" href=\"https:\/\/vallsmadella.com\/es\/noblelift-per-a-magatzems-agilitat-organitzacio\/\" tabindex=\"-1\"><div class=\"elementor-post__thumbnail\"><img loading=\"lazy\" decoding=\"async\" width=\"510\" height=\"383\" src=\"https:\/\/vallsmadella.com\/wp-content\/uploads\/2024\/07\/carretilla-noblelift.png\" class=\"attachment-large size-large wp-image-1991\" alt=\"carretons elevadors noblelift\" srcset=\"https:\/\/vallsmadella.com\/wp-content\/uploads\/2024\/07\/carretilla-noblelift.png 510w, https:\/\/vallsmadella.com\/wp-content\/uploads\/2024\/07\/carretilla-noblelift-300x225.png 300w, https:\/\/vallsmadella.com\/wp-content\/uploads\/2024\/07\/carretilla-noblelift-16x12.png 16w\" sizes=\"(max-width: 510px) 100vw, 510px\" \/><\/div><\/a>\n\t\t\t\t<div class=\"elementor-post__text\">\n\t\t\t\t<h2 class=\"elementor-post__title\">\n\t\t\t<a href=\"https:\/\/vallsmadella.com\/es\/noblelift-per-a-magatzems-agilitat-organitzacio\/\">\n\t\t\t\tNoblelift para almacenes: mayor agilidad y mejor organizaci\u00f3n\t\t\t<\/a>\n\t\t<\/h2>\n\t\t\t\t<div class=\"elementor-post__excerpt\">\n\t\t\t<p>\u00bfQuieres optimizar la gesti\u00f3n de tu almac\u00e9n? Descubre por qu\u00e9 Noblelift para almacenes es la mejor opci\u00f3n para mejorar la eficiencia y el espacio, y hazlo con Vallsmadella, distribuidor oficial de maquinaria industrial y agr\u00edcola.<\/p>\n\t\t<\/div>\n\t\t\n\t\t<a class=\"elementor-post__read-more\" href=\"https:\/\/vallsmadella.com\/es\/noblelift-per-a-magatzems-agilitat-organitzacio\/\" aria-label=\"M\u00e1s informaci\u00f3n sobre Noblelift para almacenes: mayor agilidad y mejor organizaci\u00f3n\" tabindex=\"-1\">\n\t\t\tLeer m\u00e1s \u00bb\t\t<\/a>\n\n\t\t\t\t<\/div>\n\t\t\t\t<div class=\"elementor-post__meta-data\">\n\t\t\t\t\t<span class=\"elementor-post-date\">\n\t\t\t19\/03\/2025\t\t<\/span>\n\t\t\t\t<\/div>\n\t\t\t\t\t<\/div>\n\t\t<\/article>\n\t\t\t\t<article class=\"elementor-post elementor-grid-item post-2291 post type-post status-publish format-standard has-post-thumbnail hentry category-vallsmadella category-hammer-europe category-maquinaria-construccio category-maquinaria-industrial tag-accessoris-hammer-europe tag-boadella-vallsmadella tag-isuzu-girona\" role=\"listitem\">\n\t\t\t<div class=\"elementor-post__card\">\n\t\t\t\t<a class=\"elementor-post__thumbnail__link\" href=\"https:\/\/vallsmadella.com\/es\/accessoris-hammer-europe-productivitat-excavadora\/\" tabindex=\"-1\"><div class=\"elementor-post__thumbnail\"><img loading=\"lazy\" decoding=\"async\" width=\"800\" height=\"600\" src=\"https:\/\/vallsmadella.com\/wp-content\/uploads\/2024\/01\/hammer-seriefx-1024x768.png\" class=\"attachment-large size-large wp-image-1556\" alt=\"martells hidr\u00e0ulics\" srcset=\"https:\/\/vallsmadella.com\/wp-content\/uploads\/2024\/01\/hammer-seriefx-1024x768.png 1024w, https:\/\/vallsmadella.com\/wp-content\/uploads\/2024\/01\/hammer-seriefx-300x225.png 300w, https:\/\/vallsmadella.com\/wp-content\/uploads\/2024\/01\/hammer-seriefx-768x576.png 768w, https:\/\/vallsmadella.com\/wp-content\/uploads\/2024\/01\/hammer-seriefx-16x12.png 16w, https:\/\/vallsmadella.com\/wp-content\/uploads\/2024\/01\/hammer-seriefx.png 1200w\" sizes=\"(max-width: 800px) 100vw, 800px\" \/><\/div><\/a>\n\t\t\t\t<div class=\"elementor-post__text\">\n\t\t\t\t<h2 class=\"elementor-post__title\">\n\t\t\t<a href=\"https:\/\/vallsmadella.com\/es\/accessoris-hammer-europe-productivitat-excavadora\/\">\n\t\t\t\tAccesorios Hammer Europe: aumenta la productividad de tu excavadora\t\t\t<\/a>\n\t\t<\/h2>\n\t\t\t\t<div class=\"elementor-post__excerpt\">\n\t\t\t<p>\u00bfQuieres mejorar el rendimiento de tu excavadora? Descubre los mejores accesorios Hammer Europe en Vallsmadella y optimiza tu productividad con herramientas resistentes y eficientes.<\/p>\n\t\t<\/div>\n\t\t\n\t\t<a class=\"elementor-post__read-more\" href=\"https:\/\/vallsmadella.com\/es\/accessoris-hammer-europe-productivitat-excavadora\/\" aria-label=\"M\u00e1s informaci\u00f3n sobre Accesorios Hammer Europe: aumenta la productividad de tu excavadora\" tabindex=\"-1\">\n\t\t\tLeer m\u00e1s \u00bb\t\t<\/a>\n\n\t\t\t\t<\/div>\n\t\t\t\t<div class=\"elementor-post__meta-data\">\n\t\t\t\t\t<span class=\"elementor-post-date\">\n\t\t\t13\/03\/2025\t\t<\/span>\n\t\t\t\t<\/div>\n\t\t\t\t\t<\/div>\n\t\t<\/article>\n\t\t\t\t<article class=\"elementor-post elementor-grid-item post-2285 post type-post status-publish format-standard has-post-thumbnail hentry category-vallsmadella category-maquinaria-agricola tag-boadella-vallsmadella tag-isuzu-girona tag-manteniment-maquinaria tag-maquinaria-agricola\" role=\"listitem\">\n\t\t\t<div class=\"elementor-post__card\">\n\t\t\t\t<a class=\"elementor-post__thumbnail__link\" href=\"https:\/\/vallsmadella.com\/es\/allargar-vida-maquinaria-agricola-consells\/\" tabindex=\"-1\"><div class=\"elementor-post__thumbnail\"><img loading=\"lazy\" decoding=\"async\" width=\"800\" height=\"540\" src=\"https:\/\/vallsmadella.com\/wp-content\/uploads\/2024\/10\/Develon-agricola-1024x691.png\" class=\"attachment-large size-large wp-image-2086\" alt=\"maquin\u00e0ria agr\u00edcola a Girona\" srcset=\"https:\/\/vallsmadella.com\/wp-content\/uploads\/2024\/10\/Develon-agricola-1024x691.png 1024w, https:\/\/vallsmadella.com\/wp-content\/uploads\/2024\/10\/Develon-agricola-300x203.png 300w, https:\/\/vallsmadella.com\/wp-content\/uploads\/2024\/10\/Develon-agricola-768x518.png 768w, https:\/\/vallsmadella.com\/wp-content\/uploads\/2024\/10\/Develon-agricola-1536x1037.png 1536w, https:\/\/vallsmadella.com\/wp-content\/uploads\/2024\/10\/Develon-agricola-18x12.png 18w, https:\/\/vallsmadella.com\/wp-content\/uploads\/2024\/10\/Develon-agricola.png 2000w\" sizes=\"(max-width: 800px) 100vw, 800px\" \/><\/div><\/a>\n\t\t\t\t<div class=\"elementor-post__text\">\n\t\t\t\t<h2 class=\"elementor-post__title\">\n\t\t\t<a href=\"https:\/\/vallsmadella.com\/es\/allargar-vida-maquinaria-agricola-consells\/\">\n\t\t\t\tAlargar la vida \u00fatil de la maquinaria agr\u00edcola: consejos de mantenimiento\t\t\t<\/a>\n\t\t<\/h2>\n\t\t\t\t<div class=\"elementor-post__excerpt\">\n\t\t\t<p>\u00bfQuieres alargar la vida \u00fatil de tu maquinaria agr\u00edcola? En Vallsmadella te ense\u00f1amos los mejores consejos de mantenimiento para garantizar el m\u00e1ximo rendimiento y evitar costes innecesarios.<\/p>\n\t\t<\/div>\n\t\t\n\t\t<a class=\"elementor-post__read-more\" href=\"https:\/\/vallsmadella.com\/es\/allargar-vida-maquinaria-agricola-consells\/\" aria-label=\"M\u00e1s informaci\u00f3n sobre Alargar la vida \u00fatil de la maquinaria agr\u00edcola: consejos de mantenimiento\" tabindex=\"-1\">\n\t\t\tLeer m\u00e1s \u00bb\t\t<\/a>\n\n\t\t\t\t<\/div>\n\t\t\t\t<div class=\"elementor-post__meta-data\">\n\t\t\t\t\t<span class=\"elementor-post-date\">\n\t\t\t06\/03\/2025\t\t<\/span>\n\t\t\t\t<\/div>\n\t\t\t\t\t<\/div>\n\t\t<\/article>\n\t\t\t\t<article class=\"elementor-post elementor-grid-item post-2276 post type-post status-publish format-standard has-post-thumbnail hentry category-vallsmadella tag-boadella-vallsmadella tag-isuzu-girona tag-vehicles-industrials tag-vehicles-isuzu\" role=\"listitem\">\n\t\t\t<div class=\"elementor-post__card\">\n\t\t\t\t<a class=\"elementor-post__thumbnail__link\" href=\"https:\/\/vallsmadella.com\/es\/vehicle-industrial-isuzu-alt-emporda-girona\/\" tabindex=\"-1\"><div class=\"elementor-post__thumbnail\"><img loading=\"lazy\" decoding=\"async\" width=\"800\" height=\"800\" src=\"https:\/\/vallsmadella.com\/wp-content\/uploads\/2025\/02\/image05231-1024x1024.jpeg\" class=\"attachment-large size-large wp-image-2282\" alt=\"vehicle industrial Isuzu\" srcset=\"https:\/\/vallsmadella.com\/wp-content\/uploads\/2025\/02\/image05231-1024x1024.jpeg 1024w, https:\/\/vallsmadella.com\/wp-content\/uploads\/2025\/02\/image05231-300x300.jpeg 300w, https:\/\/vallsmadella.com\/wp-content\/uploads\/2025\/02\/image05231-150x150.jpeg 150w, https:\/\/vallsmadella.com\/wp-content\/uploads\/2025\/02\/image05231-768x768.jpeg 768w, https:\/\/vallsmadella.com\/wp-content\/uploads\/2025\/02\/image05231-1536x1536.jpeg 1536w, https:\/\/vallsmadella.com\/wp-content\/uploads\/2025\/02\/image05231-2048x2048.jpeg 2048w, https:\/\/vallsmadella.com\/wp-content\/uploads\/2025\/02\/image05231-12x12.jpeg 12w\" sizes=\"(max-width: 800px) 100vw, 800px\" \/><\/div><\/a>\n\t\t\t\t<div class=\"elementor-post__text\">\n\t\t\t\t<h2 class=\"elementor-post__title\">\n\t\t\t<a href=\"https:\/\/vallsmadella.com\/es\/vehicle-industrial-isuzu-alt-emporda-girona\/\">\n\t\t\t\tC\u00f3mo elegir el mejor veh\u00edculo industrial Isuzu en el Alt Empord\u00e0\t\t\t<\/a>\n\t\t<\/h2>\n\t\t\t\t<div class=\"elementor-post__excerpt\">\n\t\t\t<p>\u00bfBuscas el mejor veh\u00edculo industrial Isuzu para tu negocio en el Alt Empord\u00e0? En Vallsmadella te ayudamos a elegir el modelo perfecto con asesoramiento experto y servicio de postventa de calidad.<\/p>\n\t\t<\/div>\n\t\t\n\t\t<a class=\"elementor-post__read-more\" href=\"https:\/\/vallsmadella.com\/es\/vehicle-industrial-isuzu-alt-emporda-girona\/\" aria-label=\"M\u00e1s informaci\u00f3n sobre C\u00f3mo elegir el mejor veh\u00edculo industrial Isuzu en el Alt Empord\u00e0\" tabindex=\"-1\">\n\t\t\tLeer m\u00e1s \u00bb\t\t<\/a>\n\n\t\t\t\t<\/div>\n\t\t\t\t<div class=\"elementor-post__meta-data\">\n\t\t\t\t\t<span class=\"elementor-post-date\">\n\t\t\t26\/02\/2025\t\t<\/span>\n\t\t\t\t<\/div>\n\t\t\t\t\t<\/div>\n\t\t<\/article>\n\t\t\t\t<article class=\"elementor-post elementor-grid-item post-2267 post type-post status-publish format-standard has-post-thumbnail hentry category-vallsmadella category-develon category-hammer-europe tag-boadella-vallsmadella tag-maquinaria-a-girona tag-recanvis-develon tag-recanvis-hammer-europe tag-recanvis-maquinaria tag-servei-tecnic\" role=\"listitem\">\n\t\t\t<div class=\"elementor-post__card\">\n\t\t\t\t<a class=\"elementor-post__thumbnail__link\" href=\"https:\/\/vallsmadella.com\/es\/recanvis-develon-hammer-europe-girona\/\" tabindex=\"-1\"><div class=\"elementor-post__thumbnail\"><img loading=\"lazy\" decoding=\"async\" width=\"800\" height=\"800\" src=\"https:\/\/vallsmadella.com\/wp-content\/uploads\/2025\/02\/recanvis-develon-1024x1024.jpg\" class=\"attachment-large size-large wp-image-2273\" alt=\"\" srcset=\"https:\/\/vallsmadella.com\/wp-content\/uploads\/2025\/02\/recanvis-develon-1024x1024.jpg 1024w, https:\/\/vallsmadella.com\/wp-content\/uploads\/2025\/02\/recanvis-develon-300x300.jpg 300w, https:\/\/vallsmadella.com\/wp-content\/uploads\/2025\/02\/recanvis-develon-150x150.jpg 150w, https:\/\/vallsmadella.com\/wp-content\/uploads\/2025\/02\/recanvis-develon-768x768.jpg 768w, https:\/\/vallsmadella.com\/wp-content\/uploads\/2025\/02\/recanvis-develon-1536x1536.jpg 1536w, https:\/\/vallsmadella.com\/wp-content\/uploads\/2025\/02\/recanvis-develon-12x12.jpg 12w, https:\/\/vallsmadella.com\/wp-content\/uploads\/2025\/02\/recanvis-develon.jpg 1608w\" sizes=\"(max-width: 800px) 100vw, 800px\" \/><\/div><\/a>\n\t\t\t\t<div class=\"elementor-post__text\">\n\t\t\t\t<h2 class=\"elementor-post__title\">\n\t\t\t<a href=\"https:\/\/vallsmadella.com\/es\/recanvis-develon-hammer-europe-girona\/\">\n\t\t\t\tRepuestos Develon y Hammer Europe en Girona y cercan\u00edas\t\t\t<\/a>\n\t\t<\/h2>\n\t\t\t\t<div class=\"elementor-post__excerpt\">\n\t\t\t<p>\u00bfNecesitas repuestos Develon o repuestos Hammer Europe en Girona? En Vallsmadella te ofrecemos piezas originales y compatibles de alta calidad para garantizar el mejor rendimiento de tu maquinaria.<\/p>\n\t\t<\/div>\n\t\t\n\t\t<a class=\"elementor-post__read-more\" href=\"https:\/\/vallsmadella.com\/es\/recanvis-develon-hammer-europe-girona\/\" aria-label=\"M\u00e1s informaci\u00f3n sobre Recambios Develon y Hammer Europe en Girona y cercan\u00edas\" tabindex=\"-1\">\n\t\t\tLeer m\u00e1s \u00bb\t\t<\/a>\n\n\t\t\t\t<\/div>\n\t\t\t\t<div class=\"elementor-post__meta-data\">\n\t\t\t\t\t<span class=\"elementor-post-date\">\n\t\t\t21\/02\/2025\t\t<\/span>\n\t\t\t\t<\/div>\n\t\t\t\t\t<\/div>\n\t\t<\/article>\n\t\t\t\t<article class=\"elementor-post elementor-grid-item post-2259 post type-post status-publish format-standard has-post-thumbnail hentry category-vallsmadella category-maquinaria-agricola tag-boadella-vallsmadella tag-maquinaria-a-girona tag-maquinaria-agricola tag-servei-tecnic\" role=\"listitem\">\n\t\t\t<div class=\"elementor-post__card\">\n\t\t\t\t<a class=\"elementor-post__thumbnail__link\" href=\"https:\/\/vallsmadella.com\/es\/servei-tecnic-maquinaria-agricola-a-girona\/\" tabindex=\"-1\"><div class=\"elementor-post__thumbnail\"><img loading=\"lazy\" decoding=\"async\" width=\"768\" height=\"543\" src=\"https:\/\/vallsmadella.com\/wp-content\/uploads\/2025\/02\/Manitou-agricola.png\" class=\"attachment-large size-large wp-image-2265\" alt=\"\" srcset=\"https:\/\/vallsmadella.com\/wp-content\/uploads\/2025\/02\/Manitou-agricola.png 768w, https:\/\/vallsmadella.com\/wp-content\/uploads\/2025\/02\/Manitou-agricola-300x212.png 300w, https:\/\/vallsmadella.com\/wp-content\/uploads\/2025\/02\/Manitou-agricola-18x12.png 18w\" sizes=\"(max-width: 768px) 100vw, 768px\" \/><\/div><\/a>\n\t\t\t\t<div class=\"elementor-post__text\">\n\t\t\t\t<h2 class=\"elementor-post__title\">\n\t\t\t<a href=\"https:\/\/vallsmadella.com\/es\/servei-tecnic-maquinaria-agricola-a-girona\/\">\n\t\t\t\tServicio t\u00e9cnico de maquinaria agr\u00edcola en Girona\t\t\t<\/a>\n\t\t<\/h2>\n\t\t\t\t<div class=\"elementor-post__excerpt\">\n\t\t\t<p>\u00bfNecesitas mantener tu maquinaria agr\u00edcola en Girona en perfectas condiciones? En Vallsmadella ofrecemos servicio t\u00e9cnico especializado con mantenimiento preventivo, reparaciones y repuestos originales para garantizar la m\u00e1xima eficiencia.<\/p>\n\t\t<\/div>\n\t\t\n\t\t<a class=\"elementor-post__read-more\" href=\"https:\/\/vallsmadella.com\/es\/servei-tecnic-maquinaria-agricola-a-girona\/\" aria-label=\"M\u00e1s informaci\u00f3n sobre Servicio t\u00e9cnico de maquinaria agr\u00edcola en Girona\" tabindex=\"-1\">\n\t\t\tLeer m\u00e1s \u00bb\t\t<\/a>\n\n\t\t\t\t<\/div>\n\t\t\t\t<div class=\"elementor-post__meta-data\">\n\t\t\t\t\t<span class=\"elementor-post-date\">\n\t\t\t17\/02\/2025\t\t<\/span>\n\t\t\t\t<\/div>\n\t\t\t\t\t<\/div>\n\t\t<\/article>\n\t\t\t\t<article class=\"elementor-post elementor-grid-item post-2251 post type-post status-publish format-standard has-post-thumbnail hentry category-vallsmadella category-noblelift tag-boadella-vallsmadella tag-logistica-magatzems tag-magatzems-a-girona tag-maquinaria-a-girona tag-noblelift tag-obres-a-la-costa-brava\" role=\"listitem\">\n\t\t\t<div class=\"elementor-post__card\">\n\t\t\t\t<a class=\"elementor-post__thumbnail__link\" href=\"https:\/\/vallsmadella.com\/es\/noblelift-logistica-magatzems-a-girona\/\" tabindex=\"-1\"><div class=\"elementor-post__thumbnail\"><img loading=\"lazy\" decoding=\"async\" width=\"432\" height=\"427\" src=\"https:\/\/vallsmadella.com\/wp-content\/uploads\/2025\/02\/magatzems-a-girona.jpg\" class=\"attachment-large size-large wp-image-2256\" alt=\"\" srcset=\"https:\/\/vallsmadella.com\/wp-content\/uploads\/2025\/02\/magatzems-a-girona.jpg 432w, https:\/\/vallsmadella.com\/wp-content\/uploads\/2025\/02\/magatzems-a-girona-300x297.jpg 300w, https:\/\/vallsmadella.com\/wp-content\/uploads\/2025\/02\/magatzems-a-girona-12x12.jpg 12w\" sizes=\"(max-width: 432px) 100vw, 432px\" \/><\/div><\/a>\n\t\t\t\t<div class=\"elementor-post__text\">\n\t\t\t\t<h2 class=\"elementor-post__title\">\n\t\t\t<a href=\"https:\/\/vallsmadella.com\/es\/noblelift-logistica-magatzems-a-girona\/\">\n\t\t\t\tNoblelift: la mejor opci\u00f3n para la log\u00edstica de almacenes en Girona\t\t\t<\/a>\n\t\t<\/h2>\n\t\t\t\t<div class=\"elementor-post__excerpt\">\n\t\t\t<p>\u00bfQuieres mejorar la log\u00edstica de tus almacenes en Girona? Descubre c\u00f3mo Noblelift y Vallsmadella te ofrecen soluciones eficientes, fiables y adaptadas a tus necesidades log\u00edsticas. \u00a1Lee el art\u00edculo para saber m\u00e1s!<\/p>\n\t\t<\/div>\n\t\t\n\t\t<a class=\"elementor-post__read-more\" href=\"https:\/\/vallsmadella.com\/es\/noblelift-logistica-magatzems-a-girona\/\" aria-label=\"M\u00e1s informaci\u00f3n sobre Noblelift: la mejor opci\u00f3n para la log\u00edstica de almacenes en Girona\" tabindex=\"-1\">\n\t\t\tLeer m\u00e1s \u00bb\t\t<\/a>\n\n\t\t\t\t<\/div>\n\t\t\t\t<div class=\"elementor-post__meta-data\">\n\t\t\t\t\t<span class=\"elementor-post-date\">\n\t\t\t12\/02\/2025\t\t<\/span>\n\t\t\t\t<\/div>\n\t\t\t\t\t<\/div>\n\t\t<\/article>\n\t\t\t\t<article class=\"elementor-post elementor-grid-item post-2243 post type-post status-publish format-standard has-post-thumbnail hentry category-vallsmadella category-ammann category-maquinaria-construccio tag-boadella-vallsmadella tag-excavadores-ammann tag-maquinaria-a-girona tag-obres-a-girona tag-obres-a-la-costa-brava\" role=\"listitem\">\n\t\t\t<div class=\"elementor-post__card\">\n\t\t\t\t<a class=\"elementor-post__thumbnail__link\" href=\"https:\/\/vallsmadella.com\/es\/excavadores-ammann-obres-a-girona-costa-brava\/\" tabindex=\"-1\"><div class=\"elementor-post__thumbnail\"><img loading=\"lazy\" decoding=\"async\" width=\"545\" height=\"367\" src=\"https:\/\/vallsmadella.com\/wp-content\/uploads\/2022\/03\/ammann-img-02.jpg\" class=\"attachment-large size-large wp-image-190\" alt=\"\" srcset=\"https:\/\/vallsmadella.com\/wp-content\/uploads\/2022\/03\/ammann-img-02.jpg 545w, https:\/\/vallsmadella.com\/wp-content\/uploads\/2022\/03\/ammann-img-02-300x202.jpg 300w\" sizes=\"(max-width: 545px) 100vw, 545px\" \/><\/div><\/a>\n\t\t\t\t<div class=\"elementor-post__text\">\n\t\t\t\t<h2 class=\"elementor-post__title\">\n\t\t\t<a href=\"https:\/\/vallsmadella.com\/es\/excavadores-ammann-obres-a-girona-costa-brava\/\">\n\t\t\t\tExcavadoras Ammann para obras en Girona y la Costa Brava\t\t\t<\/a>\n\t\t<\/h2>\n\t\t\t\t<div class=\"elementor-post__excerpt\">\n\t\t\t<p>Las excavadoras Ammann son una soluci\u00f3n muy buena para tus obras en Girona y la Costa Brava. Confiabilidad, eficiencia y adaptabilidad para garantizar resultados \u00f3ptimos en cualquier terreno. \u00a1En Vallsmadella te ayudamos a encontrar el modelo perfecto!<\/p>\n\t\t<\/div>\n\t\t\n\t\t<a class=\"elementor-post__read-more\" href=\"https:\/\/vallsmadella.com\/es\/excavadores-ammann-obres-a-girona-costa-brava\/\" aria-label=\"M\u00e1s informaci\u00f3n sobre Excavadoras Ammann para obras en Girona y la Costa Brava\" tabindex=\"-1\">\n\t\t\tLeer m\u00e1s \u00bb\t\t<\/a>\n\n\t\t\t\t<\/div>\n\t\t\t\t<div class=\"elementor-post__meta-data\">\n\t\t\t\t\t<span class=\"elementor-post-date\">\n\t\t\t04\/02\/2025\t\t<\/span>\n\t\t\t\t<\/div>\n\t\t\t\t\t<\/div>\n\t\t<\/article>\n\t\t\t\t<article class=\"elementor-post elementor-grid-item post-2236 post type-post status-publish format-standard has-post-thumbnail hentry category-vallsmadella tag-boadella-vallsmadella tag-maquinaria-a-girona tag-reparacio-de-maquinaria\" role=\"listitem\">\n\t\t\t<div class=\"elementor-post__card\">\n\t\t\t\t<a class=\"elementor-post__thumbnail__link\" href=\"https:\/\/vallsmadella.com\/es\/reparacio-de-maquinaria-a-girona\/\" tabindex=\"-1\"><div class=\"elementor-post__thumbnail\"><img loading=\"lazy\" decoding=\"async\" width=\"800\" height=\"379\" src=\"https:\/\/vallsmadella.com\/wp-content\/uploads\/2023\/09\/DX62R_3_6-1024x485.jpg\" class=\"attachment-large size-large wp-image-1307\" alt=\"\" srcset=\"https:\/\/vallsmadella.com\/wp-content\/uploads\/2023\/09\/DX62R_3_6-1024x485.jpg 1024w, https:\/\/vallsmadella.com\/wp-content\/uploads\/2023\/09\/DX62R_3_6-300x142.jpg 300w, https:\/\/vallsmadella.com\/wp-content\/uploads\/2023\/09\/DX62R_3_6-768x363.jpg 768w, https:\/\/vallsmadella.com\/wp-content\/uploads\/2023\/09\/DX62R_3_6-1536x727.jpg 1536w, https:\/\/vallsmadella.com\/wp-content\/uploads\/2023\/09\/DX62R_3_6.jpg 2016w\" sizes=\"(max-width: 800px) 100vw, 800px\" \/><\/div><\/a>\n\t\t\t\t<div class=\"elementor-post__text\">\n\t\t\t\t<h2 class=\"elementor-post__title\">\n\t\t\t<a href=\"https:\/\/vallsmadella.com\/es\/reparacio-de-maquinaria-a-girona\/\">\n\t\t\t\tReparaci\u00f3n de maquinaria en Girona: servicio t\u00e9cnico para equipos industriales y agr\u00edcolas\t\t\t<\/a>\n\t\t<\/h2>\n\t\t\t\t<div class=\"elementor-post__excerpt\">\n\t\t\t<p>\u00bfNecesitas un servicio de reparaci\u00f3n de maquinaria en Girona? En Vallsmadella te ofrecemos soluciones r\u00e1pidas y eficientes para equipos industriales y agr\u00edcolas, con t\u00e9cnicos especializados y repuestos de calidad. Recupera la productividad de tu negocio con nuestro servicio t\u00e9cnico de confianza.<\/p>\n\t\t<\/div>\n\t\t\n\t\t<a class=\"elementor-post__read-more\" href=\"https:\/\/vallsmadella.com\/es\/reparacio-de-maquinaria-a-girona\/\" aria-label=\"M\u00e1s informaci\u00f3n sobre Reparaci\u00f3n de maquinaria en Girona: servicio t\u00e9cnico para equipos industriales y agr\u00edcolas\" tabindex=\"-1\">\n\t\t\tLeer m\u00e1s \u00bb\t\t<\/a>\n\n\t\t\t\t<\/div>\n\t\t\t\t<div class=\"elementor-post__meta-data\">\n\t\t\t\t\t<span class=\"elementor-post-date\">\n\t\t\t31\/01\/2025\t\t<\/span>\n\t\t\t\t<\/div>\n\t\t\t\t\t<\/div>\n\t\t<\/article>\n\t\t\t\t<article class=\"elementor-post elementor-grid-item post-2228 post type-post status-publish format-standard has-post-thumbnail hentry category-vallsmadella category-dagartech category-solucio-energetica tag-boadella-vallsmadella tag-grups-electrogens tag-maquinaria-a-girona\" role=\"listitem\">\n\t\t\t<div class=\"elementor-post__card\">\n\t\t\t\t<a class=\"elementor-post__thumbnail__link\" href=\"https:\/\/vallsmadella.com\/es\/grups-electrogens-figueres-rodalies-dagartech\/\" tabindex=\"-1\"><div class=\"elementor-post__thumbnail\"><img loading=\"lazy\" decoding=\"async\" width=\"750\" height=\"500\" src=\"https:\/\/vallsmadella.com\/wp-content\/uploads\/2024\/06\/Dagartech_Gama-Rental-BK-EU5.png\" class=\"attachment-large size-large wp-image-1933\" alt=\"grups electr\u00f2gens\" srcset=\"https:\/\/vallsmadella.com\/wp-content\/uploads\/2024\/06\/Dagartech_Gama-Rental-BK-EU5.png 750w, https:\/\/vallsmadella.com\/wp-content\/uploads\/2024\/06\/Dagartech_Gama-Rental-BK-EU5-300x200.png 300w, https:\/\/vallsmadella.com\/wp-content\/uploads\/2024\/06\/Dagartech_Gama-Rental-BK-EU5-18x12.png 18w\" sizes=\"(max-width: 750px) 100vw, 750px\" \/><\/div><\/a>\n\t\t\t\t<div class=\"elementor-post__text\">\n\t\t\t\t<h2 class=\"elementor-post__title\">\n\t\t\t<a href=\"https:\/\/vallsmadella.com\/es\/grups-electrogens-figueres-rodalies-dagartech\/\">\n\t\t\t\tGrupos electr\u00f3genos en Figueres y cercan\u00edas con Dagartech\t\t\t<\/a>\n\t\t<\/h2>\n\t\t\t\t<div class=\"elementor-post__excerpt\">\n\t\t\t<p>\u00bfNecesitas grupos electr\u00f3genos en Figueres o cercan\u00edas? Descubre la calidad y la fiabilidad de Dagartech con Vallsmadella. Energ\u00eda asegurada para proyectos industriales, eventos o emergencias, para que est\u00e9s siempre preparado. <\/p>\n\t\t<\/div>\n\t\t\n\t\t<a class=\"elementor-post__read-more\" href=\"https:\/\/vallsmadella.com\/es\/grups-electrogens-figueres-rodalies-dagartech\/\" aria-label=\"M\u00e1s informaci\u00f3n sobre Grupos electr\u00f3genos en Figueres y cercan\u00edas con Dagartech\" tabindex=\"-1\">\n\t\t\tLeer m\u00e1s \u00bb\t\t<\/a>\n\n\t\t\t\t<\/div>\n\t\t\t\t<div class=\"elementor-post__meta-data\">\n\t\t\t\t\t<span class=\"elementor-post-date\">\n\t\t\t27\/01\/2025\t\t<\/span>\n\t\t\t\t<\/div>\n\t\t\t\t\t<\/div>\n\t\t<\/article>\n\t\t\t\t<article class=\"elementor-post elementor-grid-item post-2221 post type-post status-publish format-standard has-post-thumbnail hentry category-vallsmadella category-maquinaria-agricola tag-boadella-vallsmadella tag-maquinaria-a-girona tag-maquinaria-agricola\" role=\"listitem\">\n\t\t\t<div class=\"elementor-post__card\">\n\t\t\t\t<a class=\"elementor-post__thumbnail__link\" href=\"https:\/\/vallsmadella.com\/es\/mantenir-maquinaria-agricola-emporda-consells\/\" tabindex=\"-1\"><div class=\"elementor-post__thumbnail\"><img loading=\"lazy\" decoding=\"async\" width=\"800\" height=\"534\" src=\"https:\/\/vallsmadella.com\/wp-content\/uploads\/2024\/03\/harvesting-combine-field-1024x683.jpg\" class=\"attachment-large size-large wp-image-1651\" alt=\"maquin\u00e0ria agr\u00edcola\" srcset=\"https:\/\/vallsmadella.com\/wp-content\/uploads\/2024\/03\/harvesting-combine-field-1024x683.jpg 1024w, https:\/\/vallsmadella.com\/wp-content\/uploads\/2024\/03\/harvesting-combine-field-300x200.jpg 300w, https:\/\/vallsmadella.com\/wp-content\/uploads\/2024\/03\/harvesting-combine-field-768x512.jpg 768w, https:\/\/vallsmadella.com\/wp-content\/uploads\/2024\/03\/harvesting-combine-field-1536x1024.jpg 1536w, https:\/\/vallsmadella.com\/wp-content\/uploads\/2024\/03\/harvesting-combine-field-2048x1365.jpg 2048w, https:\/\/vallsmadella.com\/wp-content\/uploads\/2024\/03\/harvesting-combine-field-18x12.jpg 18w\" sizes=\"(max-width: 800px) 100vw, 800px\" \/><\/div><\/a>\n\t\t\t\t<div class=\"elementor-post__text\">\n\t\t\t\t<h2 class=\"elementor-post__title\">\n\t\t\t<a href=\"https:\/\/vallsmadella.com\/es\/mantenir-maquinaria-agricola-emporda-consells\/\">\n\t\t\t\tC\u00f3mo mantener tu maquinaria agr\u00edcola en el Empord\u00e0: consejos clave para 2025\t\t\t<\/a>\n\t\t<\/h2>\n\t\t\t\t<div class=\"elementor-post__excerpt\">\n\t\t\t<p>\u00bfQuieres que tu maquinaria agr\u00edcola est\u00e9 siempre en \u00f3ptimas condiciones? Descubre los consejos clave de Vallsmadella para garantizar el m\u00e1ximo rendimiento de tus equipos agr\u00edcolas en 2025.<\/p>\n\t\t<\/div>\n\t\t\n\t\t<a class=\"elementor-post__read-more\" href=\"https:\/\/vallsmadella.com\/es\/mantenir-maquinaria-agricola-emporda-consells\/\" aria-label=\"M\u00e1s informaci\u00f3n sobre C\u00f3mo mantener tu maquinaria agr\u00edcola en el Empord\u00e0: consejos clave para 2025\" tabindex=\"-1\">\n\t\t\tLeer m\u00e1s \u00bb\t\t<\/a>\n\n\t\t\t\t<\/div>\n\t\t\t\t<div class=\"elementor-post__meta-data\">\n\t\t\t\t\t<span class=\"elementor-post-date\">\n\t\t\t22\/01\/2025\t\t<\/span>\n\t\t\t\t<\/div>\n\t\t\t\t\t<\/div>\n\t\t<\/article>\n\t\t\t\t<article class=\"elementor-post elementor-grid-item post-2213 post type-post status-publish format-standard has-post-thumbnail hentry category-vallsmadella category-manitou category-maquinaria-agricola category-maquinaria-construccio tag-boadella-vallsmadella tag-eines-a-girona tag-maquinaria-a-girona tag-maquinaria-docasio\" role=\"listitem\">\n\t\t\t<div class=\"elementor-post__card\">\n\t\t\t\t<a class=\"elementor-post__thumbnail__link\" href=\"https:\/\/vallsmadella.com\/es\/venda-maquinaria-industrial-docasio-a-girona\/\" tabindex=\"-1\"><div class=\"elementor-post__thumbnail\"><img loading=\"lazy\" decoding=\"async\" width=\"800\" height=\"379\" src=\"https:\/\/vallsmadella.com\/wp-content\/uploads\/2023\/09\/DX27_canopy_1-1024x485.jpg\" class=\"attachment-large size-large wp-image-1288\" alt=\"\" srcset=\"https:\/\/vallsmadella.com\/wp-content\/uploads\/2023\/09\/DX27_canopy_1-1024x485.jpg 1024w, https:\/\/vallsmadella.com\/wp-content\/uploads\/2023\/09\/DX27_canopy_1-300x142.jpg 300w, https:\/\/vallsmadella.com\/wp-content\/uploads\/2023\/09\/DX27_canopy_1-768x364.jpg 768w, https:\/\/vallsmadella.com\/wp-content\/uploads\/2023\/09\/DX27_canopy_1-1536x728.jpg 1536w, https:\/\/vallsmadella.com\/wp-content\/uploads\/2023\/09\/DX27_canopy_1-2048x971.jpg 2048w\" sizes=\"(max-width: 800px) 100vw, 800px\" \/><\/div><\/a>\n\t\t\t\t<div class=\"elementor-post__text\">\n\t\t\t\t<h2 class=\"elementor-post__title\">\n\t\t\t<a href=\"https:\/\/vallsmadella.com\/es\/venda-maquinaria-industrial-docasio-a-girona\/\">\n\t\t\t\tVenta de maquinaria industrial de ocasi\u00f3n en Girona\t\t\t<\/a>\n\t\t<\/h2>\n\t\t\t\t<div class=\"elementor-post__excerpt\">\n\t\t\t<p>Encuentra las mejores opciones en maquinaria industrial de ocasi\u00f3n en Girona con Vallsmadella. Descubre equipos revisados, fiables y adaptados a las necesidades de tu negocio, con la atenci\u00f3n personalizada que mereces.<\/p>\n\t\t<\/div>\n\t\t\n\t\t<a class=\"elementor-post__read-more\" href=\"https:\/\/vallsmadella.com\/es\/venda-maquinaria-industrial-docasio-a-girona\/\" aria-label=\"M\u00e1s informaci\u00f3n sobre Venta de maquinaria industrial de ocasi\u00f3n en Girona\" tabindex=\"-1\">\n\t\t\tLeer m\u00e1s \u00bb\t\t<\/a>\n\n\t\t\t\t<\/div>\n\t\t\t\t<div class=\"elementor-post__meta-data\">\n\t\t\t\t\t<span class=\"elementor-post-date\">\n\t\t\t14\/01\/2025\t\t<\/span>\n\t\t\t\t<\/div>\n\t\t\t\t\t<\/div>\n\t\t<\/article>\n\t\t\t\t<article class=\"elementor-post elementor-grid-item post-2204 post type-post status-publish format-standard has-post-thumbnail hentry category-vallsmadella category-manitou category-maquinaria-agricola category-maquinaria-construccio tag-boadella-vallsmadella tag-eines-a-girona tag-manitou-a-girona tag-maquinaria-a-girona\" role=\"listitem\">\n\t\t\t<div class=\"elementor-post__card\">\n\t\t\t\t<a class=\"elementor-post__thumbnail__link\" href=\"https:\/\/vallsmadella.com\/es\/manitou-a-girona-construccio-agricultura\/\" tabindex=\"-1\"><div class=\"elementor-post__thumbnail\"><img loading=\"lazy\" decoding=\"async\" width=\"731\" height=\"551\" src=\"https:\/\/vallsmadella.com\/wp-content\/uploads\/2022\/03\/banner-hero-marques-03.jpg\" class=\"attachment-large size-large wp-image-387\" alt=\"maquin\u00e0ria agr\u00edcola a Girona\" srcset=\"https:\/\/vallsmadella.com\/wp-content\/uploads\/2022\/03\/banner-hero-marques-03.jpg 731w, https:\/\/vallsmadella.com\/wp-content\/uploads\/2022\/03\/banner-hero-marques-03-300x226.jpg 300w\" sizes=\"(max-width: 731px) 100vw, 731px\" \/><\/div><\/a>\n\t\t\t\t<div class=\"elementor-post__text\">\n\t\t\t\t<h2 class=\"elementor-post__title\">\n\t\t\t<a href=\"https:\/\/vallsmadella.com\/es\/manitou-a-girona-construccio-agricultura\/\">\n\t\t\t\tManitou en Girona: la mejor maquinaria para la construcci\u00f3n y la agricultura\t\t\t<\/a>\n\t\t<\/h2>\n\t\t\t\t<div class=\"elementor-post__excerpt\">\n\t\t\t<p>Descubre por qu\u00e9 Manitou en Girona es la mejor opci\u00f3n de maquinaria para la construcci\u00f3n y la agricultura. En Vallsmadella, te ofrecemos equipos duraderos, eficientes y adaptados a tus necesidades. Conf\u00eda en nuestros expertos en encontrar la soluci\u00f3n perfecta para tu proyecto.<\/p>\n\t\t<\/div>\n\t\t\n\t\t<a class=\"elementor-post__read-more\" href=\"https:\/\/vallsmadella.com\/es\/manitou-a-girona-construccio-agricultura\/\" aria-label=\"M\u00e1s informaci\u00f3n sobre Manitou en Girona: la mejor maquinaria para la construcci\u00f3n y la agricultura\" tabindex=\"-1\">\n\t\t\tLeer m\u00e1s \u00bb\t\t<\/a>\n\n\t\t\t\t<\/div>\n\t\t\t\t<div class=\"elementor-post__meta-data\">\n\t\t\t\t\t<span class=\"elementor-post-date\">\n\t\t\t07\/01\/2025\t\t<\/span>\n\t\t\t\t<\/div>\n\t\t\t\t\t<\/div>\n\t\t<\/article>\n\t\t\t\t<article class=\"elementor-post elementor-grid-item post-2194 post type-post status-publish format-standard has-post-thumbnail hentry category-vallsmadella tag-boadella-vallsmadella tag-eines-a-girona tag-maquinaria-a-girona\" role=\"listitem\">\n\t\t\t<div class=\"elementor-post__card\">\n\t\t\t\t<a class=\"elementor-post__thumbnail__link\" href=\"https:\/\/vallsmadella.com\/es\/vallsmadella-girona-treballem-projectes-2025\/\" tabindex=\"-1\"><div class=\"elementor-post__thumbnail\"><img loading=\"lazy\" decoding=\"async\" width=\"800\" height=\"800\" src=\"https:\/\/vallsmadella.com\/wp-content\/uploads\/2024\/12\/Boadella-Nadal-2024-WhatsApp-1024x1024.jpg\" class=\"attachment-large size-large wp-image-2200\" alt=\"\" srcset=\"https:\/\/vallsmadella.com\/wp-content\/uploads\/2024\/12\/Boadella-Nadal-2024-WhatsApp-1024x1024.jpg 1024w, https:\/\/vallsmadella.com\/wp-content\/uploads\/2024\/12\/Boadella-Nadal-2024-WhatsApp-300x300.jpg 300w, https:\/\/vallsmadella.com\/wp-content\/uploads\/2024\/12\/Boadella-Nadal-2024-WhatsApp-150x150.jpg 150w, https:\/\/vallsmadella.com\/wp-content\/uploads\/2024\/12\/Boadella-Nadal-2024-WhatsApp-768x768.jpg 768w, https:\/\/vallsmadella.com\/wp-content\/uploads\/2024\/12\/Boadella-Nadal-2024-WhatsApp-1536x1536.jpg 1536w, https:\/\/vallsmadella.com\/wp-content\/uploads\/2024\/12\/Boadella-Nadal-2024-WhatsApp-2048x2048.jpg 2048w, https:\/\/vallsmadella.com\/wp-content\/uploads\/2024\/12\/Boadella-Nadal-2024-WhatsApp-12x12.jpg 12w\" sizes=\"(max-width: 800px) 100vw, 800px\" \/><\/div><\/a>\n\t\t\t\t<div class=\"elementor-post__text\">\n\t\t\t\t<h2 class=\"elementor-post__title\">\n\t\t\t<a href=\"https:\/\/vallsmadella.com\/es\/vallsmadella-girona-treballem-projectes-2025\/\">\n\t\t\t\tAcabamos el 2024, y en Vallsmadella ya pensamos en tus proyectos del 2025\t\t\t<\/a>\n\t\t<\/h2>\n\t\t\t\t<div class=\"elementor-post__excerpt\">\n\t\t\t<p>Acabamos en 2024, y en Vallsmadella ya pensamos en tus proyectos en 2025: este a\u00f1o ha estado lleno de proyectos y nuevas oportunidades. En Vallsmadella, continuaremos trabajando para ofrecerte maquinaria de \u00faltima generaci\u00f3n y un servicio cercano y personalizado. Con marcas como Manitou, Hammer Europe o GEHL, estamos preparados para apoyar tus proyectos de construcci\u00f3n, industria y agricultura durante el 2025. \u00a1Conf\u00eda en nosotros para alcanzar tus objetivos con \u00e9xito!<\/p>\n\t\t<\/div>\n\t\t\n\t\t<a class=\"elementor-post__read-more\" href=\"https:\/\/vallsmadella.com\/es\/vallsmadella-girona-treballem-projectes-2025\/\" aria-label=\"M\u00e1s informaci\u00f3n sobre Acabamos el 2024, y en Vallsmadella ya pensamos en tus proyectos del 2025\" tabindex=\"-1\">\n\t\t\tLeer m\u00e1s \u00bb\t\t<\/a>\n\n\t\t\t\t<\/div>\n\t\t\t\t<div class=\"elementor-post__meta-data\">\n\t\t\t\t\t<span class=\"elementor-post-date\">\n\t\t\t31\/12\/2024\t\t<\/span>\n\t\t\t\t<\/div>\n\t\t\t\t\t<\/div>\n\t\t<\/article>\n\t\t\t\t<article class=\"elementor-post elementor-grid-item post-2186 post type-post status-publish format-standard has-post-thumbnail hentry category-vallsmadella category-maquinaria-agricola tag-boadella-vallsmadella tag-eines-a-girona tag-eines-agricoles tag-maquinaria-agricola tag-telescopics-per-a-us-agricola\" role=\"listitem\">\n\t\t\t<div class=\"elementor-post__card\">\n\t\t\t\t<a class=\"elementor-post__thumbnail__link\" href=\"https:\/\/vallsmadella.com\/es\/telescopics-per-a-us-agricola-versatilitat\/\" tabindex=\"-1\"><div class=\"elementor-post__thumbnail\"><img loading=\"lazy\" decoding=\"async\" width=\"800\" height=\"534\" src=\"https:\/\/vallsmadella.com\/wp-content\/uploads\/2024\/01\/curso-manitou.jpeg\" class=\"attachment-large size-large wp-image-1536\" alt=\"telesc\u00f2pics per a \u00fas agr\u00edcola\" srcset=\"https:\/\/vallsmadella.com\/wp-content\/uploads\/2024\/01\/curso-manitou.jpeg 1024w, https:\/\/vallsmadella.com\/wp-content\/uploads\/2024\/01\/curso-manitou-300x200.jpeg 300w, https:\/\/vallsmadella.com\/wp-content\/uploads\/2024\/01\/curso-manitou-768x512.jpeg 768w, https:\/\/vallsmadella.com\/wp-content\/uploads\/2024\/01\/curso-manitou-18x12.jpeg 18w\" sizes=\"(max-width: 800px) 100vw, 800px\" \/><\/div><\/a>\n\t\t\t\t<div class=\"elementor-post__text\">\n\t\t\t\t<h2 class=\"elementor-post__title\">\n\t\t\t<a href=\"https:\/\/vallsmadella.com\/es\/telescopics-per-a-us-agricola-versatilitat\/\">\n\t\t\t\tTelesc\u00f3picos para uso agr\u00edcola: versatilidad y potencia en el campo\t\t\t<\/a>\n\t\t<\/h2>\n\t\t\t\t<div class=\"elementor-post__excerpt\">\n\t\t\t<p>Los telesc\u00f3picos para uso agr\u00edcola se han convertido en herramientas imprescindibles para optimizar tareas en el campo gracias a su potencia, versatilidad y capacidad para adaptarse a m\u00faltiples necesidades. Este art\u00edculo analiza las principales caracter\u00edsticas de los telesc\u00f3picos, su aplicaci\u00f3n en entornos agr\u00edcolas y por qu\u00e9 son una inversi\u00f3n inteligente para los profesionales del sector.<\/p>\n\t\t<\/div>\n\t\t\n\t\t<a class=\"elementor-post__read-more\" href=\"https:\/\/vallsmadella.com\/es\/telescopics-per-a-us-agricola-versatilitat\/\" aria-label=\"M\u00e1s informaci\u00f3n sobre Telesc\u00f3picos para uso agr\u00edcola: versatilidad y potencia en el campo\" tabindex=\"-1\">\n\t\t\tLeer m\u00e1s \u00bb\t\t<\/a>\n\n\t\t\t\t<\/div>\n\t\t\t\t<div class=\"elementor-post__meta-data\">\n\t\t\t\t\t<span class=\"elementor-post-date\">\n\t\t\t24\/12\/2024\t\t<\/span>\n\t\t\t\t<\/div>\n\t\t\t\t\t<\/div>\n\t\t<\/article>\n\t\t\t\t<article class=\"elementor-post elementor-grid-item post-2179 post type-post status-publish format-standard has-post-thumbnail hentry category-vallsmadella category-hammer-europe category-maquinaria-construccio tag-boadella-vallsmadella tag-construccio-a-girona tag-eines-de-demolicio tag-maquinaria-a-girona\" role=\"listitem\">\n\t\t\t<div class=\"elementor-post__card\">\n\t\t\t\t<a class=\"elementor-post__thumbnail__link\" href=\"https:\/\/vallsmadella.com\/es\/eines-de-demolicio-hammer-europe\/\" tabindex=\"-1\"><div class=\"elementor-post__thumbnail\"><img loading=\"lazy\" decoding=\"async\" width=\"800\" height=\"450\" src=\"https:\/\/vallsmadella.com\/wp-content\/uploads\/2023\/07\/hammer-fx-7-1024x576.jpg\" class=\"attachment-large size-large wp-image-1016\" alt=\"\" srcset=\"https:\/\/vallsmadella.com\/wp-content\/uploads\/2023\/07\/hammer-fx-7-1024x576.jpg 1024w, https:\/\/vallsmadella.com\/wp-content\/uploads\/2023\/07\/hammer-fx-7-300x169.jpg 300w, https:\/\/vallsmadella.com\/wp-content\/uploads\/2023\/07\/hammer-fx-7-768x432.jpg 768w, https:\/\/vallsmadella.com\/wp-content\/uploads\/2023\/07\/hammer-fx-7-1536x864.jpg 1536w, https:\/\/vallsmadella.com\/wp-content\/uploads\/2023\/07\/hammer-fx-7.jpg 1980w\" sizes=\"(max-width: 800px) 100vw, 800px\" \/><\/div><\/a>\n\t\t\t\t<div class=\"elementor-post__text\">\n\t\t\t\t<h2 class=\"elementor-post__title\">\n\t\t\t<a href=\"https:\/\/vallsmadella.com\/es\/eines-de-demolicio-hammer-europe\/\">\n\t\t\t\tExplora la durabilidad y eficacia de las herramientas de demolici\u00f3n Hammer Europe\t\t\t<\/a>\n\t\t<\/h2>\n\t\t\t\t<div class=\"elementor-post__excerpt\">\n\t\t\t<p>Cuando se trata de grandes proyectos de construcci\u00f3n y derribo, las herramientas de demolici\u00f3n Hammer Europe son sin\u00f3nimo de calidad, rendimiento y resistencia. Esta marca, disponible en Vallsmadella, es una referencia en la fabricaci\u00f3n de martillos hidr\u00e1ulicos y otros equipos de derribo, dise\u00f1ados para resistir las condiciones m\u00e1s exigentes y ofrecer resultados excepcionales.<\/p>\n\t\t<\/div>\n\t\t\n\t\t<a class=\"elementor-post__read-more\" href=\"https:\/\/vallsmadella.com\/es\/eines-de-demolicio-hammer-europe\/\" aria-label=\"M\u00e1s informaci\u00f3n sobre Explora la durabilidad y eficacia de las herramientas de demolici\u00f3n Hammer Europe\" tabindex=\"-1\">\n\t\t\tLeer m\u00e1s \u00bb\t\t<\/a>\n\n\t\t\t\t<\/div>\n\t\t\t\t<div class=\"elementor-post__meta-data\">\n\t\t\t\t\t<span class=\"elementor-post-date\">\n\t\t\t20\/12\/2024\t\t<\/span>\n\t\t\t\t<\/div>\n\t\t\t\t\t<\/div>\n\t\t<\/article>\n\t\t\t\t<article class=\"elementor-post elementor-grid-item post-2169 post type-post status-publish format-standard has-post-thumbnail hentry category-vallsmadella category-maquinaria-industrial tag-boadella-vallsmadella tag-construccio-a-girona tag-grup-electrogen tag-maquinaria-a-girona tag-solucio-energetica\" role=\"listitem\">\n\t\t\t<div class=\"elementor-post__card\">\n\t\t\t\t<a class=\"elementor-post__thumbnail__link\" href=\"https:\/\/vallsmadella.com\/es\/com-escollir-grup-electrogen-per-a-construccio\/\" tabindex=\"-1\"><div class=\"elementor-post__thumbnail\"><img loading=\"lazy\" decoding=\"async\" width=\"800\" height=\"803\" src=\"https:\/\/vallsmadella.com\/wp-content\/uploads\/2024\/12\/Diseno-sin-titulo.png\" class=\"attachment-large size-large wp-image-2177\" alt=\"grups electr\u00f2gens\" srcset=\"https:\/\/vallsmadella.com\/wp-content\/uploads\/2024\/12\/Diseno-sin-titulo.png 821w, https:\/\/vallsmadella.com\/wp-content\/uploads\/2024\/12\/Diseno-sin-titulo-300x300.png 300w, https:\/\/vallsmadella.com\/wp-content\/uploads\/2024\/12\/Diseno-sin-titulo-150x150.png 150w, https:\/\/vallsmadella.com\/wp-content\/uploads\/2024\/12\/Diseno-sin-titulo-768x771.png 768w, https:\/\/vallsmadella.com\/wp-content\/uploads\/2024\/12\/Diseno-sin-titulo-12x12.png 12w\" sizes=\"(max-width: 800px) 100vw, 800px\" \/><\/div><\/a>\n\t\t\t\t<div class=\"elementor-post__text\">\n\t\t\t\t<h2 class=\"elementor-post__title\">\n\t\t\t<a href=\"https:\/\/vallsmadella.com\/es\/com-escollir-grup-electrogen-per-a-construccio\/\">\n\t\t\t\tC\u00f3mo elegir un grupo electr\u00f3geno para construcci\u00f3n en Girona\t\t\t<\/a>\n\t\t<\/h2>\n\t\t\t\t<div class=\"elementor-post__excerpt\">\n\t\t\t<p>En los proyectos de construcci\u00f3n, garantizar un suministro de energ\u00eda constante es esencial para evitar interrupciones que puedan retrasar plazos o incrementar costes. Por este motivo, disponer de un grupo electr\u00f3geno para construcci\u00f3n es clave. En este art\u00edculo, analizamos los aspectos m\u00e1s importantes a tener en cuenta a la hora de escoger el grupo electr\u00f3geno perfecto para sus proyectos de construcci\u00f3n.<\/p>\n\t\t<\/div>\n\t\t\n\t\t<a class=\"elementor-post__read-more\" href=\"https:\/\/vallsmadella.com\/es\/com-escollir-grup-electrogen-per-a-construccio\/\" aria-label=\"M\u00e1s informaci\u00f3n sobre C\u00f3mo elegir un grupo electr\u00f3geno para construcci\u00f3n en Girona\" tabindex=\"-1\">\n\t\t\tLeer m\u00e1s \u00bb\t\t<\/a>\n\n\t\t\t\t<\/div>\n\t\t\t\t<div class=\"elementor-post__meta-data\">\n\t\t\t\t\t<span class=\"elementor-post-date\">\n\t\t\t12\/12\/2024\t\t<\/span>\n\t\t\t\t<\/div>\n\t\t\t\t\t<\/div>\n\t\t<\/article>\n\t\t\t\t<article class=\"elementor-post elementor-grid-item post-2158 post type-post status-publish format-standard has-post-thumbnail hentry category-vallsmadella category-maquinaria-industrial tag-boadella-vallsmadella tag-eines-a-girona tag-maquinaria-a-girona tag-rencavis-originals\" role=\"listitem\">\n\t\t\t<div class=\"elementor-post__card\">\n\t\t\t\t<a class=\"elementor-post__thumbnail__link\" href=\"https:\/\/vallsmadella.com\/es\/estalvia-costos-recanvis-originals-a-girona\/\" tabindex=\"-1\"><div class=\"elementor-post__thumbnail\"><img loading=\"lazy\" decoding=\"async\" width=\"683\" height=\"1024\" src=\"https:\/\/vallsmadella.com\/wp-content\/uploads\/2023\/10\/excavadora-pesada-excavar-luz-diurna-683x1024.jpg\" class=\"attachment-large size-large wp-image-1351\" alt=\"equips de construcci\u00f3 a Girona\" srcset=\"https:\/\/vallsmadella.com\/wp-content\/uploads\/2023\/10\/excavadora-pesada-excavar-luz-diurna-683x1024.jpg 683w, https:\/\/vallsmadella.com\/wp-content\/uploads\/2023\/10\/excavadora-pesada-excavar-luz-diurna-200x300.jpg 200w, https:\/\/vallsmadella.com\/wp-content\/uploads\/2023\/10\/excavadora-pesada-excavar-luz-diurna-768x1152.jpg 768w, https:\/\/vallsmadella.com\/wp-content\/uploads\/2023\/10\/excavadora-pesada-excavar-luz-diurna-1024x1536.jpg 1024w, https:\/\/vallsmadella.com\/wp-content\/uploads\/2023\/10\/excavadora-pesada-excavar-luz-diurna-1365x2048.jpg 1365w, https:\/\/vallsmadella.com\/wp-content\/uploads\/2023\/10\/excavadora-pesada-excavar-luz-diurna-8x12.jpg 8w, https:\/\/vallsmadella.com\/wp-content\/uploads\/2023\/10\/excavadora-pesada-excavar-luz-diurna-scaled.jpg 1707w\" sizes=\"(max-width: 683px) 100vw, 683px\" \/><\/div><\/a>\n\t\t\t\t<div class=\"elementor-post__text\">\n\t\t\t\t<h2 class=\"elementor-post__title\">\n\t\t\t<a href=\"https:\/\/vallsmadella.com\/es\/estalvia-costos-recanvis-originals-a-girona\/\">\n\t\t\t\tReduce los costes de mantenimiento con repuestos originales en Girona\t\t\t<\/a>\n\t\t<\/h2>\n\t\t\t\t<div class=\"elementor-post__excerpt\">\n\t\t\t<p>El mantenimiento de la maquinaria industrial y agr\u00edcola es esencial para garantizar su \u00f3ptimo funcionamiento y prolongar su vida \u00fatil. Sin embargo, uno de los gastos m\u00e1s elevados en este proceso puede ser la adquisici\u00f3n de repuestos.<br \/>\nApostar por repuestos originales en Girona no solo asegura un rendimiento \u00f3ptimo, sino que a la larga puede ayudar a reducir los costes asociados a reparaciones e interrupciones no planificadas.<\/p>\n\t\t<\/div>\n\t\t\n\t\t<a class=\"elementor-post__read-more\" href=\"https:\/\/vallsmadella.com\/es\/estalvia-costos-recanvis-originals-a-girona\/\" aria-label=\"M\u00e1s informaci\u00f3n sobre Reduce los costes de mantenimiento con repuestos originales en Girona\" tabindex=\"-1\">\n\t\t\tLeer m\u00e1s \u00bb\t\t<\/a>\n\n\t\t\t\t<\/div>\n\t\t\t\t<div class=\"elementor-post__meta-data\">\n\t\t\t\t\t<span class=\"elementor-post-date\">\n\t\t\t04\/12\/2024\t\t<\/span>\n\t\t\t\t<\/div>\n\t\t\t\t\t<\/div>\n\t\t<\/article>\n\t\t\t\t<article class=\"elementor-post elementor-grid-item post-2148 post type-post status-publish format-standard has-post-thumbnail hentry category-vallsmadella category-maquinaria-agricola category-maquinaria-construccio category-maquinaria-industrial tag-boadella-vallsmadella tag-eines-a-girona tag-maquinaria-agricola-a-girona tag-maquinaria-de-construccio-a-girona tag-maquinaria-industrial-a-girona\" role=\"listitem\">\n\t\t\t<div class=\"elementor-post__card\">\n\t\t\t\t<a class=\"elementor-post__thumbnail__link\" href=\"https:\/\/vallsmadella.com\/es\/maquinaria-industrial-i-agricola-a-girona\/\" tabindex=\"-1\"><div class=\"elementor-post__thumbnail\"><img loading=\"lazy\" decoding=\"async\" width=\"512\" height=\"512\" src=\"https:\/\/vallsmadella.com\/wp-content\/uploads\/2022\/03\/cropped-Favicon-vallsmadella-boadella@300x-8.png\" class=\"attachment-large size-large wp-image-316\" alt=\"\" srcset=\"https:\/\/vallsmadella.com\/wp-content\/uploads\/2022\/03\/cropped-Favicon-vallsmadella-boadella@300x-8.png 512w, https:\/\/vallsmadella.com\/wp-content\/uploads\/2022\/03\/cropped-Favicon-vallsmadella-boadella@300x-8-300x300.png 300w, https:\/\/vallsmadella.com\/wp-content\/uploads\/2022\/03\/cropped-Favicon-vallsmadella-boadella@300x-8-150x150.png 150w, https:\/\/vallsmadella.com\/wp-content\/uploads\/2022\/03\/cropped-Favicon-vallsmadella-boadella@300x-8-270x270.png 270w, https:\/\/vallsmadella.com\/wp-content\/uploads\/2022\/03\/cropped-Favicon-vallsmadella-boadella@300x-8-192x192.png 192w, https:\/\/vallsmadella.com\/wp-content\/uploads\/2022\/03\/cropped-Favicon-vallsmadella-boadella@300x-8-180x180.png 180w, https:\/\/vallsmadella.com\/wp-content\/uploads\/2022\/03\/cropped-Favicon-vallsmadella-boadella@300x-8-32x32.png 32w\" sizes=\"(max-width: 512px) 100vw, 512px\" \/><\/div><\/a>\n\t\t\t\t<div class=\"elementor-post__text\">\n\t\t\t\t<h2 class=\"elementor-post__title\">\n\t\t\t<a href=\"https:\/\/vallsmadella.com\/es\/maquinaria-industrial-i-agricola-a-girona\/\">\n\t\t\t\tVallsmadella: especialistas en maquinaria industrial y agr\u00edcola en Girona\t\t\t<\/a>\n\t\t<\/h2>\n\t\t\t\t<div class=\"elementor-post__excerpt\">\n\t\t\t<p>Cuando se trata de encontrar soluciones en maquinaria industrial y agr\u00edcola en Girona, Vallsmadella es un referente indiscutible. Con a\u00f1os de experiencia en el sector, esta empresa destaca por ofrecer equipos de alta calidad y servicios personalizados que responden a las necesidades espec\u00edficas de cada cliente. <\/p>\n\t\t<\/div>\n\t\t\n\t\t<a class=\"elementor-post__read-more\" href=\"https:\/\/vallsmadella.com\/es\/maquinaria-industrial-i-agricola-a-girona\/\" aria-label=\"M\u00e1s informaci\u00f3n sobre Vallsmadella: especialistas en maquinaria industrial y agr\u00edcola en Girona\" tabindex=\"-1\">\n\t\t\tLeer m\u00e1s \u00bb\t\t<\/a>\n\n\t\t\t\t<\/div>\n\t\t\t\t<div class=\"elementor-post__meta-data\">\n\t\t\t\t\t<span class=\"elementor-post-date\">\n\t\t\t30\/11\/2024\t\t<\/span>\n\t\t\t\t<\/div>\n\t\t\t\t\t<\/div>\n\t\t<\/article>\n\t\t\t\t<article class=\"elementor-post elementor-grid-item post-2142 post type-post status-publish format-standard has-post-thumbnail hentry category-vallsmadella category-hammer-europe category-maquinaria-agricola tag-boadella-vallsmadella tag-eines-a-girona tag-maquinaria-agricola tag-sostenibilitat\" role=\"listitem\">\n\t\t\t<div class=\"elementor-post__card\">\n\t\t\t\t<a class=\"elementor-post__thumbnail__link\" href=\"https:\/\/vallsmadella.com\/es\/innovacions-maquinaria-agricola-a-girona\/\" tabindex=\"-1\"><div class=\"elementor-post__thumbnail\"><img loading=\"lazy\" decoding=\"async\" width=\"731\" height=\"551\" src=\"https:\/\/vallsmadella.com\/wp-content\/uploads\/2022\/03\/banner-hero-marques-03.jpg\" class=\"attachment-large size-large wp-image-387\" alt=\"maquin\u00e0ria agr\u00edcola a Girona\" srcset=\"https:\/\/vallsmadella.com\/wp-content\/uploads\/2022\/03\/banner-hero-marques-03.jpg 731w, https:\/\/vallsmadella.com\/wp-content\/uploads\/2022\/03\/banner-hero-marques-03-300x226.jpg 300w\" sizes=\"(max-width: 731px) 100vw, 731px\" \/><\/div><\/a>\n\t\t\t\t<div class=\"elementor-post__text\">\n\t\t\t\t<h2 class=\"elementor-post__title\">\n\t\t\t<a href=\"https:\/\/vallsmadella.com\/es\/innovacions-maquinaria-agricola-a-girona\/\">\n\t\t\t\tInnovaciones en maquinaria agr\u00edcola en Girona para mejorar la sostenibilidad\t\t\t<\/a>\n\t\t<\/h2>\n\t\t\t\t<div class=\"elementor-post__excerpt\">\n\t\t\t<p>La sostenibilidad se ha convertido en una prioridad en el sector agr\u00edcola, ya que la productividad y el respeto por el medio ambiente son esenciales. Gracias a las innovaciones en maquinaria agr\u00edcola en Girona, hoy es posible obtener resultados eficientes reduciendo el impacto ambiental. A continuaci\u00f3n, descubrimos algunas de las novedades m\u00e1s destacadas y c\u00f3mo pueden transformar el trabajo en el campo.<\/p>\n\t\t<\/div>\n\t\t\n\t\t<a class=\"elementor-post__read-more\" href=\"https:\/\/vallsmadella.com\/es\/innovacions-maquinaria-agricola-a-girona\/\" aria-label=\"M\u00e1s informaci\u00f3n sobre Innovaciones en maquinaria agr\u00edcola en Girona para mejorar la sostenibilidad\" tabindex=\"-1\">\n\t\t\tLeer m\u00e1s \u00bb\t\t<\/a>\n\n\t\t\t\t<\/div>\n\t\t\t\t<div class=\"elementor-post__meta-data\">\n\t\t\t\t\t<span class=\"elementor-post-date\">\n\t\t\t25\/11\/2024\t\t<\/span>\n\t\t\t\t<\/div>\n\t\t\t\t\t<\/div>\n\t\t<\/article>\n\t\t\t\t<article class=\"elementor-post elementor-grid-item post-2130 post type-post status-publish format-standard has-post-thumbnail hentry category-vallsmadella category-hammer-europe category-maquinaria-construccio tag-boadella-vallsmadella tag-eines-a-girona tag-manipulacio-de-materials tag-noblelift tag-noblelift-a-girona\" role=\"listitem\">\n\t\t\t<div class=\"elementor-post__card\">\n\t\t\t\t<a class=\"elementor-post__thumbnail__link\" href=\"https:\/\/vallsmadella.com\/es\/manipulacio-de-materials-a-girona-noblelift\/\" tabindex=\"-1\"><div class=\"elementor-post__thumbnail\"><img loading=\"lazy\" decoding=\"async\" width=\"800\" height=\"800\" src=\"https:\/\/vallsmadella.com\/wp-content\/uploads\/2024\/05\/432758410_18008370911349091_5201783589924778731_n-1024x1024.jpg\" class=\"attachment-large size-large wp-image-1761\" alt=\"\" srcset=\"https:\/\/vallsmadella.com\/wp-content\/uploads\/2024\/05\/432758410_18008370911349091_5201783589924778731_n-1024x1024.jpg 1024w, https:\/\/vallsmadella.com\/wp-content\/uploads\/2024\/05\/432758410_18008370911349091_5201783589924778731_n-300x300.jpg 300w, https:\/\/vallsmadella.com\/wp-content\/uploads\/2024\/05\/432758410_18008370911349091_5201783589924778731_n-150x150.jpg 150w, https:\/\/vallsmadella.com\/wp-content\/uploads\/2024\/05\/432758410_18008370911349091_5201783589924778731_n-768x768.jpg 768w, https:\/\/vallsmadella.com\/wp-content\/uploads\/2024\/05\/432758410_18008370911349091_5201783589924778731_n-12x12.jpg 12w, https:\/\/vallsmadella.com\/wp-content\/uploads\/2024\/05\/432758410_18008370911349091_5201783589924778731_n.jpg 1080w\" sizes=\"(max-width: 800px) 100vw, 800px\" \/><\/div><\/a>\n\t\t\t\t<div class=\"elementor-post__text\">\n\t\t\t\t<h2 class=\"elementor-post__title\">\n\t\t\t<a href=\"https:\/\/vallsmadella.com\/es\/manipulacio-de-materials-a-girona-noblelift\/\">\n\t\t\t\tC\u00f3mo mejorar la manipulaci\u00f3n de materiales en Girona con Noblelift\t\t\t<\/a>\n\t\t<\/h2>\n\t\t\t\t<div class=\"elementor-post__excerpt\">\n\t\t\t<p>La manipulaci\u00f3n de materiales en Girona es un aspecto clave en cualquier proyecto log\u00edstico, industrial o de construcci\u00f3n. Empresas de todos los sectores buscan soluciones eficientes para optimizar procesos y reducir costes. Las carretillas y equipos de manipulaci\u00f3n de materiales Noblelift son reconocidos por su fiabilidad, rendimiento y facilidad de uso. En este art\u00edculo, exploraremos c\u00f3mo pueden transformar el trabajo diario y por qu\u00e9 son una elecci\u00f3n inteligente para los negocios de la zona. <\/p>\n\t\t<\/div>\n\t\t\n\t\t<a class=\"elementor-post__read-more\" href=\"https:\/\/vallsmadella.com\/es\/manipulacio-de-materials-a-girona-noblelift\/\" aria-label=\"M\u00e1s informaci\u00f3n sobre C\u00f3mo mejorar la manipulaci\u00f3n de materiales en Girona con Noblelift\" tabindex=\"-1\">\n\t\t\tLeer m\u00e1s \u00bb\t\t<\/a>\n\n\t\t\t\t<\/div>\n\t\t\t\t<div class=\"elementor-post__meta-data\">\n\t\t\t\t\t<span class=\"elementor-post-date\">\n\t\t\t20\/11\/2024\t\t<\/span>\n\t\t\t\t<\/div>\n\t\t\t\t\t<\/div>\n\t\t<\/article>\n\t\t\t\t<article class=\"elementor-post elementor-grid-item post-2122 post type-post status-publish format-standard has-post-thumbnail hentry category-vallsmadella category-hammer-europe category-maquinaria-construccio tag-boadella-vallsmadella tag-eines-a-girona tag-eines-de-demolicio tag-hammer-europe\" role=\"listitem\">\n\t\t\t<div class=\"elementor-post__card\">\n\t\t\t\t<a class=\"elementor-post__thumbnail__link\" href=\"https:\/\/vallsmadella.com\/es\/eines-de-demolicio-a-girona-consells-millor-opcio\/\" tabindex=\"-1\"><div class=\"elementor-post__thumbnail\"><img loading=\"lazy\" decoding=\"async\" width=\"800\" height=\"600\" src=\"https:\/\/vallsmadella.com\/wp-content\/uploads\/2024\/05\/hammer-serie-fr-1024x768.png\" class=\"attachment-large size-large wp-image-1725\" alt=\"eines de demolici\u00f3\" srcset=\"https:\/\/vallsmadella.com\/wp-content\/uploads\/2024\/05\/hammer-serie-fr-1024x768.png 1024w, https:\/\/vallsmadella.com\/wp-content\/uploads\/2024\/05\/hammer-serie-fr-300x225.png 300w, https:\/\/vallsmadella.com\/wp-content\/uploads\/2024\/05\/hammer-serie-fr-768x576.png 768w, https:\/\/vallsmadella.com\/wp-content\/uploads\/2024\/05\/hammer-serie-fr-16x12.png 16w, https:\/\/vallsmadella.com\/wp-content\/uploads\/2024\/05\/hammer-serie-fr.png 1200w\" sizes=\"(max-width: 800px) 100vw, 800px\" \/><\/div><\/a>\n\t\t\t\t<div class=\"elementor-post__text\">\n\t\t\t\t<h2 class=\"elementor-post__title\">\n\t\t\t<a href=\"https:\/\/vallsmadella.com\/es\/eines-de-demolicio-a-girona-consells-millor-opcio\/\">\n\t\t\t\tHerramientas de demolici\u00f3n en Girona: consejos para seleccionar la mejor opci\u00f3n\t\t\t<\/a>\n\t\t<\/h2>\n\t\t\t\t<div class=\"elementor-post__excerpt\">\n\t\t\t<p>A la hora de afrontar un proyecto de demolici\u00f3n, contar con las herramientas adecuadas es esencial para asegurar la eficiencia y seguridad del trabajo. La demanda de herramientas de demolici\u00f3n en Girona ha aumentado, ya que son indispensables tanto para proyectos profesionales como para reformas dom\u00e9sticas. En este art\u00edculo, te ofrecemos consejos pr\u00e1cticos para elegir la herramienta de demolici\u00f3n que mejor se adapte a tus necesidades.<\/p>\n\t\t<\/div>\n\t\t\n\t\t<a class=\"elementor-post__read-more\" href=\"https:\/\/vallsmadella.com\/es\/eines-de-demolicio-a-girona-consells-millor-opcio\/\" aria-label=\"M\u00e1s informaci\u00f3n sobre Herramientas de demolici\u00f3n en Girona: consejos para seleccionar la mejor opci\u00f3n\" tabindex=\"-1\">\n\t\t\tLeer m\u00e1s \u00bb\t\t<\/a>\n\n\t\t\t\t<\/div>\n\t\t\t\t<div class=\"elementor-post__meta-data\">\n\t\t\t\t\t<span class=\"elementor-post-date\">\n\t\t\t14\/11\/2024\t\t<\/span>\n\t\t\t\t<\/div>\n\t\t\t\t\t<\/div>\n\t\t<\/article>\n\t\t\t\t<article class=\"elementor-post elementor-grid-item post-2114 post type-post status-publish format-standard has-post-thumbnail hentry category-vallsmadella category-maquinaria-agricola category-maquinaria-construccio category-maquinaria-industrial tag-boadella-vallsmadella tag-manteniment tag-optimes-condicions\" role=\"listitem\">\n\t\t\t<div class=\"elementor-post__card\">\n\t\t\t\t<a class=\"elementor-post__thumbnail__link\" href=\"https:\/\/vallsmadella.com\/es\/mantenir-la-teva-maquinaria-en-optimes-condicions\/\" tabindex=\"-1\"><div class=\"elementor-post__thumbnail\"><img loading=\"lazy\" decoding=\"async\" width=\"515\" height=\"299\" src=\"https:\/\/vallsmadella.com\/wp-content\/uploads\/2024\/03\/standart.png\" class=\"attachment-large size-large wp-image-1605\" alt=\"\" srcset=\"https:\/\/vallsmadella.com\/wp-content\/uploads\/2024\/03\/standart.png 515w, https:\/\/vallsmadella.com\/wp-content\/uploads\/2024\/03\/standart-300x174.png 300w, https:\/\/vallsmadella.com\/wp-content\/uploads\/2024\/03\/standart-18x10.png 18w\" sizes=\"(max-width: 515px) 100vw, 515px\" \/><\/div><\/a>\n\t\t\t\t<div class=\"elementor-post__text\">\n\t\t\t\t<h2 class=\"elementor-post__title\">\n\t\t\t<a href=\"https:\/\/vallsmadella.com\/es\/mantenir-la-teva-maquinaria-en-optimes-condicions\/\">\n\t\t\t\tC\u00f3mo mantener tu maquinaria en \u00f3ptimas condiciones todo el a\u00f1o\t\t\t<\/a>\n\t\t<\/h2>\n\t\t\t\t<div class=\"elementor-post__excerpt\">\n\t\t\t<p>Un buen mantenimiento es esencial para garantizar la durabilidad y eficacia de cualquier equipo de trabajo. Una maquinaria cuidada adecuadamente puede evitar aver\u00edas costosas y prolongar su vida \u00fatil, lo que supone un ahorro de tiempo y dinero. Aqu\u00ed te damos algunos consejos b\u00e1sicos para mantener tu maquinaria en \u00f3ptimas condiciones a lo largo de todo el a\u00f1o.<\/p>\n\t\t<\/div>\n\t\t\n\t\t<a class=\"elementor-post__read-more\" href=\"https:\/\/vallsmadella.com\/es\/mantenir-la-teva-maquinaria-en-optimes-condicions\/\" aria-label=\"M\u00e1s informaci\u00f3n sobre C\u00f3mo mantener tu maquinaria en \u00f3ptimas condiciones todo el a\u00f1o\" tabindex=\"-1\">\n\t\t\tLeer m\u00e1s \u00bb\t\t<\/a>\n\n\t\t\t\t<\/div>\n\t\t\t\t<div class=\"elementor-post__meta-data\">\n\t\t\t\t\t<span class=\"elementor-post-date\">\n\t\t\t08\/11\/2024\t\t<\/span>\n\t\t\t\t<\/div>\n\t\t\t\t\t<\/div>\n\t\t<\/article>\n\t\t\t\t<article class=\"elementor-post elementor-grid-item post-2105 post type-post status-publish format-standard has-post-thumbnail hentry category-vallsmadella category-maquinaria-agricola category-maquinaria-construccio category-maquinaria-industrial tag-boadella-vallsmadella tag-comprar-maquinaria-a-girona\" role=\"listitem\">\n\t\t\t<div class=\"elementor-post__card\">\n\t\t\t\t<a class=\"elementor-post__thumbnail__link\" href=\"https:\/\/vallsmadella.com\/es\/avantatges-comprar-maquinaria-a-girona\/\" tabindex=\"-1\"><div class=\"elementor-post__thumbnail\"><img loading=\"lazy\" decoding=\"async\" width=\"800\" height=\"450\" src=\"https:\/\/vallsmadella.com\/wp-content\/uploads\/2023\/12\/35483781_855450391308652_7951902240808108032_n-1024x576.jpg\" class=\"attachment-large size-large wp-image-1473\" alt=\"\" srcset=\"https:\/\/vallsmadella.com\/wp-content\/uploads\/2023\/12\/35483781_855450391308652_7951902240808108032_n-1024x576.jpg 1024w, https:\/\/vallsmadella.com\/wp-content\/uploads\/2023\/12\/35483781_855450391308652_7951902240808108032_n-300x169.jpg 300w, https:\/\/vallsmadella.com\/wp-content\/uploads\/2023\/12\/35483781_855450391308652_7951902240808108032_n-768x432.jpg 768w, https:\/\/vallsmadella.com\/wp-content\/uploads\/2023\/12\/35483781_855450391308652_7951902240808108032_n-1536x864.jpg 1536w, https:\/\/vallsmadella.com\/wp-content\/uploads\/2023\/12\/35483781_855450391308652_7951902240808108032_n-18x10.jpg 18w, https:\/\/vallsmadella.com\/wp-content\/uploads\/2023\/12\/35483781_855450391308652_7951902240808108032_n.jpg 2016w\" sizes=\"(max-width: 800px) 100vw, 800px\" \/><\/div><\/a>\n\t\t\t\t<div class=\"elementor-post__text\">\n\t\t\t\t<h2 class=\"elementor-post__title\">\n\t\t\t<a href=\"https:\/\/vallsmadella.com\/es\/avantatges-comprar-maquinaria-a-girona\/\">\n\t\t\t\tVentajas de comprar maquinaria en Girona en lugar de alquilarla\t\t\t<\/a>\n\t\t<\/h2>\n\t\t\t\t<div class=\"elementor-post__excerpt\">\n\t\t\t<p>Aunque alquilar puede parecer una opci\u00f3n atractiva por su flexibilidad, comprar maquinaria en Girona ofrece beneficios que van m\u00e1s all\u00e1 del ahorro a largo plazo, especialmente para empresas con proyectos constantes o de larga duraci\u00f3n. \u00a1Lee el art\u00edculo para descubrirlo!<\/p>\n\t\t<\/div>\n\t\t\n\t\t<a class=\"elementor-post__read-more\" href=\"https:\/\/vallsmadella.com\/es\/avantatges-comprar-maquinaria-a-girona\/\" aria-label=\"M\u00e1s informaci\u00f3n sobre Ventajas de comprar maquinaria en Girona en lugar de alquilarla\" tabindex=\"-1\">\n\t\t\tLeer m\u00e1s \u00bb\t\t<\/a>\n\n\t\t\t\t<\/div>\n\t\t\t\t<div class=\"elementor-post__meta-data\">\n\t\t\t\t\t<span class=\"elementor-post-date\">\n\t\t\t31\/10\/2024\t\t<\/span>\n\t\t\t\t<\/div>\n\t\t\t\t\t<\/div>\n\t\t<\/article>\n\t\t\t\t<article class=\"elementor-post elementor-grid-item post-2097 post type-post status-publish format-standard has-post-thumbnail hentry category-vallsmadella category-manitou category-maquinaria-agricola category-maquinaria-construccio tag-boadella-vallsmadella tag-manipulador-telescopic tag-manitou\" role=\"listitem\">\n\t\t\t<div class=\"elementor-post__card\">\n\t\t\t\t<a class=\"elementor-post__thumbnail__link\" href=\"https:\/\/vallsmadella.com\/es\/manipuladors-telescopics-construccio-versatil\/\" tabindex=\"-1\"><div class=\"elementor-post__thumbnail\"><img loading=\"lazy\" decoding=\"async\" width=\"800\" height=\"420\" src=\"https:\/\/vallsmadella.com\/wp-content\/uploads\/2024\/10\/manipuladors-telescopics-1024x538.png\" class=\"attachment-large size-large wp-image-2102\" alt=\"\" srcset=\"https:\/\/vallsmadella.com\/wp-content\/uploads\/2024\/10\/manipuladors-telescopics-1024x538.png 1024w, https:\/\/vallsmadella.com\/wp-content\/uploads\/2024\/10\/manipuladors-telescopics-300x158.png 300w, https:\/\/vallsmadella.com\/wp-content\/uploads\/2024\/10\/manipuladors-telescopics-768x403.png 768w, https:\/\/vallsmadella.com\/wp-content\/uploads\/2024\/10\/manipuladors-telescopics-18x9.png 18w, https:\/\/vallsmadella.com\/wp-content\/uploads\/2024\/10\/manipuladors-telescopics.png 1200w\" sizes=\"(max-width: 800px) 100vw, 800px\" \/><\/div><\/a>\n\t\t\t\t<div class=\"elementor-post__text\">\n\t\t\t\t<h2 class=\"elementor-post__title\">\n\t\t\t<a href=\"https:\/\/vallsmadella.com\/es\/manipuladors-telescopics-construccio-versatil\/\">\n\t\t\t\tManipuladores telesc\u00f3picos para la construcci\u00f3n: la opci\u00f3n vers\u00e1til para cualquier proyecto\t\t\t<\/a>\n\t\t<\/h2>\n\t\t\t\t<div class=\"elementor-post__excerpt\">\n\t\t\t<p>Los manipuladores telesc\u00f3picos se han convertido en una pieza esencial en el \u00e1mbito de la construcci\u00f3n por su capacidad de realizar diversas tareas en espacios de trabajo complejos. Estos equipos permiten levantar, mover y colocar materiales con gran precisi\u00f3n y seguridad, lo que les hace id\u00f3neos para cualquier proyecto.<\/p>\n\t\t<\/div>\n\t\t\n\t\t<a class=\"elementor-post__read-more\" href=\"https:\/\/vallsmadella.com\/es\/manipuladors-telescopics-construccio-versatil\/\" aria-label=\"M\u00e1s informaci\u00f3n sobre Manipuladores telesc\u00f3picos para la construcci\u00f3n: la opci\u00f3n vers\u00e1til para cualquier proyecto\" tabindex=\"-1\">\n\t\t\tLeer m\u00e1s \u00bb\t\t<\/a>\n\n\t\t\t\t<\/div>\n\t\t\t\t<div class=\"elementor-post__meta-data\">\n\t\t\t\t\t<span class=\"elementor-post-date\">\n\t\t\t26\/10\/2024\t\t<\/span>\n\t\t\t\t<\/div>\n\t\t\t\t\t<\/div>\n\t\t<\/article>\n\t\t\t\t<article class=\"elementor-post elementor-grid-item post-2090 post type-post status-publish format-standard has-post-thumbnail hentry category-vallsmadella category-dagartech category-solucio-energetica tag-boadella-vallsmadella tag-dagartech tag-grups-electrogens\" role=\"listitem\">\n\t\t\t<div class=\"elementor-post__card\">\n\t\t\t\t<a class=\"elementor-post__thumbnail__link\" href=\"https:\/\/vallsmadella.com\/es\/energia-mobil-grups-electrogens-zones-aillades\/\" tabindex=\"-1\"><div class=\"elementor-post__thumbnail\"><img loading=\"lazy\" decoding=\"async\" width=\"800\" height=\"800\" src=\"https:\/\/vallsmadella.com\/wp-content\/uploads\/2023\/11\/302049878_600233095039402_3933255726709199812_n.jpg\" class=\"attachment-large size-large wp-image-1425\" alt=\"\" srcset=\"https:\/\/vallsmadella.com\/wp-content\/uploads\/2023\/11\/302049878_600233095039402_3933255726709199812_n.jpg 950w, https:\/\/vallsmadella.com\/wp-content\/uploads\/2023\/11\/302049878_600233095039402_3933255726709199812_n-300x300.jpg 300w, https:\/\/vallsmadella.com\/wp-content\/uploads\/2023\/11\/302049878_600233095039402_3933255726709199812_n-150x150.jpg 150w, https:\/\/vallsmadella.com\/wp-content\/uploads\/2023\/11\/302049878_600233095039402_3933255726709199812_n-768x768.jpg 768w, https:\/\/vallsmadella.com\/wp-content\/uploads\/2023\/11\/302049878_600233095039402_3933255726709199812_n-12x12.jpg 12w\" sizes=\"(max-width: 800px) 100vw, 800px\" \/><\/div><\/a>\n\t\t\t\t<div class=\"elementor-post__text\">\n\t\t\t\t<h2 class=\"elementor-post__title\">\n\t\t\t<a href=\"https:\/\/vallsmadella.com\/es\/energia-mobil-grups-electrogens-zones-aillades\/\">\n\t\t\t\tEnerg\u00eda m\u00f3vil y fiable: el impacto de los grupos electr\u00f3genos en zonas aisladas\t\t\t<\/a>\n\t\t<\/h2>\n\t\t\t\t<div class=\"elementor-post__excerpt\">\n\t\t\t<p>En zonas aisladas, en las que el suministro el\u00e9ctrico es inexistente o inestable, la necesidad de energ\u00eda fiable es vital. Los grupos electr\u00f3genos se convierten en la soluci\u00f3n clave para garantizar el funcionamiento de equipos e infraestructuras esenciales en estos entornos. <\/p>\n\t\t<\/div>\n\t\t\n\t\t<a class=\"elementor-post__read-more\" href=\"https:\/\/vallsmadella.com\/es\/energia-mobil-grups-electrogens-zones-aillades\/\" aria-label=\"M\u00e1s informaci\u00f3n sobre Energ\u00eda m\u00f3vil y fiable: el impacto de los grupos electr\u00f3genos en zonas aisladas\" tabindex=\"-1\">\n\t\t\tLeer m\u00e1s \u00bb\t\t<\/a>\n\n\t\t\t\t<\/div>\n\t\t\t\t<div class=\"elementor-post__meta-data\">\n\t\t\t\t\t<span class=\"elementor-post-date\">\n\t\t\t21\/10\/2024\t\t<\/span>\n\t\t\t\t<\/div>\n\t\t\t\t\t<\/div>\n\t\t<\/article>\n\t\t\t\t<article class=\"elementor-post elementor-grid-item post-2078 post type-post status-publish format-standard has-post-thumbnail hentry category-vallsmadella category-develon category-manitou category-maquinaria-agricola tag-boadella-vallsmadella tag-develon tag-manitou tag-maquinaria-agricola-girona\" role=\"listitem\">\n\t\t\t<div class=\"elementor-post__card\">\n\t\t\t\t<a class=\"elementor-post__thumbnail__link\" href=\"https:\/\/vallsmadella.com\/es\/maquinaria-agricola-a-girona-precisio-camp\/\" tabindex=\"-1\"><div class=\"elementor-post__thumbnail\"><img loading=\"lazy\" decoding=\"async\" width=\"800\" height=\"540\" src=\"https:\/\/vallsmadella.com\/wp-content\/uploads\/2024\/10\/Develon-agricola-1024x691.png\" class=\"attachment-large size-large wp-image-2086\" alt=\"maquin\u00e0ria agr\u00edcola a Girona\" srcset=\"https:\/\/vallsmadella.com\/wp-content\/uploads\/2024\/10\/Develon-agricola-1024x691.png 1024w, https:\/\/vallsmadella.com\/wp-content\/uploads\/2024\/10\/Develon-agricola-300x203.png 300w, https:\/\/vallsmadella.com\/wp-content\/uploads\/2024\/10\/Develon-agricola-768x518.png 768w, https:\/\/vallsmadella.com\/wp-content\/uploads\/2024\/10\/Develon-agricola-1536x1037.png 1536w, https:\/\/vallsmadella.com\/wp-content\/uploads\/2024\/10\/Develon-agricola-18x12.png 18w, https:\/\/vallsmadella.com\/wp-content\/uploads\/2024\/10\/Develon-agricola.png 2000w\" sizes=\"(max-width: 800px) 100vw, 800px\" \/><\/div><\/a>\n\t\t\t\t<div class=\"elementor-post__text\">\n\t\t\t\t<h2 class=\"elementor-post__title\">\n\t\t\t<a href=\"https:\/\/vallsmadella.com\/es\/maquinaria-agricola-a-girona-precisio-camp\/\">\n\t\t\t\tMaquinaria agr\u00edcola en Girona: la precisi\u00f3n es el futuro del trabajo en el campo\t\t\t<\/a>\n\t\t<\/h2>\n\t\t\t\t<div class=\"elementor-post__excerpt\">\n\t\t\t<p>La agricultura moderna evoluciona r\u00e1pidamente gracias a la tecnolog\u00eda de precisi\u00f3n que permite optimizar recursos y mejorar la productividad. Vallsmadella destaca como un referente en la distribuci\u00f3n de maquinaria agr\u00edcola en Girona de primer nivel, especialmente de marcas como Manitou y Develon, que ofrecen soluciones innovadoras.<\/p>\n\t\t<\/div>\n\t\t\n\t\t<a class=\"elementor-post__read-more\" href=\"https:\/\/vallsmadella.com\/es\/maquinaria-agricola-a-girona-precisio-camp\/\" aria-label=\"M\u00e1s informaci\u00f3n sobre Maquinaria agr\u00edcola en Girona: la precisi\u00f3n es el futuro del trabajo en el campo\" tabindex=\"-1\">\n\t\t\tLeer m\u00e1s \u00bb\t\t<\/a>\n\n\t\t\t\t<\/div>\n\t\t\t\t<div class=\"elementor-post__meta-data\">\n\t\t\t\t\t<span class=\"elementor-post-date\">\n\t\t\t14\/10\/2024\t\t<\/span>\n\t\t\t\t<\/div>\n\t\t\t\t\t<\/div>\n\t\t<\/article>\n\t\t\t\t<article class=\"elementor-post elementor-grid-item post-2070 post type-post status-publish format-standard has-post-thumbnail hentry category-vallsmadella category-maquinaria-construccio tag-boadella-vallsmadella tag-construccio-a-girona tag-minicarregadores\" role=\"listitem\">\n\t\t\t<div class=\"elementor-post__card\">\n\t\t\t\t<a class=\"elementor-post__thumbnail__link\" href=\"https:\/\/vallsmadella.com\/es\/avantatges-minicarregadores-a-girona\/\" tabindex=\"-1\"><div class=\"elementor-post__thumbnail\"><img loading=\"lazy\" decoding=\"async\" width=\"750\" height=\"600\" src=\"https:\/\/vallsmadella.com\/wp-content\/uploads\/2024\/10\/minicarregadora.jpg\" class=\"attachment-large size-large wp-image-2076\" alt=\"minicarregadora a Girona\" srcset=\"https:\/\/vallsmadella.com\/wp-content\/uploads\/2024\/10\/minicarregadora.jpg 750w, https:\/\/vallsmadella.com\/wp-content\/uploads\/2024\/10\/minicarregadora-300x240.jpg 300w, https:\/\/vallsmadella.com\/wp-content\/uploads\/2024\/10\/minicarregadora-15x12.jpg 15w\" sizes=\"(max-width: 750px) 100vw, 750px\" \/><\/div><\/a>\n\t\t\t\t<div class=\"elementor-post__text\">\n\t\t\t\t<h2 class=\"elementor-post__title\">\n\t\t\t<a href=\"https:\/\/vallsmadella.com\/es\/avantatges-minicarregadores-a-girona\/\">\n\t\t\t\tDescubre las ventajas de las minicargadoras en Girona en espacios reducidos\t\t\t<\/a>\n\t\t<\/h2>\n\t\t\t\t<div class=\"elementor-post__excerpt\">\n\t\t\t<p>Los proyectos se desarrollan a menudo en espacios limitados donde la accesibilidad y la maniobrabilidad pueden ser un reto. En estos casos, las minicargadoras en Girona se han convertido en una soluci\u00f3n indispensable. Gracias a su dise\u00f1o compacto, versatilidad y facilidad de uso, pueden realizar tareas complejas en entornos reducidos donde la maquinaria pesada ser\u00eda ineficaz.<\/p>\n\t\t<\/div>\n\t\t\n\t\t<a class=\"elementor-post__read-more\" href=\"https:\/\/vallsmadella.com\/es\/avantatges-minicarregadores-a-girona\/\" aria-label=\"M\u00e1s informaci\u00f3n sobre Descubre las ventajas de las minicargadoras en Girona en espacios reducidos\" tabindex=\"-1\">\n\t\t\tLeer m\u00e1s \u00bb\t\t<\/a>\n\n\t\t\t\t<\/div>\n\t\t\t\t<div class=\"elementor-post__meta-data\">\n\t\t\t\t\t<span class=\"elementor-post-date\">\n\t\t\t07\/10\/2024\t\t<\/span>\n\t\t\t\t<\/div>\n\t\t\t\t\t<\/div>\n\t\t<\/article>\n\t\t\t\t<article class=\"elementor-post elementor-grid-item post-2061 post type-post status-publish format-standard has-post-thumbnail hentry category-vallsmadella category-manitou category-maquinaria-construccio tag-boadella-vallsmadella tag-construccio-a-girona tag-manitou tag-seguretat\" role=\"listitem\">\n\t\t\t<div class=\"elementor-post__card\">\n\t\t\t\t<a class=\"elementor-post__thumbnail__link\" href=\"https:\/\/vallsmadella.com\/es\/seguretat-manitou-marca-diferencia-construccio\/\" tabindex=\"-1\"><div class=\"elementor-post__thumbnail\"><img loading=\"lazy\" decoding=\"async\" width=\"800\" height=\"800\" src=\"https:\/\/vallsmadella.com\/wp-content\/uploads\/2023\/10\/JOAL-1-32-scale-item-281-Manitou-Maniaccess-160-ATJ.jpg\" class=\"attachment-large size-large wp-image-1374\" alt=\"\" srcset=\"https:\/\/vallsmadella.com\/wp-content\/uploads\/2023\/10\/JOAL-1-32-scale-item-281-Manitou-Maniaccess-160-ATJ.jpg 800w, https:\/\/vallsmadella.com\/wp-content\/uploads\/2023\/10\/JOAL-1-32-scale-item-281-Manitou-Maniaccess-160-ATJ-300x300.jpg 300w, https:\/\/vallsmadella.com\/wp-content\/uploads\/2023\/10\/JOAL-1-32-scale-item-281-Manitou-Maniaccess-160-ATJ-150x150.jpg 150w, https:\/\/vallsmadella.com\/wp-content\/uploads\/2023\/10\/JOAL-1-32-scale-item-281-Manitou-Maniaccess-160-ATJ-768x768.jpg 768w, https:\/\/vallsmadella.com\/wp-content\/uploads\/2023\/10\/JOAL-1-32-scale-item-281-Manitou-Maniaccess-160-ATJ-12x12.jpg 12w\" sizes=\"(max-width: 800px) 100vw, 800px\" \/><\/div><\/a>\n\t\t\t\t<div class=\"elementor-post__text\">\n\t\t\t\t<h2 class=\"elementor-post__title\">\n\t\t\t<a href=\"https:\/\/vallsmadella.com\/es\/seguretat-manitou-marca-diferencia-construccio\/\">\n\t\t\t\tLa seguridad Manitou marca la diferencia en construcci\u00f3n\t\t\t<\/a>\n\t\t<\/h2>\n\t\t\t\t<div class=\"elementor-post__excerpt\">\n\t\t\t<p>La seguridad Manitou, una de las marcas m\u00e1s prestigiosas en la fabricaci\u00f3n de maquinaria para la construcci\u00f3n y otros sectores, ha destacado por incorporar sistemas de seguridad avanzados en todos sus equipos. Esta constante innovaci\u00f3n ha permitido crear soluciones que reducen el riesgo de accidentes y aumentan la productividad de forma simult\u00e1nea.<\/p>\n\t\t<\/div>\n\t\t\n\t\t<a class=\"elementor-post__read-more\" href=\"https:\/\/vallsmadella.com\/es\/seguretat-manitou-marca-diferencia-construccio\/\" aria-label=\"M\u00e1s informaci\u00f3n sobre La seguridad Manitou marca la diferencia en construcci\u00f3n\" tabindex=\"-1\">\n\t\t\tLeer m\u00e1s \u00bb\t\t<\/a>\n\n\t\t\t\t<\/div>\n\t\t\t\t<div class=\"elementor-post__meta-data\">\n\t\t\t\t\t<span class=\"elementor-post-date\">\n\t\t\t30\/09\/2024\t\t<\/span>\n\t\t\t\t<\/div>\n\t\t\t\t\t<\/div>\n\t\t<\/article>\n\t\t\t\t<article class=\"elementor-post elementor-grid-item post-2054 post type-post status-publish format-standard has-post-thumbnail hentry category-vallsmadella category-maquinaria-construccio tag-boadella-vallsmadella tag-construccio-a-girona tag-recanvis-de-maquinaria tag-recanvis-de-qualitat\" role=\"listitem\">\n\t\t\t<div class=\"elementor-post__card\">\n\t\t\t\t<a class=\"elementor-post__thumbnail__link\" href=\"https:\/\/vallsmadella.com\/es\/desgast-prematur-recanvis-de-maquinaria-qualitat\/\" tabindex=\"-1\"><div class=\"elementor-post__thumbnail\"><img loading=\"lazy\" decoding=\"async\" width=\"800\" height=\"379\" src=\"https:\/\/vallsmadella.com\/wp-content\/uploads\/2023\/09\/DX62R_3_6-1024x485.jpg\" class=\"attachment-large size-large wp-image-1307\" alt=\"\" srcset=\"https:\/\/vallsmadella.com\/wp-content\/uploads\/2023\/09\/DX62R_3_6-1024x485.jpg 1024w, https:\/\/vallsmadella.com\/wp-content\/uploads\/2023\/09\/DX62R_3_6-300x142.jpg 300w, https:\/\/vallsmadella.com\/wp-content\/uploads\/2023\/09\/DX62R_3_6-768x363.jpg 768w, https:\/\/vallsmadella.com\/wp-content\/uploads\/2023\/09\/DX62R_3_6-1536x727.jpg 1536w, https:\/\/vallsmadella.com\/wp-content\/uploads\/2023\/09\/DX62R_3_6.jpg 2016w\" sizes=\"(max-width: 800px) 100vw, 800px\" \/><\/div><\/a>\n\t\t\t\t<div class=\"elementor-post__text\">\n\t\t\t\t<h2 class=\"elementor-post__title\">\n\t\t\t<a href=\"https:\/\/vallsmadella.com\/es\/desgast-prematur-recanvis-de-maquinaria-qualitat\/\">\n\t\t\t\tEvita el desgaste prematuro con repuestos de maquinaria de calidad\t\t\t<\/a>\n\t\t<\/h2>\n\t\t\t\t<div class=\"elementor-post__excerpt\">\n\t\t\t<p>El desgaste prematuro de la maquinaria es uno de los problemas m\u00e1s comunes y costosos en proyectos industriales y de construcci\u00f3n. La productividad depende en gran parte del estado \u00f3ptimo de los equipos, y cuando estos comienzan a fallar, los costes se disparan, tanto por el tiempo de paro como por las reparaciones necesarias. La soluci\u00f3n m\u00e1s efectiva es invertir en repuestos de maquinaria de calidad.<\/p>\n\t\t<\/div>\n\t\t\n\t\t<a class=\"elementor-post__read-more\" href=\"https:\/\/vallsmadella.com\/es\/desgast-prematur-recanvis-de-maquinaria-qualitat\/\" aria-label=\"M\u00e1s informaci\u00f3n sobre Evita el desgaste prematuro con repuestos de maquinaria de calidad\" tabindex=\"-1\">\n\t\t\tLeer m\u00e1s \u00bb\t\t<\/a>\n\n\t\t\t\t<\/div>\n\t\t\t\t<div class=\"elementor-post__meta-data\">\n\t\t\t\t\t<span class=\"elementor-post-date\">\n\t\t\t27\/09\/2024\t\t<\/span>\n\t\t\t\t<\/div>\n\t\t\t\t\t<\/div>\n\t\t<\/article>\n\t\t\t\t<article class=\"elementor-post elementor-grid-item post-2046 post type-post status-publish format-standard has-post-thumbnail hentry category-hammer-europe category-maquinaria-construccio category-vallsmadella tag-boadella-vallsmadella tag-construccio-a-girona tag-martells-hidraulics tag-martells-hidraulics-hammer-europe\" role=\"listitem\">\n\t\t\t<div class=\"elementor-post__card\">\n\t\t\t\t<a class=\"elementor-post__thumbnail__link\" href=\"https:\/\/vallsmadella.com\/es\/rol-martells-hidraulics-projectes-construccio\/\" tabindex=\"-1\"><div class=\"elementor-post__thumbnail\"><img loading=\"lazy\" decoding=\"async\" width=\"800\" height=\"600\" src=\"https:\/\/vallsmadella.com\/wp-content\/uploads\/2024\/01\/hammer-seriefx-1024x768.png\" class=\"attachment-large size-large wp-image-1556\" alt=\"martells hidr\u00e0ulics\" srcset=\"https:\/\/vallsmadella.com\/wp-content\/uploads\/2024\/01\/hammer-seriefx-1024x768.png 1024w, https:\/\/vallsmadella.com\/wp-content\/uploads\/2024\/01\/hammer-seriefx-300x225.png 300w, https:\/\/vallsmadella.com\/wp-content\/uploads\/2024\/01\/hammer-seriefx-768x576.png 768w, https:\/\/vallsmadella.com\/wp-content\/uploads\/2024\/01\/hammer-seriefx-16x12.png 16w, https:\/\/vallsmadella.com\/wp-content\/uploads\/2024\/01\/hammer-seriefx.png 1200w\" sizes=\"(max-width: 800px) 100vw, 800px\" \/><\/div><\/a>\n\t\t\t\t<div class=\"elementor-post__text\">\n\t\t\t\t<h2 class=\"elementor-post__title\">\n\t\t\t<a href=\"https:\/\/vallsmadella.com\/es\/rol-martells-hidraulics-projectes-construccio\/\">\n\t\t\t\tEl rol de los martillos hidr\u00e1ulicos en grandes proyectos de construcci\u00f3n\t\t\t<\/a>\n\t\t<\/h2>\n\t\t\t\t<div class=\"elementor-post__excerpt\">\n\t\t\t<p>En los grandes proyectos de construcci\u00f3n, los martillos hidr\u00e1ulicos se han convertido en una herramienta imprescindible, ya que permiten realizar tareas de demolici\u00f3n, excavaci\u00f3n y perforaci\u00f3n con rapidez y precisi\u00f3n. En Vallsmadella, como distribuidores de equipos de construcci\u00f3n de alta calidad, ofrecemos martillos hidr\u00e1ulicos de la reconocida marca Hammer Europe, l\u00edderes en durabilidad y rendimiento.<\/p>\n\t\t<\/div>\n\t\t\n\t\t<a class=\"elementor-post__read-more\" href=\"https:\/\/vallsmadella.com\/es\/rol-martells-hidraulics-projectes-construccio\/\" aria-label=\"M\u00e1s informaci\u00f3n sobre El rol de los martillos hidr\u00e1ulicos en grandes proyectos de construcci\u00f3n\" tabindex=\"-1\">\n\t\t\tLeer m\u00e1s \u00bb\t\t<\/a>\n\n\t\t\t\t<\/div>\n\t\t\t\t<div class=\"elementor-post__meta-data\">\n\t\t\t\t\t<span class=\"elementor-post-date\">\n\t\t\t18\/09\/2024\t\t<\/span>\n\t\t\t\t<\/div>\n\t\t\t\t\t<\/div>\n\t\t<\/article>\n\t\t\t\t<article class=\"elementor-post elementor-grid-item post-2040 post type-post status-publish format-standard has-post-thumbnail hentry category-vallsmadella category-dagartech category-solucio-energetica tag-boadella-vallsmadella tag-construccio-a-girona tag-grups-electrogens\" role=\"listitem\">\n\t\t\t<div class=\"elementor-post__card\">\n\t\t\t\t<a class=\"elementor-post__thumbnail__link\" href=\"https:\/\/vallsmadella.com\/es\/grups-electrogens-redueixen-temps-parada\/\" tabindex=\"-1\"><div class=\"elementor-post__thumbnail\"><img loading=\"lazy\" decoding=\"async\" width=\"700\" height=\"394\" src=\"https:\/\/vallsmadella.com\/wp-content\/uploads\/2023\/09\/Dagartech_caso-de-exito_AVE-Pais-Vasco_1.png\" class=\"attachment-large size-large wp-image-1201\" alt=\"grups electr\u00f2gens Dagartech\" srcset=\"https:\/\/vallsmadella.com\/wp-content\/uploads\/2023\/09\/Dagartech_caso-de-exito_AVE-Pais-Vasco_1.png 700w, https:\/\/vallsmadella.com\/wp-content\/uploads\/2023\/09\/Dagartech_caso-de-exito_AVE-Pais-Vasco_1-300x169.png 300w\" sizes=\"(max-width: 700px) 100vw, 700px\" \/><\/div><\/a>\n\t\t\t\t<div class=\"elementor-post__text\">\n\t\t\t\t<h2 class=\"elementor-post__title\">\n\t\t\t<a href=\"https:\/\/vallsmadella.com\/es\/grups-electrogens-redueixen-temps-parada\/\">\n\t\t\t\tC\u00f3mo los grupos electr\u00f3genos reducen el tiempo de parada en obras\t\t\t<\/a>\n\t\t<\/h2>\n\t\t\t\t<div class=\"elementor-post__excerpt\">\n\t\t\t<p>En cualquier proyecto de construcci\u00f3n, una de las principales preocupaciones es minimizar el tiempo de parada. Las interrupciones pueden generar retrasos significativos y, a la larga, aumentar los costes operativos. En este contexto, los grupos electr\u00f3genos juegan un papel crucial, especialmente en entornos en los que el suministro el\u00e9ctrico es inestable o inexistente.<\/p>\n\t\t<\/div>\n\t\t\n\t\t<a class=\"elementor-post__read-more\" href=\"https:\/\/vallsmadella.com\/es\/grups-electrogens-redueixen-temps-parada\/\" aria-label=\"M\u00e1s informaci\u00f3n sobre C\u00f3mo los grupos electr\u00f3genos reducen el tiempo de parada en obras\" tabindex=\"-1\">\n\t\t\tLeer m\u00e1s \u00bb\t\t<\/a>\n\n\t\t\t\t<\/div>\n\t\t\t\t<div class=\"elementor-post__meta-data\">\n\t\t\t\t\t<span class=\"elementor-post-date\">\n\t\t\t10\/09\/2024\t\t<\/span>\n\t\t\t\t<\/div>\n\t\t\t\t\t<\/div>\n\t\t<\/article>\n\t\t\t\t<article class=\"elementor-post elementor-grid-item post-2033 post type-post status-publish format-standard has-post-thumbnail hentry category-vallsmadella category-maquinaria-construccio category-maquinaria-industrial tag-boadella-vallsmadella tag-construccio-a-girona tag-maquinaria-a-girona tag-maquinaria-compacta tag-maquinaria-pesant\" role=\"listitem\">\n\t\t\t<div class=\"elementor-post__card\">\n\t\t\t\t<a class=\"elementor-post__thumbnail__link\" href=\"https:\/\/vallsmadella.com\/es\/maquinaria-compacta-pesant-millor-opcio\/\" tabindex=\"-1\"><div class=\"elementor-post__thumbnail\"><img loading=\"lazy\" decoding=\"async\" width=\"300\" height=\"300\" src=\"https:\/\/vallsmadella.com\/wp-content\/uploads\/2023\/10\/carg-or-gehl.png\" class=\"attachment-large size-large wp-image-1382\" alt=\"\" srcset=\"https:\/\/vallsmadella.com\/wp-content\/uploads\/2023\/10\/carg-or-gehl.png 300w, https:\/\/vallsmadella.com\/wp-content\/uploads\/2023\/10\/carg-or-gehl-150x150.png 150w, https:\/\/vallsmadella.com\/wp-content\/uploads\/2023\/10\/carg-or-gehl-12x12.png 12w\" sizes=\"(max-width: 300px) 100vw, 300px\" \/><\/div><\/a>\n\t\t\t\t<div class=\"elementor-post__text\">\n\t\t\t\t<h2 class=\"elementor-post__title\">\n\t\t\t<a href=\"https:\/\/vallsmadella.com\/es\/maquinaria-compacta-pesant-millor-opcio\/\">\n\t\t\t\tMaquinaria compacta vs. pesada: c\u00f3mo elegir la mejor opci\u00f3n\t\t\t<\/a>\n\t\t<\/h2>\n\t\t\t\t<div class=\"elementor-post__excerpt\">\n\t\t\t<p>Elegir entre maquinaria compacta y maquinaria pesada es una decisi\u00f3n clave en cualquier proyecto de construcci\u00f3n o industrial. Ambas opciones tienen sus ventajas y limitaciones, y la elecci\u00f3n correcta puede marcar la diferencia en la eficiencia, costes y plazos de una obra.<\/p>\n\t\t<\/div>\n\t\t\n\t\t<a class=\"elementor-post__read-more\" href=\"https:\/\/vallsmadella.com\/es\/maquinaria-compacta-pesant-millor-opcio\/\" aria-label=\"M\u00e1s informaci\u00f3n sobre Maquinaria compacta vs. pesado: c\u00f3mo elegir la mejor opci\u00f3n\" tabindex=\"-1\">\n\t\t\tLeer m\u00e1s \u00bb\t\t<\/a>\n\n\t\t\t\t<\/div>\n\t\t\t\t<div class=\"elementor-post__meta-data\">\n\t\t\t\t\t<span class=\"elementor-post-date\">\n\t\t\t05\/09\/2024\t\t<\/span>\n\t\t\t\t<\/div>\n\t\t\t\t\t<\/div>\n\t\t<\/article>\n\t\t\t\t<article class=\"elementor-post elementor-grid-item post-2024 post type-post status-publish format-standard has-post-thumbnail hentry category-vallsmadella category-gehl category-maquinaria-construccio tag-boadella-vallsmadella tag-construccio-a-girona tag-maquinaria-a-girona tag-minicarregadores-gehl\" role=\"listitem\">\n\t\t\t<div class=\"elementor-post__card\">\n\t\t\t\t<a class=\"elementor-post__thumbnail__link\" href=\"https:\/\/vallsmadella.com\/es\/versatilitat-minicarregadores-gehl-contruccio\/\" tabindex=\"-1\"><div class=\"elementor-post__thumbnail\"><img loading=\"lazy\" decoding=\"async\" width=\"768\" height=\"512\" src=\"https:\/\/vallsmadella.com\/wp-content\/uploads\/2023\/12\/application_skid_loader_r135_gehl_003_0.jpg\" class=\"attachment-large size-large wp-image-1457\" alt=\"\" srcset=\"https:\/\/vallsmadella.com\/wp-content\/uploads\/2023\/12\/application_skid_loader_r135_gehl_003_0.jpg 768w, https:\/\/vallsmadella.com\/wp-content\/uploads\/2023\/12\/application_skid_loader_r135_gehl_003_0-300x200.jpg 300w, https:\/\/vallsmadella.com\/wp-content\/uploads\/2023\/12\/application_skid_loader_r135_gehl_003_0-18x12.jpg 18w\" sizes=\"(max-width: 768px) 100vw, 768px\" \/><\/div><\/a>\n\t\t\t\t<div class=\"elementor-post__text\">\n\t\t\t\t<h2 class=\"elementor-post__title\">\n\t\t\t<a href=\"https:\/\/vallsmadella.com\/es\/versatilitat-minicarregadores-gehl-contruccio\/\">\n\t\t\t\tLa versatilidad de las minicargadoras GEHL: herramientas esenciales en la construcci\u00f3n\t\t\t<\/a>\n\t\t<\/h2>\n\t\t\t\t<div class=\"elementor-post__excerpt\">\n\t\t\t<p>En el mundo de la construcci\u00f3n moderna, la eficiencia y la versatilidad son clave para el \u00e9xito de cualquier proyecto. Las minicargadoras GEHL se han convertido en herramientas indispensables gracias a su capacidad para adaptarse a una amplia variedad de tareas. Por eso, en Vallsmadella confiamos en GEHL, una marca reconocida por la innovaci\u00f3n y la calidad.<\/p>\n\t\t<\/div>\n\t\t\n\t\t<a class=\"elementor-post__read-more\" href=\"https:\/\/vallsmadella.com\/es\/versatilitat-minicarregadores-gehl-contruccio\/\" aria-label=\"M\u00e1s informaci\u00f3n sobre La versatilidad de las minicargadoras GEHL: herramientas esenciales en la construcci\u00f3n\" tabindex=\"-1\">\n\t\t\tLeer m\u00e1s \u00bb\t\t<\/a>\n\n\t\t\t\t<\/div>\n\t\t\t\t<div class=\"elementor-post__meta-data\">\n\t\t\t\t\t<span class=\"elementor-post-date\">\n\t\t\t30\/08\/2024\t\t<\/span>\n\t\t\t\t<\/div>\n\t\t\t\t\t<\/div>\n\t\t<\/article>\n\t\t\t\t<article class=\"elementor-post elementor-grid-item post-2016 post type-post status-publish format-standard has-post-thumbnail hentry category-vallsmadella category-maquinaria-construccio tag-boadella-vallsmadella tag-construccio-a-girona tag-maquinaria-a-girona tag-solucio-energetica\" role=\"listitem\">\n\t\t\t<div class=\"elementor-post__card\">\n\t\t\t\t<a class=\"elementor-post__thumbnail__link\" href=\"https:\/\/vallsmadella.com\/es\/top-6-eines-de-construccio-indispensables\/\" tabindex=\"-1\"><div class=\"elementor-post__thumbnail\"><img loading=\"lazy\" decoding=\"async\" width=\"650\" height=\"500\" src=\"https:\/\/vallsmadella.com\/wp-content\/uploads\/2023\/04\/caterpillar.jpg\" class=\"attachment-large size-large wp-image-777\" alt=\"\" srcset=\"https:\/\/vallsmadella.com\/wp-content\/uploads\/2023\/04\/caterpillar.jpg 650w, https:\/\/vallsmadella.com\/wp-content\/uploads\/2023\/04\/caterpillar-300x231.jpg 300w\" sizes=\"(max-width: 650px) 100vw, 650px\" \/><\/div><\/a>\n\t\t\t\t<div class=\"elementor-post__text\">\n\t\t\t\t<h2 class=\"elementor-post__title\">\n\t\t\t<a href=\"https:\/\/vallsmadella.com\/es\/top-6-eines-de-construccio-indispensables\/\">\n\t\t\t\tTop 6 herramientas de construcci\u00f3n indispensables para grandes proyectos\t\t\t<\/a>\n\t\t<\/h2>\n\t\t\t\t<div class=\"elementor-post__excerpt\">\n\t\t\t<p>Cuando se trata de grandes proyectos, contar con las herramientas de construcci\u00f3n adecuadas es crucial para asegurar eficiencia, precisi\u00f3n y seguridad en el trabajo. En Vallsmadella sabemos que la elecci\u00f3n correcta de herramientas puede marcar la diferencia, y por eso, te presentamos una lista de las seis herramientas imprescindibles para cualquier obra de gran envergadura.<\/p>\n\t\t<\/div>\n\t\t\n\t\t<a class=\"elementor-post__read-more\" href=\"https:\/\/vallsmadella.com\/es\/top-6-eines-de-construccio-indispensables\/\" aria-label=\"M\u00e1s informaci\u00f3n sobre Top 6 herramientas de construcci\u00f3n indispensables para grandes proyectos\" tabindex=\"-1\">\n\t\t\tLeer m\u00e1s \u00bb\t\t<\/a>\n\n\t\t\t\t<\/div>\n\t\t\t\t<div class=\"elementor-post__meta-data\">\n\t\t\t\t\t<span class=\"elementor-post-date\">\n\t\t\t23\/08\/2024\t\t<\/span>\n\t\t\t\t<\/div>\n\t\t\t\t\t<\/div>\n\t\t<\/article>\n\t\t\t\t<article class=\"elementor-post elementor-grid-item post-2009 post type-post status-publish format-standard has-post-thumbnail hentry category-vallsmadella category-dagartech category-solucio-energetica tag-boadella-vallsmadella tag-dagartech tag-grups-electrogens tag-maquinaria-a-girona tag-solucio-energetica\" role=\"listitem\">\n\t\t\t<div class=\"elementor-post__card\">\n\t\t\t\t<a class=\"elementor-post__thumbnail__link\" href=\"https:\/\/vallsmadella.com\/es\/triar-millor-grup-electrogen-per-a-obres\/\" tabindex=\"-1\"><div class=\"elementor-post__thumbnail\"><img loading=\"lazy\" decoding=\"async\" width=\"800\" height=\"800\" src=\"https:\/\/vallsmadella.com\/wp-content\/uploads\/2023\/11\/302049878_600233095039402_3933255726709199812_n.jpg\" class=\"attachment-large size-large wp-image-1425\" alt=\"\" srcset=\"https:\/\/vallsmadella.com\/wp-content\/uploads\/2023\/11\/302049878_600233095039402_3933255726709199812_n.jpg 950w, https:\/\/vallsmadella.com\/wp-content\/uploads\/2023\/11\/302049878_600233095039402_3933255726709199812_n-300x300.jpg 300w, https:\/\/vallsmadella.com\/wp-content\/uploads\/2023\/11\/302049878_600233095039402_3933255726709199812_n-150x150.jpg 150w, https:\/\/vallsmadella.com\/wp-content\/uploads\/2023\/11\/302049878_600233095039402_3933255726709199812_n-768x768.jpg 768w, https:\/\/vallsmadella.com\/wp-content\/uploads\/2023\/11\/302049878_600233095039402_3933255726709199812_n-12x12.jpg 12w\" sizes=\"(max-width: 800px) 100vw, 800px\" \/><\/div><\/a>\n\t\t\t\t<div class=\"elementor-post__text\">\n\t\t\t\t<h2 class=\"elementor-post__title\">\n\t\t\t<a href=\"https:\/\/vallsmadella.com\/es\/triar-millor-grup-electrogen-per-a-obres\/\">\n\t\t\t\tC\u00f3mo elegir el mejor grupo electr\u00f3geno para obras en entornos dif\u00edciles\t\t\t<\/a>\n\t\t<\/h2>\n\t\t\t\t<div class=\"elementor-post__excerpt\">\n\t\t\t<p>Escoger un buen grupo electr\u00f3geno para obras es fundamental para asegurar un suministro el\u00e9ctrico fiable, especialmente en entornos dif\u00edciles donde la electricidad es esencial para el \u00e9xito del proyecto. En Vallsmadella, como distribuidores de Dagartech, una de las marcas l\u00edderes en la fabricaci\u00f3n de generadores, sabemos que seleccionar el equipo correcto puede ser un reto, y te ofrecemos esta gu\u00eda para ayudarte.<\/p>\n\t\t<\/div>\n\t\t\n\t\t<a class=\"elementor-post__read-more\" href=\"https:\/\/vallsmadella.com\/es\/triar-millor-grup-electrogen-per-a-obres\/\" aria-label=\"M\u00e1s informaci\u00f3n sobre C\u00f3mo elegir el mejor grupo electr\u00f3geno para obras en entornos dif\u00edciles\" tabindex=\"-1\">\n\t\t\tLeer m\u00e1s \u00bb\t\t<\/a>\n\n\t\t\t\t<\/div>\n\t\t\t\t<div class=\"elementor-post__meta-data\">\n\t\t\t\t\t<span class=\"elementor-post-date\">\n\t\t\t16\/08\/2024\t\t<\/span>\n\t\t\t\t<\/div>\n\t\t\t\t\t<\/div>\n\t\t<\/article>\n\t\t\t\t<article class=\"elementor-post elementor-grid-item post-2001 post type-post status-publish format-standard has-post-thumbnail hentry category-vallsmadella category-maquinaria-construccio tag-boadella-vallsmadella tag-maquinaria-a-girona tag-maquinaria-construccio\" role=\"listitem\">\n\t\t\t<div class=\"elementor-post__card\">\n\t\t\t\t<a class=\"elementor-post__thumbnail__link\" href=\"https:\/\/vallsmadella.com\/es\/maquinaria-de-construccio-a-girona-tendencies\/\" tabindex=\"-1\"><div class=\"elementor-post__thumbnail\"><img loading=\"lazy\" decoding=\"async\" width=\"800\" height=\"536\" src=\"https:\/\/vallsmadella.com\/wp-content\/uploads\/2023\/07\/20230524_171920-1-1024x686.jpg\" class=\"attachment-large size-large wp-image-1021\" alt=\"\" srcset=\"https:\/\/vallsmadella.com\/wp-content\/uploads\/2023\/07\/20230524_171920-1-1024x686.jpg 1024w, https:\/\/vallsmadella.com\/wp-content\/uploads\/2023\/07\/20230524_171920-1-300x201.jpg 300w, https:\/\/vallsmadella.com\/wp-content\/uploads\/2023\/07\/20230524_171920-1-768x515.jpg 768w, https:\/\/vallsmadella.com\/wp-content\/uploads\/2023\/07\/20230524_171920-1-1536x1029.jpg 1536w, https:\/\/vallsmadella.com\/wp-content\/uploads\/2023\/07\/20230524_171920-1-2048x1372.jpg 2048w\" sizes=\"(max-width: 800px) 100vw, 800px\" \/><\/div><\/a>\n\t\t\t\t<div class=\"elementor-post__text\">\n\t\t\t\t<h2 class=\"elementor-post__title\">\n\t\t\t<a href=\"https:\/\/vallsmadella.com\/es\/maquinaria-de-construccio-a-girona-tendencies\/\">\n\t\t\t\tMaquinaria de construcci\u00f3n en Girona: tendencias y novedades\t\t\t<\/a>\n\t\t<\/h2>\n\t\t\t\t<div class=\"elementor-post__excerpt\">\n\t\t\t<p>La maquinaria de construcci\u00f3n en Girona ha evolucionado de forma notable en los \u00faltimos a\u00f1os, y estar al corriente de las tendencias y novedades es esencial para quienes operan en el sector. En Vallsmadella, distribuidores oficiales de marcas l\u00edderes como Ammann, Dagartech, Develon, Manitou, Gehl, Hammer Europe y Noblelift, nos mantenemos a la vanguardia de estas innovaciones para ofrecerte lo mejor del mercado.<\/p>\n\t\t<\/div>\n\t\t\n\t\t<a class=\"elementor-post__read-more\" href=\"https:\/\/vallsmadella.com\/es\/maquinaria-de-construccio-a-girona-tendencies\/\" aria-label=\"M\u00e1s informaci\u00f3n sobre Maquinaria de construcci\u00f3n en Girona: tendencias y novedades\" tabindex=\"-1\">\n\t\t\tLeer m\u00e1s \u00bb\t\t<\/a>\n\n\t\t\t\t<\/div>\n\t\t\t\t<div class=\"elementor-post__meta-data\">\n\t\t\t\t\t<span class=\"elementor-post-date\">\n\t\t\t09\/08\/2024\t\t<\/span>\n\t\t\t\t<\/div>\n\t\t\t\t\t<\/div>\n\t\t<\/article>\n\t\t\t\t<article class=\"elementor-post elementor-grid-item post-1995 post type-post status-publish format-standard has-post-thumbnail hentry category-vallsmadella category-maquinaria-industrial tag-boadella-vallsmadella tag-maquinaria-a-girona tag-maquinaria-industrial\" role=\"listitem\">\n\t\t\t<div class=\"elementor-post__card\">\n\t\t\t\t<a class=\"elementor-post__thumbnail__link\" href=\"https:\/\/vallsmadella.com\/es\/evita-5-errors-comprar-maquinaria-industrial\/\" tabindex=\"-1\"><div class=\"elementor-post__thumbnail\"><img loading=\"lazy\" decoding=\"async\" width=\"400\" height=\"253\" src=\"https:\/\/vallsmadella.com\/wp-content\/uploads\/2023\/12\/12805837_488120688041626_1439905180014475403_n.jpg\" class=\"attachment-large size-large wp-image-1470\" alt=\"\" srcset=\"https:\/\/vallsmadella.com\/wp-content\/uploads\/2023\/12\/12805837_488120688041626_1439905180014475403_n.jpg 400w, https:\/\/vallsmadella.com\/wp-content\/uploads\/2023\/12\/12805837_488120688041626_1439905180014475403_n-300x190.jpg 300w, https:\/\/vallsmadella.com\/wp-content\/uploads\/2023\/12\/12805837_488120688041626_1439905180014475403_n-18x12.jpg 18w\" sizes=\"(max-width: 400px) 100vw, 400px\" \/><\/div><\/a>\n\t\t\t\t<div class=\"elementor-post__text\">\n\t\t\t\t<h2 class=\"elementor-post__title\">\n\t\t\t<a href=\"https:\/\/vallsmadella.com\/es\/evita-5-errors-comprar-maquinaria-industrial\/\">\n\t\t\t\t5 errores comunes a la hora de comprar maquinaria industrial y c\u00f3mo evitarlos\t\t\t<\/a>\n\t\t<\/h2>\n\t\t\t\t<div class=\"elementor-post__excerpt\">\n\t\t\t<p>Adquirir maquinaria industrial es una inversi\u00f3n significativa que puede determinar el \u00e9xito o fracaso de una empresa. Sin embargo, es f\u00e1cil cometer errores en este proceso que pueden resultar costosos a largo plazo. En Vallsmadella, distribuidores de maquinaria industrial y de construcci\u00f3n de marcas l\u00edderes como Ammann, Dagartech, Develon, Manitou, Gehl, Hammer Europe y Noblelift, te ayudamos a evitar estos errores comunes a la hora de comprar maquinaria industrial.<\/p>\n\t\t<\/div>\n\t\t\n\t\t<a class=\"elementor-post__read-more\" href=\"https:\/\/vallsmadella.com\/es\/evita-5-errors-comprar-maquinaria-industrial\/\" aria-label=\"M\u00e1s informaci\u00f3n sobre 5 errores comunes a la hora de comprar maquinaria industrial y c\u00f3mo evitarlos\" tabindex=\"-1\">\n\t\t\tLeer m\u00e1s \u00bb\t\t<\/a>\n\n\t\t\t\t<\/div>\n\t\t\t\t<div class=\"elementor-post__meta-data\">\n\t\t\t\t\t<span class=\"elementor-post-date\">\n\t\t\t05\/08\/2024\t\t<\/span>\n\t\t\t\t<\/div>\n\t\t\t\t\t<\/div>\n\t\t<\/article>\n\t\t\t\t<article class=\"elementor-post elementor-grid-item post-1986 post type-post status-publish format-standard has-post-thumbnail hentry category-noblelift category-maquinaria-industrial category-vallsmadella tag-boadella-vallsmadella tag-eines-magatzem tag-maquinaria-a-girona tag-maquinaria-industrial-noblelift\" role=\"listitem\">\n\t\t\t<div class=\"elementor-post__card\">\n\t\t\t\t<a class=\"elementor-post__thumbnail__link\" href=\"https:\/\/vallsmadella.com\/es\/avantatges-carretons-elevadors-noblelift\/\" tabindex=\"-1\"><div class=\"elementor-post__thumbnail\"><img loading=\"lazy\" decoding=\"async\" width=\"510\" height=\"383\" src=\"https:\/\/vallsmadella.com\/wp-content\/uploads\/2024\/07\/carretilla-noblelift.png\" class=\"attachment-large size-large wp-image-1991\" alt=\"carretons elevadors noblelift\" srcset=\"https:\/\/vallsmadella.com\/wp-content\/uploads\/2024\/07\/carretilla-noblelift.png 510w, https:\/\/vallsmadella.com\/wp-content\/uploads\/2024\/07\/carretilla-noblelift-300x225.png 300w, https:\/\/vallsmadella.com\/wp-content\/uploads\/2024\/07\/carretilla-noblelift-16x12.png 16w\" sizes=\"(max-width: 510px) 100vw, 510px\" \/><\/div><\/a>\n\t\t\t\t<div class=\"elementor-post__text\">\n\t\t\t\t<h2 class=\"elementor-post__title\">\n\t\t\t<a href=\"https:\/\/vallsmadella.com\/es\/avantatges-carretons-elevadors-noblelift\/\">\n\t\t\t\tVentajas de las carretillas elevadoras Noblelift\t\t\t<\/a>\n\t\t<\/h2>\n\t\t\t\t<div class=\"elementor-post__excerpt\">\n\t\t\t<p>Las carretillas elevadoras Noblelift se han convertido en una opci\u00f3n popular para empresas que buscan eficiencia y fiabilidad en el manejo de materiales. Con una gama de modelos que se adaptan a distintas necesidades, Noblelift ofrece soluciones innovadoras que mejoran la productividad. Entra y explora las ventajas que hacen de Noblelift una elecci\u00f3n destacada.<\/p>\n\t\t<\/div>\n\t\t\n\t\t<a class=\"elementor-post__read-more\" href=\"https:\/\/vallsmadella.com\/es\/avantatges-carretons-elevadors-noblelift\/\" aria-label=\"M\u00e1s informaci\u00f3n sobre Ventajas de las carretillas elevadoras Noblelift\" tabindex=\"-1\">\n\t\t\tLeer m\u00e1s \u00bb\t\t<\/a>\n\n\t\t\t\t<\/div>\n\t\t\t\t<div class=\"elementor-post__meta-data\">\n\t\t\t\t\t<span class=\"elementor-post-date\">\n\t\t\t30\/07\/2024\t\t<\/span>\n\t\t\t\t<\/div>\n\t\t\t\t\t<\/div>\n\t\t<\/article>\n\t\t\t\t<article class=\"elementor-post elementor-grid-item post-1979 post type-post status-publish format-standard has-post-thumbnail hentry category-vallsmadella category-manitou category-maquinaria-agricola tag-boadella-vallsmadella tag-eines-agricoles tag-maquinaria-a-girona tag-maquinaria-agricola tag-maquinaria-agricola-manitou\" role=\"listitem\">\n\t\t\t<div class=\"elementor-post__card\">\n\t\t\t\t<a class=\"elementor-post__thumbnail__link\" href=\"https:\/\/vallsmadella.com\/es\/descobreix-maquinaria-agricola-manitou\/\" tabindex=\"-1\"><div class=\"elementor-post__thumbnail\"><img loading=\"lazy\" decoding=\"async\" width=\"800\" height=\"534\" src=\"https:\/\/vallsmadella.com\/wp-content\/uploads\/2024\/01\/curso-manitou.jpeg\" class=\"attachment-large size-large wp-image-1536\" alt=\"telesc\u00f2pics per a \u00fas agr\u00edcola\" srcset=\"https:\/\/vallsmadella.com\/wp-content\/uploads\/2024\/01\/curso-manitou.jpeg 1024w, https:\/\/vallsmadella.com\/wp-content\/uploads\/2024\/01\/curso-manitou-300x200.jpeg 300w, https:\/\/vallsmadella.com\/wp-content\/uploads\/2024\/01\/curso-manitou-768x512.jpeg 768w, https:\/\/vallsmadella.com\/wp-content\/uploads\/2024\/01\/curso-manitou-18x12.jpeg 18w\" sizes=\"(max-width: 800px) 100vw, 800px\" \/><\/div><\/a>\n\t\t\t\t<div class=\"elementor-post__text\">\n\t\t\t\t<h2 class=\"elementor-post__title\">\n\t\t\t<a href=\"https:\/\/vallsmadella.com\/es\/descobreix-maquinaria-agricola-manitou\/\">\n\t\t\t\tDescubre la maquinaria agr\u00edcola Manitou\t\t\t<\/a>\n\t\t<\/h2>\n\t\t\t\t<div class=\"elementor-post__excerpt\">\n\t\t\t<p>Manitou se destaca por su innovaci\u00f3n y calidad. Con soluciones dise\u00f1adas para mejorar la productividad y eficiencia en el campo, ofrece una amplia gama de equipos que se adaptan a diversas necesidades agr\u00edcolas. En este art\u00edculo, vamos a explorar lo que hace que la maquinaria agr\u00edcola Manitou sea la elecci\u00f3n de los agricultores.<\/p>\n\t\t<\/div>\n\t\t\n\t\t<a class=\"elementor-post__read-more\" href=\"https:\/\/vallsmadella.com\/es\/descobreix-maquinaria-agricola-manitou\/\" aria-label=\"M\u00e1s informaci\u00f3n sobre Descubre la maquinaria agr\u00edcola Manitou\" tabindex=\"-1\">\n\t\t\tLeer m\u00e1s \u00bb\t\t<\/a>\n\n\t\t\t\t<\/div>\n\t\t\t\t<div class=\"elementor-post__meta-data\">\n\t\t\t\t\t<span class=\"elementor-post-date\">\n\t\t\t24\/07\/2024\t\t<\/span>\n\t\t\t\t<\/div>\n\t\t\t\t\t<\/div>\n\t\t<\/article>\n\t\t\t\t<article class=\"elementor-post elementor-grid-item post-1969 post type-post status-publish format-standard has-post-thumbnail hentry category-vallsmadella category-maquinaria-agricola category-maquinaria-construccio category-maquinaria-industrial tag-boadella-vallsmadella tag-eines-de-construccio tag-maquinaria-a-girona tag-maquinaria-agricola tag-maquinaria-industrial\" role=\"listitem\">\n\t\t\t<div class=\"elementor-post__card\">\n\t\t\t\t<a class=\"elementor-post__thumbnail__link\" href=\"https:\/\/vallsmadella.com\/es\/vallsmadella-maquinaria-industrial-girona\/\" tabindex=\"-1\"><div class=\"elementor-post__thumbnail\"><img loading=\"lazy\" decoding=\"async\" width=\"800\" height=\"450\" src=\"https:\/\/vallsmadella.com\/wp-content\/uploads\/2023\/12\/35483781_855450391308652_7951902240808108032_n-1024x576.jpg\" class=\"attachment-large size-large wp-image-1473\" alt=\"\" srcset=\"https:\/\/vallsmadella.com\/wp-content\/uploads\/2023\/12\/35483781_855450391308652_7951902240808108032_n-1024x576.jpg 1024w, https:\/\/vallsmadella.com\/wp-content\/uploads\/2023\/12\/35483781_855450391308652_7951902240808108032_n-300x169.jpg 300w, https:\/\/vallsmadella.com\/wp-content\/uploads\/2023\/12\/35483781_855450391308652_7951902240808108032_n-768x432.jpg 768w, https:\/\/vallsmadella.com\/wp-content\/uploads\/2023\/12\/35483781_855450391308652_7951902240808108032_n-1536x864.jpg 1536w, https:\/\/vallsmadella.com\/wp-content\/uploads\/2023\/12\/35483781_855450391308652_7951902240808108032_n-18x10.jpg 18w, https:\/\/vallsmadella.com\/wp-content\/uploads\/2023\/12\/35483781_855450391308652_7951902240808108032_n.jpg 2016w\" sizes=\"(max-width: 800px) 100vw, 800px\" \/><\/div><\/a>\n\t\t\t\t<div class=\"elementor-post__text\">\n\t\t\t\t<h2 class=\"elementor-post__title\">\n\t\t\t<a href=\"https:\/\/vallsmadella.com\/es\/vallsmadella-maquinaria-industrial-girona\/\">\n\t\t\t\tVallsmadella: maquinaria industrial y agr\u00edcola en Girona\t\t\t<\/a>\n\t\t<\/h2>\n\t\t\t\t<div class=\"elementor-post__excerpt\">\n\t\t\t<p>Con el objetivo de la calidad y buen servicio al cliente, en Vallsmadella ofrecemos soluciones integrales para diversos sectores, garantizando que nuestros clientes dispongan del equipamiento necesario para llevar a cabo sus proyectos con \u00e9xito.<\/p>\n\t\t<\/div>\n\t\t\n\t\t<a class=\"elementor-post__read-more\" href=\"https:\/\/vallsmadella.com\/es\/vallsmadella-maquinaria-industrial-girona\/\" aria-label=\"M\u00e1s informaci\u00f3n sobre Vallsmadella: maquinaria industrial y agr\u00edcola en Girona\" tabindex=\"-1\">\n\t\t\tLeer m\u00e1s \u00bb\t\t<\/a>\n\n\t\t\t\t<\/div>\n\t\t\t\t<div class=\"elementor-post__meta-data\">\n\t\t\t\t\t<span class=\"elementor-post-date\">\n\t\t\t19\/07\/2024\t\t<\/span>\n\t\t\t\t<\/div>\n\t\t\t\t\t<\/div>\n\t\t<\/article>\n\t\t\t\t<article class=\"elementor-post elementor-grid-item post-1960 post type-post status-publish format-standard has-post-thumbnail hentry category-vallsmadella category-maquinaria-construccio category-maquinaria-industrial tag-boadella-vallsmadella tag-eines-de-construccio tag-maquinaria-a-girona tag-recanvis-maquinaria\" role=\"listitem\">\n\t\t\t<div class=\"elementor-post__card\">\n\t\t\t\t<a class=\"elementor-post__thumbnail__link\" href=\"https:\/\/vallsmadella.com\/es\/recanvis-originals-vs-generics-maquinaria-girona\/\" tabindex=\"-1\"><div class=\"elementor-post__thumbnail\"><img loading=\"lazy\" decoding=\"async\" width=\"515\" height=\"299\" src=\"https:\/\/vallsmadella.com\/wp-content\/uploads\/2024\/03\/standart.png\" class=\"attachment-large size-large wp-image-1605\" alt=\"\" srcset=\"https:\/\/vallsmadella.com\/wp-content\/uploads\/2024\/03\/standart.png 515w, https:\/\/vallsmadella.com\/wp-content\/uploads\/2024\/03\/standart-300x174.png 300w, https:\/\/vallsmadella.com\/wp-content\/uploads\/2024\/03\/standart-18x10.png 18w\" sizes=\"(max-width: 515px) 100vw, 515px\" \/><\/div><\/a>\n\t\t\t\t<div class=\"elementor-post__text\">\n\t\t\t\t<h2 class=\"elementor-post__title\">\n\t\t\t<a href=\"https:\/\/vallsmadella.com\/es\/recanvis-originals-vs-generics-maquinaria-girona\/\">\n\t\t\t\tRepuestos originales vs. gen\u00e9ricos: \u00bfqu\u00e9 es mejor para tu maquinaria?\t\t\t<\/a>\n\t\t<\/h2>\n\t\t\t\t<div class=\"elementor-post__excerpt\">\n\t\t\t<p>A la hora de cambiar piezas, surge la gran pregunta: \u00bfdeber\u00edas optar por repuestos originales o gen\u00e9ricos? En este art\u00edculo, vamos a explorar las ventajas y las desventajas de ambas opciones para ayudarte a decidir qu\u00e9 es mejor para tu maquinaria.<\/p>\n\t\t<\/div>\n\t\t\n\t\t<a class=\"elementor-post__read-more\" href=\"https:\/\/vallsmadella.com\/es\/recanvis-originals-vs-generics-maquinaria-girona\/\" aria-label=\"M\u00e1s informaci\u00f3n sobre Repuestos originales vs. gen\u00e9ricos: \u00bfqu\u00e9 es mejor para tu maquinaria?\" tabindex=\"-1\">\n\t\t\tLeer m\u00e1s \u00bb\t\t<\/a>\n\n\t\t\t\t<\/div>\n\t\t\t\t<div class=\"elementor-post__meta-data\">\n\t\t\t\t\t<span class=\"elementor-post-date\">\n\t\t\t15\/07\/2024\t\t<\/span>\n\t\t\t\t<\/div>\n\t\t\t\t\t<\/div>\n\t\t<\/article>\n\t\t\t\t<article class=\"elementor-post elementor-grid-item post-1952 post type-post status-publish format-standard has-post-thumbnail hentry category-vallsmadella category-maquinaria-construccio tag-boadella-vallsmadella tag-eines-de-construccio tag-maquinaria-a-girona\" role=\"listitem\">\n\t\t\t<div class=\"elementor-post__card\">\n\t\t\t\t<a class=\"elementor-post__thumbnail__link\" href=\"https:\/\/vallsmadella.com\/es\/guia-escollir-eines-de-construccio-a-girona\/\" tabindex=\"-1\"><div class=\"elementor-post__thumbnail\"><img loading=\"lazy\" decoding=\"async\" width=\"545\" height=\"367\" src=\"https:\/\/vallsmadella.com\/wp-content\/uploads\/2022\/03\/ammann-img-01.jpg\" class=\"attachment-large size-large wp-image-189\" alt=\"\" srcset=\"https:\/\/vallsmadella.com\/wp-content\/uploads\/2022\/03\/ammann-img-01.jpg 545w, https:\/\/vallsmadella.com\/wp-content\/uploads\/2022\/03\/ammann-img-01-300x202.jpg 300w\" sizes=\"(max-width: 545px) 100vw, 545px\" \/><\/div><\/a>\n\t\t\t\t<div class=\"elementor-post__text\">\n\t\t\t\t<h2 class=\"elementor-post__title\">\n\t\t\t<a href=\"https:\/\/vallsmadella.com\/es\/guia-escollir-eines-de-construccio-a-girona\/\">\n\t\t\t\tGu\u00eda para elegir herramientas de construcci\u00f3n en Girona de alta calidad\t\t\t<\/a>\n\t\t<\/h2>\n\t\t\t\t<div class=\"elementor-post__excerpt\">\n\t\t\t<p>Contar con las herramientas adecuadas es esencial para garantizar la eficiencia y calidad de cualquier proyecto. Si necesitas herramientas de construcci\u00f3n, es fundamental conocer qu\u00e9 aspectos considerar para tomar la mejor decisi\u00f3n. En esta gu\u00eda, te ofrecemos los principales criterios para elegir herramientas de construcci\u00f3n en Girona de alta calidad.<\/p>\n\t\t<\/div>\n\t\t\n\t\t<a class=\"elementor-post__read-more\" href=\"https:\/\/vallsmadella.com\/es\/guia-escollir-eines-de-construccio-a-girona\/\" aria-label=\"M\u00e1s informaci\u00f3n sobre Gu\u00eda para elegir herramientas de construcci\u00f3n en Girona de alta calidad\" tabindex=\"-1\">\n\t\t\tLeer m\u00e1s \u00bb\t\t<\/a>\n\n\t\t\t\t<\/div>\n\t\t\t\t<div class=\"elementor-post__meta-data\">\n\t\t\t\t\t<span class=\"elementor-post-date\">\n\t\t\t08\/07\/2024\t\t<\/span>\n\t\t\t\t<\/div>\n\t\t\t\t\t<\/div>\n\t\t<\/article>\n\t\t\t\t<article class=\"elementor-post elementor-grid-item post-1943 post type-post status-publish format-standard has-post-thumbnail hentry category-vallsmadella category-develon category-maquinaria-construccio tag-boadella-vallsmadella tag-develon tag-eines-de-construccio tag-maquinaria-a-girona\" role=\"listitem\">\n\t\t\t<div class=\"elementor-post__card\">\n\t\t\t\t<a class=\"elementor-post__thumbnail__link\" href=\"https:\/\/vallsmadella.com\/es\/maquinaria-develon-equip-perfecte-projecte\/\" tabindex=\"-1\"><div class=\"elementor-post__thumbnail\"><img loading=\"lazy\" decoding=\"async\" width=\"800\" height=\"540\" src=\"https:\/\/vallsmadella.com\/wp-content\/uploads\/2024\/06\/maquinaria-develon-1024x691.jpg\" class=\"attachment-large size-large wp-image-1948\" alt=\"\" srcset=\"https:\/\/vallsmadella.com\/wp-content\/uploads\/2024\/06\/maquinaria-develon-1024x691.jpg 1024w, https:\/\/vallsmadella.com\/wp-content\/uploads\/2024\/06\/maquinaria-develon-300x203.jpg 300w, https:\/\/vallsmadella.com\/wp-content\/uploads\/2024\/06\/maquinaria-develon-768x518.jpg 768w, https:\/\/vallsmadella.com\/wp-content\/uploads\/2024\/06\/maquinaria-develon-1536x1037.jpg 1536w, https:\/\/vallsmadella.com\/wp-content\/uploads\/2024\/06\/maquinaria-develon-18x12.jpg 18w, https:\/\/vallsmadella.com\/wp-content\/uploads\/2024\/06\/maquinaria-develon.jpg 2000w\" sizes=\"(max-width: 800px) 100vw, 800px\" \/><\/div><\/a>\n\t\t\t\t<div class=\"elementor-post__text\">\n\t\t\t\t<h2 class=\"elementor-post__title\">\n\t\t\t<a href=\"https:\/\/vallsmadella.com\/es\/maquinaria-develon-equip-perfecte-projecte\/\">\n\t\t\t\tComparativa de maquinaria Develon: encuentra el equipo perfecto para tu proyecto\t\t\t<\/a>\n\t\t<\/h2>\n\t\t\t\t<div class=\"elementor-post__excerpt\">\n\t\t\t<p>Develon, una marca l\u00edder en el sector, ofrece una amplia gama de m\u00e1quinas que destacan por su rendimiento, durabilidad y eficiencia. En esta comparativa, exploraremos las caracter\u00edsticas y ventajas de las principales categor\u00edas de maquinaria Develon para ayudarte a encontrar la opci\u00f3n perfecta.<\/p>\n\t\t<\/div>\n\t\t\n\t\t<a class=\"elementor-post__read-more\" href=\"https:\/\/vallsmadella.com\/es\/maquinaria-develon-equip-perfecte-projecte\/\" aria-label=\"M\u00e1s informaci\u00f3n sobre Comparativa de maquinaria Develon: encuentra el equipo perfecto para tu proyecto\" tabindex=\"-1\">\n\t\t\tLeer m\u00e1s \u00bb\t\t<\/a>\n\n\t\t\t\t<\/div>\n\t\t\t\t<div class=\"elementor-post__meta-data\">\n\t\t\t\t\t<span class=\"elementor-post-date\">\n\t\t\t29\/06\/2024\t\t<\/span>\n\t\t\t\t<\/div>\n\t\t\t\t\t<\/div>\n\t\t<\/article>\n\t\t\t\t<article class=\"elementor-post elementor-grid-item post-1934 post type-post status-publish format-standard has-post-thumbnail hentry category-vallsmadella category-hammer-europe category-maquinaria-construccio tag-boadella-vallsmadella tag-eines-de-demolicio tag-hammer-europe tag-maquinaria-a-girona\" role=\"listitem\">\n\t\t\t<div class=\"elementor-post__card\">\n\t\t\t\t<a class=\"elementor-post__thumbnail__link\" href=\"https:\/\/vallsmadella.com\/es\/hammer-europe-innovacio-eines-de-demolicio\/\" tabindex=\"-1\"><div class=\"elementor-post__thumbnail\"><img loading=\"lazy\" decoding=\"async\" width=\"800\" height=\"450\" src=\"https:\/\/vallsmadella.com\/wp-content\/uploads\/2023\/07\/hammer-fx-7-1024x576.jpg\" class=\"attachment-large size-large wp-image-1016\" alt=\"\" srcset=\"https:\/\/vallsmadella.com\/wp-content\/uploads\/2023\/07\/hammer-fx-7-1024x576.jpg 1024w, https:\/\/vallsmadella.com\/wp-content\/uploads\/2023\/07\/hammer-fx-7-300x169.jpg 300w, https:\/\/vallsmadella.com\/wp-content\/uploads\/2023\/07\/hammer-fx-7-768x432.jpg 768w, https:\/\/vallsmadella.com\/wp-content\/uploads\/2023\/07\/hammer-fx-7-1536x864.jpg 1536w, https:\/\/vallsmadella.com\/wp-content\/uploads\/2023\/07\/hammer-fx-7.jpg 1980w\" sizes=\"(max-width: 800px) 100vw, 800px\" \/><\/div><\/a>\n\t\t\t\t<div class=\"elementor-post__text\">\n\t\t\t\t<h2 class=\"elementor-post__title\">\n\t\t\t<a href=\"https:\/\/vallsmadella.com\/es\/hammer-europe-innovacio-eines-de-demolicio\/\">\n\t\t\t\tEl rol de Hammer Europe en la innovaci\u00f3n de herramientas de demolici\u00f3n\t\t\t<\/a>\n\t\t<\/h2>\n\t\t\t\t<div class=\"elementor-post__excerpt\">\n\t\t\t<p>Hammer Europe se ha posicionado como l\u00edder en la innovaci\u00f3n de herramientas de demolici\u00f3n, ofreciendo soluciones avanzadas que transforman la forma en que se ejecutan estos proyectos en Girona y m\u00e1s all\u00e1. Descubre c\u00f3mo Hammer Europe est\u00e1 revolucionando el sector con las innovadoras herramientas de demolici\u00f3n.<\/p>\n\t\t<\/div>\n\t\t\n\t\t<a class=\"elementor-post__read-more\" href=\"https:\/\/vallsmadella.com\/es\/hammer-europe-innovacio-eines-de-demolicio\/\" aria-label=\"M\u00e1s informaci\u00f3n sobre El rol de Hammer Europe en la innovaci\u00f3n de herramientas de demolici\u00f3n\" tabindex=\"-1\">\n\t\t\tLeer m\u00e1s \u00bb\t\t<\/a>\n\n\t\t\t\t<\/div>\n\t\t\t\t<div class=\"elementor-post__meta-data\">\n\t\t\t\t\t<span class=\"elementor-post-date\">\n\t\t\t24\/06\/2024\t\t<\/span>\n\t\t\t\t<\/div>\n\t\t\t\t\t<\/div>\n\t\t<\/article>\n\t\t\t\t<article class=\"elementor-post elementor-grid-item post-1926 post type-post status-publish format-standard has-post-thumbnail hentry category-vallsmadella category-dagartech category-maquinaria-construccio category-solucio-energetica tag-boadella-vallsmadella tag-grups-electrogens tag-maquinaria-a-girona\" role=\"listitem\">\n\t\t\t<div class=\"elementor-post__card\">\n\t\t\t\t<a class=\"elementor-post__thumbnail__link\" href=\"https:\/\/vallsmadella.com\/es\/beneficis-grups-electrogens-obres-gran-escala\/\" tabindex=\"-1\"><div class=\"elementor-post__thumbnail\"><img loading=\"lazy\" decoding=\"async\" width=\"750\" height=\"500\" src=\"https:\/\/vallsmadella.com\/wp-content\/uploads\/2024\/06\/Dagartech_Gama-Rental-BK-EU5.png\" class=\"attachment-large size-large wp-image-1933\" alt=\"grups electr\u00f2gens\" srcset=\"https:\/\/vallsmadella.com\/wp-content\/uploads\/2024\/06\/Dagartech_Gama-Rental-BK-EU5.png 750w, https:\/\/vallsmadella.com\/wp-content\/uploads\/2024\/06\/Dagartech_Gama-Rental-BK-EU5-300x200.png 300w, https:\/\/vallsmadella.com\/wp-content\/uploads\/2024\/06\/Dagartech_Gama-Rental-BK-EU5-18x12.png 18w\" sizes=\"(max-width: 750px) 100vw, 750px\" \/><\/div><\/a>\n\t\t\t\t<div class=\"elementor-post__text\">\n\t\t\t\t<h2 class=\"elementor-post__title\">\n\t\t\t<a href=\"https:\/\/vallsmadella.com\/es\/beneficis-grups-electrogens-obres-gran-escala\/\">\n\t\t\t\tBeneficios de los grupos electr\u00f3genos en obras de gran envergadura\t\t\t<\/a>\n\t\t<\/h2>\n\t\t\t\t<div class=\"elementor-post__excerpt\">\n\t\t\t<p>En cualquier obra de gran envergadura, la disponibilidad de una fuente de energ\u00eda fiable es esencial para garantizar que todos los equipos funcionen sin interrupciones. Aqu\u00ed es donde entran en juego los grupos electr\u00f3genos. Estos dispositivos son indispensables para asegurar un continuo suministro de electricidad.<\/p>\n\t\t<\/div>\n\t\t\n\t\t<a class=\"elementor-post__read-more\" href=\"https:\/\/vallsmadella.com\/es\/beneficis-grups-electrogens-obres-gran-escala\/\" aria-label=\"M\u00e1s informaci\u00f3n sobre Beneficios de los grupos electr\u00f3genos en obras de gran escala\" tabindex=\"-1\">\n\t\t\tLeer m\u00e1s \u00bb\t\t<\/a>\n\n\t\t\t\t<\/div>\n\t\t\t\t<div class=\"elementor-post__meta-data\">\n\t\t\t\t\t<span class=\"elementor-post-date\">\n\t\t\t19\/06\/2024\t\t<\/span>\n\t\t\t\t<\/div>\n\t\t\t\t\t<\/div>\n\t\t<\/article>\n\t\t\t\t<article class=\"elementor-post elementor-grid-item post-1916 post type-post status-publish format-standard has-post-thumbnail hentry category-vallsmadella category-manitou category-maquinaria-agricola tag-boadella-vallsmadella tag-maquinaria-a-girona tag-maquinaria-agricola tag-telescopics-agricoles\" role=\"listitem\">\n\t\t\t<div class=\"elementor-post__card\">\n\t\t\t\t<a class=\"elementor-post__thumbnail__link\" href=\"https:\/\/vallsmadella.com\/es\/telescopics-agricoles-manitou-treball-camp\/\" tabindex=\"-1\"><div class=\"elementor-post__thumbnail\"><img loading=\"lazy\" decoding=\"async\" width=\"800\" height=\"800\" src=\"https:\/\/vallsmadella.com\/wp-content\/uploads\/2024\/06\/maquinaria-agricultura-serie-mlt-mvt-ctb-group-web.jpg\" class=\"attachment-large size-large wp-image-1921\" alt=\"\" srcset=\"https:\/\/vallsmadella.com\/wp-content\/uploads\/2024\/06\/maquinaria-agricultura-serie-mlt-mvt-ctb-group-web.jpg 1000w, https:\/\/vallsmadella.com\/wp-content\/uploads\/2024\/06\/maquinaria-agricultura-serie-mlt-mvt-ctb-group-web-300x300.jpg 300w, https:\/\/vallsmadella.com\/wp-content\/uploads\/2024\/06\/maquinaria-agricultura-serie-mlt-mvt-ctb-group-web-150x150.jpg 150w, https:\/\/vallsmadella.com\/wp-content\/uploads\/2024\/06\/maquinaria-agricultura-serie-mlt-mvt-ctb-group-web-768x768.jpg 768w, https:\/\/vallsmadella.com\/wp-content\/uploads\/2024\/06\/maquinaria-agricultura-serie-mlt-mvt-ctb-group-web-12x12.jpg 12w\" sizes=\"(max-width: 800px) 100vw, 800px\" \/><\/div><\/a>\n\t\t\t\t<div class=\"elementor-post__text\">\n\t\t\t\t<h2 class=\"elementor-post__title\">\n\t\t\t<a href=\"https:\/\/vallsmadella.com\/es\/telescopics-agricoles-manitou-treball-camp\/\">\n\t\t\t\tTelesc\u00f3picos agr\u00edcolas Manitou: potencia el trabajo de campo\t\t\t<\/a>\n\t\t<\/h2>\n\t\t\t\t<div class=\"elementor-post__excerpt\">\n\t\t\t<p>En el sector agr\u00edcola, la eficiencia y la versatilidad de la maquinaria son esenciales para maximizar la productividad y minimizar el esfuerzo. Los telesc\u00f3picos agr\u00edcolas Manitou se destacan como una herramienta indispensable para el trabajo en el campo. Descubre porqu\u00e9 esta marca es la elecci\u00f3n ideal para tus necesidades agr\u00edcolas.<\/p>\n\t\t<\/div>\n\t\t\n\t\t<a class=\"elementor-post__read-more\" href=\"https:\/\/vallsmadella.com\/es\/telescopics-agricoles-manitou-treball-camp\/\" aria-label=\"M\u00e1s informaci\u00f3n sobre Telesc\u00f3picos agr\u00edcolas Manitou: potencia el trabajo de campo\" tabindex=\"-1\">\n\t\t\tLeer m\u00e1s \u00bb\t\t<\/a>\n\n\t\t\t\t<\/div>\n\t\t\t\t<div class=\"elementor-post__meta-data\">\n\t\t\t\t\t<span class=\"elementor-post-date\">\n\t\t\t14\/06\/2024\t\t<\/span>\n\t\t\t\t<\/div>\n\t\t\t\t\t<\/div>\n\t\t<\/article>\n\t\t\t\t<article class=\"elementor-post elementor-grid-item post-1909 post type-post status-publish format-standard has-post-thumbnail hentry category-vallsmadella category-develon category-maquinaria-industrial tag-boadella-vallsmadella tag-develon tag-develon-a-girona tag-maquinaria-a-girona tag-maquinaria-de-construccio\" role=\"listitem\">\n\t\t\t<div class=\"elementor-post__card\">\n\t\t\t\t<a class=\"elementor-post__thumbnail__link\" href=\"https:\/\/vallsmadella.com\/es\/maquinaria-develon-a-girona-millor-opcio\/\" tabindex=\"-1\"><div class=\"elementor-post__thumbnail\"><img loading=\"lazy\" decoding=\"async\" width=\"800\" height=\"540\" src=\"https:\/\/vallsmadella.com\/wp-content\/uploads\/2024\/01\/20231218-DX62R-3-studio-1024x691.jpg\" class=\"attachment-large size-large wp-image-1523\" alt=\"Mini excavadora Develon\" srcset=\"https:\/\/vallsmadella.com\/wp-content\/uploads\/2024\/01\/20231218-DX62R-3-studio-1024x691.jpg 1024w, https:\/\/vallsmadella.com\/wp-content\/uploads\/2024\/01\/20231218-DX62R-3-studio-300x203.jpg 300w, https:\/\/vallsmadella.com\/wp-content\/uploads\/2024\/01\/20231218-DX62R-3-studio-768x518.jpg 768w, https:\/\/vallsmadella.com\/wp-content\/uploads\/2024\/01\/20231218-DX62R-3-studio-1536x1037.jpg 1536w, https:\/\/vallsmadella.com\/wp-content\/uploads\/2024\/01\/20231218-DX62R-3-studio-18x12.jpg 18w, https:\/\/vallsmadella.com\/wp-content\/uploads\/2024\/01\/20231218-DX62R-3-studio.jpg 2000w\" sizes=\"(max-width: 800px) 100vw, 800px\" \/><\/div><\/a>\n\t\t\t\t<div class=\"elementor-post__text\">\n\t\t\t\t<h2 class=\"elementor-post__title\">\n\t\t\t<a href=\"https:\/\/vallsmadella.com\/es\/maquinaria-develon-a-girona-millor-opcio\/\">\n\t\t\t\tMaquinaria Develon en Girona, una buena opci\u00f3n para tus necesidades\t\t\t<\/a>\n\t\t<\/h2>\n\t\t\t\t<div class=\"elementor-post__excerpt\">\n\t\t\t<p>Si te dedicas al sector de la construcci\u00f3n en Girona, necesitas maquinaria fiable y eficiente. Develon en Girona es la opci\u00f3n perfecta, destac\u00e1ndose por su calidad y rendimiento. Con una amplia gama de productos, desde excavadoras a compactadores, Develon ofrece tecnolog\u00eda avanzada, durabilidad y eficiencia energ\u00e9tica.<\/p>\n\t\t<\/div>\n\t\t\n\t\t<a class=\"elementor-post__read-more\" href=\"https:\/\/vallsmadella.com\/es\/maquinaria-develon-a-girona-millor-opcio\/\" aria-label=\"M\u00e1s informaci\u00f3n sobre Maquinaria Develon en Girona, una buena opci\u00f3n para tus necesidades\" tabindex=\"-1\">\n\t\t\tLeer m\u00e1s \u00bb\t\t<\/a>\n\n\t\t\t\t<\/div>\n\t\t\t\t<div class=\"elementor-post__meta-data\">\n\t\t\t\t\t<span class=\"elementor-post-date\">\n\t\t\t07\/06\/2024\t\t<\/span>\n\t\t\t\t<\/div>\n\t\t\t\t\t<\/div>\n\t\t<\/article>\n\t\t\t\t<article class=\"elementor-post elementor-grid-item post-1900 post type-post status-publish format-standard has-post-thumbnail hentry category-vallsmadella category-maquinaria-industrial category-noblelift tag-boadella-vallsmadella tag-logistica-magatzem tag-maquinaria-a-girona tag-transpalets-noblelift\" role=\"listitem\">\n\t\t\t<div class=\"elementor-post__card\">\n\t\t\t\t<a class=\"elementor-post__thumbnail__link\" href=\"https:\/\/vallsmadella.com\/es\/optimitza-magatzem-transpalets-noblelift-girona\/\" tabindex=\"-1\"><div class=\"elementor-post__thumbnail\"><img loading=\"lazy\" decoding=\"async\" width=\"500\" height=\"450\" src=\"https:\/\/vallsmadella.com\/wp-content\/uploads\/2024\/05\/Transpalet-electric.webp\" class=\"attachment-large size-large wp-image-1890\" alt=\"\" srcset=\"https:\/\/vallsmadella.com\/wp-content\/uploads\/2024\/05\/Transpalet-electric.webp 500w, https:\/\/vallsmadella.com\/wp-content\/uploads\/2024\/05\/Transpalet-electric-300x270.webp 300w, https:\/\/vallsmadella.com\/wp-content\/uploads\/2024\/05\/Transpalet-electric-13x12.webp 13w\" sizes=\"(max-width: 500px) 100vw, 500px\" \/><\/div><\/a>\n\t\t\t\t<div class=\"elementor-post__text\">\n\t\t\t\t<h2 class=\"elementor-post__title\">\n\t\t\t<a href=\"https:\/\/vallsmadella.com\/es\/optimitza-magatzem-transpalets-noblelift-girona\/\">\n\t\t\t\tOptimiza tu almac\u00e9n con las transpaletas Noblelift en Girona\t\t\t<\/a>\n\t\t<\/h2>\n\t\t\t\t<div class=\"elementor-post__excerpt\">\n\t\t\t<p>Si buscas mejorar la operatividad de tu almac\u00e9n, los transpal\u00e9s Noblelift son la soluci\u00f3n perfecta. En este art\u00edculo le explicaremos por qu\u00e9 confiar en esta prestigiosa marca.<\/p>\n\t\t<\/div>\n\t\t\n\t\t<a class=\"elementor-post__read-more\" href=\"https:\/\/vallsmadella.com\/es\/optimitza-magatzem-transpalets-noblelift-girona\/\" aria-label=\"M\u00e1s informaci\u00f3n sobre Optimiza tu almac\u00e9n con los transpal\u00e9s Noblelift en Girona\" tabindex=\"-1\">\n\t\t\tLeer m\u00e1s \u00bb\t\t<\/a>\n\n\t\t\t\t<\/div>\n\t\t\t\t<div class=\"elementor-post__meta-data\">\n\t\t\t\t\t<span class=\"elementor-post-date\">\n\t\t\t31\/05\/2024\t\t<\/span>\n\t\t\t\t<\/div>\n\t\t\t\t\t<\/div>\n\t\t<\/article>\n\t\t\t\t<article class=\"elementor-post elementor-grid-item post-1883 post type-post status-publish format-standard has-post-thumbnail hentry category-vallsmadella category-maquinaria-industrial category-noblelift tag-boadella-vallsmadella tag-logistica-magatzem tag-maquinaria-a-girona\" role=\"listitem\">\n\t\t\t<div class=\"elementor-post__card\">\n\t\t\t\t<a class=\"elementor-post__thumbnail__link\" href=\"https:\/\/vallsmadella.com\/es\/noblelift-a-girona-marca-boadella-vallsmadella\/\" tabindex=\"-1\"><div class=\"elementor-post__thumbnail\"><img loading=\"lazy\" decoding=\"async\" width=\"800\" height=\"800\" src=\"https:\/\/vallsmadella.com\/wp-content\/uploads\/2024\/05\/Diseno-sin-titulo-1024x1024.png\" class=\"attachment-large size-large wp-image-1907\" alt=\"\" srcset=\"https:\/\/vallsmadella.com\/wp-content\/uploads\/2024\/05\/Diseno-sin-titulo-1024x1024.png 1024w, https:\/\/vallsmadella.com\/wp-content\/uploads\/2024\/05\/Diseno-sin-titulo-300x300.png 300w, https:\/\/vallsmadella.com\/wp-content\/uploads\/2024\/05\/Diseno-sin-titulo-150x150.png 150w, https:\/\/vallsmadella.com\/wp-content\/uploads\/2024\/05\/Diseno-sin-titulo-768x768.png 768w, https:\/\/vallsmadella.com\/wp-content\/uploads\/2024\/05\/Diseno-sin-titulo-12x12.png 12w, https:\/\/vallsmadella.com\/wp-content\/uploads\/2024\/05\/Diseno-sin-titulo.png 1080w\" sizes=\"(max-width: 800px) 100vw, 800px\" \/><\/div><\/a>\n\t\t\t\t<div class=\"elementor-post__text\">\n\t\t\t\t<h2 class=\"elementor-post__title\">\n\t\t\t<a href=\"https:\/\/vallsmadella.com\/es\/noblelift-a-girona-marca-boadella-vallsmadella\/\">\n\t\t\t\tDescubre Noblelift en Girona: nueva marca en Boadella Vallsmadella\t\t\t<\/a>\n\t\t<\/h2>\n\t\t\t\t<div class=\"elementor-post__excerpt\">\n\t\t\t<p>El cat\u00e1logo de Boadella Vallsmadella incluye marcas de renombre como Ammann, Dagartech, Develon, Manitou, Gehl, Hammer Europe y ahora la prestigiosa Noblelift. En este art\u00edculo, te explicaremos todo lo que necesitas saber sobre Noblelift y por qu\u00e9 es una excelente adici\u00f3n a tu equipo de maquinaria.<\/p>\n\t\t<\/div>\n\t\t\n\t\t<a class=\"elementor-post__read-more\" href=\"https:\/\/vallsmadella.com\/es\/noblelift-a-girona-marca-boadella-vallsmadella\/\" aria-label=\"M\u00e1s informaci\u00f3n sobre Descubre Noblelift en Girona: nueva marca en Boadella Vallsmadella\" tabindex=\"-1\">\n\t\t\tLeer m\u00e1s \u00bb\t\t<\/a>\n\n\t\t\t\t<\/div>\n\t\t\t\t<div class=\"elementor-post__meta-data\">\n\t\t\t\t\t<span class=\"elementor-post-date\">\n\t\t\t27\/05\/2024\t\t<\/span>\n\t\t\t\t<\/div>\n\t\t\t\t\t<\/div>\n\t\t<\/article>\n\t\t\t\t<article class=\"elementor-post elementor-grid-item post-1737 post type-post status-publish format-standard has-post-thumbnail hentry category-vallsmadella category-maquinaria-construccio category-maquinaria-industrial tag-boadella-vallsmadella tag-eines-construccio tag-maquinaria-a-girona\" role=\"listitem\">\n\t\t\t<div class=\"elementor-post__card\">\n\t\t\t\t<a class=\"elementor-post__thumbnail__link\" href=\"https:\/\/vallsmadella.com\/es\/innovacio-vallsmadella-maquinaria-a-girona\/\" tabindex=\"-1\"><div class=\"elementor-post__thumbnail\"><img loading=\"lazy\" decoding=\"async\" width=\"800\" height=\"450\" src=\"https:\/\/vallsmadella.com\/wp-content\/uploads\/2023\/07\/hammer-europe-MCK15_2-1024x576.jpg\" class=\"attachment-large size-large wp-image-949\" alt=\"\" srcset=\"https:\/\/vallsmadella.com\/wp-content\/uploads\/2023\/07\/hammer-europe-MCK15_2-1024x576.jpg 1024w, https:\/\/vallsmadella.com\/wp-content\/uploads\/2023\/07\/hammer-europe-MCK15_2-300x169.jpg 300w, https:\/\/vallsmadella.com\/wp-content\/uploads\/2023\/07\/hammer-europe-MCK15_2-768x432.jpg 768w, https:\/\/vallsmadella.com\/wp-content\/uploads\/2023\/07\/hammer-europe-MCK15_2-1536x864.jpg 1536w, https:\/\/vallsmadella.com\/wp-content\/uploads\/2023\/07\/hammer-europe-MCK15_2.jpg 1980w\" sizes=\"(max-width: 800px) 100vw, 800px\" \/><\/div><\/a>\n\t\t\t\t<div class=\"elementor-post__text\">\n\t\t\t\t<h2 class=\"elementor-post__title\">\n\t\t\t<a href=\"https:\/\/vallsmadella.com\/es\/innovacio-vallsmadella-maquinaria-a-girona\/\">\n\t\t\t\tInnovaci\u00f3n y rendimiento: Vallsmadella y maquinaria en Girona\t\t\t<\/a>\n\t\t<\/h2>\n\t\t\t\t<div class=\"elementor-post__excerpt\">\n\t\t\t<p>Vallsmadella se ha consolidado como referente en la distribuci\u00f3n de maquinaria en Girona. Con una s\u00f3lida trayectoria y compromiso con la innovaci\u00f3n, esta empresa ofrece a sus clientes equipos de marcas l\u00edderes como Dagartech, Develon, Manitou, Hammer Europe, Noblelift, Ammann y Gehl. \u00a1Entra para descubrir m\u00e1s!<\/p>\n\t\t<\/div>\n\t\t\n\t\t<a class=\"elementor-post__read-more\" href=\"https:\/\/vallsmadella.com\/es\/innovacio-vallsmadella-maquinaria-a-girona\/\" aria-label=\"M\u00e1s informaci\u00f3n sobre Innovaci\u00f3n y rendimiento: Vallsmadella y maquinaria en Girona\" tabindex=\"-1\">\n\t\t\tLeer m\u00e1s \u00bb\t\t<\/a>\n\n\t\t\t\t<\/div>\n\t\t\t\t<div class=\"elementor-post__meta-data\">\n\t\t\t\t\t<span class=\"elementor-post-date\">\n\t\t\t17\/05\/2024\t\t<\/span>\n\t\t\t\t<\/div>\n\t\t\t\t\t<\/div>\n\t\t<\/article>\n\t\t\t\t<article class=\"elementor-post elementor-grid-item post-1728 post type-post status-publish format-standard has-post-thumbnail hentry category-vallsmadella category-maquinaria-construccio category-maquinaria-industrial tag-boadella-vallsmadella tag-eines-construccio tag-maquinaria-industrial-a-girona\" role=\"listitem\">\n\t\t\t<div class=\"elementor-post__card\">\n\t\t\t\t<a class=\"elementor-post__thumbnail__link\" href=\"https:\/\/vallsmadella.com\/es\/tecnologia-servei-maquinaria-industrial-a-girona\/\" tabindex=\"-1\"><div class=\"elementor-post__thumbnail\"><img loading=\"lazy\" decoding=\"async\" width=\"683\" height=\"1024\" src=\"https:\/\/vallsmadella.com\/wp-content\/uploads\/2023\/03\/pexels-travis-rupert-12835355-683x1024.jpg\" class=\"attachment-large size-large wp-image-707\" alt=\"\" srcset=\"https:\/\/vallsmadella.com\/wp-content\/uploads\/2023\/03\/pexels-travis-rupert-12835355-683x1024.jpg 683w, https:\/\/vallsmadella.com\/wp-content\/uploads\/2023\/03\/pexels-travis-rupert-12835355-200x300.jpg 200w, https:\/\/vallsmadella.com\/wp-content\/uploads\/2023\/03\/pexels-travis-rupert-12835355-768x1152.jpg 768w, https:\/\/vallsmadella.com\/wp-content\/uploads\/2023\/03\/pexels-travis-rupert-12835355-1024x1536.jpg 1024w, https:\/\/vallsmadella.com\/wp-content\/uploads\/2023\/03\/pexels-travis-rupert-12835355.jpg 1280w\" sizes=\"(max-width: 683px) 100vw, 683px\" \/><\/div><\/a>\n\t\t\t\t<div class=\"elementor-post__text\">\n\t\t\t\t<h2 class=\"elementor-post__title\">\n\t\t\t<a href=\"https:\/\/vallsmadella.com\/es\/tecnologia-servei-maquinaria-industrial-a-girona\/\">\n\t\t\t\tTecnolog\u00eda y servicio en maquinaria industrial en Girona\t\t\t<\/a>\n\t\t<\/h2>\n\t\t\t\t<div class=\"elementor-post__excerpt\">\n\t\t\t<p>A medida que las ciudades crecen y la infraestructura se expande, la demanda de soluciones eficientes y de alta calidad en maquinaria industrial y de construcci\u00f3n resulta m\u00e1s cr\u00edtica. Exploramos c\u00f3mo la tecnolog\u00eda y el servicio se combinan para mejorar la eficiencia en la construcci\u00f3n.<\/p>\n\t\t<\/div>\n\t\t\n\t\t<a class=\"elementor-post__read-more\" href=\"https:\/\/vallsmadella.com\/es\/tecnologia-servei-maquinaria-industrial-a-girona\/\" aria-label=\"M\u00e1s informaci\u00f3n sobre Tecnolog\u00eda y servicio en maquinaria industrial en girona\" tabindex=\"-1\">\n\t\t\tLeer m\u00e1s \u00bb\t\t<\/a>\n\n\t\t\t\t<\/div>\n\t\t\t\t<div class=\"elementor-post__meta-data\">\n\t\t\t\t\t<span class=\"elementor-post-date\">\n\t\t\t13\/05\/2024\t\t<\/span>\n\t\t\t\t<\/div>\n\t\t\t\t\t<\/div>\n\t\t<\/article>\n\t\t\t\t<article class=\"elementor-post elementor-grid-item post-1720 post type-post status-publish format-standard has-post-thumbnail hentry category-vallsmadella category-hammer-europe category-maquinaria-construccio category-maquinaria-industrial tag-boadella-vallsmadella tag-eines-demolicio tag-hammer-europe tag-maquinaria-industrial-a-girona\" role=\"listitem\">\n\t\t\t<div class=\"elementor-post__card\">\n\t\t\t\t<a class=\"elementor-post__thumbnail__link\" href=\"https:\/\/vallsmadella.com\/es\/eines-de-demolicio-aposta-hammer-europe\/\" tabindex=\"-1\"><div class=\"elementor-post__thumbnail\"><img loading=\"lazy\" decoding=\"async\" width=\"800\" height=\"600\" src=\"https:\/\/vallsmadella.com\/wp-content\/uploads\/2024\/05\/hammer-serie-fr-1024x768.png\" class=\"attachment-large size-large wp-image-1725\" alt=\"eines de demolici\u00f3\" srcset=\"https:\/\/vallsmadella.com\/wp-content\/uploads\/2024\/05\/hammer-serie-fr-1024x768.png 1024w, https:\/\/vallsmadella.com\/wp-content\/uploads\/2024\/05\/hammer-serie-fr-300x225.png 300w, https:\/\/vallsmadella.com\/wp-content\/uploads\/2024\/05\/hammer-serie-fr-768x576.png 768w, https:\/\/vallsmadella.com\/wp-content\/uploads\/2024\/05\/hammer-serie-fr-16x12.png 16w, https:\/\/vallsmadella.com\/wp-content\/uploads\/2024\/05\/hammer-serie-fr.png 1200w\" sizes=\"(max-width: 800px) 100vw, 800px\" \/><\/div><\/a>\n\t\t\t\t<div class=\"elementor-post__text\">\n\t\t\t\t<h2 class=\"elementor-post__title\">\n\t\t\t<a href=\"https:\/\/vallsmadella.com\/es\/eines-de-demolicio-aposta-hammer-europe\/\">\n\t\t\t\tHerramientas de demolici\u00f3n: la apuesta de Hammer Europe\t\t\t<\/a>\n\t\t<\/h2>\n\t\t\t\t<div class=\"elementor-post__excerpt\">\n\t\t\t<p>\u00bfEst\u00e1s buscando herramientas que te ayuden a mejorar tus proyectos de construcci\u00f3n? Hammer Europe ha llegado fuerte en el mercado de las herramientas de demolici\u00f3n, y en Boadella Vallsmadella te traemos lo mejor de su cat\u00e1logo. \u00bfQu\u00e9 hace a estas herramientas tan especiales? Sigue leyendo para descubrirlo.<\/p>\n\t\t<\/div>\n\t\t\n\t\t<a class=\"elementor-post__read-more\" href=\"https:\/\/vallsmadella.com\/es\/eines-de-demolicio-aposta-hammer-europe\/\" aria-label=\"M\u00e1s informaci\u00f3n sobre Herramientas de demolici\u00f3n: la apuesta de Hammer Europe\" tabindex=\"-1\">\n\t\t\tLeer m\u00e1s \u00bb\t\t<\/a>\n\n\t\t\t\t<\/div>\n\t\t\t\t<div class=\"elementor-post__meta-data\">\n\t\t\t\t\t<span class=\"elementor-post-date\">\n\t\t\t07\/05\/2024\t\t<\/span>\n\t\t\t\t<\/div>\n\t\t\t\t\t<\/div>\n\t\t<\/article>\n\t\t\t\t<article class=\"elementor-post elementor-grid-item post-1703 post type-post status-publish format-standard has-post-thumbnail hentry category-vallsmadella category-dagartech category-solucio-energetica tag-boadella-vallsmadella tag-dagartech tag-grups-electrogens tag-maquinaria-industrial-a-girona tag-solucio-energetica\" role=\"listitem\">\n\t\t\t<div class=\"elementor-post__card\">\n\t\t\t\t<a class=\"elementor-post__thumbnail__link\" href=\"https:\/\/vallsmadella.com\/es\/energia-confiable-grups-electrogens-dagartech\/\" tabindex=\"-1\"><div class=\"elementor-post__thumbnail\"><img loading=\"lazy\" decoding=\"async\" width=\"700\" height=\"394\" src=\"https:\/\/vallsmadella.com\/wp-content\/uploads\/2023\/09\/Dagartech_caso-de-exito_AVE-Pais-Vasco_1.png\" class=\"attachment-large size-large wp-image-1201\" alt=\"grups electr\u00f2gens Dagartech\" srcset=\"https:\/\/vallsmadella.com\/wp-content\/uploads\/2023\/09\/Dagartech_caso-de-exito_AVE-Pais-Vasco_1.png 700w, https:\/\/vallsmadella.com\/wp-content\/uploads\/2023\/09\/Dagartech_caso-de-exito_AVE-Pais-Vasco_1-300x169.png 300w\" sizes=\"(max-width: 700px) 100vw, 700px\" \/><\/div><\/a>\n\t\t\t\t<div class=\"elementor-post__text\">\n\t\t\t\t<h2 class=\"elementor-post__title\">\n\t\t\t<a href=\"https:\/\/vallsmadella.com\/es\/energia-confiable-grups-electrogens-dagartech\/\">\n\t\t\t\tEnerg\u00eda confiable: grupos electr\u00f3genos Dagartech\t\t\t<\/a>\n\t\t<\/h2>\n\t\t\t\t<div class=\"elementor-post__excerpt\">\n\t\t\t<p>\u00bfBuscas una fuente fiable de energ\u00eda para tus proyectos? \u00a1No busques m\u00e1s! En Vallsmadella te ofrecemos la soluci\u00f3n perfecta con los grupos electr\u00f3genos Dagartech. \u00a1Sigue leyendo para saber m\u00e1s!<\/p>\n\t\t<\/div>\n\t\t\n\t\t<a class=\"elementor-post__read-more\" href=\"https:\/\/vallsmadella.com\/es\/energia-confiable-grups-electrogens-dagartech\/\" aria-label=\"M\u00e1s informaci\u00f3n sobre Energ\u00eda confiable: grupos electr\u00f3genos Dagartech\" tabindex=\"-1\">\n\t\t\tLeer m\u00e1s \u00bb\t\t<\/a>\n\n\t\t\t\t<\/div>\n\t\t\t\t<div class=\"elementor-post__meta-data\">\n\t\t\t\t\t<span class=\"elementor-post-date\">\n\t\t\t30\/04\/2024\t\t<\/span>\n\t\t\t\t<\/div>\n\t\t\t\t\t<\/div>\n\t\t<\/article>\n\t\t\t\t<article class=\"elementor-post elementor-grid-item post-1694 post type-post status-publish format-standard has-post-thumbnail hentry category-vallsmadella category-maquinaria-construccio tag-boadella-vallsmadella tag-maquinaria-de-construccio tag-maquinaria-industrial-a-girona tag-proveidor-de-maquinaria\" role=\"listitem\">\n\t\t\t<div class=\"elementor-post__card\">\n\t\t\t\t<a class=\"elementor-post__thumbnail__link\" href=\"https:\/\/vallsmadella.com\/es\/factors-clau-proveidor-de-maquinaria-construccio\/\" tabindex=\"-1\"><div class=\"elementor-post__thumbnail\"><img loading=\"lazy\" decoding=\"async\" width=\"545\" height=\"367\" src=\"https:\/\/vallsmadella.com\/wp-content\/uploads\/2022\/03\/gehl-img-02.jpg\" class=\"attachment-large size-large wp-image-205\" alt=\"\" srcset=\"https:\/\/vallsmadella.com\/wp-content\/uploads\/2022\/03\/gehl-img-02.jpg 545w, https:\/\/vallsmadella.com\/wp-content\/uploads\/2022\/03\/gehl-img-02-300x202.jpg 300w\" sizes=\"(max-width: 545px) 100vw, 545px\" \/><\/div><\/a>\n\t\t\t\t<div class=\"elementor-post__text\">\n\t\t\t\t<h2 class=\"elementor-post__title\">\n\t\t\t<a href=\"https:\/\/vallsmadella.com\/es\/factors-clau-proveidor-de-maquinaria-construccio\/\">\n\t\t\t\tFactores clave para elegir el mejor proveedor de maquinaria de construcci\u00f3n\t\t\t<\/a>\n\t\t<\/h2>\n\t\t\t\t<div class=\"elementor-post__excerpt\">\n\t\t\t<p>Te desvelamos los secretos para elegir al proveedor de maquinaria de construcci\u00f3n perfecto en Girona. Desde la calidad de los productos hasta la atenci\u00f3n al cliente, te guiaremos a trav\u00e9s de los aspectos clave. \u00a1No te lo pierdas!<\/p>\n\t\t<\/div>\n\t\t\n\t\t<a class=\"elementor-post__read-more\" href=\"https:\/\/vallsmadella.com\/es\/factors-clau-proveidor-de-maquinaria-construccio\/\" aria-label=\"M\u00e1s informaci\u00f3n sobre Factores clave para elegir al mejor proveedor de maquinaria de construcci\u00f3n\" tabindex=\"-1\">\n\t\t\tLeer m\u00e1s \u00bb\t\t<\/a>\n\n\t\t\t\t<\/div>\n\t\t\t\t<div class=\"elementor-post__meta-data\">\n\t\t\t\t\t<span class=\"elementor-post-date\">\n\t\t\t24\/04\/2024\t\t<\/span>\n\t\t\t\t<\/div>\n\t\t\t\t\t<\/div>\n\t\t<\/article>\n\t\t\t\t<article class=\"elementor-post elementor-grid-item post-1687 post type-post status-publish format-standard has-post-thumbnail hentry category-vallsmadella category-maquinaria-construccio tag-boadella-vallsmadella tag-maquinaria-de-construccio tag-maquinaria-industrial-a-girona\" role=\"listitem\">\n\t\t\t<div class=\"elementor-post__card\">\n\t\t\t\t<a class=\"elementor-post__thumbnail__link\" href=\"https:\/\/vallsmadella.com\/es\/maquinaria-industrial-a-girona-vallsmadella\/\" tabindex=\"-1\"><div class=\"elementor-post__thumbnail\"><img loading=\"lazy\" decoding=\"async\" width=\"800\" height=\"450\" src=\"https:\/\/vallsmadella.com\/wp-content\/uploads\/2023\/07\/hammer-europe-FRK_3-1-1024x576.jpg\" class=\"attachment-large size-large wp-image-948\" alt=\"\" srcset=\"https:\/\/vallsmadella.com\/wp-content\/uploads\/2023\/07\/hammer-europe-FRK_3-1-1024x576.jpg 1024w, https:\/\/vallsmadella.com\/wp-content\/uploads\/2023\/07\/hammer-europe-FRK_3-1-300x169.jpg 300w, https:\/\/vallsmadella.com\/wp-content\/uploads\/2023\/07\/hammer-europe-FRK_3-1-768x432.jpg 768w, https:\/\/vallsmadella.com\/wp-content\/uploads\/2023\/07\/hammer-europe-FRK_3-1-1536x864.jpg 1536w, https:\/\/vallsmadella.com\/wp-content\/uploads\/2023\/07\/hammer-europe-FRK_3-1.jpg 1980w\" sizes=\"(max-width: 800px) 100vw, 800px\" \/><\/div><\/a>\n\t\t\t\t<div class=\"elementor-post__text\">\n\t\t\t\t<h2 class=\"elementor-post__title\">\n\t\t\t<a href=\"https:\/\/vallsmadella.com\/es\/maquinaria-industrial-a-girona-vallsmadella\/\">\n\t\t\t\tExperiencia y calidad: maquinaria industrial en Girona con Vallsmadella\t\t\t<\/a>\n\t\t<\/h2>\n\t\t\t\t<div class=\"elementor-post__excerpt\">\n\t\t\t<p>Descubre la excelencia en maquinaria industrial en Girona con Vallsmadella. Desde las construcciones m\u00e1s din\u00e1micas hasta las operaciones m\u00e1s complejas, ofrecemos soluciones integrales de primera calidad. Con una gama diversa de productos y un equipo experto, te guiaremos en cada paso de tu proyecto. \u00a1Sigue leyendo para explorar nuestra gama completa!<\/p>\n\t\t<\/div>\n\t\t\n\t\t<a class=\"elementor-post__read-more\" href=\"https:\/\/vallsmadella.com\/es\/maquinaria-industrial-a-girona-vallsmadella\/\" aria-label=\"M\u00e1s informaci\u00f3n sobre Experiencia y calidad: maquinaria industrial en Girona con Vallsmadella\" tabindex=\"-1\">\n\t\t\tLeer m\u00e1s \u00bb\t\t<\/a>\n\n\t\t\t\t<\/div>\n\t\t\t\t<div class=\"elementor-post__meta-data\">\n\t\t\t\t\t<span class=\"elementor-post-date\">\n\t\t\t19\/04\/2024\t\t<\/span>\n\t\t\t\t<\/div>\n\t\t\t\t\t<\/div>\n\t\t<\/article>\n\t\t\t\t<article class=\"elementor-post elementor-grid-item post-1675 post type-post status-publish format-standard has-post-thumbnail hentry category-vallsmadella category-manitou category-maquinaria-construccio tag-boadella-vallsmadella tag-manitou-a-girona tag-maquinaria-de-construccio\" role=\"listitem\">\n\t\t\t<div class=\"elementor-post__card\">\n\t\t\t\t<a class=\"elementor-post__thumbnail__link\" href=\"https:\/\/vallsmadella.com\/es\/maquinaria-manitou-a-girona-vallsmadella\/\" tabindex=\"-1\"><div class=\"elementor-post__thumbnail\"><img loading=\"lazy\" decoding=\"async\" width=\"545\" height=\"367\" src=\"https:\/\/vallsmadella.com\/wp-content\/uploads\/2022\/03\/manitou-img-02-ok.jpg\" class=\"attachment-large size-large wp-image-394\" alt=\"\" srcset=\"https:\/\/vallsmadella.com\/wp-content\/uploads\/2022\/03\/manitou-img-02-ok.jpg 545w, https:\/\/vallsmadella.com\/wp-content\/uploads\/2022\/03\/manitou-img-02-ok-300x202.jpg 300w\" sizes=\"(max-width: 545px) 100vw, 545px\" \/><\/div><\/a>\n\t\t\t\t<div class=\"elementor-post__text\">\n\t\t\t\t<h2 class=\"elementor-post__title\">\n\t\t\t<a href=\"https:\/\/vallsmadella.com\/es\/maquinaria-manitou-a-girona-vallsmadella\/\">\n\t\t\t\tMaquinaria Manitou en Girona con Vallsmadella, tu socio de confianza\t\t\t<\/a>\n\t\t<\/h2>\n\t\t\t\t<div class=\"elementor-post__excerpt\">\n\t\t\t<p>Si buscas maquinaria Manitou en Girona, en Vallsmadella, tu socio de confianza en equipos de construcci\u00f3n e industriales, encontrar\u00e1s todo lo que necesitas para impulsar tus proyectos hacia el \u00e9xito. \u00a1Entra y explora las oportunidades que tenemos para ti!<\/p>\n\t\t<\/div>\n\t\t\n\t\t<a class=\"elementor-post__read-more\" href=\"https:\/\/vallsmadella.com\/es\/maquinaria-manitou-a-girona-vallsmadella\/\" aria-label=\"M\u00e1s informaci\u00f3n sobre Maquinaria Manitou en Girona con Vallsmadella, tu socio de confianza\" tabindex=\"-1\">\n\t\t\tLeer m\u00e1s \u00bb\t\t<\/a>\n\n\t\t\t\t<\/div>\n\t\t\t\t<div class=\"elementor-post__meta-data\">\n\t\t\t\t\t<span class=\"elementor-post-date\">\n\t\t\t15\/04\/2024\t\t<\/span>\n\t\t\t\t<\/div>\n\t\t\t\t\t<\/div>\n\t\t<\/article>\n\t\t\t\t<article class=\"elementor-post elementor-grid-item post-1665 post type-post status-publish format-standard has-post-thumbnail hentry category-vallsmadella category-maquinaria-construccio tag-boadella-vallsmadella tag-industria-de-la-construccio tag-maquinaria-a-girona tag-maquinaria-de-construccio\" role=\"listitem\">\n\t\t\t<div class=\"elementor-post__card\">\n\t\t\t\t<a class=\"elementor-post__thumbnail__link\" href=\"https:\/\/vallsmadella.com\/es\/innovacio-maquinaria-de-construccio-clau-exit-2\/\" tabindex=\"-1\"><div class=\"elementor-post__thumbnail\"><img loading=\"lazy\" decoding=\"async\" width=\"800\" height=\"450\" src=\"https:\/\/vallsmadella.com\/wp-content\/uploads\/2023\/07\/hammer-europe-MCK15_2-1024x576.jpg\" class=\"attachment-large size-large wp-image-949\" alt=\"\" srcset=\"https:\/\/vallsmadella.com\/wp-content\/uploads\/2023\/07\/hammer-europe-MCK15_2-1024x576.jpg 1024w, https:\/\/vallsmadella.com\/wp-content\/uploads\/2023\/07\/hammer-europe-MCK15_2-300x169.jpg 300w, https:\/\/vallsmadella.com\/wp-content\/uploads\/2023\/07\/hammer-europe-MCK15_2-768x432.jpg 768w, https:\/\/vallsmadella.com\/wp-content\/uploads\/2023\/07\/hammer-europe-MCK15_2-1536x864.jpg 1536w, https:\/\/vallsmadella.com\/wp-content\/uploads\/2023\/07\/hammer-europe-MCK15_2.jpg 1980w\" sizes=\"(max-width: 800px) 100vw, 800px\" \/><\/div><\/a>\n\t\t\t\t<div class=\"elementor-post__text\">\n\t\t\t\t<h2 class=\"elementor-post__title\">\n\t\t\t<a href=\"https:\/\/vallsmadella.com\/es\/innovacio-maquinaria-de-construccio-clau-exit-2\/\">\n\t\t\t\t\u00bfPor qu\u00e9 la innovaci\u00f3n en maquinaria de construcci\u00f3n es clave para el \u00e9xito?\t\t\t<\/a>\n\t\t<\/h2>\n\t\t\t\t<div class=\"elementor-post__excerpt\">\n\t\t\t<p>En el mundo de la construcci\u00f3n, contar con la maquinaria adecuada es algo m\u00e1s que una simple necesidad, es la clave para alcanzar el \u00e9xito. \u00a1En este art\u00edculo te explicamos los motivos!<\/p>\n\t\t<\/div>\n\t\t\n\t\t<a class=\"elementor-post__read-more\" href=\"https:\/\/vallsmadella.com\/es\/innovacio-maquinaria-de-construccio-clau-exit-2\/\" aria-label=\"M\u00e1s informaci\u00f3n sobre \u00bfPor qu\u00e9 la innovaci\u00f3n en maquinaria de construcci\u00f3n es clave para el \u00e9xito?\" tabindex=\"-1\">\n\t\t\tLeer m\u00e1s \u00bb\t\t<\/a>\n\n\t\t\t\t<\/div>\n\t\t\t\t<div class=\"elementor-post__meta-data\">\n\t\t\t\t\t<span class=\"elementor-post-date\">\n\t\t\t08\/04\/2024\t\t<\/span>\n\t\t\t\t<\/div>\n\t\t\t\t\t<\/div>\n\t\t<\/article>\n\t\t\t\t<article class=\"elementor-post elementor-grid-item post-1658 post type-post status-publish format-standard has-post-thumbnail hentry category-vallsmadella category-gehl category-maquinaria-construccio tag-boadella-vallsmadella tag-gehl tag-implements-gehl tag-industria-de-la-construccio tag-maquinaria-a-girona\" role=\"listitem\">\n\t\t\t<div class=\"elementor-post__card\">\n\t\t\t\t<a class=\"elementor-post__thumbnail__link\" href=\"https:\/\/vallsmadella.com\/es\/implements-gehl-maquina-el-que-necessites-part3\/\" tabindex=\"-1\"><div class=\"elementor-post__thumbnail\"><img loading=\"lazy\" decoding=\"async\" width=\"800\" height=\"738\" src=\"https:\/\/vallsmadella.com\/wp-content\/uploads\/2024\/03\/retroexcavadora-1024x944.png\" class=\"attachment-large size-large wp-image-1663\" alt=\"implements GEHL\" srcset=\"https:\/\/vallsmadella.com\/wp-content\/uploads\/2024\/03\/retroexcavadora-1024x944.png 1024w, https:\/\/vallsmadella.com\/wp-content\/uploads\/2024\/03\/retroexcavadora-300x277.png 300w, https:\/\/vallsmadella.com\/wp-content\/uploads\/2024\/03\/retroexcavadora-768x708.png 768w, https:\/\/vallsmadella.com\/wp-content\/uploads\/2024\/03\/retroexcavadora-1536x1417.png 1536w, https:\/\/vallsmadella.com\/wp-content\/uploads\/2024\/03\/retroexcavadora-13x12.png 13w, https:\/\/vallsmadella.com\/wp-content\/uploads\/2024\/03\/retroexcavadora.png 1723w\" sizes=\"(max-width: 800px) 100vw, 800px\" \/><\/div><\/a>\n\t\t\t\t<div class=\"elementor-post__text\">\n\t\t\t\t<h2 class=\"elementor-post__title\">\n\t\t\t<a href=\"https:\/\/vallsmadella.com\/es\/implements-gehl-maquina-el-que-necessites-part3\/\">\n\t\t\t\tDescubre los implementos GEHL y convierte tu m\u00e1quina en lo que necesitas (parte 3)\t\t\t<\/a>\n\t\t<\/h2>\n\t\t\t\t<div class=\"elementor-post__excerpt\">\n\t\t\t<p>Bienvenidos a la \u00faltima parte de nuestra serie de art\u00edculos sobre los implementos GEHL, dise\u00f1ados para potenciar la maquinaria industrial y convertirla en la herramienta perfecta para cualquier tarea de construcci\u00f3n. En este tercer art\u00edculo continuaremos explorando la amplia gama de opciones que...<\/p>\n\t\t<\/div>\n\t\t\n\t\t<a class=\"elementor-post__read-more\" href=\"https:\/\/vallsmadella.com\/es\/implements-gehl-maquina-el-que-necessites-part3\/\" aria-label=\"M\u00e1s informaci\u00f3n sobre Descubre los implementos GEHL y convierte tu m\u00e1quina en lo que necesitas (parte 3)\" tabindex=\"-1\">\n\t\t\tLeer m\u00e1s \u00bb\t\t<\/a>\n\n\t\t\t\t<\/div>\n\t\t\t\t<div class=\"elementor-post__meta-data\">\n\t\t\t\t\t<span class=\"elementor-post-date\">\n\t\t\t30\/03\/2024\t\t<\/span>\n\t\t\t\t<\/div>\n\t\t\t\t\t<\/div>\n\t\t<\/article>\n\t\t\t\t<article class=\"elementor-post elementor-grid-item post-1646 post type-post status-publish format-standard has-post-thumbnail hentry category-vallsmadella category-maquinaria-agricola category-maquinaria-industrial tag-boadella-vallsmadella tag-industria-agraria tag-maquinaria-a-girona tag-maquinaria-agricola-a-girona\" role=\"listitem\">\n\t\t\t<div class=\"elementor-post__card\">\n\t\t\t\t<a class=\"elementor-post__thumbnail__link\" href=\"https:\/\/vallsmadella.com\/es\/optimitzar-us-maquinaria-agricola-a-girona\/\" tabindex=\"-1\"><div class=\"elementor-post__thumbnail\"><img loading=\"lazy\" decoding=\"async\" width=\"731\" height=\"551\" src=\"https:\/\/vallsmadella.com\/wp-content\/uploads\/2022\/03\/banner-hero-marques-03.jpg\" class=\"attachment-large size-large wp-image-387\" alt=\"maquin\u00e0ria agr\u00edcola a Girona\" srcset=\"https:\/\/vallsmadella.com\/wp-content\/uploads\/2022\/03\/banner-hero-marques-03.jpg 731w, https:\/\/vallsmadella.com\/wp-content\/uploads\/2022\/03\/banner-hero-marques-03-300x226.jpg 300w\" sizes=\"(max-width: 731px) 100vw, 731px\" \/><\/div><\/a>\n\t\t\t\t<div class=\"elementor-post__text\">\n\t\t\t\t<h2 class=\"elementor-post__title\">\n\t\t\t<a href=\"https:\/\/vallsmadella.com\/es\/optimitzar-us-maquinaria-agricola-a-girona\/\">\n\t\t\t\t10 consejos para optimizar el uso de maquinaria agr\u00edcola en Girona\t\t\t<\/a>\n\t\t<\/h2>\n\t\t\t\t<div class=\"elementor-post__excerpt\">\n\t\t\t<p>La maquinaria agr\u00edcola en Girona, donde los campos verdes se extienden hasta donde llega la vista, es una aliada indispensable para maximizar la productividad y el rendimiento de las cosechas. Con la amplia gama de equipos ofrecidos por distribuidores fiables como Vallsmadella...<\/p>\n\t\t<\/div>\n\t\t\n\t\t<a class=\"elementor-post__read-more\" href=\"https:\/\/vallsmadella.com\/es\/optimitzar-us-maquinaria-agricola-a-girona\/\" aria-label=\"M\u00e1s informaci\u00f3n sobre 10 consejos para optimizar el uso de maquinaria agr\u00edcola en Girona\" tabindex=\"-1\">\n\t\t\tLeer m\u00e1s \u00bb\t\t<\/a>\n\n\t\t\t\t<\/div>\n\t\t\t\t<div class=\"elementor-post__meta-data\">\n\t\t\t\t\t<span class=\"elementor-post-date\">\n\t\t\t23\/03\/2024\t\t<\/span>\n\t\t\t\t<\/div>\n\t\t\t\t\t<\/div>\n\t\t<\/article>\n\t\t\t\t<article class=\"elementor-post elementor-grid-item post-1636 post type-post status-publish format-standard has-post-thumbnail hentry category-vallsmadella category-ammann category-dagartech category-develon category-gehl category-hammer-europe category-manitou category-maquinaria-construccio category-maquinaria-industrial tag-boadella-vallsmadella tag-industria-de-la-construccio tag-maquinaria-a-girona tag-maquinaria-de-construccio-a-girona\" role=\"listitem\">\n\t\t\t<div class=\"elementor-post__card\">\n\t\t\t\t<a class=\"elementor-post__thumbnail__link\" href=\"https:\/\/vallsmadella.com\/es\/maquinaria-de-construccio-a-girona-guia-practica\/\" tabindex=\"-1\"><div class=\"elementor-post__thumbnail\"><img loading=\"lazy\" decoding=\"async\" width=\"680\" height=\"376\" src=\"https:\/\/vallsmadella.com\/wp-content\/uploads\/2024\/03\/2023-03-17.jpg\" class=\"attachment-large size-large wp-image-1644\" alt=\"maquin\u00e0ria de construcci\u00f3 a girona\" srcset=\"https:\/\/vallsmadella.com\/wp-content\/uploads\/2024\/03\/2023-03-17.jpg 680w, https:\/\/vallsmadella.com\/wp-content\/uploads\/2024\/03\/2023-03-17-300x166.jpg 300w, https:\/\/vallsmadella.com\/wp-content\/uploads\/2024\/03\/2023-03-17-18x10.jpg 18w\" sizes=\"(max-width: 680px) 100vw, 680px\" \/><\/div><\/a>\n\t\t\t\t<div class=\"elementor-post__text\">\n\t\t\t\t<h2 class=\"elementor-post__title\">\n\t\t\t<a href=\"https:\/\/vallsmadella.com\/es\/maquinaria-de-construccio-a-girona-guia-practica\/\">\n\t\t\t\tEscoger maquinaria de construcci\u00f3n en Girona: gu\u00eda pr\u00e1ctica\t\t\t<\/a>\n\t\t<\/h2>\n\t\t\t\t<div class=\"elementor-post__excerpt\">\n\t\t\t<p>Si necesitas encontrar la maquinaria de construcci\u00f3n en Girona perfecta para tu proyecto, \u00a1has llegado al lugar adecuado! En Boadella Vallsmadella, queremos ofrecerte una gu\u00eda pr\u00e1ctica para que tomes decisiones informadas sobre tu inversi\u00f3n en equipos de construcci\u00f3n.<\/p>\n\t\t<\/div>\n\t\t\n\t\t<a class=\"elementor-post__read-more\" href=\"https:\/\/vallsmadella.com\/es\/maquinaria-de-construccio-a-girona-guia-practica\/\" aria-label=\"M\u00e1s informaci\u00f3n sobre Elegir maquinaria de construcci\u00f3n en Girona: gu\u00eda pr\u00e1ctica\" tabindex=\"-1\">\n\t\t\tLeer m\u00e1s \u00bb\t\t<\/a>\n\n\t\t\t\t<\/div>\n\t\t\t\t<div class=\"elementor-post__meta-data\">\n\t\t\t\t\t<span class=\"elementor-post-date\">\n\t\t\t18\/03\/2024\t\t<\/span>\n\t\t\t\t<\/div>\n\t\t\t\t\t<\/div>\n\t\t<\/article>\n\t\t\t\t<article class=\"elementor-post elementor-grid-item post-1621 post type-post status-publish format-standard has-post-thumbnail hentry category-vallsmadella category-maquinaria-construccio category-maquinaria-industrial tag-boadella-vallsmadella tag-industria-de-la-construccio tag-maquinaria-a-girona tag-recanvis-a-girona tag-recanvis-de-maquinaria-a-girona\" role=\"listitem\">\n\t\t\t<div class=\"elementor-post__card\">\n\t\t\t\t<a class=\"elementor-post__thumbnail__link\" href=\"https:\/\/vallsmadella.com\/es\/5-raons-recanvis-de-maquinaria-a-girona-original\/\" tabindex=\"-1\"><div class=\"elementor-post__thumbnail\"><img loading=\"lazy\" decoding=\"async\" width=\"515\" height=\"299\" src=\"https:\/\/vallsmadella.com\/wp-content\/uploads\/2024\/03\/standart.png\" class=\"attachment-large size-large wp-image-1605\" alt=\"\" srcset=\"https:\/\/vallsmadella.com\/wp-content\/uploads\/2024\/03\/standart.png 515w, https:\/\/vallsmadella.com\/wp-content\/uploads\/2024\/03\/standart-300x174.png 300w, https:\/\/vallsmadella.com\/wp-content\/uploads\/2024\/03\/standart-18x10.png 18w\" sizes=\"(max-width: 515px) 100vw, 515px\" \/><\/div><\/a>\n\t\t\t\t<div class=\"elementor-post__text\">\n\t\t\t\t<h2 class=\"elementor-post__title\">\n\t\t\t<a href=\"https:\/\/vallsmadella.com\/es\/5-raons-recanvis-de-maquinaria-a-girona-original\/\">\n\t\t\t\t5 razones para elegir repuestos de maquinaria en Girona originales\t\t\t<\/a>\n\t\t<\/h2>\n\t\t\t\t<div class=\"elementor-post__excerpt\">\n\t\t\t<p>En el mundo de la construcci\u00f3n y la industria, cada tornillo, cada pieza, cuenta; cada componente tiene un sitio vital para mantener la maquinaria en marcha. Es por eso que en Boadella Vallsmadella, proveedor de confianza en repuestos de maquinaria en Girona...<\/p>\n\t\t<\/div>\n\t\t\n\t\t<a class=\"elementor-post__read-more\" href=\"https:\/\/vallsmadella.com\/es\/5-raons-recanvis-de-maquinaria-a-girona-original\/\" aria-label=\"M\u00e1s informaci\u00f3n sobre 5 razones para escoger repuestos de maquinaria en Girona originales\" tabindex=\"-1\">\n\t\t\tLeer m\u00e1s \u00bb\t\t<\/a>\n\n\t\t\t\t<\/div>\n\t\t\t\t<div class=\"elementor-post__meta-data\">\n\t\t\t\t\t<span class=\"elementor-post-date\">\n\t\t\t12\/03\/2024\t\t<\/span>\n\t\t\t\t<\/div>\n\t\t\t\t\t<\/div>\n\t\t<\/article>\n\t\t\t\t<article class=\"elementor-post elementor-grid-item post-1609 post type-post status-publish format-standard has-post-thumbnail hentry category-vallsmadella category-dagartech category-maquinaria-construccio category-solucio-energetica tag-boadella-vallsmadella tag-equips-de-construccio-a-girona tag-industria-de-la-construccio tag-maquinaria-a-girona\" role=\"listitem\">\n\t\t\t<div class=\"elementor-post__card\">\n\t\t\t\t<a class=\"elementor-post__thumbnail__link\" href=\"https:\/\/vallsmadella.com\/es\/guia-manteniment-equips-de-construccio-a-girona\/\" tabindex=\"-1\"><div class=\"elementor-post__thumbnail\"><img loading=\"lazy\" decoding=\"async\" width=\"683\" height=\"1024\" src=\"https:\/\/vallsmadella.com\/wp-content\/uploads\/2023\/10\/excavadora-pesada-excavar-luz-diurna-683x1024.jpg\" class=\"attachment-large size-large wp-image-1351\" alt=\"equips de construcci\u00f3 a Girona\" srcset=\"https:\/\/vallsmadella.com\/wp-content\/uploads\/2023\/10\/excavadora-pesada-excavar-luz-diurna-683x1024.jpg 683w, https:\/\/vallsmadella.com\/wp-content\/uploads\/2023\/10\/excavadora-pesada-excavar-luz-diurna-200x300.jpg 200w, https:\/\/vallsmadella.com\/wp-content\/uploads\/2023\/10\/excavadora-pesada-excavar-luz-diurna-768x1152.jpg 768w, https:\/\/vallsmadella.com\/wp-content\/uploads\/2023\/10\/excavadora-pesada-excavar-luz-diurna-1024x1536.jpg 1024w, https:\/\/vallsmadella.com\/wp-content\/uploads\/2023\/10\/excavadora-pesada-excavar-luz-diurna-1365x2048.jpg 1365w, https:\/\/vallsmadella.com\/wp-content\/uploads\/2023\/10\/excavadora-pesada-excavar-luz-diurna-8x12.jpg 8w, https:\/\/vallsmadella.com\/wp-content\/uploads\/2023\/10\/excavadora-pesada-excavar-luz-diurna-scaled.jpg 1707w\" sizes=\"(max-width: 683px) 100vw, 683px\" \/><\/div><\/a>\n\t\t\t\t<div class=\"elementor-post__text\">\n\t\t\t\t<h2 class=\"elementor-post__title\">\n\t\t\t<a href=\"https:\/\/vallsmadella.com\/es\/guia-manteniment-equips-de-construccio-a-girona\/\">\n\t\t\t\tGu\u00eda definitiva para el mantenimiento de equipos de construcci\u00f3n en Girona\t\t\t<\/a>\n\t\t<\/h2>\n\t\t\t\t<div class=\"elementor-post__excerpt\">\n\t\t\t<p>\u00bfEst\u00e1s listo para mantener tus equipos de construcci\u00f3n en Girona en \u00f3ptimas condiciones? Bienvenido a la gu\u00eda definitiva! Aqu\u00ed en Vallsmadella entendemos la importancia de mantener tu maquinaria industrial en perfecto estado para garantizar la eficiencia.<\/p>\n\t\t<\/div>\n\t\t\n\t\t<a class=\"elementor-post__read-more\" href=\"https:\/\/vallsmadella.com\/es\/guia-manteniment-equips-de-construccio-a-girona\/\" aria-label=\"M\u00e1s informaci\u00f3n sobre Gu\u00eda definitiva para el mantenimiento de equipos de construcci\u00f3n en Girona\" tabindex=\"-1\">\n\t\t\tLeer m\u00e1s \u00bb\t\t<\/a>\n\n\t\t\t\t<\/div>\n\t\t\t\t<div class=\"elementor-post__meta-data\">\n\t\t\t\t\t<span class=\"elementor-post-date\">\n\t\t\t06\/03\/2024\t\t<\/span>\n\t\t\t\t<\/div>\n\t\t\t\t\t<\/div>\n\t\t<\/article>\n\t\t\t\t<article class=\"elementor-post elementor-grid-item post-1590 post type-post status-publish format-standard has-post-thumbnail hentry category-vallsmadella category-dagartech category-maquinaria-construccio category-solucio-energetica tag-boadella-vallsmadella tag-dagartech tag-industria-de-la-construccio tag-maquinaria-a-girona tag-solucions-energetiques\" role=\"listitem\">\n\t\t\t<div class=\"elementor-post__card\">\n\t\t\t\t<a class=\"elementor-post__thumbnail__link\" href=\"https:\/\/vallsmadella.com\/es\/vallsmadella-solucions-energetiques-dagartech\/\" tabindex=\"-1\"><div class=\"elementor-post__thumbnail\"><img loading=\"lazy\" decoding=\"async\" width=\"768\" height=\"512\" src=\"https:\/\/vallsmadella.com\/wp-content\/uploads\/2024\/02\/Dagartech_Gama-Portatil-DGH5000B.png\" class=\"attachment-large size-large wp-image-1598\" alt=\"solucions energ\u00e8tiques Dagartech\" srcset=\"https:\/\/vallsmadella.com\/wp-content\/uploads\/2024\/02\/Dagartech_Gama-Portatil-DGH5000B.png 768w, https:\/\/vallsmadella.com\/wp-content\/uploads\/2024\/02\/Dagartech_Gama-Portatil-DGH5000B-300x200.png 300w, https:\/\/vallsmadella.com\/wp-content\/uploads\/2024\/02\/Dagartech_Gama-Portatil-DGH5000B-18x12.png 18w\" sizes=\"(max-width: 768px) 100vw, 768px\" \/><\/div><\/a>\n\t\t\t\t<div class=\"elementor-post__text\">\n\t\t\t\t<h2 class=\"elementor-post__title\">\n\t\t\t<a href=\"https:\/\/vallsmadella.com\/es\/vallsmadella-solucions-energetiques-dagartech\/\">\n\t\t\t\tBoadella Vallsmadella: tu proyecto con soluciones energ\u00e9ticas Dagartech\t\t\t<\/a>\n\t\t<\/h2>\n\t\t\t\t<div class=\"elementor-post__excerpt\">\n\t\t\t<p>En un mundo tan competitivo como el de la industria y la construcci\u00f3n, cada proyecto cuenta con sus propias exigencias y retos. En ese escenario, tener socios estrat\u00e9gicos que ofrezcan soluciones integrales y eficientes es crucial.<\/p>\n\t\t<\/div>\n\t\t\n\t\t<a class=\"elementor-post__read-more\" href=\"https:\/\/vallsmadella.com\/es\/vallsmadella-solucions-energetiques-dagartech\/\" aria-label=\"M\u00e1s informaci\u00f3n sobre Boadella Vallsmadella: tu proyecto con soluciones energ\u00e9ticas Dagartech\" tabindex=\"-1\">\n\t\t\tLeer m\u00e1s \u00bb\t\t<\/a>\n\n\t\t\t\t<\/div>\n\t\t\t\t<div class=\"elementor-post__meta-data\">\n\t\t\t\t\t<span class=\"elementor-post-date\">\n\t\t\t29\/02\/2024\t\t<\/span>\n\t\t\t\t<\/div>\n\t\t\t\t\t<\/div>\n\t\t<\/article>\n\t\t\t\t<article class=\"elementor-post elementor-grid-item post-1583 post type-post status-publish format-standard has-post-thumbnail hentry category-vallsmadella category-gehl category-maquinaria-construccio tag-boadella-vallsmadella tag-gehl tag-implements-gehl tag-industria-de-la-construccio tag-maquinaria-a-girona\" role=\"listitem\">\n\t\t\t<div class=\"elementor-post__card\">\n\t\t\t\t<a class=\"elementor-post__thumbnail__link\" href=\"https:\/\/vallsmadella.com\/es\/implements-gehl-maquina-el-que-necessites-part2\/\" tabindex=\"-1\"><div class=\"elementor-post__thumbnail\"><img loading=\"lazy\" decoding=\"async\" width=\"800\" height=\"770\" src=\"https:\/\/vallsmadella.com\/wp-content\/uploads\/2024\/02\/grapa-industrial-1024x986.webp\" class=\"attachment-large size-large wp-image-1588\" alt=\"Implements GEHL\" srcset=\"https:\/\/vallsmadella.com\/wp-content\/uploads\/2024\/02\/grapa-industrial-1024x986.webp 1024w, https:\/\/vallsmadella.com\/wp-content\/uploads\/2024\/02\/grapa-industrial-300x289.webp 300w, https:\/\/vallsmadella.com\/wp-content\/uploads\/2024\/02\/grapa-industrial-768x739.webp 768w, https:\/\/vallsmadella.com\/wp-content\/uploads\/2024\/02\/grapa-industrial-1536x1479.webp 1536w, https:\/\/vallsmadella.com\/wp-content\/uploads\/2024\/02\/grapa-industrial-12x12.webp 12w, https:\/\/vallsmadella.com\/wp-content\/uploads\/2024\/02\/grapa-industrial.webp 1765w\" sizes=\"(max-width: 800px) 100vw, 800px\" \/><\/div><\/a>\n\t\t\t\t<div class=\"elementor-post__text\">\n\t\t\t\t<h2 class=\"elementor-post__title\">\n\t\t\t<a href=\"https:\/\/vallsmadella.com\/es\/implements-gehl-maquina-el-que-necessites-part2\/\">\n\t\t\t\tDescubre los implementos GEHL y convierte tu m\u00e1quina en lo que necesitas (parte 2)\t\t\t<\/a>\n\t\t<\/h2>\n\t\t\t\t<div class=\"elementor-post__excerpt\">\n\t\t\t<p>\u00a1Bienvenido a la continuaci\u00f3n de nuestra serie sobre los vers\u00e1tiles implementos GEHL! Si todav\u00eda no has tenido la oportunidad de leer la primera parte, te animamos a hacerlo. En esta continuaci\u00f3n, exploraremos m\u00e1s profundamente las opciones que estos implementos...<\/p>\n\t\t<\/div>\n\t\t\n\t\t<a class=\"elementor-post__read-more\" href=\"https:\/\/vallsmadella.com\/es\/implements-gehl-maquina-el-que-necessites-part2\/\" aria-label=\"M\u00e1s informaci\u00f3n sobre Descubre los implementos GEHL y convierte tu m\u00e1quina en lo que necesitas (parte 2)\" tabindex=\"-1\">\n\t\t\tLeer m\u00e1s \u00bb\t\t<\/a>\n\n\t\t\t\t<\/div>\n\t\t\t\t<div class=\"elementor-post__meta-data\">\n\t\t\t\t\t<span class=\"elementor-post-date\">\n\t\t\t23\/02\/2024\t\t<\/span>\n\t\t\t\t<\/div>\n\t\t\t\t\t<\/div>\n\t\t<\/article>\n\t\t\t\t<article class=\"elementor-post elementor-grid-item post-1573 post type-post status-publish format-standard has-post-thumbnail hentry category-vallsmadella category-develon category-maquinaria-construccio category-maquinaria-industrial tag-boadella-vallsmadella tag-develon tag-industria-de-la-construccio tag-maquinaria-a-girona tag-maquinaria-de-construccio-a-girona\" role=\"listitem\">\n\t\t\t<div class=\"elementor-post__card\">\n\t\t\t\t<a class=\"elementor-post__thumbnail__link\" href=\"https:\/\/vallsmadella.com\/es\/develon-maquinaria-de-construccio-a-girona\/\" tabindex=\"-1\"><div class=\"elementor-post__thumbnail\"><img loading=\"lazy\" decoding=\"async\" width=\"800\" height=\"540\" src=\"https:\/\/vallsmadella.com\/wp-content\/uploads\/2023\/07\/20230309-dl420-7-gallery-1-1024x691.jpg\" class=\"attachment-large size-large wp-image-1041\" alt=\"maquin\u00e0ria de construcci\u00f3 a Girona\" srcset=\"https:\/\/vallsmadella.com\/wp-content\/uploads\/2023\/07\/20230309-dl420-7-gallery-1-1024x691.jpg 1024w, https:\/\/vallsmadella.com\/wp-content\/uploads\/2023\/07\/20230309-dl420-7-gallery-1-300x203.jpg 300w, https:\/\/vallsmadella.com\/wp-content\/uploads\/2023\/07\/20230309-dl420-7-gallery-1-768x518.jpg 768w, https:\/\/vallsmadella.com\/wp-content\/uploads\/2023\/07\/20230309-dl420-7-gallery-1-1536x1037.jpg 1536w, https:\/\/vallsmadella.com\/wp-content\/uploads\/2023\/07\/20230309-dl420-7-gallery-1.jpg 2000w\" sizes=\"(max-width: 800px) 100vw, 800px\" \/><\/div><\/a>\n\t\t\t\t<div class=\"elementor-post__text\">\n\t\t\t\t<h2 class=\"elementor-post__title\">\n\t\t\t<a href=\"https:\/\/vallsmadella.com\/es\/develon-maquinaria-de-construccio-a-girona\/\">\n\t\t\t\tDevelon: el est\u00e1ndar de calidad en maquinaria de construcci\u00f3n en Girona\t\t\t<\/a>\n\t\t<\/h2>\n\t\t\t\t<div class=\"elementor-post__excerpt\">\n\t\t\t<p>La industria de la construcci\u00f3n en Girona se caracteriza por su exigencia en cuanto a calidad y eficiencia. En este exigente mercado, existe una marca que destaca: Develon.<\/p>\n\t\t<\/div>\n\t\t\n\t\t<a class=\"elementor-post__read-more\" href=\"https:\/\/vallsmadella.com\/es\/develon-maquinaria-de-construccio-a-girona\/\" aria-label=\"M\u00e1s informaci\u00f3n sobre Develon: el est\u00e1ndar de calidad en maquinaria de construcci\u00f3n en Girona\" tabindex=\"-1\">\n\t\t\tLeer m\u00e1s \u00bb\t\t<\/a>\n\n\t\t\t\t<\/div>\n\t\t\t\t<div class=\"elementor-post__meta-data\">\n\t\t\t\t\t<span class=\"elementor-post-date\">\n\t\t\t16\/02\/2024\t\t<\/span>\n\t\t\t\t<\/div>\n\t\t\t\t\t<\/div>\n\t\t<\/article>\n\t\t\t\t<article class=\"elementor-post elementor-grid-item post-1566 post type-post status-publish format-standard has-post-thumbnail hentry category-vallsmadella category-ammann category-maquinaria-construccio category-maquinaria-industrial tag-boadella-vallsmadella tag-hammer-europe tag-industria-de-la-construccio tag-maquinaria-a-girona tag-maquinaria-de-construccio\" role=\"listitem\">\n\t\t\t<div class=\"elementor-post__card\">\n\t\t\t\t<a class=\"elementor-post__thumbnail__link\" href=\"https:\/\/vallsmadella.com\/es\/vallsmadella-secrets-exit-hammer-europe-a-girona\/\" tabindex=\"-1\"><div class=\"elementor-post__thumbnail\"><img loading=\"lazy\" decoding=\"async\" width=\"720\" height=\"720\" src=\"https:\/\/vallsmadella.com\/wp-content\/uploads\/2024\/02\/hammer_lista_GR-uai-720x720-2.jpg\" class=\"attachment-large size-large wp-image-1571\" alt=\"hammer europe a girona\" srcset=\"https:\/\/vallsmadella.com\/wp-content\/uploads\/2024\/02\/hammer_lista_GR-uai-720x720-2.jpg 720w, https:\/\/vallsmadella.com\/wp-content\/uploads\/2024\/02\/hammer_lista_GR-uai-720x720-2-300x300.jpg 300w, https:\/\/vallsmadella.com\/wp-content\/uploads\/2024\/02\/hammer_lista_GR-uai-720x720-2-150x150.jpg 150w, https:\/\/vallsmadella.com\/wp-content\/uploads\/2024\/02\/hammer_lista_GR-uai-720x720-2-12x12.jpg 12w\" sizes=\"(max-width: 720px) 100vw, 720px\" \/><\/div><\/a>\n\t\t\t\t<div class=\"elementor-post__text\">\n\t\t\t\t<h2 class=\"elementor-post__title\">\n\t\t\t<a href=\"https:\/\/vallsmadella.com\/es\/vallsmadella-secrets-exit-hammer-europe-a-girona\/\">\n\t\t\t\tVallsmadella revela los secretos que impulsan el \u00e9xito de Hammer Europe en Girona\t\t\t<\/a>\n\t\t<\/h2>\n\t\t\t\t<div class=\"elementor-post__excerpt\">\n\t\t\t<p>Hammer Europe en Girona ha dejado una marca considerable en el sector de la maquinaria industrial y de construcci\u00f3n. \u00bfCu\u00e1l es el secreto detr\u00e1s de su \u00e9xito? En Boadella Vallsmadella, distribuidores l\u00edderes de reconocidas marcas, desvelamos este secreto.<\/p>\n\t\t<\/div>\n\t\t\n\t\t<a class=\"elementor-post__read-more\" href=\"https:\/\/vallsmadella.com\/es\/vallsmadella-secrets-exit-hammer-europe-a-girona\/\" aria-label=\"M\u00e1s informaci\u00f3n sobre Vallsmadella revela los secretos que impulsan el \u00e9xito de Hammer Europe en Girona\" tabindex=\"-1\">\n\t\t\tLeer m\u00e1s \u00bb\t\t<\/a>\n\n\t\t\t\t<\/div>\n\t\t\t\t<div class=\"elementor-post__meta-data\">\n\t\t\t\t\t<span class=\"elementor-post-date\">\n\t\t\t12\/02\/2024\t\t<\/span>\n\t\t\t\t<\/div>\n\t\t\t\t\t<\/div>\n\t\t<\/article>\n\t\t\t\t<article class=\"elementor-post elementor-grid-item post-1558 post type-post status-publish format-standard has-post-thumbnail hentry category-vallsmadella category-ammann category-maquinaria-construccio category-maquinaria-industrial tag-ammann tag-boadella-vallsmadella tag-industria-de-la-construccio tag-maquinaria-a-girona tag-maquinaria-de-construccio\" role=\"listitem\">\n\t\t\t<div class=\"elementor-post__card\">\n\t\t\t\t<a class=\"elementor-post__thumbnail__link\" href=\"https:\/\/vallsmadella.com\/es\/millora-obra-maquinaria-de-construccio-ammann\/\" tabindex=\"-1\"><div class=\"elementor-post__thumbnail\"><img loading=\"lazy\" decoding=\"async\" width=\"300\" height=\"250\" src=\"https:\/\/vallsmadella.com\/wp-content\/uploads\/2024\/02\/product_slider_walk_behind_rollers_211208.webp\" class=\"attachment-large size-large wp-image-1564\" alt=\"maquin\u00e0ria de construcci\u00f3 Ammann\" srcset=\"https:\/\/vallsmadella.com\/wp-content\/uploads\/2024\/02\/product_slider_walk_behind_rollers_211208.webp 300w, https:\/\/vallsmadella.com\/wp-content\/uploads\/2024\/02\/product_slider_walk_behind_rollers_211208-14x12.webp 14w\" sizes=\"(max-width: 300px) 100vw, 300px\" \/><\/div><\/a>\n\t\t\t\t<div class=\"elementor-post__text\">\n\t\t\t\t<h2 class=\"elementor-post__title\">\n\t\t\t<a href=\"https:\/\/vallsmadella.com\/es\/millora-obra-maquinaria-de-construccio-ammann\/\">\n\t\t\t\tConsejo de expertos: mejora tu rendimiento con maquinaria de construcci\u00f3n Ammann\t\t\t<\/a>\n\t\t<\/h2>\n\t\t\t\t<div class=\"elementor-post__excerpt\">\n\t\t\t<p>Con el dinamismo que acompa\u00f1a a la construcci\u00f3n, la eficiencia y el rendimiento son aspectos cruciales que determinan el \u00e9xito de cada proyecto. En este contexto, la elecci\u00f3n de la maquinaria de construcci\u00f3n adecuada desempe\u00f1a un papel fundamental.<\/p>\n\t\t<\/div>\n\t\t\n\t\t<a class=\"elementor-post__read-more\" href=\"https:\/\/vallsmadella.com\/es\/millora-obra-maquinaria-de-construccio-ammann\/\" aria-label=\"M\u00e1s informaci\u00f3n sobre Consejo de expertos: mejora tu rendimiento con maquinaria de construcci\u00f3n Ammann\" tabindex=\"-1\">\n\t\t\tLeer m\u00e1s \u00bb\t\t<\/a>\n\n\t\t\t\t<\/div>\n\t\t\t\t<div class=\"elementor-post__meta-data\">\n\t\t\t\t\t<span class=\"elementor-post-date\">\n\t\t\t05\/02\/2024\t\t<\/span>\n\t\t\t\t<\/div>\n\t\t\t\t\t<\/div>\n\t\t<\/article>\n\t\t\t\t<article class=\"elementor-post elementor-grid-item post-1551 post type-post status-publish format-standard has-post-thumbnail hentry category-vallsmadella category-hammer-europe category-maquinaria-construccio category-maquinaria-industrial tag-boadella-vallsmadella tag-hammer-europe tag-industria-de-la-construccio tag-maquinaria-a-girona tag-martells-hidraulics\" role=\"listitem\">\n\t\t\t<div class=\"elementor-post__card\">\n\t\t\t\t<a class=\"elementor-post__thumbnail__link\" href=\"https:\/\/vallsmadella.com\/es\/martells-hidaulics-hammer-europe-fx-sb\/\" tabindex=\"-1\"><div class=\"elementor-post__thumbnail\"><img loading=\"lazy\" decoding=\"async\" width=\"800\" height=\"600\" src=\"https:\/\/vallsmadella.com\/wp-content\/uploads\/2024\/01\/hammer-seriefx-1024x768.png\" class=\"attachment-large size-large wp-image-1556\" alt=\"martells hidr\u00e0ulics\" srcset=\"https:\/\/vallsmadella.com\/wp-content\/uploads\/2024\/01\/hammer-seriefx-1024x768.png 1024w, https:\/\/vallsmadella.com\/wp-content\/uploads\/2024\/01\/hammer-seriefx-300x225.png 300w, https:\/\/vallsmadella.com\/wp-content\/uploads\/2024\/01\/hammer-seriefx-768x576.png 768w, https:\/\/vallsmadella.com\/wp-content\/uploads\/2024\/01\/hammer-seriefx-16x12.png 16w, https:\/\/vallsmadella.com\/wp-content\/uploads\/2024\/01\/hammer-seriefx.png 1200w\" sizes=\"(max-width: 800px) 100vw, 800px\" \/><\/div><\/a>\n\t\t\t\t<div class=\"elementor-post__text\">\n\t\t\t\t<h2 class=\"elementor-post__title\">\n\t\t\t<a href=\"https:\/\/vallsmadella.com\/es\/martells-hidaulics-hammer-europe-fx-sb\/\">\n\t\t\t\tLos martillos hidr\u00e1ulicos de Hammer Europe (FX y SB)\t\t\t<\/a>\n\t\t<\/h2>\n\t\t\t\t<div class=\"elementor-post__excerpt\">\n\t\t\t<p>La eficiencia y la resistencia son cualidades cruciales en un mundo en el que la competencia est\u00e1 cada vez m\u00e1s extendida. En este contexto, los martillos hidr\u00e1ulicos desempe\u00f1an un papel vital, especialmente en industrias como la miner\u00eda y la movilizaci\u00f3n de tierras.<\/p>\n\t\t<\/div>\n\t\t\n\t\t<a class=\"elementor-post__read-more\" href=\"https:\/\/vallsmadella.com\/es\/martells-hidaulics-hammer-europe-fx-sb\/\" aria-label=\"M\u00e1s informaci\u00f3n sobre Los martillos hidr\u00e1ulicos de Hammer Europe (FX y SB)\" tabindex=\"-1\">\n\t\t\tLeer m\u00e1s \u00bb\t\t<\/a>\n\n\t\t\t\t<\/div>\n\t\t\t\t<div class=\"elementor-post__meta-data\">\n\t\t\t\t\t<span class=\"elementor-post-date\">\n\t\t\t31\/01\/2024\t\t<\/span>\n\t\t\t\t<\/div>\n\t\t\t\t\t<\/div>\n\t\t<\/article>\n\t\t\t\t<article class=\"elementor-post elementor-grid-item post-1541 post type-post status-publish format-standard has-post-thumbnail hentry category-vallsmadella category-gehl category-maquinaria-construccio tag-boadella-vallsmadella tag-gehl tag-implements-gehl tag-industria-de-la-construccio tag-maquinaria-a-girona\" role=\"listitem\">\n\t\t\t<div class=\"elementor-post__card\">\n\t\t\t\t<a class=\"elementor-post__thumbnail__link\" href=\"https:\/\/vallsmadella.com\/es\/implements-gehl-maquina-el-que-necessites-part1\/\" tabindex=\"-1\"><div class=\"elementor-post__thumbnail\"><img loading=\"lazy\" decoding=\"async\" width=\"800\" height=\"723\" src=\"https:\/\/vallsmadella.com\/wp-content\/uploads\/2024\/01\/hoja-dozer-1024x925.webp\" class=\"attachment-large size-large wp-image-1546\" alt=\"\" srcset=\"https:\/\/vallsmadella.com\/wp-content\/uploads\/2024\/01\/hoja-dozer-1024x925.webp 1024w, https:\/\/vallsmadella.com\/wp-content\/uploads\/2024\/01\/hoja-dozer-300x271.webp 300w, https:\/\/vallsmadella.com\/wp-content\/uploads\/2024\/01\/hoja-dozer-768x694.webp 768w, https:\/\/vallsmadella.com\/wp-content\/uploads\/2024\/01\/hoja-dozer-1536x1387.webp 1536w, https:\/\/vallsmadella.com\/wp-content\/uploads\/2024\/01\/hoja-dozer-13x12.webp 13w, https:\/\/vallsmadella.com\/wp-content\/uploads\/2024\/01\/hoja-dozer.webp 2042w\" sizes=\"(max-width: 800px) 100vw, 800px\" \/><\/div><\/a>\n\t\t\t\t<div class=\"elementor-post__text\">\n\t\t\t\t<h2 class=\"elementor-post__title\">\n\t\t\t<a href=\"https:\/\/vallsmadella.com\/es\/implements-gehl-maquina-el-que-necessites-part1\/\">\n\t\t\t\tDescubre los implementos GEHL y convierte tu m\u00e1quina en lo que necesitas (parte 1)\t\t\t<\/a>\n\t\t<\/h2>\n\t\t\t\t<div class=\"elementor-post__excerpt\">\n\t\t\t<p>En el mundo de la construcci\u00f3n y la maquinaria industrial, contar con implementos vers\u00e1tiles puede marcar la diferencia entre un proyecto est\u00e1ndar y un excepcional. En Vallsmadella somos conscientes de la importancia de ofrecer herramientas que se adapten a las necesidades espec\u00edficas.<\/p>\n\t\t<\/div>\n\t\t\n\t\t<a class=\"elementor-post__read-more\" href=\"https:\/\/vallsmadella.com\/es\/implements-gehl-maquina-el-que-necessites-part1\/\" aria-label=\"M\u00e1s informaci\u00f3n sobre Descubre los implementos GEHL y convierte tu m\u00e1quina en lo que necesitas (parte 1)\" tabindex=\"-1\">\n\t\t\tLeer m\u00e1s \u00bb\t\t<\/a>\n\n\t\t\t\t<\/div>\n\t\t\t\t<div class=\"elementor-post__meta-data\">\n\t\t\t\t\t<span class=\"elementor-post-date\">\n\t\t\t26\/01\/2024\t\t<\/span>\n\t\t\t\t<\/div>\n\t\t\t\t\t<\/div>\n\t\t<\/article>\n\t\t\t\t<article class=\"elementor-post elementor-grid-item post-1524 post type-post status-publish format-standard has-post-thumbnail hentry category-vallsmadella category-manitou category-maquinaria-construccio tag-boadella-vallsmadella tag-industria-de-la-construccio tag-manitou tag-maquinaria-a-girona tag-maquinaria-manitou\" role=\"listitem\">\n\t\t\t<div class=\"elementor-post__card\">\n\t\t\t\t<a class=\"elementor-post__thumbnail__link\" href=\"https:\/\/vallsmadella.com\/es\/escollir-maquinaria-manitou-boadella-vallsmadella\/\" tabindex=\"-1\"><div class=\"elementor-post__thumbnail\"><img loading=\"lazy\" decoding=\"async\" width=\"800\" height=\"534\" src=\"https:\/\/vallsmadella.com\/wp-content\/uploads\/2024\/01\/curso-manitou.jpeg\" class=\"attachment-large size-large wp-image-1536\" alt=\"telesc\u00f2pics per a \u00fas agr\u00edcola\" srcset=\"https:\/\/vallsmadella.com\/wp-content\/uploads\/2024\/01\/curso-manitou.jpeg 1024w, https:\/\/vallsmadella.com\/wp-content\/uploads\/2024\/01\/curso-manitou-300x200.jpeg 300w, https:\/\/vallsmadella.com\/wp-content\/uploads\/2024\/01\/curso-manitou-768x512.jpeg 768w, https:\/\/vallsmadella.com\/wp-content\/uploads\/2024\/01\/curso-manitou-18x12.jpeg 18w\" sizes=\"(max-width: 800px) 100vw, 800px\" \/><\/div><\/a>\n\t\t\t\t<div class=\"elementor-post__text\">\n\t\t\t\t<h2 class=\"elementor-post__title\">\n\t\t\t<a href=\"https:\/\/vallsmadella.com\/es\/escollir-maquinaria-manitou-boadella-vallsmadella\/\">\n\t\t\t\tC\u00f3mo elegir la maquinaria Manitou adecuada con Boadella Vallsmadella\t\t\t<\/a>\n\t\t<\/h2>\n\t\t\t\t<div class=\"elementor-post__excerpt\">\n\t\t\t<p>En el sector de la construcci\u00f3n y la industria, elegir la maquinaria adecuada es esencial para el \u00e9xito de cualquier proyecto. En Boadella Vallsmadella, distribuidores de maquinaria industrial y de construcci\u00f3n, ofrecemos una gama destacada de marcas, entre las que destaca<\/p>\n\t\t<\/div>\n\t\t\n\t\t<a class=\"elementor-post__read-more\" href=\"https:\/\/vallsmadella.com\/es\/escollir-maquinaria-manitou-boadella-vallsmadella\/\" aria-label=\"M\u00e1s informaci\u00f3n sobre C\u00f3mo elegir la maquinaria Manitou adecuada con Boadella Vallsmadella\" tabindex=\"-1\">\n\t\t\tLeer m\u00e1s \u00bb\t\t<\/a>\n\n\t\t\t\t<\/div>\n\t\t\t\t<div class=\"elementor-post__meta-data\">\n\t\t\t\t\t<span class=\"elementor-post-date\">\n\t\t\t23\/01\/2024\t\t<\/span>\n\t\t\t\t<\/div>\n\t\t\t\t\t<\/div>\n\t\t<\/article>\n\t\t\t\t<article class=\"elementor-post elementor-grid-item post-1517 post type-post status-publish format-standard has-post-thumbnail hentry category-vallsmadella category-develon category-maquinaria-construccio tag-boadella-vallsmadella tag-develon tag-industria-de-la-construccio tag-maquinaria-a-girona tag-mini-excavadora-develon\" role=\"listitem\">\n\t\t\t<div class=\"elementor-post__card\">\n\t\t\t\t<a class=\"elementor-post__thumbnail__link\" href=\"https:\/\/vallsmadella.com\/es\/compara-13-models-mini-excavadora-develon\/\" tabindex=\"-1\"><div class=\"elementor-post__thumbnail\"><img loading=\"lazy\" decoding=\"async\" width=\"800\" height=\"540\" src=\"https:\/\/vallsmadella.com\/wp-content\/uploads\/2024\/01\/20231218-DX62R-3-studio-1024x691.jpg\" class=\"attachment-large size-large wp-image-1523\" alt=\"Mini excavadora Develon\" srcset=\"https:\/\/vallsmadella.com\/wp-content\/uploads\/2024\/01\/20231218-DX62R-3-studio-1024x691.jpg 1024w, https:\/\/vallsmadella.com\/wp-content\/uploads\/2024\/01\/20231218-DX62R-3-studio-300x203.jpg 300w, https:\/\/vallsmadella.com\/wp-content\/uploads\/2024\/01\/20231218-DX62R-3-studio-768x518.jpg 768w, https:\/\/vallsmadella.com\/wp-content\/uploads\/2024\/01\/20231218-DX62R-3-studio-1536x1037.jpg 1536w, https:\/\/vallsmadella.com\/wp-content\/uploads\/2024\/01\/20231218-DX62R-3-studio-18x12.jpg 18w, https:\/\/vallsmadella.com\/wp-content\/uploads\/2024\/01\/20231218-DX62R-3-studio.jpg 2000w\" sizes=\"(max-width: 800px) 100vw, 800px\" \/><\/div><\/a>\n\t\t\t\t<div class=\"elementor-post__text\">\n\t\t\t\t<h2 class=\"elementor-post__title\">\n\t\t\t<a href=\"https:\/\/vallsmadella.com\/es\/compara-13-models-mini-excavadora-develon\/\">\n\t\t\t\tCompara los 13 modelos de mini excavadora Develon\t\t\t<\/a>\n\t\t<\/h2>\n\t\t\t\t<div class=\"elementor-post__excerpt\">\n\t\t\t<p>En el mundo de la construcci\u00f3n, la elecci\u00f3n de la mini excavadora adecuada puede marcar la diferencia entre un trabajo eficiente y uno lleno de complicaciones. Cada mini excavadora Develon, con sus 13 modelos distintos, se destaca como una opci\u00f3n...<\/p>\n\t\t<\/div>\n\t\t\n\t\t<a class=\"elementor-post__read-more\" href=\"https:\/\/vallsmadella.com\/es\/compara-13-models-mini-excavadora-develon\/\" aria-label=\"M\u00e1s informaci\u00f3n sobre Compara los 13 modelos de mini excavadora Develon\" tabindex=\"-1\">\n\t\t\tLeer m\u00e1s \u00bb\t\t<\/a>\n\n\t\t\t\t<\/div>\n\t\t\t\t<div class=\"elementor-post__meta-data\">\n\t\t\t\t\t<span class=\"elementor-post-date\">\n\t\t\t16\/01\/2024\t\t<\/span>\n\t\t\t\t<\/div>\n\t\t\t\t\t<\/div>\n\t\t<\/article>\n\t\t\t\t<article class=\"elementor-post elementor-grid-item post-1505 post type-post status-publish format-standard has-post-thumbnail hentry category-vallsmadella category-ammann category-dagartech category-develon category-gehl category-hammer-europe category-manitou category-maquinaria-construccio category-maquinaria-industrial tag-boadella-vallsmadella tag-industria-de-la-construccio tag-maquinaria-a-girona\" role=\"listitem\">\n\t\t\t<div class=\"elementor-post__card\">\n\t\t\t\t<a class=\"elementor-post__thumbnail__link\" href=\"https:\/\/vallsmadella.com\/es\/boadella-vallsmadella-maquinaria-industrial\/\" tabindex=\"-1\"><div class=\"elementor-post__thumbnail\"><img loading=\"lazy\" decoding=\"async\" width=\"400\" height=\"253\" src=\"https:\/\/vallsmadella.com\/wp-content\/uploads\/2023\/12\/12805837_488120688041626_1439905180014475403_n.jpg\" class=\"attachment-large size-large wp-image-1470\" alt=\"\" srcset=\"https:\/\/vallsmadella.com\/wp-content\/uploads\/2023\/12\/12805837_488120688041626_1439905180014475403_n.jpg 400w, https:\/\/vallsmadella.com\/wp-content\/uploads\/2023\/12\/12805837_488120688041626_1439905180014475403_n-300x190.jpg 300w, https:\/\/vallsmadella.com\/wp-content\/uploads\/2023\/12\/12805837_488120688041626_1439905180014475403_n-18x12.jpg 18w\" sizes=\"(max-width: 400px) 100vw, 400px\" \/><\/div><\/a>\n\t\t\t\t<div class=\"elementor-post__text\">\n\t\t\t\t<h2 class=\"elementor-post__title\">\n\t\t\t<a href=\"https:\/\/vallsmadella.com\/es\/boadella-vallsmadella-maquinaria-industrial\/\">\n\t\t\t\tBoadella Vallsmadella: maquinaria industrial de calidad\t\t\t<\/a>\n\t\t<\/h2>\n\t\t\t\t<div class=\"elementor-post__excerpt\">\n\t\t\t<p>En el coraz\u00f3n de las comarcas gerundenses, hay un referente en el mundo de la maquinaria industrial: Boadella Vallsmadella. Esta compa\u00f1\u00eda, nacida en 2007 de la fusi\u00f3n entre Distribucions Boadella SL y el taller mec\u00e1nico Joan Vallsmadella Massot, es una potencia...<\/p>\n\t\t<\/div>\n\t\t\n\t\t<a class=\"elementor-post__read-more\" href=\"https:\/\/vallsmadella.com\/es\/boadella-vallsmadella-maquinaria-industrial\/\" aria-label=\"M\u00e1s informaci\u00f3n sobre Boadella Vallsmadella: maquinaria industrial de calidad\" tabindex=\"-1\">\n\t\t\tLeer m\u00e1s \u00bb\t\t<\/a>\n\n\t\t\t\t<\/div>\n\t\t\t\t<div class=\"elementor-post__meta-data\">\n\t\t\t\t\t<span class=\"elementor-post-date\">\n\t\t\t09\/01\/2024\t\t<\/span>\n\t\t\t\t<\/div>\n\t\t\t\t\t<\/div>\n\t\t<\/article>\n\t\t\t\t<article class=\"elementor-post elementor-grid-item post-1497 post type-post status-publish format-standard has-post-thumbnail hentry category-vallsmadella category-manitou category-maquinaria-construccio tag-boadella-vallsmadella tag-electricitat tag-hidrogen tag-industria-de-la-construccio tag-manitou tag-maquinaria-a-girona tag-novetats-2023\" role=\"listitem\">\n\t\t\t<div class=\"elementor-post__card\">\n\t\t\t\t<a class=\"elementor-post__thumbnail__link\" href=\"https:\/\/vallsmadella.com\/es\/electricitat-i-hidrogen-avencos-2023-manitou\/\" tabindex=\"-1\"><div class=\"elementor-post__thumbnail\"><img loading=\"lazy\" decoding=\"async\" width=\"750\" height=\"422\" src=\"https:\/\/vallsmadella.com\/wp-content\/uploads\/2023\/12\/prototipo-sollevatore-ad-idrogeno-manitou.jpg\" class=\"attachment-large size-large wp-image-1502\" alt=\"\" srcset=\"https:\/\/vallsmadella.com\/wp-content\/uploads\/2023\/12\/prototipo-sollevatore-ad-idrogeno-manitou.jpg 750w, https:\/\/vallsmadella.com\/wp-content\/uploads\/2023\/12\/prototipo-sollevatore-ad-idrogeno-manitou-300x169.jpg 300w, https:\/\/vallsmadella.com\/wp-content\/uploads\/2023\/12\/prototipo-sollevatore-ad-idrogeno-manitou-18x10.jpg 18w\" sizes=\"(max-width: 750px) 100vw, 750px\" \/><\/div><\/a>\n\t\t\t\t<div class=\"elementor-post__text\">\n\t\t\t\t<h2 class=\"elementor-post__title\">\n\t\t\t<a href=\"https:\/\/vallsmadella.com\/es\/electricitat-i-hidrogen-avencos-2023-manitou\/\">\n\t\t\t\tLos \u00faltimos avances de 2023 en Manitou: electricidad e hidr\u00f3geno\t\t\t<\/a>\n\t\t<\/h2>\n\t\t\t\t<div class=\"elementor-post__excerpt\">\n\t\t\t<p>El mundo de la maquinaria industrial y de construcci\u00f3n experimenta una revoluci\u00f3n tecnol\u00f3gica, y Manitou se ha a\u00f1adido a la rueda con innovaciones que est\u00e1n transformando el juego. En este recorrido, exploraremos los desarrollos m\u00e1s recientes de Manitou, centr\u00e1ndonos en la\u2026<\/p>\n\t\t<\/div>\n\t\t\n\t\t<a class=\"elementor-post__read-more\" href=\"https:\/\/vallsmadella.com\/es\/electricitat-i-hidrogen-avencos-2023-manitou\/\" aria-label=\"M\u00e1s informaci\u00f3n sobre Los \u00faltimos avances de 2023 en Manitou: electricidad e hidr\u00f3geno\" tabindex=\"-1\">\n\t\t\tLeer m\u00e1s \u00bb\t\t<\/a>\n\n\t\t\t\t<\/div>\n\t\t\t\t<div class=\"elementor-post__meta-data\">\n\t\t\t\t\t<span class=\"elementor-post-date\">\n\t\t\t30\/12\/2023\t\t<\/span>\n\t\t\t\t<\/div>\n\t\t\t\t\t<\/div>\n\t\t<\/article>\n\t\t\t\t<article class=\"elementor-post elementor-grid-item post-1475 post type-post status-publish format-standard has-post-thumbnail hentry category-vallsmadella category-maquinaria-construccio tag-boadella-vallsmadella tag-industria-de-la-construccio tag-maquinaria-a-girona tag-nadal-a-girona\" role=\"listitem\">\n\t\t\t<div class=\"elementor-post__card\">\n\t\t\t\t<a class=\"elementor-post__thumbnail__link\" href=\"https:\/\/vallsmadella.com\/es\/boadella-vallsmadella-desitja-bones-festes\/\" tabindex=\"-1\"><div class=\"elementor-post__thumbnail\"><img loading=\"lazy\" decoding=\"async\" width=\"800\" height=\"800\" src=\"https:\/\/vallsmadella.com\/wp-content\/uploads\/2023\/12\/Felicitacio-Nadal-Vallsmadella-2023-1024x1024.jpg\" class=\"attachment-large size-large wp-image-1481\" alt=\"\" srcset=\"https:\/\/vallsmadella.com\/wp-content\/uploads\/2023\/12\/Felicitacio-Nadal-Vallsmadella-2023-1024x1024.jpg 1024w, https:\/\/vallsmadella.com\/wp-content\/uploads\/2023\/12\/Felicitacio-Nadal-Vallsmadella-2023-300x300.jpg 300w, https:\/\/vallsmadella.com\/wp-content\/uploads\/2023\/12\/Felicitacio-Nadal-Vallsmadella-2023-150x150.jpg 150w, https:\/\/vallsmadella.com\/wp-content\/uploads\/2023\/12\/Felicitacio-Nadal-Vallsmadella-2023-768x768.jpg 768w, https:\/\/vallsmadella.com\/wp-content\/uploads\/2023\/12\/Felicitacio-Nadal-Vallsmadella-2023-1536x1536.jpg 1536w, https:\/\/vallsmadella.com\/wp-content\/uploads\/2023\/12\/Felicitacio-Nadal-Vallsmadella-2023-2048x2048.jpg 2048w, https:\/\/vallsmadella.com\/wp-content\/uploads\/2023\/12\/Felicitacio-Nadal-Vallsmadella-2023-12x12.jpg 12w\" sizes=\"(max-width: 800px) 100vw, 800px\" \/><\/div><\/a>\n\t\t\t\t<div class=\"elementor-post__text\">\n\t\t\t\t<h2 class=\"elementor-post__title\">\n\t\t\t<a href=\"https:\/\/vallsmadella.com\/es\/boadella-vallsmadella-desitja-bones-festes\/\">\n\t\t\t\t\u00a1Boadella Vallsmadella os desea unas felices fiestas!\t\t\t<\/a>\n\t\t<\/h2>\n\t\t\t\t<div class=\"elementor-post__excerpt\">\n\t\t\t<p>En esta \u00e9poca de celebraci\u00f3n y alegr\u00eda, el equipo de Boadella Vallsmadella quiere desearos una Navidad llena de felicidad y prosperidad. Esperamos que estas festividades est\u00e9n llenas de momentos especiales junto a sus seres queridos. Adem\u00e1s, no queremos perder<\/p>\n\t\t<\/div>\n\t\t\n\t\t<a class=\"elementor-post__read-more\" href=\"https:\/\/vallsmadella.com\/es\/boadella-vallsmadella-desitja-bones-festes\/\" aria-label=\"M\u00e1s informaci\u00f3n sobre Boadella Vallsmadella \u00a1os desea unas felices fiestas!\" tabindex=\"-1\">\n\t\t\tLeer m\u00e1s \u00bb\t\t<\/a>\n\n\t\t\t\t<\/div>\n\t\t\t\t<div class=\"elementor-post__meta-data\">\n\t\t\t\t\t<span class=\"elementor-post-date\">\n\t\t\t23\/12\/2023\t\t<\/span>\n\t\t\t\t<\/div>\n\t\t\t\t\t<\/div>\n\t\t<\/article>\n\t\t\t\t<article class=\"elementor-post elementor-grid-item post-1465 post type-post status-publish format-standard has-post-thumbnail hentry category-vallsmadella category-ammann category-dagartech category-develon category-gehl category-hammer-europe category-manitou category-maquinaria-construccio category-solucio-energetica tag-ammann tag-boadella-vallsmadella tag-construccio tag-dagartech tag-develon tag-gehl tag-hammer-europe tag-industria-de-la-construccio tag-manitou tag-maquinaria-a-girona\" role=\"listitem\">\n\t\t\t<div class=\"elementor-post__card\">\n\t\t\t\t<a class=\"elementor-post__thumbnail__link\" href=\"https:\/\/vallsmadella.com\/es\/marques-boadella-vallsmadella-referents-liders\/\" tabindex=\"-1\"><div class=\"elementor-post__thumbnail\"><img loading=\"lazy\" decoding=\"async\" width=\"800\" height=\"450\" src=\"https:\/\/vallsmadella.com\/wp-content\/uploads\/2023\/12\/35483781_855450391308652_7951902240808108032_n-1024x576.jpg\" class=\"attachment-large size-large wp-image-1473\" alt=\"\" srcset=\"https:\/\/vallsmadella.com\/wp-content\/uploads\/2023\/12\/35483781_855450391308652_7951902240808108032_n-1024x576.jpg 1024w, https:\/\/vallsmadella.com\/wp-content\/uploads\/2023\/12\/35483781_855450391308652_7951902240808108032_n-300x169.jpg 300w, https:\/\/vallsmadella.com\/wp-content\/uploads\/2023\/12\/35483781_855450391308652_7951902240808108032_n-768x432.jpg 768w, https:\/\/vallsmadella.com\/wp-content\/uploads\/2023\/12\/35483781_855450391308652_7951902240808108032_n-1536x864.jpg 1536w, https:\/\/vallsmadella.com\/wp-content\/uploads\/2023\/12\/35483781_855450391308652_7951902240808108032_n-18x10.jpg 18w, https:\/\/vallsmadella.com\/wp-content\/uploads\/2023\/12\/35483781_855450391308652_7951902240808108032_n.jpg 2016w\" sizes=\"(max-width: 800px) 100vw, 800px\" \/><\/div><\/a>\n\t\t\t\t<div class=\"elementor-post__text\">\n\t\t\t\t<h2 class=\"elementor-post__title\">\n\t\t\t<a href=\"https:\/\/vallsmadella.com\/es\/marques-boadella-vallsmadella-referents-liders\/\">\n\t\t\t\tMarcas Boadella Vallsmadella: ilumina tus proyectos con referentes l\u00edderes\t\t\t<\/a>\n\t\t<\/h2>\n\t\t\t\t<div class=\"elementor-post__excerpt\">\n\t\t\t<p>Las marcas Boadella Vallsmadella no s\u00f3lo ofrecen maquinaria industrial y de construcci\u00f3n; representan una estrategia con referentes l\u00edderes que abarcan las necesidades cambiantes de la industria. En Vallsmadella nos enorgullece ser distribuidores de marcas como Ammann, Dagartech, Develon, Manitou, Gehl<\/p>\n\t\t<\/div>\n\t\t\n\t\t<a class=\"elementor-post__read-more\" href=\"https:\/\/vallsmadella.com\/es\/marques-boadella-vallsmadella-referents-liders\/\" aria-label=\"M\u00e1s informaci\u00f3n sobre Marques Boadella Vallsmadella: ilumina tus proyectos con referentes l\u00edderes\" tabindex=\"-1\">\n\t\t\tLeer m\u00e1s \u00bb\t\t<\/a>\n\n\t\t\t\t<\/div>\n\t\t\t\t<div class=\"elementor-post__meta-data\">\n\t\t\t\t\t<span class=\"elementor-post-date\">\n\t\t\t20\/12\/2023\t\t<\/span>\n\t\t\t\t<\/div>\n\t\t\t\t\t<\/div>\n\t\t<\/article>\n\t\t\t\t<article class=\"elementor-post elementor-grid-item post-1458 post type-post status-publish format-standard has-post-thumbnail hentry category-vallsmadella category-gehl category-maquinaria-construccio tag-boadella-vallsmadella tag-construccio tag-develon tag-industria-de-la-construccio tag-maquinaria-a-girona\" role=\"listitem\">\n\t\t\t<div class=\"elementor-post__card\">\n\t\t\t\t<a class=\"elementor-post__thumbnail__link\" href=\"https:\/\/vallsmadella.com\/es\/develon-2024-exitos-maquinaria-de-construccio\/\" tabindex=\"-1\"><div class=\"elementor-post__thumbnail\"><img loading=\"lazy\" decoding=\"async\" width=\"800\" height=\"540\" src=\"https:\/\/vallsmadella.com\/wp-content\/uploads\/2023\/12\/20230309-dx225lc-7x-gallery-1-1024x691.jpg\" class=\"attachment-large size-large wp-image-1463\" alt=\"\" srcset=\"https:\/\/vallsmadella.com\/wp-content\/uploads\/2023\/12\/20230309-dx225lc-7x-gallery-1-1024x691.jpg 1024w, https:\/\/vallsmadella.com\/wp-content\/uploads\/2023\/12\/20230309-dx225lc-7x-gallery-1-300x203.jpg 300w, https:\/\/vallsmadella.com\/wp-content\/uploads\/2023\/12\/20230309-dx225lc-7x-gallery-1-768x518.jpg 768w, https:\/\/vallsmadella.com\/wp-content\/uploads\/2023\/12\/20230309-dx225lc-7x-gallery-1-1536x1037.jpg 1536w, https:\/\/vallsmadella.com\/wp-content\/uploads\/2023\/12\/20230309-dx225lc-7x-gallery-1-18x12.jpg 18w, https:\/\/vallsmadella.com\/wp-content\/uploads\/2023\/12\/20230309-dx225lc-7x-gallery-1.jpg 2000w\" sizes=\"(max-width: 800px) 100vw, 800px\" \/><\/div><\/a>\n\t\t\t\t<div class=\"elementor-post__text\">\n\t\t\t\t<h2 class=\"elementor-post__title\">\n\t\t\t<a href=\"https:\/\/vallsmadella.com\/es\/develon-2024-exitos-maquinaria-de-construccio\/\">\n\t\t\t\tDevelon: la clave para un 2024 exitoso en maquinaria de construcci\u00f3n\t\t\t<\/a>\n\t\t<\/h2>\n\t\t\t\t<div class=\"elementor-post__excerpt\">\n\t\t\t<p>Hoy estamos aqu\u00ed para hablaros de la clave que transformar\u00e1 el 2024 en un a\u00f1o \u00e9pico en el mundo de la maquinaria de construcci\u00f3n. \u00a1Prep\u00e1rate para descubrir el poder de Develon y c\u00f3mo puede marcar la diferencia en tus proyectos!<\/p>\n\t\t<\/div>\n\t\t\n\t\t<a class=\"elementor-post__read-more\" href=\"https:\/\/vallsmadella.com\/es\/develon-2024-exitos-maquinaria-de-construccio\/\" aria-label=\"M\u00e1s informaci\u00f3n sobre Develon: la clave para un 2024 exitoso en maquinaria de construcci\u00f3n\" tabindex=\"-1\">\n\t\t\tLeer m\u00e1s \u00bb\t\t<\/a>\n\n\t\t\t\t<\/div>\n\t\t\t\t<div class=\"elementor-post__meta-data\">\n\t\t\t\t\t<span class=\"elementor-post-date\">\n\t\t\t12\/12\/2023\t\t<\/span>\n\t\t\t\t<\/div>\n\t\t\t\t\t<\/div>\n\t\t<\/article>\n\t\t\t\t<article class=\"elementor-post elementor-grid-item post-1451 post type-post status-publish format-standard has-post-thumbnail hentry category-vallsmadella category-gehl category-maquinaria-construccio tag-boadella-vallsmadella tag-construccio tag-gehl tag-industria-de-la-construccio tag-maquinaria-a-girona\" role=\"listitem\">\n\t\t\t<div class=\"elementor-post__card\">\n\t\t\t\t<a class=\"elementor-post__thumbnail__link\" href=\"https:\/\/vallsmadella.com\/es\/versatilitat-potencia-gehl-projectes\/\" tabindex=\"-1\"><div class=\"elementor-post__thumbnail\"><img loading=\"lazy\" decoding=\"async\" width=\"768\" height=\"512\" src=\"https:\/\/vallsmadella.com\/wp-content\/uploads\/2023\/12\/application_skid_loader_r135_gehl_003_0.jpg\" class=\"attachment-large size-large wp-image-1457\" alt=\"\" srcset=\"https:\/\/vallsmadella.com\/wp-content\/uploads\/2023\/12\/application_skid_loader_r135_gehl_003_0.jpg 768w, https:\/\/vallsmadella.com\/wp-content\/uploads\/2023\/12\/application_skid_loader_r135_gehl_003_0-300x200.jpg 300w, https:\/\/vallsmadella.com\/wp-content\/uploads\/2023\/12\/application_skid_loader_r135_gehl_003_0-18x12.jpg 18w\" sizes=\"(max-width: 768px) 100vw, 768px\" \/><\/div><\/a>\n\t\t\t\t<div class=\"elementor-post__text\">\n\t\t\t\t<h2 class=\"elementor-post__title\">\n\t\t\t<a href=\"https:\/\/vallsmadella.com\/es\/versatilitat-potencia-gehl-projectes\/\">\n\t\t\t\tVersatilidad y potencia GEHL para proyectos extraordinarios\t\t\t<\/a>\n\t\t<\/h2>\n\t\t\t\t<div class=\"elementor-post__excerpt\">\n\t\t\t<p>Cuando se trata de realizar proyectos industriales o de construcci\u00f3n, la elecci\u00f3n de la maquinaria adecuada es crucial. En el mundo de la construcci\u00f3n, cada tarea requiere equipos espec\u00edficos que ofrezcan potencia, versatilidad y fiabilidad. Es en este panorama que<\/p>\n\t\t<\/div>\n\t\t\n\t\t<a class=\"elementor-post__read-more\" href=\"https:\/\/vallsmadella.com\/es\/versatilitat-potencia-gehl-projectes\/\" aria-label=\"M\u00e1s informaci\u00f3n sobre Versatilidad y potencia GEHL para proyectos extraordinarios\" tabindex=\"-1\">\n\t\t\tLeer m\u00e1s \u00bb\t\t<\/a>\n\n\t\t\t\t<\/div>\n\t\t\t\t<div class=\"elementor-post__meta-data\">\n\t\t\t\t\t<span class=\"elementor-post-date\">\n\t\t\t05\/12\/2023\t\t<\/span>\n\t\t\t\t<\/div>\n\t\t\t\t\t<\/div>\n\t\t<\/article>\n\t\t\t\t<article class=\"elementor-post elementor-grid-item post-1436 post type-post status-publish format-standard has-post-thumbnail hentry category-vallsmadella category-ammann category-maquinaria-construccio tag-ammann tag-boadella-vallsmadella tag-construccio tag-develon tag-industria-de-la-construccio tag-maquinaria-a-girona tag-novetats-ammann\" role=\"listitem\">\n\t\t\t<div class=\"elementor-post__card\">\n\t\t\t\t<a class=\"elementor-post__thumbnail__link\" href=\"https:\/\/vallsmadella.com\/es\/descobreix-les-principals-novetats-ammann-2023\/\" tabindex=\"-1\"><div class=\"elementor-post__thumbnail\"><img loading=\"lazy\" decoding=\"async\" width=\"800\" height=\"450\" src=\"https:\/\/vallsmadella.com\/wp-content\/uploads\/2023\/11\/atr_60p_rammer_3d-rendering_0030-911x512-1.jpg\" class=\"attachment-large size-large wp-image-1441\" alt=\"\" srcset=\"https:\/\/vallsmadella.com\/wp-content\/uploads\/2023\/11\/atr_60p_rammer_3d-rendering_0030-911x512-1.jpg 911w, https:\/\/vallsmadella.com\/wp-content\/uploads\/2023\/11\/atr_60p_rammer_3d-rendering_0030-911x512-1-300x169.jpg 300w, https:\/\/vallsmadella.com\/wp-content\/uploads\/2023\/11\/atr_60p_rammer_3d-rendering_0030-911x512-1-768x432.jpg 768w, https:\/\/vallsmadella.com\/wp-content\/uploads\/2023\/11\/atr_60p_rammer_3d-rendering_0030-911x512-1-18x10.jpg 18w\" sizes=\"(max-width: 800px) 100vw, 800px\" \/><\/div><\/a>\n\t\t\t\t<div class=\"elementor-post__text\">\n\t\t\t\t<h2 class=\"elementor-post__title\">\n\t\t\t<a href=\"https:\/\/vallsmadella.com\/es\/descobreix-les-principals-novetats-ammann-2023\/\">\n\t\t\t\tDescubre las novedades Ammann de 2023\t\t\t<\/a>\n\t\t<\/h2>\n\t\t\t\t<div class=\"elementor-post__excerpt\">\n\t\t\t<p>\u00a1Constructores y apasionados de la maquinaria industrial! Si eres de los que siempre est\u00e1n a la caza de las \u00faltimas y m\u00e1s innovadoras herramientas para la construcci\u00f3n, est\u00e1s en el sitio adecuado. En Vallsmadella, nos complace presentarles las novedades Ammann de<\/p>\n\t\t<\/div>\n\t\t\n\t\t<a class=\"elementor-post__read-more\" href=\"https:\/\/vallsmadella.com\/es\/descobreix-les-principals-novetats-ammann-2023\/\" aria-label=\"M\u00e1s informaci\u00f3n sobre Descubre las novedades Ammann de 2023\" tabindex=\"-1\">\n\t\t\tLeer m\u00e1s \u00bb\t\t<\/a>\n\n\t\t\t\t<\/div>\n\t\t\t\t<div class=\"elementor-post__meta-data\">\n\t\t\t\t\t<span class=\"elementor-post-date\">\n\t\t\t30\/11\/2023\t\t<\/span>\n\t\t\t\t<\/div>\n\t\t\t\t\t<\/div>\n\t\t<\/article>\n\t\t\t\t<article class=\"elementor-post elementor-grid-item post-1427 post type-post status-publish format-standard has-post-thumbnail hentry category-vallsmadella category-develon category-maquinaria-construccio tag-boadella-vallsmadella tag-carregadora-compacta tag-carregadora-develon tag-construccio tag-develon tag-industria-de-la-construccio tag-maquinaria-a-girona\" role=\"listitem\">\n\t\t\t<div class=\"elementor-post__card\">\n\t\t\t\t<a class=\"elementor-post__thumbnail__link\" href=\"https:\/\/vallsmadella.com\/es\/carregadores-compactes-develon-amb-rodes\/\" tabindex=\"-1\"><div class=\"elementor-post__thumbnail\"><img loading=\"lazy\" decoding=\"async\" width=\"714\" height=\"497\" src=\"https:\/\/vallsmadella.com\/wp-content\/uploads\/2023\/11\/20230311-category-img-compact-wheel-loaders.jpg\" class=\"attachment-large size-large wp-image-1432\" alt=\"\" srcset=\"https:\/\/vallsmadella.com\/wp-content\/uploads\/2023\/11\/20230311-category-img-compact-wheel-loaders.jpg 714w, https:\/\/vallsmadella.com\/wp-content\/uploads\/2023\/11\/20230311-category-img-compact-wheel-loaders-300x209.jpg 300w, https:\/\/vallsmadella.com\/wp-content\/uploads\/2023\/11\/20230311-category-img-compact-wheel-loaders-18x12.jpg 18w\" sizes=\"(max-width: 714px) 100vw, 714px\" \/><\/div><\/a>\n\t\t\t\t<div class=\"elementor-post__text\">\n\t\t\t\t<h2 class=\"elementor-post__title\">\n\t\t\t<a href=\"https:\/\/vallsmadella.com\/es\/carregadores-compactes-develon-amb-rodes\/\">\n\t\t\t\tLas cargadoras compactas Develon con ruedas\t\t\t<\/a>\n\t\t<\/h2>\n\t\t\t\t<div class=\"elementor-post__excerpt\">\n\t\t\t<p>En este art\u00edculo descubriremos las maravillas de las cargadoras compactas con ruedas Develon. En Vallsmadella sabemos que la calidad y el rendimiento son clave, y por eso nos enorgullece presentarte las cargadoras compactas con ruedas Develon. Pero qu\u00e9<\/p>\n\t\t<\/div>\n\t\t\n\t\t<a class=\"elementor-post__read-more\" href=\"https:\/\/vallsmadella.com\/es\/carregadores-compactes-develon-amb-rodes\/\" aria-label=\"M\u00e1s informaci\u00f3n sobre Las cargadoras compactas Develon con ruedas\" tabindex=\"-1\">\n\t\t\tLeer m\u00e1s \u00bb\t\t<\/a>\n\n\t\t\t\t<\/div>\n\t\t\t\t<div class=\"elementor-post__meta-data\">\n\t\t\t\t\t<span class=\"elementor-post-date\">\n\t\t\t27\/11\/2023\t\t<\/span>\n\t\t\t\t<\/div>\n\t\t\t\t\t<\/div>\n\t\t<\/article>\n\t\t\t\t<article class=\"elementor-post elementor-grid-item post-1420 post type-post status-publish format-standard has-post-thumbnail hentry category-vallsmadella category-dagartech category-solucio-energetica tag-boadella-vallsmadella tag-construccio tag-dagartech tag-energia tag-industria-de-la-construccio tag-maquinaria-a-girona tag-solucio-energetica\" role=\"listitem\">\n\t\t\t<div class=\"elementor-post__card\">\n\t\t\t\t<a class=\"elementor-post__thumbnail__link\" href=\"https:\/\/vallsmadella.com\/es\/optimitza-energia-personalitzada-dagartech\/\" tabindex=\"-1\"><div class=\"elementor-post__thumbnail\"><img loading=\"lazy\" decoding=\"async\" width=\"800\" height=\"800\" src=\"https:\/\/vallsmadella.com\/wp-content\/uploads\/2023\/11\/302049878_600233095039402_3933255726709199812_n.jpg\" class=\"attachment-large size-large wp-image-1425\" alt=\"\" srcset=\"https:\/\/vallsmadella.com\/wp-content\/uploads\/2023\/11\/302049878_600233095039402_3933255726709199812_n.jpg 950w, https:\/\/vallsmadella.com\/wp-content\/uploads\/2023\/11\/302049878_600233095039402_3933255726709199812_n-300x300.jpg 300w, https:\/\/vallsmadella.com\/wp-content\/uploads\/2023\/11\/302049878_600233095039402_3933255726709199812_n-150x150.jpg 150w, https:\/\/vallsmadella.com\/wp-content\/uploads\/2023\/11\/302049878_600233095039402_3933255726709199812_n-768x768.jpg 768w, https:\/\/vallsmadella.com\/wp-content\/uploads\/2023\/11\/302049878_600233095039402_3933255726709199812_n-12x12.jpg 12w\" sizes=\"(max-width: 800px) 100vw, 800px\" \/><\/div><\/a>\n\t\t\t\t<div class=\"elementor-post__text\">\n\t\t\t\t<h2 class=\"elementor-post__title\">\n\t\t\t<a href=\"https:\/\/vallsmadella.com\/es\/optimitza-energia-personalitzada-dagartech\/\">\n\t\t\t\tOptimiza tu proyecto con la energ\u00eda personalizada Dagartech\t\t\t<\/a>\n\t\t<\/h2>\n\t\t\t\t<div class=\"elementor-post__excerpt\">\n\t\t\t<p>Cuando se trata de realizar proyectos industriales y de construcci\u00f3n, la elecci\u00f3n de la maquinaria adecuada marca la diferencia entre el \u00e9xito y los obst\u00e1culos. En este sentido, Vallsmadella se enorgullece de ofrecer una gama exclusiva de equipos de marcas reconocidas como<\/p>\n\t\t<\/div>\n\t\t\n\t\t<a class=\"elementor-post__read-more\" href=\"https:\/\/vallsmadella.com\/es\/optimitza-energia-personalitzada-dagartech\/\" aria-label=\"M\u00e1s informaci\u00f3n sobre Optimiza tu proyecto con la energ\u00eda personalizada Dagartech\" tabindex=\"-1\">\n\t\t\tLeer m\u00e1s \u00bb\t\t<\/a>\n\n\t\t\t\t<\/div>\n\t\t\t\t<div class=\"elementor-post__meta-data\">\n\t\t\t\t\t<span class=\"elementor-post-date\">\n\t\t\t23\/11\/2023\t\t<\/span>\n\t\t\t\t<\/div>\n\t\t\t\t\t<\/div>\n\t\t<\/article>\n\t\t\t\t<article class=\"elementor-post elementor-grid-item post-1407 post type-post status-publish format-standard has-post-thumbnail hentry category-vallsmadella category-ammann category-dagartech category-develon category-gehl category-hammer-europe category-manitou category-maquinaria-construccio category-maquinaria-industrial tag-boadella-vallsmadella tag-construccio tag-industria-de-la-construccio tag-maquinaria-a-girona tag-maquinaria-de-construccio\" role=\"listitem\">\n\t\t\t<div class=\"elementor-post__card\">\n\t\t\t\t<a class=\"elementor-post__thumbnail__link\" href=\"https:\/\/vallsmadella.com\/es\/boadella-vallsmadella-maquinaria-a-girona\/\" tabindex=\"-1\"><div class=\"elementor-post__thumbnail\"><img loading=\"lazy\" decoding=\"async\" width=\"1\" height=\"1\" src=\"https:\/\/vallsmadella.com\/wp-content\/uploads\/2022\/03\/logo-vallsmadella-boadella-header.svg\" class=\"attachment-large size-large wp-image-24\" alt=\"\" \/><\/div><\/a>\n\t\t\t\t<div class=\"elementor-post__text\">\n\t\t\t\t<h2 class=\"elementor-post__title\">\n\t\t\t<a href=\"https:\/\/vallsmadella.com\/es\/boadella-vallsmadella-maquinaria-a-girona\/\">\n\t\t\t\tBoadella Vallsmadella: l\u00edder en distribuci\u00f3n de maquinaria en Girona\t\t\t<\/a>\n\t\t<\/h2>\n\t\t\t\t<div class=\"elementor-post__excerpt\">\n\t\t\t<p>En el vibrante mundo de la construcci\u00f3n y la industria, encontrar un socio de confianza es clave. En Girona, hay una empresa que destaca: Boadella Vallsmadella. Con una reputaci\u00f3n s\u00f3lida y a\u00f1os de experiencia a sus espaldas, esta empresa se consolida<\/p>\n\t\t<\/div>\n\t\t\n\t\t<a class=\"elementor-post__read-more\" href=\"https:\/\/vallsmadella.com\/es\/boadella-vallsmadella-maquinaria-a-girona\/\" aria-label=\"M\u00e1s informaci\u00f3n sobre Boadella Vallsmadella: l\u00edder en distribuci\u00f3n de maquinaria en Girona\" tabindex=\"-1\">\n\t\t\tLeer m\u00e1s \u00bb\t\t<\/a>\n\n\t\t\t\t<\/div>\n\t\t\t\t<div class=\"elementor-post__meta-data\">\n\t\t\t\t\t<span class=\"elementor-post-date\">\n\t\t\t17\/11\/2023\t\t<\/span>\n\t\t\t\t<\/div>\n\t\t\t\t\t<\/div>\n\t\t<\/article>\n\t\t\t\t<article class=\"elementor-post elementor-grid-item post-1397 post type-post status-publish format-standard has-post-thumbnail hentry category-vallsmadella category-manitou category-maquinaria-construccio category-maquinaria-industrial tag-boadella-vallsmadella tag-construccio tag-impacte tag-industria-de-la-construccio tag-manitou tag-maquinaria-de-construccio\" role=\"listitem\">\n\t\t\t<div class=\"elementor-post__card\">\n\t\t\t\t<a class=\"elementor-post__thumbnail__link\" href=\"https:\/\/vallsmadella.com\/es\/impacte-manitou-a-la-industria-construccio\/\" tabindex=\"-1\"><div class=\"elementor-post__thumbnail\"><img loading=\"lazy\" decoding=\"async\" width=\"800\" height=\"800\" src=\"https:\/\/vallsmadella.com\/wp-content\/uploads\/2023\/11\/3a0b00b86a8e2edc73a380a4a9ba1abe-large-webp.webp\" class=\"attachment-large size-large wp-image-1406\" alt=\"\" srcset=\"https:\/\/vallsmadella.com\/wp-content\/uploads\/2023\/11\/3a0b00b86a8e2edc73a380a4a9ba1abe-large-webp.webp 1000w, https:\/\/vallsmadella.com\/wp-content\/uploads\/2023\/11\/3a0b00b86a8e2edc73a380a4a9ba1abe-large-webp-300x300.webp 300w, https:\/\/vallsmadella.com\/wp-content\/uploads\/2023\/11\/3a0b00b86a8e2edc73a380a4a9ba1abe-large-webp-150x150.webp 150w, https:\/\/vallsmadella.com\/wp-content\/uploads\/2023\/11\/3a0b00b86a8e2edc73a380a4a9ba1abe-large-webp-768x768.webp 768w, https:\/\/vallsmadella.com\/wp-content\/uploads\/2023\/11\/3a0b00b86a8e2edc73a380a4a9ba1abe-large-webp-12x12.webp 12w\" sizes=\"(max-width: 800px) 100vw, 800px\" \/><\/div><\/a>\n\t\t\t\t<div class=\"elementor-post__text\">\n\t\t\t\t<h2 class=\"elementor-post__title\">\n\t\t\t<a href=\"https:\/\/vallsmadella.com\/es\/impacte-manitou-a-la-industria-construccio\/\">\n\t\t\t\tEl impacto de Manitou en la industria de la construcci\u00f3n\t\t\t<\/a>\n\t\t<\/h2>\n\t\t\t\t<div class=\"elementor-post__excerpt\">\n\t\t\t<p>En el mundo de la industria de la construcci\u00f3n, donde cada movimiento cuenta y cada decisi\u00f3n es crucial, disponer de la maquinaria adecuada es algo m\u00e1s que necesario; se vuelve la clave del \u00e9xito. En este vibrante escenario, Manitou emerge como<\/p>\n\t\t<\/div>\n\t\t\n\t\t<a class=\"elementor-post__read-more\" href=\"https:\/\/vallsmadella.com\/es\/impacte-manitou-a-la-industria-construccio\/\" aria-label=\"M\u00e1s informaci\u00f3n sobre El impacto de Manitou en la industria de la construcci\u00f3n\" tabindex=\"-1\">\n\t\t\tLeer m\u00e1s \u00bb\t\t<\/a>\n\n\t\t\t\t<\/div>\n\t\t\t\t<div class=\"elementor-post__meta-data\">\n\t\t\t\t\t<span class=\"elementor-post-date\">\n\t\t\t08\/11\/2023\t\t<\/span>\n\t\t\t\t<\/div>\n\t\t\t\t\t<\/div>\n\t\t<\/article>\n\t\t\t\t<article class=\"elementor-post elementor-grid-item post-1355 post type-post status-publish format-standard has-post-thumbnail hentry category-vallsmadella category-gehl category-maquinaria-construccio category-maquinaria-industrial tag-boadella-vallsmadella tag-carregadores tag-construccio tag-gehl tag-maquinaria-de-construccio tag-mini-carregadores-eruga\" role=\"listitem\">\n\t\t\t<div class=\"elementor-post__card\">\n\t\t\t\t<a class=\"elementor-post__thumbnail__link\" href=\"https:\/\/vallsmadella.com\/es\/mini-carregadores-eruga-gehl-rendiment-potencia\/\" tabindex=\"-1\"><div class=\"elementor-post__thumbnail\"><img loading=\"lazy\" decoding=\"async\" width=\"300\" height=\"300\" src=\"https:\/\/vallsmadella.com\/wp-content\/uploads\/2023\/10\/carg-or-gehl.png\" class=\"attachment-large size-large wp-image-1382\" alt=\"\" srcset=\"https:\/\/vallsmadella.com\/wp-content\/uploads\/2023\/10\/carg-or-gehl.png 300w, https:\/\/vallsmadella.com\/wp-content\/uploads\/2023\/10\/carg-or-gehl-150x150.png 150w, https:\/\/vallsmadella.com\/wp-content\/uploads\/2023\/10\/carg-or-gehl-12x12.png 12w\" sizes=\"(max-width: 300px) 100vw, 300px\" \/><\/div><\/a>\n\t\t\t\t<div class=\"elementor-post__text\">\n\t\t\t\t<h2 class=\"elementor-post__title\">\n\t\t\t<a href=\"https:\/\/vallsmadella.com\/es\/mini-carregadores-eruga-gehl-rendiment-potencia\/\">\n\t\t\t\tMini cargadoras oruga GEHL: rendimiento y potencia\t\t\t<\/a>\n\t\t<\/h2>\n\t\t\t\t<div class=\"elementor-post__excerpt\">\n\t\t\t<p>Cuando se trata de maquinaria industrial y construcci\u00f3n de calidad, Vallsmadella es el nombre que siempre viene a la mente. Como distribuidores de marcas l\u00edderes en la industria, como Ammann, Dagartech, Develon, Manitou, Gehl y Hammer Europe, ofrecemos<\/p>\n\t\t<\/div>\n\t\t\n\t\t<a class=\"elementor-post__read-more\" href=\"https:\/\/vallsmadella.com\/es\/mini-carregadores-eruga-gehl-rendiment-potencia\/\" aria-label=\"M\u00e1s informaci\u00f3n sobre Mini cargadoras oruga GEHL: rendimiento y potencia\" tabindex=\"-1\">\n\t\t\tLeer m\u00e1s \u00bb\t\t<\/a>\n\n\t\t\t\t<\/div>\n\t\t\t\t<div class=\"elementor-post__meta-data\">\n\t\t\t\t\t<span class=\"elementor-post-date\">\n\t\t\t30\/10\/2023\t\t<\/span>\n\t\t\t\t<\/div>\n\t\t\t\t\t<\/div>\n\t\t<\/article>\n\t\t\t\t<article class=\"elementor-post elementor-grid-item post-1356 post type-post status-publish format-standard has-post-thumbnail hentry category-vallsmadella category-manitou category-maquinaria-construccio category-maquinaria-industrial tag-boadella-vallsmadella tag-construccio tag-maniaccess tag-manitou tag-maquinaria-de-construccio tag-plataformes-elevadores\" role=\"listitem\">\n\t\t\t<div class=\"elementor-post__card\">\n\t\t\t\t<a class=\"elementor-post__thumbnail__link\" href=\"https:\/\/vallsmadella.com\/es\/maniaccess-plataformes-elevadores-bona-seguretat\/\" tabindex=\"-1\"><div class=\"elementor-post__thumbnail\"><img loading=\"lazy\" decoding=\"async\" width=\"800\" height=\"800\" src=\"https:\/\/vallsmadella.com\/wp-content\/uploads\/2023\/10\/JOAL-1-32-scale-item-281-Manitou-Maniaccess-160-ATJ.jpg\" class=\"attachment-large size-large wp-image-1374\" alt=\"\" srcset=\"https:\/\/vallsmadella.com\/wp-content\/uploads\/2023\/10\/JOAL-1-32-scale-item-281-Manitou-Maniaccess-160-ATJ.jpg 800w, https:\/\/vallsmadella.com\/wp-content\/uploads\/2023\/10\/JOAL-1-32-scale-item-281-Manitou-Maniaccess-160-ATJ-300x300.jpg 300w, https:\/\/vallsmadella.com\/wp-content\/uploads\/2023\/10\/JOAL-1-32-scale-item-281-Manitou-Maniaccess-160-ATJ-150x150.jpg 150w, https:\/\/vallsmadella.com\/wp-content\/uploads\/2023\/10\/JOAL-1-32-scale-item-281-Manitou-Maniaccess-160-ATJ-768x768.jpg 768w, https:\/\/vallsmadella.com\/wp-content\/uploads\/2023\/10\/JOAL-1-32-scale-item-281-Manitou-Maniaccess-160-ATJ-12x12.jpg 12w\" sizes=\"(max-width: 800px) 100vw, 800px\" \/><\/div><\/a>\n\t\t\t\t<div class=\"elementor-post__text\">\n\t\t\t\t<h2 class=\"elementor-post__title\">\n\t\t\t<a href=\"https:\/\/vallsmadella.com\/es\/maniaccess-plataformes-elevadores-bona-seguretat\/\">\n\t\t\t\tManiaccess: plataformas elevadoras para una buena seguridad\t\t\t<\/a>\n\t\t<\/h2>\n\t\t\t\t<div class=\"elementor-post__excerpt\">\n\t\t\t<p>Las plataformas elevadoras son elementos esenciales en el mundo de la construcci\u00f3n y la industria. No s\u00f3lo facilitan su trabajo en alturas, sino que tambi\u00e9n garantizan la seguridad de los trabajadores. En este art\u00edculo, exploraremos la plataforma elevadora Maniaccess de la reconocida<\/p>\n\t\t<\/div>\n\t\t\n\t\t<a class=\"elementor-post__read-more\" href=\"https:\/\/vallsmadella.com\/es\/maniaccess-plataformes-elevadores-bona-seguretat\/\" aria-label=\"M\u00e1s informaci\u00f3n sobre Maniaccess: plataformas elevadoras para una buena seguridad\" tabindex=\"-1\">\n\t\t\tLeer m\u00e1s \u00bb\t\t<\/a>\n\n\t\t\t\t<\/div>\n\t\t\t\t<div class=\"elementor-post__meta-data\">\n\t\t\t\t\t<span class=\"elementor-post-date\">\n\t\t\t25\/10\/2023\t\t<\/span>\n\t\t\t\t<\/div>\n\t\t\t\t\t<\/div>\n\t\t<\/article>\n\t\t\t\t<article class=\"elementor-post elementor-grid-item post-1354 post type-post status-publish format-standard has-post-thumbnail hentry category-vallsmadella category-ammann category-maquinaria-construccio category-maquinaria-industrial tag-ammann tag-boadella-vallsmadella tag-construccio tag-evolucio tag-maquinaria-de-construccio\" role=\"listitem\">\n\t\t\t<div class=\"elementor-post__card\">\n\t\t\t\t<a class=\"elementor-post__thumbnail__link\" href=\"https:\/\/vallsmadella.com\/es\/construccio-amb-ammann-la-seva-evolucio\/\" tabindex=\"-1\"><div class=\"elementor-post__thumbnail\"><img loading=\"lazy\" decoding=\"async\" width=\"545\" height=\"367\" src=\"https:\/\/vallsmadella.com\/wp-content\/uploads\/2022\/03\/ammann-img-02.jpg\" class=\"attachment-large size-large wp-image-190\" alt=\"\" srcset=\"https:\/\/vallsmadella.com\/wp-content\/uploads\/2022\/03\/ammann-img-02.jpg 545w, https:\/\/vallsmadella.com\/wp-content\/uploads\/2022\/03\/ammann-img-02-300x202.jpg 300w\" sizes=\"(max-width: 545px) 100vw, 545px\" \/><\/div><\/a>\n\t\t\t\t<div class=\"elementor-post__text\">\n\t\t\t\t<h2 class=\"elementor-post__title\">\n\t\t\t<a href=\"https:\/\/vallsmadella.com\/es\/construccio-amb-ammann-la-seva-evolucio\/\">\n\t\t\t\tLa construcci\u00f3n con Ammann y su evoluci\u00f3n\t\t\t<\/a>\n\t\t<\/h2>\n\t\t\t\t<div class=\"elementor-post__excerpt\">\n\t\t\t<p>En el mundo de la construcci\u00f3n, la elecci\u00f3n de la maquinaria adecuada puede marcar la diferencia entre un proyecto exitoso y un lleno de obst\u00e1culos. Es aqu\u00ed donde la marca Ammann ha dejado una impronta imborrable a lo largo de los a\u00f1os, proporcionando equipos de<\/p>\n\t\t<\/div>\n\t\t\n\t\t<a class=\"elementor-post__read-more\" href=\"https:\/\/vallsmadella.com\/es\/construccio-amb-ammann-la-seva-evolucio\/\" aria-label=\"M\u00e1s informaci\u00f3n sobre La construcci\u00f3n con Ammann y su evoluci\u00f3n\" tabindex=\"-1\">\n\t\t\tLeer m\u00e1s \u00bb\t\t<\/a>\n\n\t\t\t\t<\/div>\n\t\t\t\t<div class=\"elementor-post__meta-data\">\n\t\t\t\t\t<span class=\"elementor-post-date\">\n\t\t\t18\/10\/2023\t\t<\/span>\n\t\t\t\t<\/div>\n\t\t\t\t\t<\/div>\n\t\t<\/article>\n\t\t\t\t<article class=\"elementor-post elementor-grid-item post-1346 post type-post status-publish format-standard has-post-thumbnail hentry category-vallsmadella category-ammann category-dagartech category-develon category-gehl category-hammer-europe category-manitou category-maquinaria-construccio category-maquinaria-industrial tag-boadella-vallsmadella tag-construccio tag-maquinaria-de-construccio tag-ultimes-tendencies\" role=\"listitem\">\n\t\t\t<div class=\"elementor-post__card\">\n\t\t\t\t<a class=\"elementor-post__thumbnail__link\" href=\"https:\/\/vallsmadella.com\/es\/eficiencia-en-construccio-tendencies-maquinaria-2\/\" tabindex=\"-1\"><div class=\"elementor-post__thumbnail\"><img loading=\"lazy\" decoding=\"async\" width=\"683\" height=\"1024\" src=\"https:\/\/vallsmadella.com\/wp-content\/uploads\/2023\/10\/excavadora-pesada-excavar-luz-diurna-683x1024.jpg\" class=\"attachment-large size-large wp-image-1351\" alt=\"equips de construcci\u00f3 a Girona\" srcset=\"https:\/\/vallsmadella.com\/wp-content\/uploads\/2023\/10\/excavadora-pesada-excavar-luz-diurna-683x1024.jpg 683w, https:\/\/vallsmadella.com\/wp-content\/uploads\/2023\/10\/excavadora-pesada-excavar-luz-diurna-200x300.jpg 200w, https:\/\/vallsmadella.com\/wp-content\/uploads\/2023\/10\/excavadora-pesada-excavar-luz-diurna-768x1152.jpg 768w, https:\/\/vallsmadella.com\/wp-content\/uploads\/2023\/10\/excavadora-pesada-excavar-luz-diurna-1024x1536.jpg 1024w, https:\/\/vallsmadella.com\/wp-content\/uploads\/2023\/10\/excavadora-pesada-excavar-luz-diurna-1365x2048.jpg 1365w, https:\/\/vallsmadella.com\/wp-content\/uploads\/2023\/10\/excavadora-pesada-excavar-luz-diurna-8x12.jpg 8w, https:\/\/vallsmadella.com\/wp-content\/uploads\/2023\/10\/excavadora-pesada-excavar-luz-diurna-scaled.jpg 1707w\" sizes=\"(max-width: 683px) 100vw, 683px\" \/><\/div><\/a>\n\t\t\t\t<div class=\"elementor-post__text\">\n\t\t\t\t<h2 class=\"elementor-post__title\">\n\t\t\t<a href=\"https:\/\/vallsmadella.com\/es\/eficiencia-en-construccio-tendencies-maquinaria-2\/\">\n\t\t\t\tLa eficiencia en construcci\u00f3n: \u00faltimas tendencias en maquinaria\t\t\t<\/a>\n\t\t<\/h2>\n\t\t\t\t<div class=\"elementor-post__excerpt\">\n\t\t\t<p>La eficiencia en construcci\u00f3n es un factor clave en el \u00e9xito de cualquier proyecto. En un mundo en constante evoluci\u00f3n, donde el tiempo es dinero, contar con la maquinaria industrial y de construcci\u00f3n adecuada se ha convertido en una necesidad ineludible para garantizar<\/p>\n\t\t<\/div>\n\t\t\n\t\t<a class=\"elementor-post__read-more\" href=\"https:\/\/vallsmadella.com\/es\/eficiencia-en-construccio-tendencies-maquinaria-2\/\" aria-label=\"M\u00e1s informaci\u00f3n sobre La eficiencia en construcci\u00f3n: \u00faltimas tendencias en maquinaria\" tabindex=\"-1\">\n\t\t\tLeer m\u00e1s \u00bb\t\t<\/a>\n\n\t\t\t\t<\/div>\n\t\t\t\t<div class=\"elementor-post__meta-data\">\n\t\t\t\t\t<span class=\"elementor-post-date\">\n\t\t\t13\/10\/2023\t\t<\/span>\n\t\t\t\t<\/div>\n\t\t\t\t\t<\/div>\n\t\t<\/article>\n\t\t\t\t<article class=\"elementor-post elementor-grid-item post-1340 post type-post status-publish format-standard has-post-thumbnail hentry category-vallsmadella category-hammer-europe category-maquinaria-construccio category-maquinaria-industrial tag-boadella-vallsmadella tag-construccio tag-hammer-europe tag-implements\" role=\"listitem\">\n\t\t\t<div class=\"elementor-post__card\">\n\t\t\t\t<a class=\"elementor-post__thumbnail__link\" href=\"https:\/\/vallsmadella.com\/es\/resistencia-hammer-europe-implements\/\" tabindex=\"-1\"><div class=\"elementor-post__thumbnail\"><img loading=\"lazy\" decoding=\"async\" width=\"720\" height=\"720\" src=\"https:\/\/vallsmadella.com\/wp-content\/uploads\/2023\/03\/immagini_prodotto2-uai-720x720-2.jpg\" class=\"attachment-large size-large wp-image-687\" alt=\"\" srcset=\"https:\/\/vallsmadella.com\/wp-content\/uploads\/2023\/03\/immagini_prodotto2-uai-720x720-2.jpg 720w, https:\/\/vallsmadella.com\/wp-content\/uploads\/2023\/03\/immagini_prodotto2-uai-720x720-2-300x300.jpg 300w, https:\/\/vallsmadella.com\/wp-content\/uploads\/2023\/03\/immagini_prodotto2-uai-720x720-2-150x150.jpg 150w\" sizes=\"(max-width: 720px) 100vw, 720px\" \/><\/div><\/a>\n\t\t\t\t<div class=\"elementor-post__text\">\n\t\t\t\t<h2 class=\"elementor-post__title\">\n\t\t\t<a href=\"https:\/\/vallsmadella.com\/es\/resistencia-hammer-europe-implements\/\">\n\t\t\t\tDescubre los implementos y la resistencia Hammer Europe\t\t\t<\/a>\n\t\t<\/h2>\n\t\t\t\t<div class=\"elementor-post__excerpt\">\n\t\t\t<p>Cuando se trata de maquinaria industrial y de construcci\u00f3n, no existe lugar para el ordinario. La resistencia y durabilidad son elementos esenciales para asegurar que las herramientas que utilizamos en el trabajo pesado puedan soportar la presi\u00f3n d\u00eda a d\u00eda.<\/p>\n\t\t<\/div>\n\t\t\n\t\t<a class=\"elementor-post__read-more\" href=\"https:\/\/vallsmadella.com\/es\/resistencia-hammer-europe-implements\/\" aria-label=\"M\u00e1s informaci\u00f3n sobre Descubre los implementos y la resistencia Hammer Europe\" tabindex=\"-1\">\n\t\t\tLeer m\u00e1s \u00bb\t\t<\/a>\n\n\t\t\t\t<\/div>\n\t\t\t\t<div class=\"elementor-post__meta-data\">\n\t\t\t\t\t<span class=\"elementor-post-date\">\n\t\t\t06\/10\/2023\t\t<\/span>\n\t\t\t\t<\/div>\n\t\t\t\t\t<\/div>\n\t\t<\/article>\n\t\t\t\t<article class=\"elementor-post elementor-grid-item post-1321 post type-post status-publish format-standard has-post-thumbnail hentry category-vallsmadella category-ammann category-dagartech category-develon category-gehl category-hammer-europe category-manitou category-maquinaria-construccio category-maquinaria-industrial tag-boadella-vallsmadella tag-construccio tag-maquinaria-industrial\" role=\"listitem\">\n\t\t\t<div class=\"elementor-post__card\">\n\t\t\t\t<a class=\"elementor-post__thumbnail__link\" href=\"https:\/\/vallsmadella.com\/es\/maquinaria-industrial-vallsmadella-5-valors\/\" tabindex=\"-1\"><div class=\"elementor-post__thumbnail\"><img loading=\"lazy\" decoding=\"async\" width=\"800\" height=\"379\" src=\"https:\/\/vallsmadella.com\/wp-content\/uploads\/2023\/09\/DX50Z_7_1-1024x485.jpg\" class=\"attachment-large size-large wp-image-1294\" alt=\"\" srcset=\"https:\/\/vallsmadella.com\/wp-content\/uploads\/2023\/09\/DX50Z_7_1-1024x485.jpg 1024w, https:\/\/vallsmadella.com\/wp-content\/uploads\/2023\/09\/DX50Z_7_1-300x142.jpg 300w, https:\/\/vallsmadella.com\/wp-content\/uploads\/2023\/09\/DX50Z_7_1-768x364.jpg 768w, https:\/\/vallsmadella.com\/wp-content\/uploads\/2023\/09\/DX50Z_7_1-1536x728.jpg 1536w, https:\/\/vallsmadella.com\/wp-content\/uploads\/2023\/09\/DX50Z_7_1-2048x971.jpg 2048w\" sizes=\"(max-width: 800px) 100vw, 800px\" \/><\/div><\/a>\n\t\t\t\t<div class=\"elementor-post__text\">\n\t\t\t\t<h2 class=\"elementor-post__title\">\n\t\t\t<a href=\"https:\/\/vallsmadella.com\/es\/maquinaria-industrial-vallsmadella-5-valors\/\">\n\t\t\t\tMaquinaria industrial Vallsmadella: 5 valores que nos potencian como distribuidores\t\t\t<\/a>\n\t\t<\/h2>\n\t\t\t\t<div class=\"elementor-post__excerpt\">\n\t\t\t<p>En el amplio mundo de la construcci\u00f3n y la industria, encontrar un distribuidor confiable de maquinaria industrial es como encontrar un tesoro en el fondo del mar. La b\u00fasqueda puede ser larga y complicada, pero cuando descubres a un socio como Boadella Vallsmadella,<\/p>\n\t\t<\/div>\n\t\t\n\t\t<a class=\"elementor-post__read-more\" href=\"https:\/\/vallsmadella.com\/es\/maquinaria-industrial-vallsmadella-5-valors\/\" aria-label=\"M\u00e1s informaci\u00f3n sobre Maquinaria industrial Vallsmadella: 5 valores que nos potencian como distribuidores\" tabindex=\"-1\">\n\t\t\tLeer m\u00e1s \u00bb\t\t<\/a>\n\n\t\t\t\t<\/div>\n\t\t\t\t<div class=\"elementor-post__meta-data\">\n\t\t\t\t\t<span class=\"elementor-post-date\">\n\t\t\t30\/09\/2023\t\t<\/span>\n\t\t\t\t<\/div>\n\t\t\t\t\t<\/div>\n\t\t<\/article>\n\t\t\t\t<article class=\"elementor-post elementor-grid-item post-1255 post type-post status-publish format-standard has-post-thumbnail hentry category-vallsmadella category-manitou category-maquinaria-construccio tag-boadella-vallsmadella tag-manitou tag-versatilitat-construccio\" role=\"listitem\">\n\t\t\t<div class=\"elementor-post__card\">\n\t\t\t\t<a class=\"elementor-post__thumbnail__link\" href=\"https:\/\/vallsmadella.com\/es\/versatilitat-manitou-maquinaria-construccio\/\" tabindex=\"-1\"><div class=\"elementor-post__thumbnail\"><img loading=\"lazy\" decoding=\"async\" width=\"545\" height=\"367\" src=\"https:\/\/vallsmadella.com\/wp-content\/uploads\/2022\/03\/manitou-img-01.jpg\" class=\"attachment-large size-large wp-image-222\" alt=\"\" srcset=\"https:\/\/vallsmadella.com\/wp-content\/uploads\/2022\/03\/manitou-img-01.jpg 545w, https:\/\/vallsmadella.com\/wp-content\/uploads\/2022\/03\/manitou-img-01-300x202.jpg 300w\" sizes=\"(max-width: 545px) 100vw, 545px\" \/><\/div><\/a>\n\t\t\t\t<div class=\"elementor-post__text\">\n\t\t\t\t<h2 class=\"elementor-post__title\">\n\t\t\t<a href=\"https:\/\/vallsmadella.com\/es\/versatilitat-manitou-maquinaria-construccio\/\">\n\t\t\t\tDescubre la versatilidad Manitou en maquinaria de construcci\u00f3n\t\t\t<\/a>\n\t\t<\/h2>\n\t\t\t\t<div class=\"elementor-post__excerpt\">\n\t\t\t<p>En el mundo de la construcci\u00f3n, la elecci\u00f3n de la maquinaria adecuada es crucial para el \u00e9xito de cualquier proyecto. La versatilidad Manitou es un factor que ha revolucionado la industria de la construcci\u00f3n, y hoy te invitamos a explorar como \u00e9sta<\/p>\n\t\t<\/div>\n\t\t\n\t\t<a class=\"elementor-post__read-more\" href=\"https:\/\/vallsmadella.com\/es\/versatilitat-manitou-maquinaria-construccio\/\" aria-label=\"M\u00e1s informaci\u00f3n sobre Descubre la versatilidad Manitou en maquinaria de construcci\u00f3n\" tabindex=\"-1\">\n\t\t\tLeer m\u00e1s \u00bb\t\t<\/a>\n\n\t\t\t\t<\/div>\n\t\t\t\t<div class=\"elementor-post__meta-data\">\n\t\t\t\t\t<span class=\"elementor-post-date\">\n\t\t\t27\/09\/2023\t\t<\/span>\n\t\t\t\t<\/div>\n\t\t\t\t\t<\/div>\n\t\t<\/article>\n\t\t\t\t<article class=\"elementor-post elementor-grid-item post-1195 post type-post status-publish format-standard has-post-thumbnail hentry category-dagartech category-ammann category-solucio-energetica category-vallsmadella tag-boadella-vallsmadella tag-dagartech tag-energia-personalitzada\" role=\"listitem\">\n\t\t\t<div class=\"elementor-post__card\">\n\t\t\t\t<a class=\"elementor-post__thumbnail__link\" href=\"https:\/\/vallsmadella.com\/es\/energia-personalitzada-dagartech-rendiment-optim\/\" tabindex=\"-1\"><div class=\"elementor-post__thumbnail\"><img loading=\"lazy\" decoding=\"async\" width=\"700\" height=\"394\" src=\"https:\/\/vallsmadella.com\/wp-content\/uploads\/2023\/09\/Dagartech_caso-de-exito_AVE-Pais-Vasco_1.png\" class=\"attachment-large size-large wp-image-1201\" alt=\"grups electr\u00f2gens Dagartech\" srcset=\"https:\/\/vallsmadella.com\/wp-content\/uploads\/2023\/09\/Dagartech_caso-de-exito_AVE-Pais-Vasco_1.png 700w, https:\/\/vallsmadella.com\/wp-content\/uploads\/2023\/09\/Dagartech_caso-de-exito_AVE-Pais-Vasco_1-300x169.png 300w\" sizes=\"(max-width: 700px) 100vw, 700px\" \/><\/div><\/a>\n\t\t\t\t<div class=\"elementor-post__text\">\n\t\t\t\t<h2 class=\"elementor-post__title\">\n\t\t\t<a href=\"https:\/\/vallsmadella.com\/es\/energia-personalitzada-dagartech-rendiment-optim\/\">\n\t\t\t\tEnerg\u00eda personalizada Dagartech para un rendimiento \u00f3ptimo\t\t\t<\/a>\n\t\t<\/h2>\n\t\t\t\t<div class=\"elementor-post__excerpt\">\n\t\t\t<p>En el mundo de la industria y la construcci\u00f3n, la b\u00fasqueda de soluciones energ\u00e9ticas eficientes es una constante. La clave para un rendimiento \u00f3ptimo radica en la adaptabilidad y calidad de la energ\u00eda que alimenta nuestras m\u00e1quinas. En este escenario,<\/p>\n\t\t<\/div>\n\t\t\n\t\t<a class=\"elementor-post__read-more\" href=\"https:\/\/vallsmadella.com\/es\/energia-personalitzada-dagartech-rendiment-optim\/\" aria-label=\"M\u00e1s informaci\u00f3n sobre Energ\u00eda personalizada Dagartech para un rendimiento \u00f3ptimo\" tabindex=\"-1\">\n\t\t\tLeer m\u00e1s \u00bb\t\t<\/a>\n\n\t\t\t\t<\/div>\n\t\t\t\t<div class=\"elementor-post__meta-data\">\n\t\t\t\t\t<span class=\"elementor-post-date\">\n\t\t\t20\/09\/2023\t\t<\/span>\n\t\t\t\t<\/div>\n\t\t\t\t\t<\/div>\n\t\t<\/article>\n\t\t\t\t<article class=\"elementor-post elementor-grid-item post-1186 post type-post status-publish format-standard has-post-thumbnail hentry category-ammann category-maquinaria-construccio category-vallsmadella tag-boadella-vallsmadella tag-develon tag-gehl tag-maquina-construccio tag-maquinaria tag-qualitat\" role=\"listitem\">\n\t\t\t<div class=\"elementor-post__card\">\n\t\t\t\t<a class=\"elementor-post__thumbnail__link\" href=\"https:\/\/vallsmadella.com\/es\/gehl-develon-maquinaria-de-construccio\/\" tabindex=\"-1\"><div class=\"elementor-post__thumbnail\"><img loading=\"lazy\" decoding=\"async\" width=\"600\" height=\"300\" src=\"https:\/\/vallsmadella.com\/wp-content\/uploads\/2023\/09\/Diseno-sin-titulo.png\" class=\"attachment-large size-large wp-image-1191\" alt=\"\" srcset=\"https:\/\/vallsmadella.com\/wp-content\/uploads\/2023\/09\/Diseno-sin-titulo.png 600w, https:\/\/vallsmadella.com\/wp-content\/uploads\/2023\/09\/Diseno-sin-titulo-300x150.png 300w\" sizes=\"(max-width: 600px) 100vw, 600px\" \/><\/div><\/a>\n\t\t\t\t<div class=\"elementor-post__text\">\n\t\t\t\t<h2 class=\"elementor-post__title\">\n\t\t\t<a href=\"https:\/\/vallsmadella.com\/es\/gehl-develon-maquinaria-de-construccio\/\">\n\t\t\t\tGehl vs. Develon: las claves para la excelencia en maquinaria de construcci\u00f3n\t\t\t<\/a>\n\t\t<\/h2>\n\t\t\t\t<div class=\"elementor-post__excerpt\">\n\t\t\t<p>Cuando se trata de invertir en maquinaria de construcci\u00f3n, elegir entre las marcas l\u00edderes Gehl y Develon puede ser, en muchas ocasiones, complicado. Ambas compa\u00f1\u00edas tienen una presencia s\u00f3lida en el mercado y se han ganado la confianza de profesionales de la construcci\u00f3n en<\/p>\n\t\t<\/div>\n\t\t\n\t\t<a class=\"elementor-post__read-more\" href=\"https:\/\/vallsmadella.com\/es\/gehl-develon-maquinaria-de-construccio\/\" aria-label=\"M\u00e1s informaci\u00f3n sobre Gehl vs. Develon: las claves para la excelencia en maquinaria de construcci\u00f3n\" tabindex=\"-1\">\n\t\t\tLeer m\u00e1s \u00bb\t\t<\/a>\n\n\t\t\t\t<\/div>\n\t\t\t\t<div class=\"elementor-post__meta-data\">\n\t\t\t\t\t<span class=\"elementor-post-date\">\n\t\t\t17\/09\/2023\t\t<\/span>\n\t\t\t\t<\/div>\n\t\t\t\t\t<\/div>\n\t\t<\/article>\n\t\t\t\t<article class=\"elementor-post elementor-grid-item post-1177 post type-post status-publish format-standard has-post-thumbnail hentry category-ammann category-maquinaria-construccio category-vallsmadella tag-ammann tag-boadella-vallsmadella tag-innovacio tag-maquina-construccio tag-maquinaria tag-qualitat\" role=\"listitem\">\n\t\t\t<div class=\"elementor-post__card\">\n\t\t\t\t<a class=\"elementor-post__thumbnail__link\" href=\"https:\/\/vallsmadella.com\/es\/exit-qualitat-ammann-innovacio-maquinaria\/\" tabindex=\"-1\"><div class=\"elementor-post__thumbnail\"><img loading=\"lazy\" decoding=\"async\" width=\"545\" height=\"367\" src=\"https:\/\/vallsmadella.com\/wp-content\/uploads\/2022\/03\/ammann-img-02.jpg\" class=\"attachment-large size-large wp-image-190\" alt=\"\" srcset=\"https:\/\/vallsmadella.com\/wp-content\/uploads\/2022\/03\/ammann-img-02.jpg 545w, https:\/\/vallsmadella.com\/wp-content\/uploads\/2022\/03\/ammann-img-02-300x202.jpg 300w\" sizes=\"(max-width: 545px) 100vw, 545px\" \/><\/div><\/a>\n\t\t\t\t<div class=\"elementor-post__text\">\n\t\t\t\t<h2 class=\"elementor-post__title\">\n\t\t\t<a href=\"https:\/\/vallsmadella.com\/es\/exit-qualitat-ammann-innovacio-maquinaria\/\">\n\t\t\t\tConstruyendo el \u00e9xito con la calidad Ammann: innovaci\u00f3n en cada m\u00e1quina\t\t\t<\/a>\n\t\t<\/h2>\n\t\t\t\t<div class=\"elementor-post__excerpt\">\n\t\t\t<p>En el vertiginoso mundo de la construcci\u00f3n y la industria, contar con equipos de alta calidad es fundamental para conseguir el \u00e9xito en cada proyecto. En Boadella Vallsmadella somos distribuidores de algunas de las marcas m\u00e1s respetadas en el campo de la maquinaria industrial<\/p>\n\t\t<\/div>\n\t\t\n\t\t<a class=\"elementor-post__read-more\" href=\"https:\/\/vallsmadella.com\/es\/exit-qualitat-ammann-innovacio-maquinaria\/\" aria-label=\"M\u00e1s informaci\u00f3n sobre Construyendo el \u00e9xito con la calidad Ammann: innovaci\u00f3n en cada m\u00e1quina\" tabindex=\"-1\">\n\t\t\tLeer m\u00e1s \u00bb\t\t<\/a>\n\n\t\t\t\t<\/div>\n\t\t\t\t<div class=\"elementor-post__meta-data\">\n\t\t\t\t\t<span class=\"elementor-post-date\">\n\t\t\t08\/09\/2023\t\t<\/span>\n\t\t\t\t<\/div>\n\t\t\t\t\t<\/div>\n\t\t<\/article>\n\t\t\t\t<article class=\"elementor-post elementor-grid-item post-1168 post type-post status-publish format-standard has-post-thumbnail hentry category-vallsmadella category-hammer-europe category-maquinaria-construccio tag-boadella-vallsmadella tag-hammer-europe tag-implements tag-maquinaria-construccio\" role=\"listitem\">\n\t\t\t<div class=\"elementor-post__card\">\n\t\t\t\t<a class=\"elementor-post__thumbnail__link\" href=\"https:\/\/vallsmadella.com\/es\/implements-hammer-europe-construccio\/\" tabindex=\"-1\"><div class=\"elementor-post__thumbnail\"><img loading=\"lazy\" decoding=\"async\" width=\"720\" height=\"720\" src=\"https:\/\/vallsmadella.com\/wp-content\/uploads\/2023\/03\/hammer_lista_MCK06-uai-720x720-2.jpg\" class=\"attachment-large size-large wp-image-684\" alt=\"\" srcset=\"https:\/\/vallsmadella.com\/wp-content\/uploads\/2023\/03\/hammer_lista_MCK06-uai-720x720-2.jpg 720w, https:\/\/vallsmadella.com\/wp-content\/uploads\/2023\/03\/hammer_lista_MCK06-uai-720x720-2-300x300.jpg 300w, https:\/\/vallsmadella.com\/wp-content\/uploads\/2023\/03\/hammer_lista_MCK06-uai-720x720-2-150x150.jpg 150w\" sizes=\"(max-width: 720px) 100vw, 720px\" \/><\/div><\/a>\n\t\t\t\t<div class=\"elementor-post__text\">\n\t\t\t\t<h2 class=\"elementor-post__title\">\n\t\t\t<a href=\"https:\/\/vallsmadella.com\/es\/implements-hammer-europe-construccio\/\">\n\t\t\t\tImplementos Hammer Europe: rompiendo barreras en la industria de la construcci\u00f3n\t\t\t<\/a>\n\t\t<\/h2>\n\t\t\t\t<div class=\"elementor-post__excerpt\">\n\t\t\t<p>En el mundo de la construcci\u00f3n, la calidad y la eficiencia se convierten en los pilares que sostienen el \u00e9xito. Aqu\u00ed es donde entra en juego la marca Hammer Europe, un aut\u00e9ntico tit\u00e1n que proporciona implementos de alta calidad capaces no s\u00f3lo de cumplir,<\/p>\n\t\t<\/div>\n\t\t\n\t\t<a class=\"elementor-post__read-more\" href=\"https:\/\/vallsmadella.com\/es\/implements-hammer-europe-construccio\/\" aria-label=\"M\u00e1s informaci\u00f3n sobre Implementos Hammer Europe: rompiendo barreras en la industria de la construcci\u00f3n\" tabindex=\"-1\">\n\t\t\tLeer m\u00e1s \u00bb\t\t<\/a>\n\n\t\t\t\t<\/div>\n\t\t\t\t<div class=\"elementor-post__meta-data\">\n\t\t\t\t\t<span class=\"elementor-post-date\">\n\t\t\t31\/08\/2023\t\t<\/span>\n\t\t\t\t<\/div>\n\t\t\t\t\t<\/div>\n\t\t<\/article>\n\t\t\t\t<article class=\"elementor-post elementor-grid-item post-1159 post type-post status-publish format-standard has-post-thumbnail hentry category-vallsmadella category-manitou category-maquinaria-construccio tag-boadella-vallsmadella tag-construccio tag-manitou tag-maquinaria-construccio tag-maquinaria-pesant\" role=\"listitem\">\n\t\t\t<div class=\"elementor-post__card\">\n\t\t\t\t<a class=\"elementor-post__thumbnail__link\" href=\"https:\/\/vallsmadella.com\/es\/maquinaria-de-construccio-manitou-a-alcades\/\" tabindex=\"-1\"><div class=\"elementor-post__thumbnail\"><img loading=\"lazy\" decoding=\"async\" width=\"682\" height=\"682\" src=\"https:\/\/vallsmadella.com\/wp-content\/uploads\/2023\/08\/Alcada_MANITOU.jpg\" class=\"attachment-large size-large wp-image-1165\" alt=\"\" srcset=\"https:\/\/vallsmadella.com\/wp-content\/uploads\/2023\/08\/Alcada_MANITOU.jpg 682w, https:\/\/vallsmadella.com\/wp-content\/uploads\/2023\/08\/Alcada_MANITOU-300x300.jpg 300w, https:\/\/vallsmadella.com\/wp-content\/uploads\/2023\/08\/Alcada_MANITOU-150x150.jpg 150w\" sizes=\"(max-width: 682px) 100vw, 682px\" \/><\/div><\/a>\n\t\t\t\t<div class=\"elementor-post__text\">\n\t\t\t\t<h2 class=\"elementor-post__title\">\n\t\t\t<a href=\"https:\/\/vallsmadella.com\/es\/maquinaria-de-construccio-manitou-a-alcades\/\">\n\t\t\t\tMaquinaria de construcci\u00f3n Manitou: elevando la construcci\u00f3n a nuevas alturas\t\t\t<\/a>\n\t\t<\/h2>\n\t\t\t\t<div class=\"elementor-post__excerpt\">\n\t\t\t<p>En el vertiginoso mundo de la construcci\u00f3n, donde cada proyecto pide eficiencia, precisi\u00f3n y poder, contar con el equipo adecuado marca la diferencia. Boadella Vallsmadella, como l\u00edder en la distribuci\u00f3n de maquinaria industrial y de construcci\u00f3n, se enorgullece de presentar una gama<\/p>\n\t\t<\/div>\n\t\t\n\t\t<a class=\"elementor-post__read-more\" href=\"https:\/\/vallsmadella.com\/es\/maquinaria-de-construccio-manitou-a-alcades\/\" aria-label=\"M\u00e1s informaci\u00f3n sobre Maquinaria de construcci\u00f3n Manitou: elevando la construcci\u00f3n a nuevas alturas\" tabindex=\"-1\">\n\t\t\tLeer m\u00e1s \u00bb\t\t<\/a>\n\n\t\t\t\t<\/div>\n\t\t\t\t<div class=\"elementor-post__meta-data\">\n\t\t\t\t\t<span class=\"elementor-post-date\">\n\t\t\t25\/08\/2023\t\t<\/span>\n\t\t\t\t<\/div>\n\t\t\t\t\t<\/div>\n\t\t<\/article>\n\t\t\t\t<article class=\"elementor-post elementor-grid-item post-1150 post type-post status-publish format-standard has-post-thumbnail hentry category-vallsmadella category-develon category-maquinaria-construccio tag-boadella-vallsmadella tag-develon tag-doosan tag-maquinaria-construccio\" role=\"listitem\">\n\t\t\t<div class=\"elementor-post__card\">\n\t\t\t\t<a class=\"elementor-post__thumbnail__link\" href=\"https:\/\/vallsmadella.com\/es\/develon-la-nova-marca-de-doosan\/\" tabindex=\"-1\"><div class=\"elementor-post__thumbnail\"><img loading=\"lazy\" decoding=\"async\" width=\"344\" height=\"344\" src=\"https:\/\/vallsmadella.com\/wp-content\/uploads\/2023\/08\/develon-2-e1692798747343.png\" class=\"attachment-large size-large wp-image-1157\" alt=\"\" srcset=\"https:\/\/vallsmadella.com\/wp-content\/uploads\/2023\/08\/develon-2-e1692798747343.png 344w, https:\/\/vallsmadella.com\/wp-content\/uploads\/2023\/08\/develon-2-e1692798747343-300x300.png 300w, https:\/\/vallsmadella.com\/wp-content\/uploads\/2023\/08\/develon-2-e1692798747343-150x150.png 150w\" sizes=\"(max-width: 344px) 100vw, 344px\" \/><\/div><\/a>\n\t\t\t\t<div class=\"elementor-post__text\">\n\t\t\t\t<h2 class=\"elementor-post__title\">\n\t\t\t<a href=\"https:\/\/vallsmadella.com\/es\/develon-la-nova-marca-de-doosan\/\">\n\t\t\t\tDevelon: la nueva marca de Doosan\t\t\t<\/a>\n\t\t<\/h2>\n\t\t\t\t<div class=\"elementor-post__excerpt\">\n\t\t\t<p>Desde el mundo de la maquinaria industrial y de construcci\u00f3n emerge una novedad que promete transformar la forma en que enfrentamos los desaf\u00edos de la obra. Ha llegado el momento de descubrir el poderoso mundo de Develon, la flamante incorporaci\u00f3n a la<\/p>\n\t\t<\/div>\n\t\t\n\t\t<a class=\"elementor-post__read-more\" href=\"https:\/\/vallsmadella.com\/es\/develon-la-nova-marca-de-doosan\/\" aria-label=\"M\u00e1s informaci\u00f3n sobre Develon: la nueva marca de Doosan\" tabindex=\"-1\">\n\t\t\tLeer m\u00e1s \u00bb\t\t<\/a>\n\n\t\t\t\t<\/div>\n\t\t\t\t<div class=\"elementor-post__meta-data\">\n\t\t\t\t\t<span class=\"elementor-post-date\">\n\t\t\t21\/08\/2023\t\t<\/span>\n\t\t\t\t<\/div>\n\t\t\t\t\t<\/div>\n\t\t<\/article>\n\t\t\t\t<article class=\"elementor-post elementor-grid-item post-1138 post type-post status-publish format-standard has-post-thumbnail hentry category-vallsmadella category-gehl category-manitou tag-boadella-vallsmadella tag-construccio tag-gehl tag-manitou tag-maquinaria-pesant\" role=\"listitem\">\n\t\t\t<div class=\"elementor-post__card\">\n\t\t\t\t<a class=\"elementor-post__thumbnail__link\" href=\"https:\/\/vallsmadella.com\/es\/diferencies-entre-gehl-i-manitou\/\" tabindex=\"-1\"><div class=\"elementor-post__thumbnail\"><img loading=\"lazy\" decoding=\"async\" width=\"600\" height=\"300\" src=\"https:\/\/vallsmadella.com\/wp-content\/uploads\/2023\/08\/gehl-vs-manitou.jpg\" class=\"attachment-large size-large wp-image-1143\" alt=\"\" srcset=\"https:\/\/vallsmadella.com\/wp-content\/uploads\/2023\/08\/gehl-vs-manitou.jpg 600w, https:\/\/vallsmadella.com\/wp-content\/uploads\/2023\/08\/gehl-vs-manitou-300x150.jpg 300w\" sizes=\"(max-width: 600px) 100vw, 600px\" \/><\/div><\/a>\n\t\t\t\t<div class=\"elementor-post__text\">\n\t\t\t\t<h2 class=\"elementor-post__title\">\n\t\t\t<a href=\"https:\/\/vallsmadella.com\/es\/diferencies-entre-gehl-i-manitou\/\">\n\t\t\t\tDiferencias entre Gehl y Manitou: comparando dos gigantes industriales\t\t\t<\/a>\n\t\t<\/h2>\n\t\t\t\t<div class=\"elementor-post__excerpt\">\n\t\t\t<p>Cuando se trata de maquinaria industrial y de construcci\u00f3n, hay dos nombres que nos vienen r\u00e1pidamente a la cabeza: Gehl y Manitou. Estos dos gigantes de la industria han estado compitiendo por la atenci\u00f3n y lealtad de los profesionales de la construcci\u00f3n<\/p>\n\t\t<\/div>\n\t\t\n\t\t<a class=\"elementor-post__read-more\" href=\"https:\/\/vallsmadella.com\/es\/diferencies-entre-gehl-i-manitou\/\" aria-label=\"M\u00e1s informaci\u00f3n sobre Diferencias entre Gehl y Manitou: comparando dos gigantes industriales\" tabindex=\"-1\">\n\t\t\tLeer m\u00e1s \u00bb\t\t<\/a>\n\n\t\t\t\t<\/div>\n\t\t\t\t<div class=\"elementor-post__meta-data\">\n\t\t\t\t\t<span class=\"elementor-post-date\">\n\t\t\t14\/08\/2023\t\t<\/span>\n\t\t\t\t<\/div>\n\t\t\t\t\t<\/div>\n\t\t<\/article>\n\t\t\t\t<article class=\"elementor-post elementor-grid-item post-1130 post type-post status-publish format-standard has-post-thumbnail hentry category-vallsmadella tag-boadella-vallsmadela tag-maquinaria-industrial tag-maquinaria-pesant\" role=\"listitem\">\n\t\t\t<div class=\"elementor-post__card\">\n\t\t\t\t<a class=\"elementor-post__thumbnail__link\" href=\"https:\/\/vallsmadella.com\/es\/distribucions-boadella-vallsmadella-maquinaria\/\" tabindex=\"-1\"><div class=\"elementor-post__thumbnail\"><img loading=\"lazy\" decoding=\"async\" width=\"512\" height=\"512\" src=\"https:\/\/vallsmadella.com\/wp-content\/uploads\/2022\/03\/cropped-Favicon-vallsmadella-boadella@300x-8.png\" class=\"attachment-large size-large wp-image-316\" alt=\"\" srcset=\"https:\/\/vallsmadella.com\/wp-content\/uploads\/2022\/03\/cropped-Favicon-vallsmadella-boadella@300x-8.png 512w, https:\/\/vallsmadella.com\/wp-content\/uploads\/2022\/03\/cropped-Favicon-vallsmadella-boadella@300x-8-300x300.png 300w, https:\/\/vallsmadella.com\/wp-content\/uploads\/2022\/03\/cropped-Favicon-vallsmadella-boadella@300x-8-150x150.png 150w, https:\/\/vallsmadella.com\/wp-content\/uploads\/2022\/03\/cropped-Favicon-vallsmadella-boadella@300x-8-270x270.png 270w, https:\/\/vallsmadella.com\/wp-content\/uploads\/2022\/03\/cropped-Favicon-vallsmadella-boadella@300x-8-192x192.png 192w, https:\/\/vallsmadella.com\/wp-content\/uploads\/2022\/03\/cropped-Favicon-vallsmadella-boadella@300x-8-180x180.png 180w, https:\/\/vallsmadella.com\/wp-content\/uploads\/2022\/03\/cropped-Favicon-vallsmadella-boadella@300x-8-32x32.png 32w\" sizes=\"(max-width: 512px) 100vw, 512px\" \/><\/div><\/a>\n\t\t\t\t<div class=\"elementor-post__text\">\n\t\t\t\t<h2 class=\"elementor-post__title\">\n\t\t\t<a href=\"https:\/\/vallsmadella.com\/es\/distribucions-boadella-vallsmadella-maquinaria\/\">\n\t\t\t\tDistribuciones Boadella Vallsmadella: tu socio confiable en maquinaria industrial\t\t\t<\/a>\n\t\t<\/h2>\n\t\t\t\t<div class=\"elementor-post__excerpt\">\n\t\t\t<p>Si est\u00e1s buscando maquinaria industrial de primera calidad, Distribuciones Boadella Vallsmadella es la respuesta a tus necesidades. En un mundo en el que la eficiencia y la confianza son fundamentales, esta empresa se destaca como un socio fiable que proporciona soluciones duraderas<\/p>\n\t\t<\/div>\n\t\t\n\t\t<a class=\"elementor-post__read-more\" href=\"https:\/\/vallsmadella.com\/es\/distribucions-boadella-vallsmadella-maquinaria\/\" aria-label=\"M\u00e1s informaci\u00f3n sobre Distribuciones Boadella Vallsmadella: tu socio confiable en maquinaria industrial\" tabindex=\"-1\">\n\t\t\tLeer m\u00e1s \u00bb\t\t<\/a>\n\n\t\t\t\t<\/div>\n\t\t\t\t<div class=\"elementor-post__meta-data\">\n\t\t\t\t\t<span class=\"elementor-post-date\">\n\t\t\t10\/08\/2023\t\t<\/span>\n\t\t\t\t<\/div>\n\t\t\t\t\t<\/div>\n\t\t<\/article>\n\t\t\t\t<article class=\"elementor-post elementor-grid-item post-1121 post type-post status-publish format-standard has-post-thumbnail hentry category-vallsmadella tag-boadella-vallsmadella tag-dagartech tag-solucions-energetiques\" role=\"listitem\">\n\t\t\t<div class=\"elementor-post__card\">\n\t\t\t\t<a class=\"elementor-post__thumbnail__link\" href=\"https:\/\/vallsmadella.com\/es\/solucions-energetiques-productes-dagartech\/\" tabindex=\"-1\"><div class=\"elementor-post__thumbnail\"><img loading=\"lazy\" decoding=\"async\" width=\"725\" height=\"483\" src=\"https:\/\/vallsmadella.com\/wp-content\/uploads\/2023\/07\/grups-electrogens.png\" class=\"attachment-large size-large wp-image-1128\" alt=\"\" srcset=\"https:\/\/vallsmadella.com\/wp-content\/uploads\/2023\/07\/grups-electrogens.png 725w, https:\/\/vallsmadella.com\/wp-content\/uploads\/2023\/07\/grups-electrogens-300x200.png 300w\" sizes=\"(max-width: 725px) 100vw, 725px\" \/><\/div><\/a>\n\t\t\t\t<div class=\"elementor-post__text\">\n\t\t\t\t<h2 class=\"elementor-post__title\">\n\t\t\t<a href=\"https:\/\/vallsmadella.com\/es\/solucions-energetiques-productes-dagartech\/\">\n\t\t\t\tSoluciones energ\u00e9ticas: los productos m\u00e1s populares de Dagartech\t\t\t<\/a>\n\t\t<\/h2>\n\t\t\t\t<div class=\"elementor-post__excerpt\">\n\t\t\t<p>Hoy nos sumergiremos en el fascinante mundo de las soluciones energ\u00e9ticas con la marca l\u00edder en el mercado: Dagartech. Si eres un amante de la eficiencia y la potencia en tus proyectos, entonces Dagartech es tu mejor aliado. Desde<\/p>\n\t\t<\/div>\n\t\t\n\t\t<a class=\"elementor-post__read-more\" href=\"https:\/\/vallsmadella.com\/es\/solucions-energetiques-productes-dagartech\/\" aria-label=\"M\u00e1s informaci\u00f3n sobre Soluciones energ\u00e9ticas: los productos m\u00e1s populares de Dagartech\" tabindex=\"-1\">\n\t\t\tLeer m\u00e1s \u00bb\t\t<\/a>\n\n\t\t\t\t<\/div>\n\t\t\t\t<div class=\"elementor-post__meta-data\">\n\t\t\t\t\t<span class=\"elementor-post-date\">\n\t\t\t31\/07\/2023\t\t<\/span>\n\t\t\t\t<\/div>\n\t\t\t\t\t<\/div>\n\t\t<\/article>\n\t\t\t\t<article class=\"elementor-post elementor-grid-item post-1108 post type-post status-publish format-standard has-post-thumbnail hentry category-vallsmadella tag-develon tag-qualitat tag-vallsmadella\" role=\"listitem\">\n\t\t\t<div class=\"elementor-post__card\">\n\t\t\t\t<a class=\"elementor-post__thumbnail__link\" href=\"https:\/\/vallsmadella.com\/es\/develon-qualitat-confianca-maquinaria-pesant\/\" tabindex=\"-1\"><div class=\"elementor-post__thumbnail\"><img loading=\"lazy\" decoding=\"async\" width=\"800\" height=\"540\" src=\"https:\/\/vallsmadella.com\/wp-content\/uploads\/2023\/07\/20230309-dx300lc-7-gallery-4-1024x691.jpg\" class=\"attachment-large size-large wp-image-1043\" alt=\"\" srcset=\"https:\/\/vallsmadella.com\/wp-content\/uploads\/2023\/07\/20230309-dx300lc-7-gallery-4-1024x691.jpg 1024w, https:\/\/vallsmadella.com\/wp-content\/uploads\/2023\/07\/20230309-dx300lc-7-gallery-4-300x203.jpg 300w, https:\/\/vallsmadella.com\/wp-content\/uploads\/2023\/07\/20230309-dx300lc-7-gallery-4-768x518.jpg 768w, https:\/\/vallsmadella.com\/wp-content\/uploads\/2023\/07\/20230309-dx300lc-7-gallery-4-1536x1037.jpg 1536w, https:\/\/vallsmadella.com\/wp-content\/uploads\/2023\/07\/20230309-dx300lc-7-gallery-4.jpg 2000w\" sizes=\"(max-width: 800px) 100vw, 800px\" \/><\/div><\/a>\n\t\t\t\t<div class=\"elementor-post__text\">\n\t\t\t\t<h2 class=\"elementor-post__title\">\n\t\t\t<a href=\"https:\/\/vallsmadella.com\/es\/develon-qualitat-confianca-maquinaria-pesant\/\">\n\t\t\t\tDevelon: la calidad y la confianza que definen el est\u00e1ndar en maquinaria pesada\t\t\t<\/a>\n\t\t<\/h2>\n\t\t\t\t<div class=\"elementor-post__excerpt\">\n\t\t\t<p>Bienvenidos al emocionante mundo de la maquinaria pesada. Y cuando hablamos de calidad y confianza en este tema, no podemos dejar de mencionar a Develon, una marca que ha conquistado el coraz\u00f3n y los terrenos m\u00e1s dif\u00edciles con su rendimiento excepcional.<\/p>\n\t\t<\/div>\n\t\t\n\t\t<a class=\"elementor-post__read-more\" href=\"https:\/\/vallsmadella.com\/es\/develon-qualitat-confianca-maquinaria-pesant\/\" aria-label=\"M\u00e1s informaci\u00f3n sobre Develon: la calidad y la confianza que definen el est\u00e1ndar en maquinaria pesada\" tabindex=\"-1\">\n\t\t\tLeer m\u00e1s \u00bb\t\t<\/a>\n\n\t\t\t\t<\/div>\n\t\t\t\t<div class=\"elementor-post__meta-data\">\n\t\t\t\t\t<span class=\"elementor-post-date\">\n\t\t\t28\/07\/2023\t\t<\/span>\n\t\t\t\t<\/div>\n\t\t\t\t\t<\/div>\n\t\t<\/article>\n\t\t\t\t<article class=\"elementor-post elementor-grid-item post-1086 post type-post status-publish format-standard has-post-thumbnail hentry category-vallsmadella\" role=\"listitem\">\n\t\t\t<div class=\"elementor-post__card\">\n\t\t\t\t<a class=\"elementor-post__thumbnail__link\" href=\"https:\/\/vallsmadella.com\/es\/llegat-gehl-la-seva-historia-i-evolucio\/\" tabindex=\"-1\"><div class=\"elementor-post__thumbnail\"><img loading=\"lazy\" decoding=\"async\" width=\"800\" height=\"848\" src=\"https:\/\/vallsmadella.com\/wp-content\/uploads\/2023\/04\/Gehl-966x1024.jpg\" class=\"attachment-large size-large wp-image-718\" alt=\"\" srcset=\"https:\/\/vallsmadella.com\/wp-content\/uploads\/2023\/04\/Gehl-966x1024.jpg 966w, https:\/\/vallsmadella.com\/wp-content\/uploads\/2023\/04\/Gehl-283x300.jpg 283w, https:\/\/vallsmadella.com\/wp-content\/uploads\/2023\/04\/Gehl-768x814.jpg 768w, https:\/\/vallsmadella.com\/wp-content\/uploads\/2023\/04\/Gehl-1449x1536.jpg 1449w, https:\/\/vallsmadella.com\/wp-content\/uploads\/2023\/04\/Gehl-1932x2048.jpg 1932w\" sizes=\"(max-width: 800px) 100vw, 800px\" \/><\/div><\/a>\n\t\t\t\t<div class=\"elementor-post__text\">\n\t\t\t\t<h2 class=\"elementor-post__title\">\n\t\t\t<a href=\"https:\/\/vallsmadella.com\/es\/llegat-gehl-la-seva-historia-i-evolucio\/\">\n\t\t\t\tEl legado de GEHL: una mirada a su historia y evoluci\u00f3n\t\t\t<\/a>\n\t\t<\/h2>\n\t\t\t\t<div class=\"elementor-post__excerpt\">\n\t\t\t<p>\u00bfHas o\u00eddo hablar de GEHL? Seguro que s\u00ed. Esta reconocida marca ha dejado una impronta inalterable en la industria de la maquinaria pesada. Desde su fundaci\u00f3n hasta la fecha, ha demostrado ser un referente en calidad y rendimiento.<\/p>\n\t\t<\/div>\n\t\t\n\t\t<a class=\"elementor-post__read-more\" href=\"https:\/\/vallsmadella.com\/es\/llegat-gehl-la-seva-historia-i-evolucio\/\" aria-label=\"M\u00e1s informaci\u00f3n sobre El legado de GEHL: una mirada a su historia y evoluci\u00f3n\" tabindex=\"-1\">\n\t\t\tLeer m\u00e1s \u00bb\t\t<\/a>\n\n\t\t\t\t<\/div>\n\t\t\t\t<div class=\"elementor-post__meta-data\">\n\t\t\t\t\t<span class=\"elementor-post-date\">\n\t\t\t23\/07\/2023\t\t<\/span>\n\t\t\t\t<\/div>\n\t\t\t\t\t<\/div>\n\t\t<\/article>\n\t\t\t\t<article class=\"elementor-post elementor-grid-item post-1072 post type-post status-publish format-standard has-post-thumbnail hentry category-vallsmadella tag-boadella-vallsmadella tag-construccio tag-innovacio tag-maquinaria-industrial tag-maquinaria-pesant tag-seguretat\" role=\"listitem\">\n\t\t\t<div class=\"elementor-post__card\">\n\t\t\t\t<a class=\"elementor-post__thumbnail__link\" href=\"https:\/\/vallsmadella.com\/es\/innovacio-maquinaria-industrial-ultima-generacio\/\" tabindex=\"-1\"><div class=\"elementor-post__thumbnail\"><img loading=\"lazy\" decoding=\"async\" width=\"545\" height=\"367\" src=\"https:\/\/vallsmadella.com\/wp-content\/uploads\/2022\/03\/hitachi-img-02.jpg\" class=\"attachment-large size-large wp-image-211\" alt=\"\" srcset=\"https:\/\/vallsmadella.com\/wp-content\/uploads\/2022\/03\/hitachi-img-02.jpg 545w, https:\/\/vallsmadella.com\/wp-content\/uploads\/2022\/03\/hitachi-img-02-300x202.jpg 300w\" sizes=\"(max-width: 545px) 100vw, 545px\" \/><\/div><\/a>\n\t\t\t\t<div class=\"elementor-post__text\">\n\t\t\t\t<h2 class=\"elementor-post__title\">\n\t\t\t<a href=\"https:\/\/vallsmadella.com\/es\/innovacio-maquinaria-industrial-ultima-generacio\/\">\n\t\t\t\tInnovaci\u00f3n y seguridad en la construcci\u00f3n: la importancia de la maquinaria industrial de \u00faltima generaci\u00f3n\t\t\t<\/a>\n\t\t<\/h2>\n\t\t\t\t<div class=\"elementor-post__excerpt\">\n\t\t\t<p>Bienvenidos, constructores y apasionados de la innovaci\u00f3n en la industria de la construcci\u00f3n! Hoy hablaremos sobre un tema crucial que afecta tanto a la eficiencia como a la seguridad en los proyectos: la importancia de contar con maquinaria industrial de \u00faltima generaci\u00f3n. En Vallsmadella, distribuidores<\/p>\n\t\t<\/div>\n\t\t\n\t\t<a class=\"elementor-post__read-more\" href=\"https:\/\/vallsmadella.com\/es\/innovacio-maquinaria-industrial-ultima-generacio\/\" aria-label=\"M\u00e1s informaci\u00f3n sobre Innovaci\u00f3n y seguridad en la construcci\u00f3n: la importancia de la maquinaria industrial de \u00faltima generaci\u00f3n\" tabindex=\"-1\">\n\t\t\tLeer m\u00e1s \u00bb\t\t<\/a>\n\n\t\t\t\t<\/div>\n\t\t\t\t<div class=\"elementor-post__meta-data\">\n\t\t\t\t\t<span class=\"elementor-post-date\">\n\t\t\t18\/07\/2023\t\t<\/span>\n\t\t\t\t<\/div>\n\t\t\t\t\t<\/div>\n\t\t<\/article>\n\t\t\t\t<article class=\"elementor-post elementor-grid-item post-903 post type-post status-publish format-standard has-post-thumbnail hentry category-vallsmadella category-ammann tag-ammann tag-boadella-vallsmadella tag-construccio tag-maquinaria-pesant\" role=\"listitem\">\n\t\t\t<div class=\"elementor-post__card\">\n\t\t\t\t<a class=\"elementor-post__thumbnail__link\" href=\"https:\/\/vallsmadella.com\/es\/ammann-optimitzar-productivitat-construccio\/\" tabindex=\"-1\"><div class=\"elementor-post__thumbnail\"><img loading=\"lazy\" decoding=\"async\" width=\"545\" height=\"367\" src=\"https:\/\/vallsmadella.com\/wp-content\/uploads\/2022\/03\/ammann-img-02.jpg\" class=\"attachment-large size-large wp-image-190\" alt=\"\" srcset=\"https:\/\/vallsmadella.com\/wp-content\/uploads\/2022\/03\/ammann-img-02.jpg 545w, https:\/\/vallsmadella.com\/wp-content\/uploads\/2022\/03\/ammann-img-02-300x202.jpg 300w\" sizes=\"(max-width: 545px) 100vw, 545px\" \/><\/div><\/a>\n\t\t\t\t<div class=\"elementor-post__text\">\n\t\t\t\t<h2 class=\"elementor-post__title\">\n\t\t\t<a href=\"https:\/\/vallsmadella.com\/es\/ammann-optimitzar-productivitat-construccio\/\">\n\t\t\t\tAmmann: optimizando la productividad en el sector de la construcci\u00f3n\t\t\t<\/a>\n\t\t<\/h2>\n\t\t\t\t<div class=\"elementor-post__excerpt\">\n\t\t\t<p>Cuando se trata de construcci\u00f3n, la productividad es un factor crucial para conseguir el \u00e9xito en cualquier proyecto. En este sentido, Ammann se ha convertido en un referente en la industria al ofrecer soluciones innovadoras que optimizan la productividad de las obras.<\/p>\n\t\t<\/div>\n\t\t\n\t\t<a class=\"elementor-post__read-more\" href=\"https:\/\/vallsmadella.com\/es\/ammann-optimitzar-productivitat-construccio\/\" aria-label=\"M\u00e1s informaci\u00f3n sobre Ammann: optimizando la productividad en el sector de la construcci\u00f3n\" tabindex=\"-1\">\n\t\t\tLeer m\u00e1s \u00bb\t\t<\/a>\n\n\t\t\t\t<\/div>\n\t\t\t\t<div class=\"elementor-post__meta-data\">\n\t\t\t\t\t<span class=\"elementor-post-date\">\n\t\t\t10\/07\/2023\t\t<\/span>\n\t\t\t\t<\/div>\n\t\t\t\t\t<\/div>\n\t\t<\/article>\n\t\t\t\t<article class=\"elementor-post elementor-grid-item post-892 post type-post status-publish format-standard has-post-thumbnail hentry category-vallsmadella category-manitou tag-boadella-vallsmadella tag-manitou tag-maquinaria-industrial tag-maquinaria-pesant\" role=\"listitem\">\n\t\t\t<div class=\"elementor-post__card\">\n\t\t\t\t<a class=\"elementor-post__thumbnail__link\" href=\"https:\/\/vallsmadella.com\/es\/qualitat-durabilitat-manitou-maquinariaindustrial\/\" tabindex=\"-1\"><div class=\"elementor-post__thumbnail\"><img loading=\"lazy\" decoding=\"async\" width=\"545\" height=\"367\" src=\"https:\/\/vallsmadella.com\/wp-content\/uploads\/2022\/03\/manitou-img-02-ok.jpg\" class=\"attachment-large size-large wp-image-394\" alt=\"\" srcset=\"https:\/\/vallsmadella.com\/wp-content\/uploads\/2022\/03\/manitou-img-02-ok.jpg 545w, https:\/\/vallsmadella.com\/wp-content\/uploads\/2022\/03\/manitou-img-02-ok-300x202.jpg 300w\" sizes=\"(max-width: 545px) 100vw, 545px\" \/><\/div><\/a>\n\t\t\t\t<div class=\"elementor-post__text\">\n\t\t\t\t<h2 class=\"elementor-post__title\">\n\t\t\t<a href=\"https:\/\/vallsmadella.com\/es\/qualitat-durabilitat-manitou-maquinariaindustrial\/\">\n\t\t\t\tDescubriendo la calidad y durabilidad de los productos Manitou: una apuesta segura en maquinaria industrial\t\t\t<\/a>\n\t\t<\/h2>\n\t\t\t\t<div class=\"elementor-post__excerpt\">\n\t\t\t<p>\u00a1Bienvenidos a un emocionante viaje hacia el mundo de la maquinaria industrial de calidad! En este art\u00edculo exploraremos la excelencia y durabilidad de los productos Manitou, una marca reconocida por su compromiso con la innovaci\u00f3n y la satisfacci\u00f3n del cliente. Si<\/p>\n\t\t<\/div>\n\t\t\n\t\t<a class=\"elementor-post__read-more\" href=\"https:\/\/vallsmadella.com\/es\/qualitat-durabilitat-manitou-maquinariaindustrial\/\" aria-label=\"M\u00e1s informaci\u00f3n sobre Descubriendo la calidad y durabilidad de los productos Manitou: una apuesta segura en maquinaria industrial\" tabindex=\"-1\">\n\t\t\tLeer m\u00e1s \u00bb\t\t<\/a>\n\n\t\t\t\t<\/div>\n\t\t\t\t<div class=\"elementor-post__meta-data\">\n\t\t\t\t\t<span class=\"elementor-post-date\">\n\t\t\t30\/06\/2023\t\t<\/span>\n\t\t\t\t<\/div>\n\t\t\t\t\t<\/div>\n\t\t<\/article>\n\t\t\t\t<article class=\"elementor-post elementor-grid-item post-876 post type-post status-publish format-standard has-post-thumbnail hentry category-vallsmadella\" role=\"listitem\">\n\t\t\t<div class=\"elementor-post__card\">\n\t\t\t\t<a class=\"elementor-post__thumbnail__link\" href=\"https:\/\/vallsmadella.com\/es\/doosan-marca-lider-maquinaria-industrial\/\" tabindex=\"-1\"><div class=\"elementor-post__thumbnail\"><img loading=\"lazy\" decoding=\"async\" width=\"800\" height=\"534\" src=\"https:\/\/vallsmadella.com\/wp-content\/uploads\/2022\/12\/20200616_Doosan_DL420_action_26-1024x683.jpg\" class=\"attachment-large size-large wp-image-601\" alt=\"\" srcset=\"https:\/\/vallsmadella.com\/wp-content\/uploads\/2022\/12\/20200616_Doosan_DL420_action_26-1024x683.jpg 1024w, https:\/\/vallsmadella.com\/wp-content\/uploads\/2022\/12\/20200616_Doosan_DL420_action_26-300x200.jpg 300w, https:\/\/vallsmadella.com\/wp-content\/uploads\/2022\/12\/20200616_Doosan_DL420_action_26-768x512.jpg 768w, https:\/\/vallsmadella.com\/wp-content\/uploads\/2022\/12\/20200616_Doosan_DL420_action_26-1536x1024.jpg 1536w, https:\/\/vallsmadella.com\/wp-content\/uploads\/2022\/12\/20200616_Doosan_DL420_action_26.jpg 1734w\" sizes=\"(max-width: 800px) 100vw, 800px\" \/><\/div><\/a>\n\t\t\t\t<div class=\"elementor-post__text\">\n\t\t\t\t<h2 class=\"elementor-post__title\">\n\t\t\t<a href=\"https:\/\/vallsmadella.com\/es\/doosan-marca-lider-maquinaria-industrial\/\">\n\t\t\t\tDoosan: el \u00e9xito de una marca l\u00edder en maquinaria industrial\t\t\t<\/a>\n\t\t<\/h2>\n\t\t\t\t<div class=\"elementor-post__excerpt\">\n\t\t\t<p>\u00a1Descubre el incre\u00edble mundo de la maquinaria industrial con Doosan! Esta reconocida marca ha dejado una impronta imborrable en el mercado, ofreciendo productos de calidad y soluciones innovadoras para satisfacer las necesidades de la industria. En este art\u00edculo, exploraremos c\u00f3mo esta marca se ha<\/p>\n\t\t<\/div>\n\t\t\n\t\t<a class=\"elementor-post__read-more\" href=\"https:\/\/vallsmadella.com\/es\/doosan-marca-lider-maquinaria-industrial\/\" aria-label=\"M\u00e1s informaci\u00f3n sobre Doosan: el \u00e9xito de una marca l\u00edder en maquinaria industrial\" tabindex=\"-1\">\n\t\t\tLeer m\u00e1s \u00bb\t\t<\/a>\n\n\t\t\t\t<\/div>\n\t\t\t\t<div class=\"elementor-post__meta-data\">\n\t\t\t\t\t<span class=\"elementor-post-date\">\n\t\t\t26\/06\/2023\t\t<\/span>\n\t\t\t\t<\/div>\n\t\t\t\t\t<\/div>\n\t\t<\/article>\n\t\t\t\t<article class=\"elementor-post elementor-grid-item post-859 post type-post status-publish format-standard has-post-thumbnail hentry category-vallsmadella tag-boadella-vallsmadella tag-construccio tag-maquinaria-industrial tag-maquinaria-pesant\" role=\"listitem\">\n\t\t\t<div class=\"elementor-post__card\">\n\t\t\t\t<a class=\"elementor-post__thumbnail__link\" href=\"https:\/\/vallsmadella.com\/es\/excellencia-suissa-maquinaria-construccio-ammann\/\" tabindex=\"-1\"><div class=\"elementor-post__thumbnail\"><img loading=\"lazy\" decoding=\"async\" width=\"545\" height=\"367\" src=\"https:\/\/vallsmadella.com\/wp-content\/uploads\/2022\/03\/ammann-img-01.jpg\" class=\"attachment-large size-large wp-image-189\" alt=\"\" srcset=\"https:\/\/vallsmadella.com\/wp-content\/uploads\/2022\/03\/ammann-img-01.jpg 545w, https:\/\/vallsmadella.com\/wp-content\/uploads\/2022\/03\/ammann-img-01-300x202.jpg 300w\" sizes=\"(max-width: 545px) 100vw, 545px\" \/><\/div><\/a>\n\t\t\t\t<div class=\"elementor-post__text\">\n\t\t\t\t<h2 class=\"elementor-post__title\">\n\t\t\t<a href=\"https:\/\/vallsmadella.com\/es\/excellencia-suissa-maquinaria-construccio-ammann\/\">\n\t\t\t\tDescubre la excelencia suiza en maquinaria de construcci\u00f3n con Ammann\t\t\t<\/a>\n\t\t<\/h2>\n\t\t\t\t<div class=\"elementor-post__excerpt\">\n\t\t\t<p>\u00a1Prep\u00e1rate para una experiencia de construcci\u00f3n de primera categor\u00eda! Si lo que necesitas es maquinaria de construcci\u00f3n con una calidad insuperable, entonces est\u00e1s en el sitio correcto. En Vallsmadella nos gusta poder presentarte la excelencia suiza en maquinaria de construcci\u00f3n<\/p>\n\t\t<\/div>\n\t\t\n\t\t<a class=\"elementor-post__read-more\" href=\"https:\/\/vallsmadella.com\/es\/excellencia-suissa-maquinaria-construccio-ammann\/\" aria-label=\"M\u00e1s informaci\u00f3n sobre Descubre la excelencia suiza en maquinaria de construcci\u00f3n con Ammann\" tabindex=\"-1\">\n\t\t\tLeer m\u00e1s \u00bb\t\t<\/a>\n\n\t\t\t\t<\/div>\n\t\t\t\t<div class=\"elementor-post__meta-data\">\n\t\t\t\t\t<span class=\"elementor-post-date\">\n\t\t\t20\/06\/2023\t\t<\/span>\n\t\t\t\t<\/div>\n\t\t\t\t\t<\/div>\n\t\t<\/article>\n\t\t\t\t<article class=\"elementor-post elementor-grid-item post-847 post type-post status-publish format-standard has-post-thumbnail hentry category-vallsmadella\" role=\"listitem\">\n\t\t\t<div class=\"elementor-post__card\">\n\t\t\t\t<a class=\"elementor-post__thumbnail__link\" href=\"https:\/\/vallsmadella.com\/es\/distribuidors-implements-hammer-europe-kinshofer\/\" tabindex=\"-1\"><div class=\"elementor-post__thumbnail\"><img loading=\"lazy\" decoding=\"async\" width=\"800\" height=\"800\" src=\"https:\/\/vallsmadella.com\/wp-content\/uploads\/2023\/06\/258855079_1837409453105310_3920091075474780565_n-1024x1024.jpg\" class=\"attachment-large size-large wp-image-856\" alt=\"\" srcset=\"https:\/\/vallsmadella.com\/wp-content\/uploads\/2023\/06\/258855079_1837409453105310_3920091075474780565_n-1024x1024.jpg 1024w, https:\/\/vallsmadella.com\/wp-content\/uploads\/2023\/06\/258855079_1837409453105310_3920091075474780565_n-300x300.jpg 300w, https:\/\/vallsmadella.com\/wp-content\/uploads\/2023\/06\/258855079_1837409453105310_3920091075474780565_n-150x150.jpg 150w, https:\/\/vallsmadella.com\/wp-content\/uploads\/2023\/06\/258855079_1837409453105310_3920091075474780565_n-768x768.jpg 768w, https:\/\/vallsmadella.com\/wp-content\/uploads\/2023\/06\/258855079_1837409453105310_3920091075474780565_n-1536x1536.jpg 1536w, https:\/\/vallsmadella.com\/wp-content\/uploads\/2023\/06\/258855079_1837409453105310_3920091075474780565_n.jpg 1600w\" sizes=\"(max-width: 800px) 100vw, 800px\" \/><\/div><\/a>\n\t\t\t\t<div class=\"elementor-post__text\">\n\t\t\t\t<h2 class=\"elementor-post__title\">\n\t\t\t<a href=\"https:\/\/vallsmadella.com\/es\/distribuidors-implements-hammer-europe-kinshofer\/\">\n\t\t\t\tVallsmadella, distribuidores de implementos Hammer Europe del grupo Kinshofer\t\t\t<\/a>\n\t\t<\/h2>\n\t\t\t\t<div class=\"elementor-post__excerpt\">\n\t\t\t<p>Vallsmadella y Kinshofer \u00a1Descubre el potencial de Vallsmadella como distribuidores de los implementos Hammer Europe del reconocido grupo Kinshofer! Si lo que necesitas son herramientas de alta calidad y rendimiento para tu negocio de construcci\u00f3n, no busques m\u00e1s, Vallsmadella tiene<\/p>\n\t\t<\/div>\n\t\t\n\t\t<a class=\"elementor-post__read-more\" href=\"https:\/\/vallsmadella.com\/es\/distribuidors-implements-hammer-europe-kinshofer\/\" aria-label=\"M\u00e1s informaci\u00f3n sobre Vallsmadella, distribuidores de implementos Hammer Europe del grupo Kinshofer\" tabindex=\"-1\">\n\t\t\tLeer m\u00e1s \u00bb\t\t<\/a>\n\n\t\t\t\t<\/div>\n\t\t\t\t<div class=\"elementor-post__meta-data\">\n\t\t\t\t\t<span class=\"elementor-post-date\">\n\t\t\t16\/06\/2023\t\t<\/span>\n\t\t\t\t<\/div>\n\t\t\t\t\t<\/div>\n\t\t<\/article>\n\t\t\t\t<article class=\"elementor-post elementor-grid-item post-832 post type-post status-publish format-standard has-post-thumbnail hentry category-vallsmadella\" role=\"listitem\">\n\t\t\t<div class=\"elementor-post__card\">\n\t\t\t\t<a class=\"elementor-post__thumbnail__link\" href=\"https:\/\/vallsmadella.com\/es\/beneficis-maquinaria-compacta-gehl-construccio\/\" tabindex=\"-1\"><div class=\"elementor-post__thumbnail\"><img loading=\"lazy\" decoding=\"async\" width=\"612\" height=\"405\" src=\"https:\/\/vallsmadella.com\/wp-content\/uploads\/2023\/06\/istockphoto-1256132276-612x612-1.jpg\" class=\"attachment-large size-large wp-image-833\" alt=\"\" srcset=\"https:\/\/vallsmadella.com\/wp-content\/uploads\/2023\/06\/istockphoto-1256132276-612x612-1.jpg 612w, https:\/\/vallsmadella.com\/wp-content\/uploads\/2023\/06\/istockphoto-1256132276-612x612-1-300x199.jpg 300w\" sizes=\"(max-width: 612px) 100vw, 612px\" \/><\/div><\/a>\n\t\t\t\t<div class=\"elementor-post__text\">\n\t\t\t\t<h2 class=\"elementor-post__title\">\n\t\t\t<a href=\"https:\/\/vallsmadella.com\/es\/beneficis-maquinaria-compacta-gehl-construccio\/\">\n\t\t\t\tLos beneficios de la maquinaria compacta GEHL en la industria de la construcci\u00f3n\t\t\t<\/a>\n\t\t<\/h2>\n\t\t\t\t<div class=\"elementor-post__excerpt\">\n\t\t\t<p>La industria de la construcci\u00f3n experimenta una revoluci\u00f3n con la maquinaria compacta GEI. Estos equipos est\u00e1n cambiando la forma en que se llevan a cabo los proyectos de construcci\u00f3n en todo el mundo. Desde excavadoras hasta cargadoras compactas, GEHL ofrece<\/p>\n\t\t<\/div>\n\t\t\n\t\t<a class=\"elementor-post__read-more\" href=\"https:\/\/vallsmadella.com\/es\/beneficis-maquinaria-compacta-gehl-construccio\/\" aria-label=\"M\u00e1s informaci\u00f3n sobre Los beneficios de la maquinaria compacta GEHL en la industria de la construcci\u00f3n\" tabindex=\"-1\">\n\t\t\tLeer m\u00e1s \u00bb\t\t<\/a>\n\n\t\t\t\t<\/div>\n\t\t\t\t<div class=\"elementor-post__meta-data\">\n\t\t\t\t\t<span class=\"elementor-post-date\">\n\t\t\t09\/06\/2023\t\t<\/span>\n\t\t\t\t<\/div>\n\t\t\t\t\t<\/div>\n\t\t<\/article>\n\t\t\t\t<article class=\"elementor-post elementor-grid-item post-819 post type-post status-publish format-standard has-post-thumbnail hentry category-vallsmadella\" role=\"listitem\">\n\t\t\t<div class=\"elementor-post__card\">\n\t\t\t\t<a class=\"elementor-post__thumbnail__link\" href=\"https:\/\/vallsmadella.com\/es\/consells-optimitzar-rendiment-maquinaria-industrial\/\" tabindex=\"-1\"><div class=\"elementor-post__thumbnail\"><img loading=\"lazy\" decoding=\"async\" width=\"731\" height=\"551\" src=\"https:\/\/vallsmadella.com\/wp-content\/uploads\/2022\/03\/postvenda-banner-MRT-Vision.jpg\" class=\"attachment-large size-large wp-image-228\" alt=\"\" srcset=\"https:\/\/vallsmadella.com\/wp-content\/uploads\/2022\/03\/postvenda-banner-MRT-Vision.jpg 731w, https:\/\/vallsmadella.com\/wp-content\/uploads\/2022\/03\/postvenda-banner-MRT-Vision-300x226.jpg 300w\" sizes=\"(max-width: 731px) 100vw, 731px\" \/><\/div><\/a>\n\t\t\t\t<div class=\"elementor-post__text\">\n\t\t\t\t<h2 class=\"elementor-post__title\">\n\t\t\t<a href=\"https:\/\/vallsmadella.com\/es\/consells-optimitzar-rendiment-maquinaria-industrial\/\">\n\t\t\t\tConsejos para optimizar el rendimiento de tu maquinaria industrial\t\t\t<\/a>\n\t\t<\/h2>\n\t\t\t\t<div class=\"elementor-post__excerpt\">\n\t\t\t<p>Hoy desde Vallsmadella queremos dejarnos una gu\u00eda fiable para optimizar el rendimiento de la maquinaria industrial. Si eres un empresario o un operario experimentado, sabes lo importante que es mantener tus equipos en plena forma para garantizar su eficiencia<\/p>\n\t\t<\/div>\n\t\t\n\t\t<a class=\"elementor-post__read-more\" href=\"https:\/\/vallsmadella.com\/es\/consells-optimitzar-rendiment-maquinaria-industrial\/\" aria-label=\"M\u00e1s informaci\u00f3n sobre Consejos para optimizar el rendimiento de tu maquinaria industrial\" tabindex=\"-1\">\n\t\t\tLeer m\u00e1s \u00bb\t\t<\/a>\n\n\t\t\t\t<\/div>\n\t\t\t\t<div class=\"elementor-post__meta-data\">\n\t\t\t\t\t<span class=\"elementor-post-date\">\n\t\t\t30\/05\/2023\t\t<\/span>\n\t\t\t\t<\/div>\n\t\t\t\t\t<\/div>\n\t\t<\/article>\n\t\t\t\t<article class=\"elementor-post elementor-grid-item post-812 post type-post status-publish format-standard has-post-thumbnail hentry category-vallsmadella tag-construccio-2 tag-gehl tag-maquinaria-pesant\" role=\"listitem\">\n\t\t\t<div class=\"elementor-post__card\">\n\t\t\t\t<a class=\"elementor-post__thumbnail__link\" href=\"https:\/\/vallsmadella.com\/es\/escollir-millor-maquinaria-gehl-segons-projecte\/\" tabindex=\"-1\"><div class=\"elementor-post__thumbnail\"><img loading=\"lazy\" decoding=\"async\" width=\"545\" height=\"367\" src=\"https:\/\/vallsmadella.com\/wp-content\/uploads\/2022\/03\/gehl-img-02.jpg\" class=\"attachment-large size-large wp-image-205\" alt=\"\" srcset=\"https:\/\/vallsmadella.com\/wp-content\/uploads\/2022\/03\/gehl-img-02.jpg 545w, https:\/\/vallsmadella.com\/wp-content\/uploads\/2022\/03\/gehl-img-02-300x202.jpg 300w\" sizes=\"(max-width: 545px) 100vw, 545px\" \/><\/div><\/a>\n\t\t\t\t<div class=\"elementor-post__text\">\n\t\t\t\t<h2 class=\"elementor-post__title\">\n\t\t\t<a href=\"https:\/\/vallsmadella.com\/es\/escollir-millor-maquinaria-gehl-segons-projecte\/\">\n\t\t\t\tC\u00f3mo elegir la mejor maquinaria GEHL seg\u00fan tu proyecto\t\t\t<\/a>\n\t\t<\/h2>\n\t\t\t\t<div class=\"elementor-post__excerpt\">\n\t\t\t<p>Si est\u00e1s buscando maquinaria de calidad para tu proyecto de construcci\u00f3n, \u00a1no busques m\u00e1s! En Vallsmadella, tenemos la soluci\u00f3n perfecta para t\u00ed. Con nuestra amplia selecci\u00f3n de maquinaria GEHL, podr\u00e1s encontrar exactamente lo que necesitas para llevar a<\/p>\n\t\t<\/div>\n\t\t\n\t\t<a class=\"elementor-post__read-more\" href=\"https:\/\/vallsmadella.com\/es\/escollir-millor-maquinaria-gehl-segons-projecte\/\" aria-label=\"M\u00e1s informaci\u00f3n sobre C\u00f3mo elegir la mejor maquinaria GEHL seg\u00fan tu proyecto\" tabindex=\"-1\">\n\t\t\tLeer m\u00e1s \u00bb\t\t<\/a>\n\n\t\t\t\t<\/div>\n\t\t\t\t<div class=\"elementor-post__meta-data\">\n\t\t\t\t\t<span class=\"elementor-post-date\">\n\t\t\t26\/05\/2023\t\t<\/span>\n\t\t\t\t<\/div>\n\t\t\t\t\t<\/div>\n\t\t<\/article>\n\t\t\t\t<article class=\"elementor-post elementor-grid-item post-803 post type-post status-publish format-standard has-post-thumbnail hentry category-vallsmadella tag-construccio tag-manitou tag-maquinaria tag-maquinaria-pesant\" role=\"listitem\">\n\t\t\t<div class=\"elementor-post__card\">\n\t\t\t\t<a class=\"elementor-post__thumbnail__link\" href=\"https:\/\/vallsmadella.com\/es\/maquinaria-construccio-innovacions-manitou\/\" tabindex=\"-1\"><div class=\"elementor-post__thumbnail\"><img loading=\"lazy\" decoding=\"async\" width=\"800\" height=\"600\" src=\"https:\/\/vallsmadella.com\/wp-content\/uploads\/2023\/05\/manitou-1024x768.jpg\" class=\"attachment-large size-large wp-image-804\" alt=\"\" srcset=\"https:\/\/vallsmadella.com\/wp-content\/uploads\/2023\/05\/manitou-1024x768.jpg 1024w, https:\/\/vallsmadella.com\/wp-content\/uploads\/2023\/05\/manitou-300x225.jpg 300w, https:\/\/vallsmadella.com\/wp-content\/uploads\/2023\/05\/manitou-768x576.jpg 768w, https:\/\/vallsmadella.com\/wp-content\/uploads\/2023\/05\/manitou-1536x1152.jpg 1536w, https:\/\/vallsmadella.com\/wp-content\/uploads\/2023\/05\/manitou.jpg 2048w\" sizes=\"(max-width: 800px) 100vw, 800px\" \/><\/div><\/a>\n\t\t\t\t<div class=\"elementor-post__text\">\n\t\t\t\t<h2 class=\"elementor-post__title\">\n\t\t\t<a href=\"https:\/\/vallsmadella.com\/es\/maquinaria-construccio-innovacions-manitou\/\">\n\t\t\t\tLa evoluci\u00f3n de la maquinaria de construcci\u00f3n: descubre las \u00faltimas innovaciones de Manitou\t\t\t<\/a>\n\t\t<\/h2>\n\t\t\t\t<div class=\"elementor-post__excerpt\">\n\t\t\t<p>La industria de la construcci\u00f3n est\u00e1 experimentando una revoluci\u00f3n gracias a las \u00faltimas innovaciones de Manitou, una empresa l\u00edder en el sector de la maquinaria. En este art\u00edculo, te presentaremos los avances m\u00e1s destacados que han realizado, ofreciendo soluciones<\/p>\n\t\t<\/div>\n\t\t\n\t\t<a class=\"elementor-post__read-more\" href=\"https:\/\/vallsmadella.com\/es\/maquinaria-construccio-innovacions-manitou\/\" aria-label=\"M\u00e1s informaci\u00f3n sobre La evoluci\u00f3n de la maquinaria de construcci\u00f3n: descubre las \u00faltimas innovaciones de Manitou\" tabindex=\"-1\">\n\t\t\tLeer m\u00e1s \u00bb\t\t<\/a>\n\n\t\t\t\t<\/div>\n\t\t\t\t<div class=\"elementor-post__meta-data\">\n\t\t\t\t\t<span class=\"elementor-post-date\">\n\t\t\t18\/05\/2023\t\t<\/span>\n\t\t\t\t<\/div>\n\t\t\t\t\t<\/div>\n\t\t<\/article>\n\t\t\t\t<article class=\"elementor-post elementor-grid-item post-786 post type-post status-publish format-standard has-post-thumbnail hentry category-vallsmadella tag-doosan tag-maquinaria-industrial tag-maquinaria-pesant\" role=\"listitem\">\n\t\t\t<div class=\"elementor-post__card\">\n\t\t\t\t<a class=\"elementor-post__thumbnail__link\" href=\"https:\/\/vallsmadella.com\/es\/millorar-eficiencia-i-productivitat-amb-doosan\/\" tabindex=\"-1\"><div class=\"elementor-post__thumbnail\"><img loading=\"lazy\" decoding=\"async\" width=\"800\" height=\"600\" src=\"https:\/\/vallsmadella.com\/wp-content\/uploads\/2023\/05\/machinery-1898872_1280-1024x768.jpg\" class=\"attachment-large size-large wp-image-801\" alt=\"\" srcset=\"https:\/\/vallsmadella.com\/wp-content\/uploads\/2023\/05\/machinery-1898872_1280-1024x768.jpg 1024w, https:\/\/vallsmadella.com\/wp-content\/uploads\/2023\/05\/machinery-1898872_1280-300x225.jpg 300w, https:\/\/vallsmadella.com\/wp-content\/uploads\/2023\/05\/machinery-1898872_1280-768x576.jpg 768w, https:\/\/vallsmadella.com\/wp-content\/uploads\/2023\/05\/machinery-1898872_1280.jpg 1280w\" sizes=\"(max-width: 800px) 100vw, 800px\" \/><\/div><\/a>\n\t\t\t\t<div class=\"elementor-post__text\">\n\t\t\t\t<h2 class=\"elementor-post__title\">\n\t\t\t<a href=\"https:\/\/vallsmadella.com\/es\/millorar-eficiencia-i-productivitat-amb-doosan\/\">\n\t\t\t\t\u00bfC\u00f3mo mejorar la eficiencia y la productividad con la maquinaria Doosan?\t\t\t<\/a>\n\t\t<\/h2>\n\t\t\t\t<div class=\"elementor-post__excerpt\">\n\t\t\t<p>Si te dedicas a la industria o construcci\u00f3n, sabes lo importante que es tener maquinaria de calidad que pueda hacer el trabajo bien y r\u00e1pido. Si buscas una soluci\u00f3n para mejorar la eficiencia y la productividad en tu trabajo, te presentamos<\/p>\n\t\t<\/div>\n\t\t\n\t\t<a class=\"elementor-post__read-more\" href=\"https:\/\/vallsmadella.com\/es\/millorar-eficiencia-i-productivitat-amb-doosan\/\" aria-label=\"M\u00e1s informaci\u00f3n sobre \u00bfC\u00f3mo mejorar la eficiencia y la productividad con la maquinaria Doosan?\" tabindex=\"-1\">\n\t\t\tLeer m\u00e1s \u00bb\t\t<\/a>\n\n\t\t\t\t<\/div>\n\t\t\t\t<div class=\"elementor-post__meta-data\">\n\t\t\t\t\t<span class=\"elementor-post-date\">\n\t\t\t12\/05\/2023\t\t<\/span>\n\t\t\t\t<\/div>\n\t\t\t\t\t<\/div>\n\t\t<\/article>\n\t\t\t\t<article class=\"elementor-post elementor-grid-item post-766 post type-post status-publish format-standard has-post-thumbnail hentry category-vallsmadella tag-ammann tag-boadella-vallsmadella tag-construccio tag-maquinaria\" role=\"listitem\">\n\t\t\t<div class=\"elementor-post__card\">\n\t\t\t\t<a class=\"elementor-post__thumbnail__link\" href=\"https:\/\/vallsmadella.com\/es\/compactadors-ammann-productivitat-emissions\/\" tabindex=\"-1\"><div class=\"elementor-post__thumbnail\"><img loading=\"lazy\" decoding=\"async\" width=\"545\" height=\"367\" src=\"https:\/\/vallsmadella.com\/wp-content\/uploads\/2022\/03\/ammann-img-02.jpg\" class=\"attachment-large size-large wp-image-190\" alt=\"\" srcset=\"https:\/\/vallsmadella.com\/wp-content\/uploads\/2022\/03\/ammann-img-02.jpg 545w, https:\/\/vallsmadella.com\/wp-content\/uploads\/2022\/03\/ammann-img-02-300x202.jpg 300w\" sizes=\"(max-width: 545px) 100vw, 545px\" \/><\/div><\/a>\n\t\t\t\t<div class=\"elementor-post__text\">\n\t\t\t\t<h2 class=\"elementor-post__title\">\n\t\t\t<a href=\"https:\/\/vallsmadella.com\/es\/compactadors-ammann-productivitat-emissions\/\">\n\t\t\t\tLos compactadores Ammann: alta productividad con bajas emisiones\t\t\t<\/a>\n\t\t<\/h2>\n\t\t\t\t<div class=\"elementor-post__excerpt\">\n\t\t\t<p>Tenemos una gran noticia: los compactadores Ammann est\u00e1n aqu\u00ed para revolucionar la industria de la construcci\u00f3n. Estos equipos de \u00faltima generaci\u00f3n combinan alta productividad con bajas emisiones, lo que les convierte en una opci\u00f3n amigable con el medio ambiente y eficiente<\/p>\n\t\t<\/div>\n\t\t\n\t\t<a class=\"elementor-post__read-more\" href=\"https:\/\/vallsmadella.com\/es\/compactadors-ammann-productivitat-emissions\/\" aria-label=\"M\u00e1s informaci\u00f3n sobre Los compactadores Ammann: alta productividad con bajas emisiones\" tabindex=\"-1\">\n\t\t\tLeer m\u00e1s \u00bb\t\t<\/a>\n\n\t\t\t\t<\/div>\n\t\t\t\t<div class=\"elementor-post__meta-data\">\n\t\t\t\t\t<span class=\"elementor-post-date\">\n\t\t\t28\/04\/2023\t\t<\/span>\n\t\t\t\t<\/div>\n\t\t\t\t\t<\/div>\n\t\t<\/article>\n\t\t\t\t<article class=\"elementor-post elementor-grid-item post-754 post type-post status-publish format-standard has-post-thumbnail hentry category-vallsmadella category-solucio-energetica tag-dagartech tag-solucio-energetica tag-vallsmadella\" role=\"listitem\">\n\t\t\t<div class=\"elementor-post__card\">\n\t\t\t\t<a class=\"elementor-post__thumbnail__link\" href=\"https:\/\/vallsmadella.com\/es\/solucio-energetica-personalitzada-dagartech\/\" tabindex=\"-1\"><div class=\"elementor-post__thumbnail\"><img loading=\"lazy\" decoding=\"async\" width=\"440\" height=\"295\" src=\"https:\/\/vallsmadella.com\/wp-content\/uploads\/2023\/04\/Dagartech_Gama-Balance-AK1B.png\" class=\"attachment-large size-large wp-image-764\" alt=\"\" srcset=\"https:\/\/vallsmadella.com\/wp-content\/uploads\/2023\/04\/Dagartech_Gama-Balance-AK1B.png 440w, https:\/\/vallsmadella.com\/wp-content\/uploads\/2023\/04\/Dagartech_Gama-Balance-AK1B-300x201.png 300w\" sizes=\"(max-width: 440px) 100vw, 440px\" \/><\/div><\/a>\n\t\t\t\t<div class=\"elementor-post__text\">\n\t\t\t\t<h2 class=\"elementor-post__title\">\n\t\t\t<a href=\"https:\/\/vallsmadella.com\/es\/solucio-energetica-personalitzada-dagartech\/\">\n\t\t\t\tLas ventajas de tener una soluci\u00f3n energ\u00e9tica personalizada con Dagartech\t\t\t<\/a>\n\t\t<\/h2>\n\t\t\t\t<div class=\"elementor-post__excerpt\">\n\t\t\t<p>Si buscas personalizar su soluci\u00f3n energ\u00e9tica con el mejor y m\u00e1s fiable proveedor del mercado, la soluci\u00f3n es trabajar con Dagartech. Proporciona soluciones energ\u00e9ticas completas y personalizadas que pueden satisfacer f\u00e1cilmente cualquier tipo de requisito el\u00e9ctrico. Los que os<\/p>\n\t\t<\/div>\n\t\t\n\t\t<a class=\"elementor-post__read-more\" href=\"https:\/\/vallsmadella.com\/es\/solucio-energetica-personalitzada-dagartech\/\" aria-label=\"M\u00e1s informaci\u00f3n sobre Las ventajas de tener una soluci\u00f3n energ\u00e9tica personalizada con Dagartech\" tabindex=\"-1\">\n\t\t\tLeer m\u00e1s \u00bb\t\t<\/a>\n\n\t\t\t\t<\/div>\n\t\t\t\t<div class=\"elementor-post__meta-data\">\n\t\t\t\t\t<span class=\"elementor-post-date\">\n\t\t\t19\/04\/2023\t\t<\/span>\n\t\t\t\t<\/div>\n\t\t\t\t\t<\/div>\n\t\t<\/article>\n\t\t\t\t<article class=\"elementor-post elementor-grid-item post-736 post type-post status-publish format-standard has-post-thumbnail hentry category-vallsmadella tag-boadella-vallsmadella tag-construccio tag-doosan tag-excavacio tag-maquinaria-pesant\" role=\"listitem\">\n\t\t\t<div class=\"elementor-post__card\">\n\t\t\t\t<a class=\"elementor-post__thumbnail__link\" href=\"https:\/\/vallsmadella.com\/es\/escollir-doosan-construccio-i-excavacio\/\" tabindex=\"-1\"><div class=\"elementor-post__thumbnail\"><img loading=\"lazy\" decoding=\"async\" width=\"800\" height=\"534\" src=\"https:\/\/vallsmadella.com\/wp-content\/uploads\/2023\/04\/Doosan.jpg\" class=\"attachment-large size-large wp-image-738\" alt=\"\" srcset=\"https:\/\/vallsmadella.com\/wp-content\/uploads\/2023\/04\/Doosan.jpg 910w, https:\/\/vallsmadella.com\/wp-content\/uploads\/2023\/04\/Doosan-300x200.jpg 300w, https:\/\/vallsmadella.com\/wp-content\/uploads\/2023\/04\/Doosan-768x512.jpg 768w\" sizes=\"(max-width: 800px) 100vw, 800px\" \/><\/div><\/a>\n\t\t\t\t<div class=\"elementor-post__text\">\n\t\t\t\t<h2 class=\"elementor-post__title\">\n\t\t\t<a href=\"https:\/\/vallsmadella.com\/es\/escollir-doosan-construccio-i-excavacio\/\">\n\t\t\t\t\u00bfPor qu\u00e9 elegir Doosan para la construcci\u00f3n y la excavaci\u00f3n?\t\t\t<\/a>\n\t\t<\/h2>\n\t\t\t\t<div class=\"elementor-post__excerpt\">\n\t\t\t<p>Si est\u00e1s buscando maquinaria pesada para tus proyectos de construcci\u00f3n o excavaci\u00f3n, la marca Doosan es una excelente opci\u00f3n a tener en cuenta. Con m\u00e1s de 120 a\u00f1os de experiencia en la industria, es una marca l\u00edder en la fabricaci\u00f3n<\/p>\n\t\t<\/div>\n\t\t\n\t\t<a class=\"elementor-post__read-more\" href=\"https:\/\/vallsmadella.com\/es\/escollir-doosan-construccio-i-excavacio\/\" aria-label=\"M\u00e1s informaci\u00f3n sobre \u00bfPor qu\u00e9 elegir Doosan para la construcci\u00f3n y la excavaci\u00f3n?\" tabindex=\"-1\">\n\t\t\tLeer m\u00e1s \u00bb\t\t<\/a>\n\n\t\t\t\t<\/div>\n\t\t\t\t<div class=\"elementor-post__meta-data\">\n\t\t\t\t\t<span class=\"elementor-post-date\">\n\t\t\t12\/04\/2023\t\t<\/span>\n\t\t\t\t<\/div>\n\t\t\t\t\t<\/div>\n\t\t<\/article>\n\t\t\t\t<article class=\"elementor-post elementor-grid-item post-714 post type-post status-publish format-standard has-post-thumbnail hentry category-vallsmadella tag-gehl tag-maquinaria tag-tecnologia tag-vallsmadella\" role=\"listitem\">\n\t\t\t<div class=\"elementor-post__card\">\n\t\t\t\t<a class=\"elementor-post__thumbnail__link\" href=\"https:\/\/vallsmadella.com\/es\/evolucio-tecnologia-maquinaria-gehl\/\" tabindex=\"-1\"><div class=\"elementor-post__thumbnail\"><img loading=\"lazy\" decoding=\"async\" width=\"800\" height=\"848\" src=\"https:\/\/vallsmadella.com\/wp-content\/uploads\/2023\/04\/Gehl-966x1024.jpg\" class=\"attachment-large size-large wp-image-718\" alt=\"\" srcset=\"https:\/\/vallsmadella.com\/wp-content\/uploads\/2023\/04\/Gehl-966x1024.jpg 966w, https:\/\/vallsmadella.com\/wp-content\/uploads\/2023\/04\/Gehl-283x300.jpg 283w, https:\/\/vallsmadella.com\/wp-content\/uploads\/2023\/04\/Gehl-768x814.jpg 768w, https:\/\/vallsmadella.com\/wp-content\/uploads\/2023\/04\/Gehl-1449x1536.jpg 1449w, https:\/\/vallsmadella.com\/wp-content\/uploads\/2023\/04\/Gehl-1932x2048.jpg 1932w\" sizes=\"(max-width: 800px) 100vw, 800px\" \/><\/div><\/a>\n\t\t\t\t<div class=\"elementor-post__text\">\n\t\t\t\t<h2 class=\"elementor-post__title\">\n\t\t\t<a href=\"https:\/\/vallsmadella.com\/es\/evolucio-tecnologia-maquinaria-gehl\/\">\n\t\t\t\tLa evoluci\u00f3n de la tecnolog\u00eda en la maquinaria Gehl\t\t\t<\/a>\n\t\t<\/h2>\n\t\t\t\t<div class=\"elementor-post__excerpt\">\n\t\t\t<p>La tecnolog\u00eda ha evolucionado a pasos de gigante en los \u00faltimos a\u00f1os, y la maquinaria Gehl no ha sido la excepci\u00f3n. Nacida en 1859 en una granja norteamericana, la marca ten\u00eda el objetivo de crear maquinaria agr\u00edcola que ayudara a los agricultores de la \u00e9poca<\/p>\n\t\t<\/div>\n\t\t\n\t\t<a class=\"elementor-post__read-more\" href=\"https:\/\/vallsmadella.com\/es\/evolucio-tecnologia-maquinaria-gehl\/\" aria-label=\"M\u00e1s informaci\u00f3n sobre La evoluci\u00f3n de la tecnolog\u00eda en la maquinaria Gehl\" tabindex=\"-1\">\n\t\t\tLeer m\u00e1s \u00bb\t\t<\/a>\n\n\t\t\t\t<\/div>\n\t\t\t\t<div class=\"elementor-post__meta-data\">\n\t\t\t\t\t<span class=\"elementor-post-date\">\n\t\t\t05\/04\/2023\t\t<\/span>\n\t\t\t\t<\/div>\n\t\t\t\t\t<\/div>\n\t\t<\/article>\n\t\t\t\t<article class=\"elementor-post elementor-grid-item post-706 post type-post status-publish format-standard has-post-thumbnail hentry category-vallsmadella tag-boadella-vallsmadella tag-consells-per-comprar-maquinaria tag-maquinaria-industrial\" role=\"listitem\">\n\t\t\t<div class=\"elementor-post__card\">\n\t\t\t\t<a class=\"elementor-post__thumbnail__link\" href=\"https:\/\/vallsmadella.com\/es\/comprar-maquinaria-industrial\/\" tabindex=\"-1\"><div class=\"elementor-post__thumbnail\"><img loading=\"lazy\" decoding=\"async\" width=\"683\" height=\"1024\" src=\"https:\/\/vallsmadella.com\/wp-content\/uploads\/2023\/03\/pexels-travis-rupert-12835355-683x1024.jpg\" class=\"attachment-large size-large wp-image-707\" alt=\"\" srcset=\"https:\/\/vallsmadella.com\/wp-content\/uploads\/2023\/03\/pexels-travis-rupert-12835355-683x1024.jpg 683w, https:\/\/vallsmadella.com\/wp-content\/uploads\/2023\/03\/pexels-travis-rupert-12835355-200x300.jpg 200w, https:\/\/vallsmadella.com\/wp-content\/uploads\/2023\/03\/pexels-travis-rupert-12835355-768x1152.jpg 768w, https:\/\/vallsmadella.com\/wp-content\/uploads\/2023\/03\/pexels-travis-rupert-12835355-1024x1536.jpg 1024w, https:\/\/vallsmadella.com\/wp-content\/uploads\/2023\/03\/pexels-travis-rupert-12835355.jpg 1280w\" sizes=\"(max-width: 683px) 100vw, 683px\" \/><\/div><\/a>\n\t\t\t\t<div class=\"elementor-post__text\">\n\t\t\t\t<h2 class=\"elementor-post__title\">\n\t\t\t<a href=\"https:\/\/vallsmadella.com\/es\/comprar-maquinaria-industrial\/\">\n\t\t\t\t\u00bfQu\u00e9 factores deben tenerse en cuenta a la hora de comprar maquinaria industrial?\t\t\t<\/a>\n\t\t<\/h2>\n\t\t\t\t<div class=\"elementor-post__excerpt\">\n\t\t\t<p>A la hora de comprar maquinaria industrial, hay varios factores a tener en cuenta para asegurar que se est\u00e1 tomando la mejor decisi\u00f3n para su empresa. En este art\u00edculo, hablaremos de algunos de los factores m\u00e1s importantes a considerar<\/p>\n\t\t<\/div>\n\t\t\n\t\t<a class=\"elementor-post__read-more\" href=\"https:\/\/vallsmadella.com\/es\/comprar-maquinaria-industrial\/\" aria-label=\"M\u00e1s informaci\u00f3n sobre \u00bfQu\u00e9 factores deben tenerse en cuenta a la hora de comprar maquinaria industrial?\" tabindex=\"-1\">\n\t\t\tLeer m\u00e1s \u00bb\t\t<\/a>\n\n\t\t\t\t<\/div>\n\t\t\t\t<div class=\"elementor-post__meta-data\">\n\t\t\t\t\t<span class=\"elementor-post-date\">\n\t\t\t29\/03\/2023\t\t<\/span>\n\t\t\t\t<\/div>\n\t\t\t\t\t<\/div>\n\t\t<\/article>\n\t\t\t\t<article class=\"elementor-post elementor-grid-item post-676 post type-post status-publish format-standard has-post-thumbnail hentry category-vallsmadella tag-boadella-vallsmadella tag-cisalla tag-demarec tag-hammer-europe tag-kinshofer tag-pinca tag-primari\" role=\"listitem\">\n\t\t\t<div class=\"elementor-post__card\">\n\t\t\t\t<a class=\"elementor-post__thumbnail__link\" href=\"https:\/\/vallsmadella.com\/es\/distribucio-de-hammer-europe\/\" tabindex=\"-1\"><div class=\"elementor-post__thumbnail\"><img loading=\"lazy\" decoding=\"async\" width=\"800\" height=\"316\" src=\"https:\/\/vallsmadella.com\/wp-content\/uploads\/2023\/03\/279492191_1954989721347282_6014666178864516889_n-1024x405.jpg\" class=\"attachment-large size-large wp-image-688\" alt=\"\" srcset=\"https:\/\/vallsmadella.com\/wp-content\/uploads\/2023\/03\/279492191_1954989721347282_6014666178864516889_n-1024x405.jpg 1024w, https:\/\/vallsmadella.com\/wp-content\/uploads\/2023\/03\/279492191_1954989721347282_6014666178864516889_n-300x119.jpg 300w, https:\/\/vallsmadella.com\/wp-content\/uploads\/2023\/03\/279492191_1954989721347282_6014666178864516889_n-768x304.jpg 768w, https:\/\/vallsmadella.com\/wp-content\/uploads\/2023\/03\/279492191_1954989721347282_6014666178864516889_n.jpg 1080w\" sizes=\"(max-width: 800px) 100vw, 800px\" \/><\/div><\/a>\n\t\t\t\t<div class=\"elementor-post__text\">\n\t\t\t\t<h2 class=\"elementor-post__title\">\n\t\t\t<a href=\"https:\/\/vallsmadella.com\/es\/distribucio-de-hammer-europe\/\">\n\t\t\t\tDistribuci\u00f3n de Hammer Europe\t\t\t<\/a>\n\t\t<\/h2>\n\t\t\t\t<div class=\"elementor-post__excerpt\">\n\t\t\t<p>Boadella Vallsmadella incorpora a Hammer Europe en su cartera de productos.<\/p>\n\t\t<\/div>\n\t\t\n\t\t<a class=\"elementor-post__read-more\" href=\"https:\/\/vallsmadella.com\/es\/distribucio-de-hammer-europe\/\" aria-label=\"M\u00e1s informaci\u00f3n sobre Distribuci\u00f3n de Hammer Europe\" tabindex=\"-1\">\n\t\t\tLeer m\u00e1s \u00bb\t\t<\/a>\n\n\t\t\t\t<\/div>\n\t\t\t\t<div class=\"elementor-post__meta-data\">\n\t\t\t\t\t<span class=\"elementor-post-date\">\n\t\t\t17\/03\/2023\t\t<\/span>\n\t\t\t\t<\/div>\n\t\t\t\t\t<\/div>\n\t\t<\/article>\n\t\t\t\t<article class=\"elementor-post elementor-grid-item post-665 post type-post status-publish format-standard has-post-thumbnail hentry category-vallsmadella tag-apilador tag-carretilla-diesel tag-carretilla-electrica tag-noblelift tag-transpalet-electric tag-trasnpalet\" role=\"listitem\">\n\t\t\t<div class=\"elementor-post__card\">\n\t\t\t\t<a class=\"elementor-post__thumbnail__link\" href=\"https:\/\/vallsmadella.com\/es\/boadella-vallsmadella-nou-distribuidor-noblelift\/\" tabindex=\"-1\"><div class=\"elementor-post__thumbnail\"><img loading=\"lazy\" decoding=\"async\" width=\"640\" height=\"480\" src=\"https:\/\/vallsmadella.com\/wp-content\/uploads\/2023\/03\/productos_stock1676_productos-stock1615-IMG-8989.jpg\" class=\"attachment-large size-large wp-image-669\" alt=\"\" srcset=\"https:\/\/vallsmadella.com\/wp-content\/uploads\/2023\/03\/productos_stock1676_productos-stock1615-IMG-8989.jpg 640w, https:\/\/vallsmadella.com\/wp-content\/uploads\/2023\/03\/productos_stock1676_productos-stock1615-IMG-8989-300x225.jpg 300w\" sizes=\"(max-width: 640px) 100vw, 640px\" \/><\/div><\/a>\n\t\t\t\t<div class=\"elementor-post__text\">\n\t\t\t\t<h2 class=\"elementor-post__title\">\n\t\t\t<a href=\"https:\/\/vallsmadella.com\/es\/boadella-vallsmadella-nou-distribuidor-noblelift\/\">\n\t\t\t\tNoblelift y Boadella Vallsmadella\t\t\t<\/a>\n\t\t<\/h2>\n\t\t\t\t<div class=\"elementor-post__excerpt\">\n\t\t\t<p>Boadella Vallsmadella nombrado nuevo distribuidor Noblelift<\/p>\n\t\t<\/div>\n\t\t\n\t\t<a class=\"elementor-post__read-more\" href=\"https:\/\/vallsmadella.com\/es\/boadella-vallsmadella-nou-distribuidor-noblelift\/\" aria-label=\"M\u00e1s informaci\u00f3n sobre Noblelift y Boadella Vallsmadella\" tabindex=\"-1\">\n\t\t\tLeer m\u00e1s \u00bb\t\t<\/a>\n\n\t\t\t\t<\/div>\n\t\t\t\t<div class=\"elementor-post__meta-data\">\n\t\t\t\t\t<span class=\"elementor-post-date\">\n\t\t\t15\/03\/2023\t\t<\/span>\n\t\t\t\t<\/div>\n\t\t\t\t\t<\/div>\n\t\t<\/article>\n\t\t\t\t<article class=\"elementor-post elementor-grid-item post-286 post type-post status-publish format-standard has-post-thumbnail hentry category-vallsmadella\" role=\"listitem\">\n\t\t\t<div class=\"elementor-post__card\">\n\t\t\t\t<a class=\"elementor-post__thumbnail__link\" href=\"https:\/\/vallsmadella.com\/es\/boadella-vallsmadella-llanca-nova-web-i-incorpora-tres-marques-al-seu-cataleg\/\" tabindex=\"-1\"><div class=\"elementor-post__thumbnail\"><img loading=\"lazy\" decoding=\"async\" width=\"800\" height=\"600\" src=\"https:\/\/vallsmadella.com\/wp-content\/uploads\/2022\/03\/Mockup-blog-vallsmadella-1024x768.jpg\" class=\"attachment-large size-large wp-image-287\" alt=\"\" srcset=\"https:\/\/vallsmadella.com\/wp-content\/uploads\/2022\/03\/Mockup-blog-vallsmadella-1024x768.jpg 1024w, https:\/\/vallsmadella.com\/wp-content\/uploads\/2022\/03\/Mockup-blog-vallsmadella-300x225.jpg 300w, https:\/\/vallsmadella.com\/wp-content\/uploads\/2022\/03\/Mockup-blog-vallsmadella-768x576.jpg 768w, https:\/\/vallsmadella.com\/wp-content\/uploads\/2022\/03\/Mockup-blog-vallsmadella-1536x1152.jpg 1536w, https:\/\/vallsmadella.com\/wp-content\/uploads\/2022\/03\/Mockup-blog-vallsmadella-2048x1536.jpg 2048w\" sizes=\"(max-width: 800px) 100vw, 800px\" \/><\/div><\/a>\n\t\t\t\t<div class=\"elementor-post__text\">\n\t\t\t\t<h2 class=\"elementor-post__title\">\n\t\t\t<a href=\"https:\/\/vallsmadella.com\/es\/boadella-vallsmadella-llanca-nova-web-i-incorpora-tres-marques-al-seu-cataleg\/\">\n\t\t\t\tBoadella Vallsmadella lanza nueva web e incorpora tres marcas en su cat\u00e1logo\t\t\t<\/a>\n\t\t<\/h2>\n\t\t\t\t<div class=\"elementor-post__excerpt\">\n\t\t\t<p>Con el objetivo de seguir ofreciendo un servicio de calidad y adaptarse a las necesidades emergentes de sus clientes, la compa\u00f1\u00eda ampurdanesa Boadella Vallsmadella ha renovado su p\u00e1gina web. El resultado es una plataforma eficiente, pensada para que cualquier usuario pueda<\/p>\n\t\t<\/div>\n\t\t\n\t\t<a class=\"elementor-post__read-more\" href=\"https:\/\/vallsmadella.com\/es\/boadella-vallsmadella-llanca-nova-web-i-incorpora-tres-marques-al-seu-cataleg\/\" aria-label=\"M\u00e1s informaci\u00f3n sobre Boadella Vallsmadella lanza nueva web e incorpora tres marcas en su cat\u00e1logo\" tabindex=\"-1\">\n\t\t\tLeer m\u00e1s \u00bb\t\t<\/a>\n\n\t\t\t\t<\/div>\n\t\t\t\t<div class=\"elementor-post__meta-data\">\n\t\t\t\t\t<span class=\"elementor-post-date\">\n\t\t\t10\/03\/2022\t\t<\/span>\n\t\t\t\t<\/div>\n\t\t\t\t\t<\/div>\n\t\t<\/article>\n\t\t\t\t<\/div>\n\t\t\n\t\t\t\t\t\t<\/div>\n\t\t\t\t<\/div>\n\t\t\t\t\t<\/div>\n\t\t<\/div>\n\t\t\t\t\t<\/div>\n\t\t<\/section>\n\t\t\t\t<\/div>","protected":false},"excerpt":{"rendered":"<p>Las \u00faltimas novedades del sector Navega por el blog de Boadella Vallsmadella y descubre las \u00faltimas novedades y tendencias del sector de la maquinaria agr\u00edcola y veh\u00edculos industriales.<\/p>","protected":false},"author":2,"featured_media":0,"parent":0,"menu_order":0,"comment_status":"closed","ping_status":"closed","template":"elementor_header_footer","meta":{"_joinchat":[],"footnotes":""},"class_list":["post-31","page","type-page","status-publish","hentry"],"acf":[],"_links":{"self":[{"href":"https:\/\/vallsmadella.com\/es\/wp-json\/wp\/v2\/pages\/31","targetHints":{"allow":["GET"]}}],"collection":[{"href":"https:\/\/vallsmadella.com\/es\/wp-json\/wp\/v2\/pages"}],"about":[{"href":"https:\/\/vallsmadella.com\/es\/wp-json\/wp\/v2\/types\/page"}],"author":[{"embeddable":true,"href":"https:\/\/vallsmadella.com\/es\/wp-json\/wp\/v2\/users\/2"}],"replies":[{"embeddable":true,"href":"https:\/\/vallsmadella.com\/es\/wp-json\/wp\/v2\/comments?post=31"}],"version-history":[{"count":22,"href":"https:\/\/vallsmadella.com\/es\/wp-json\/wp\/v2\/pages\/31\/revisions"}],"predecessor-version":[{"id":1495,"href":"https:\/\/vallsmadella.com\/es\/wp-json\/wp\/v2\/pages\/31\/revisions\/1495"}],"wp:attachment":[{"href":"https:\/\/vallsmadella.com\/es\/wp-json\/wp\/v2\/media?parent=31"}],"curies":[{"name":"wp","href":"https:\/\/api.w.org\/{rel}","templated":true}]}}